{"id":447413,"date":"2023-06-14T14:30:31","date_gmt":"2023-06-14T12:30:31","guid":{"rendered":"https:\/\/www.claret.cat\/llibre\/la-vida-viene-a-cuento-9788419341457\/"},"modified":"2023-10-11T02:21:44","modified_gmt":"2023-10-11T00:21:44","slug":"la-vida-viene-a-cuento-9788419341457","status":"publish","type":"product","link":"https:\/\/www.claret.cat\/es\/libro\/la-vida-viene-a-cuento-9788419341457\/","title":{"rendered":"LA VIDA VIENE A CUENTO"},"content":{"rendered":"<p>Una gota de miel, unos monjes tao\u00edstas, un taxista en Nueva York, un faro y una rana bocazas; Nasrud\u00edn y Einstein, la Liebre de Marzo, un ciempi\u00e9s bailador; Rita Hayworth, la madre Teresa, un tanatorio y cajitas de colores; Napole\u00f3n, Arist\u00f3teles, un mosquito y una joya valiosa\u2026 <br \/> Si quer\u00e9is conocer cu\u00e1l es el hilo conductor que une a estos personajes y a muchos m\u00e1s, adentraos en este libro. Hallar\u00e9is relatos, f\u00e1bulas, an\u00e9cdotas y cuentos que contienen en su interior un tesoro escondido que vosotros, los lectores, deber\u00e9is buscar porque solo a vosotros os concierne. <br \/> &#8216;La vida viene a cuento&#8217; nos mueve a reflexionar sobre la aventura de ser y afirma que tenemos la oportunidad de dejarnos seducir por una vida emocionalmente m\u00e1s ecol\u00f3gica. Porque vivir significa vivir con otras personas y seres en un viaje compartido del que somos corresponsables. Una vida y miles de cuentos vividos, miles de formas de narrarnos a nosotros mismos, millones de posibilidades de ser\u2026 fragmentos de un puzle que cada uno de nosotros deber\u00e1 encajar a lo largo de esta vida que siempre viene a cuento.<\/p>\n","protected":false},"excerpt":{"rendered":"<p>CONANGLA MAR\u00cdN, MARIA MERC\u00c8 \/ SOLER, JAUME<\/p>\n","protected":false},"featured_media":447414,"template":"","meta":{"_acf_changed":false,"om_disable_all_campaigns":false,"rs_blank_template":"","rs_page_bg_color":"","slide_template_v7":"","inline_featured_image":false,"_monsterinsights_skip_tracking":false},"product_brand":[],"product_cat":[179,377,376,178,449,181],"product_tag":[],"class_list":["post-447413","product","type-product","status-publish","has-post-thumbnail","product_cat-autoajuda-i-salut-mental","product_cat-autoayuda-y-salud-mental","product_cat-autores-psicologia-2_humanidades","product_cat-autors-psicologia","product_cat-de-la-personalidad-y-del-desarrollo","product_cat-de-la-personalitat-i-del-desenvolupament","first","instock","taxable","shipping-taxable","purchasable","product-type-simple"],"acf":{"editorial":[{"ID":147420,"post_author":"3","post_date":"2022-10-14 11:50:26","post_date_gmt":"2022-10-14 09:50:26","post_content":"","post_title":"AMAT EDITORIAL","post_excerpt":"","post_status":"publish","comment_status":"closed","ping_status":"closed","post_password":"","post_name":"amat-editorial","to_ping":"","pinged":"","post_modified":"2022-10-14 11:50:26","post_modified_gmt":"2022-10-14 09:50:26","post_content_filtered":"","post_parent":0,"guid":"http:\/\/dev.claret.cat\/editorial\/amat-editorial\/","menu_order":0,"post_type":"editorial","post_mime_type":"","comment_count":"0","filter":"raw"}],"autores-libros":[{"ID":394036,"post_author":"3","post_date":"2023-02-22 21:37:06","post_date_gmt":"2023-02-22 20:37:06","post_content":"","post_title":"MARIA MERC\u00c8 CONANGLA MAR\u00cdN","post_excerpt":"","post_status":"publish","comment_status":"closed","ping_status":"closed","post_password":"","post_name":"maria-merce-conangla-marin","to_ping":"","pinged":"","post_modified":"2023-02-22 21:37:06","post_modified_gmt":"2023-02-22 20:37:06","post_content_filtered":"","post_parent":0,"guid":"https:\/\/www.claret.cat\/autor\/maria-merce-conangla-marin\/","menu_order":0,"post_type":"autor","post_mime_type":"","comment_count":"0","filter":"raw"},{"ID":158635,"post_author":"3","post_date":"2022-10-14 15:38:24","post_date_gmt":"2022-10-14 13:38:24","post_content":"","post_title":"JAUME SOLER","post_excerpt":"","post_status":"publish","comment_status":"closed","ping_status":"closed","post_password":"","post_name":"jaume-soler","to_ping":"","pinged":"","post_modified":"2022-10-14 15:38:24","post_modified_gmt":"2022-10-14 13:38:24","post_content_filtered":"","post_parent":0,"guid":"http:\/\/dev.claret.cat\/autor\/jaume-soler\/","menu_order":0,"post_type":"autor","post_mime_type":"","comment_count":"0","filter":"raw"}],"autor":"CONANGLA MAR\u00cdN, MARIA MERC\u00c8 \/ SOLER, JAUME","codart":"841934145","libros-coleccion":"FORA DE COL.LECCI\u00d3","ediciones":"1","encuadernacion":"R\u00fastica","fecha_de_publicacion":"01\/06\/2022","novedad":"1","paginas":"264","subtitulo":"RELATOS PARA REFLEXIONAR SOBRE LA GESTI\u00d3N EMOCIONAL DE NUESTRA VIDA","orden":"0","portada":"0","idioma":"spa"},"aioseo_notices":[],"aioseo_head":"\n\t\t<!-- All in One SEO Pro 5.0.1.1 - aioseo.com -->\n\t<meta name=\"description\" content=\"LA VIDA VIENE A CUENTO de CONANGLA MAR\u00cdN, MARIA MERC\u00c8 \/ SOLER, JAUME disponible a\/en Llibreria Claret.\" \/>\n\t<meta name=\"robots\" content=\"max-image-preview:large\" \/>\n\t<meta name=\"google-site-verification\" content=\"xVtlFxJ-TfkIu-D-lt7XeLobefg5EIQiXTuqcSf8Rf0\" \/>\n\t<link rel=\"canonical\" href=\"https:\/\/www.claret.cat\/es\/libro\/la-vida-viene-a-cuento-9788419341457\/\" \/>\n\t<meta name=\"generator\" content=\"All in One SEO Pro (AIOSEO) 5.0.1.1\" \/>\n\t\t<meta property=\"og:locale\" content=\"es_ES\" \/>\n\t\t<meta property=\"og:site_name\" content=\"Llibreria Claret - Llibreria religiosa a Barcelona\" \/>\n\t\t<meta property=\"og:type\" content=\"article\" \/>\n\t\t<meta property=\"og:title\" content=\"LA VIDA VIENE A CUENTO - CONANGLA MAR\u00cdN, MARIA MERC\u00c8 \/ SOLER, JAUME 9788419341457 | Llibreria Claret\" \/>\n\t\t<meta property=\"og:description\" content=\"LA VIDA VIENE A CUENTO de CONANGLA MAR\u00cdN, MARIA MERC\u00c8 \/ SOLER, JAUME disponible a\/en Llibreria Claret.\" \/>\n\t\t<meta property=\"og:url\" content=\"https:\/\/www.claret.cat\/es\/libro\/la-vida-viene-a-cuento-9788419341457\/\" \/>\n\t\t<meta property=\"og:image\" content=\"https:\/\/dev.claret.cat\/wp-content\/uploads\/logo-claret.svg\" \/>\n\t\t<meta property=\"og:image:secure_url\" content=\"https:\/\/dev.claret.cat\/wp-content\/uploads\/logo-claret.svg\" \/>\n\t\t<meta property=\"article:published_time\" content=\"2023-06-14T12:30:31+00:00\" \/>\n\t\t<meta property=\"article:modified_time\" content=\"2023-10-11T00:21:44+00:00\" \/>\n\t\t<meta property=\"article:publisher\" content=\"https:\/\/www.facebook.com\/LlibreriaClaret\" \/>\n\t\t<meta name=\"twitter:card\" content=\"summary_large_image\" \/>\n\t\t<meta name=\"twitter:site\" content=\"@LlibreriaClaret\" \/>\n\t\t<meta name=\"twitter:title\" content=\"LA VIDA VIENE A CUENTO - CONANGLA MAR\u00cdN, MARIA MERC\u00c8 \/ SOLER, JAUME 9788419341457 | Llibreria Claret\" \/>\n\t\t<meta name=\"twitter:description\" content=\"LA VIDA VIENE A CUENTO de CONANGLA MAR\u00cdN, MARIA MERC\u00c8 \/ SOLER, JAUME disponible a\/en Llibreria Claret.\" \/>\n\t\t<meta name=\"twitter:image\" content=\"http:\/\/dev.claret.cat\/wp-content\/uploads\/logo-claret.svg\" \/>\n\t\t<script type=\"application\/ld+json\" class=\"aioseo-schema\">\n\t\t\t{\"@context\":\"https:\\\/\\\/schema.org\",\"@graph\":[{\"@type\":\"BreadcrumbList\",\"@id\":\"https:\\\/\\\/www.claret.cat\\\/es\\\/libro\\\/la-vida-viene-a-cuento-9788419341457\\\/#breadcrumblist\",\"itemListElement\":[{\"@type\":\"ListItem\",\"@id\":\"https:\\\/\\\/www.claret.cat\\\/es\\\/#listItem\",\"position\":1,\"name\":\"Home\",\"item\":\"https:\\\/\\\/www.claret.cat\\\/es\\\/\",\"nextItem\":{\"@type\":\"ListItem\",\"@id\":\"https:\\\/\\\/www.claret.cat\\\/?page_id=16#listItem\",\"name\":\"Botiga\"}},{\"@type\":\"ListItem\",\"@id\":\"https:\\\/\\\/www.claret.cat\\\/?page_id=16#listItem\",\"position\":2,\"name\":\"Botiga\",\"item\":\"https:\\\/\\\/www.claret.cat\\\/?page_id=16\",\"nextItem\":{\"@type\":\"ListItem\",\"@id\":\"https:\\\/\\\/www.claret.cat\\\/categoria-producto\\\/cat\\\/#listItem\",\"name\":\"CAT\"},\"previousItem\":{\"@type\":\"ListItem\",\"@id\":\"https:\\\/\\\/www.claret.cat\\\/es\\\/#listItem\",\"name\":\"Home\"}},{\"@type\":\"ListItem\",\"@id\":\"https:\\\/\\\/www.claret.cat\\\/categoria-producto\\\/cat\\\/#listItem\",\"position\":3,\"name\":\"CAT\",\"item\":\"https:\\\/\\\/www.claret.cat\\\/categoria-producto\\\/cat\\\/\",\"nextItem\":{\"@type\":\"ListItem\",\"@id\":\"https:\\\/\\\/www.claret.cat\\\/categoria-producto\\\/cat\\\/2_humanitats\\\/#listItem\",\"name\":\"Humanitats\"},\"previousItem\":{\"@type\":\"ListItem\",\"@id\":\"https:\\\/\\\/www.claret.cat\\\/?page_id=16#listItem\",\"name\":\"Botiga\"}},{\"@type\":\"ListItem\",\"@id\":\"https:\\\/\\\/www.claret.cat\\\/categoria-producto\\\/cat\\\/2_humanitats\\\/#listItem\",\"position\":4,\"name\":\"Humanitats\",\"item\":\"https:\\\/\\\/www.claret.cat\\\/categoria-producto\\\/cat\\\/2_humanitats\\\/\",\"nextItem\":{\"@type\":\"ListItem\",\"@id\":\"https:\\\/\\\/www.claret.cat\\\/categoria-producto\\\/cat\\\/2_humanitats\\\/psicologia\\\/#listItem\",\"name\":\"Psicologia\"},\"previousItem\":{\"@type\":\"ListItem\",\"@id\":\"https:\\\/\\\/www.claret.cat\\\/categoria-producto\\\/cat\\\/#listItem\",\"name\":\"CAT\"}},{\"@type\":\"ListItem\",\"@id\":\"https:\\\/\\\/www.claret.cat\\\/categoria-producto\\\/cat\\\/2_humanitats\\\/psicologia\\\/#listItem\",\"position\":5,\"name\":\"Psicologia\",\"item\":\"https:\\\/\\\/www.claret.cat\\\/categoria-producto\\\/cat\\\/2_humanitats\\\/psicologia\\\/\",\"nextItem\":{\"@type\":\"ListItem\",\"@id\":\"https:\\\/\\\/www.claret.cat\\\/categoria-producto\\\/cat\\\/2_humanitats\\\/psicologia\\\/autors-psicologia\\\/#listItem\",\"name\":\"Autors\"},\"previousItem\":{\"@type\":\"ListItem\",\"@id\":\"https:\\\/\\\/www.claret.cat\\\/categoria-producto\\\/cat\\\/2_humanitats\\\/#listItem\",\"name\":\"Humanitats\"}},{\"@type\":\"ListItem\",\"@id\":\"https:\\\/\\\/www.claret.cat\\\/categoria-producto\\\/cat\\\/2_humanitats\\\/psicologia\\\/autors-psicologia\\\/#listItem\",\"position\":6,\"name\":\"Autors\",\"item\":\"https:\\\/\\\/www.claret.cat\\\/categoria-producto\\\/cat\\\/2_humanitats\\\/psicologia\\\/autors-psicologia\\\/\",\"nextItem\":{\"@type\":\"ListItem\",\"@id\":\"https:\\\/\\\/www.claret.cat\\\/es\\\/libro\\\/la-vida-viene-a-cuento-9788419341457\\\/#listItem\",\"name\":\"LA VIDA VIENE A CUENTO\"},\"previousItem\":{\"@type\":\"ListItem\",\"@id\":\"https:\\\/\\\/www.claret.cat\\\/categoria-producto\\\/cat\\\/2_humanitats\\\/psicologia\\\/#listItem\",\"name\":\"Psicologia\"}},{\"@type\":\"ListItem\",\"@id\":\"https:\\\/\\\/www.claret.cat\\\/es\\\/libro\\\/la-vida-viene-a-cuento-9788419341457\\\/#listItem\",\"position\":7,\"name\":\"LA VIDA VIENE A CUENTO\",\"previousItem\":{\"@type\":\"ListItem\",\"@id\":\"https:\\\/\\\/www.claret.cat\\\/categoria-producto\\\/cat\\\/2_humanitats\\\/psicologia\\\/autors-psicologia\\\/#listItem\",\"name\":\"Autors\"}}]},{\"@type\":\"ItemPage\",\"@id\":\"https:\\\/\\\/www.claret.cat\\\/es\\\/libro\\\/la-vida-viene-a-cuento-9788419341457\\\/#itempage\",\"url\":\"https:\\\/\\\/www.claret.cat\\\/es\\\/libro\\\/la-vida-viene-a-cuento-9788419341457\\\/\",\"name\":\"LA VIDA VIENE A CUENTO - CONANGLA MAR\\u00cdN, MARIA MERC\\u00c8 \\\/ SOLER, JAUME 9788419341457 | Llibreria Claret\",\"description\":\"LA VIDA VIENE A CUENTO de CONANGLA MAR\\u00cdN, MARIA MERC\\u00c8 \\\/ SOLER, JAUME disponible a\\\/en Llibreria Claret.\",\"inLanguage\":\"es-ES\",\"isPartOf\":{\"@id\":\"https:\\\/\\\/www.claret.cat\\\/es\\\/#website\"},\"breadcrumb\":{\"@id\":\"https:\\\/\\\/www.claret.cat\\\/es\\\/libro\\\/la-vida-viene-a-cuento-9788419341457\\\/#breadcrumblist\"},\"image\":{\"@type\":\"ImageObject\",\"url\":\"https:\\\/\\\/www.claret.cat\\\/wp-content\\\/uploads\\\/.\\\/9788419341457.jpg\",\"@id\":\"https:\\\/\\\/www.claret.cat\\\/es\\\/libro\\\/la-vida-viene-a-cuento-9788419341457\\\/#mainImage\",\"width\":961,\"height\":1536,\"caption\":\"9788419341457.jpg\"},\"primaryImageOfPage\":{\"@id\":\"https:\\\/\\\/www.claret.cat\\\/es\\\/libro\\\/la-vida-viene-a-cuento-9788419341457\\\/#mainImage\"},\"datePublished\":\"2023-06-14T14:30:31+02:00\",\"dateModified\":\"2023-10-11T02:21:44+02:00\"},{\"@type\":\"Organization\",\"@id\":\"https:\\\/\\\/www.claret.cat\\\/es\\\/#organization\",\"name\":\"Llibreria Claret\",\"description\":\"Llibreria religiosa a Barcelona\",\"url\":\"https:\\\/\\\/www.claret.cat\\\/es\\\/\",\"email\":\"comunicacio@claret.cat\",\"telephone\":\"+34933010887\",\"logo\":{\"@type\":\"ImageObject\",\"url\":\"https:\\\/\\\/www.claret.cat\\\/wp-content\\\/uploads\\\/.\\\/logo-claret-es.png\",\"@id\":\"https:\\\/\\\/www.claret.cat\\\/es\\\/libro\\\/la-vida-viene-a-cuento-9788419341457\\\/#organizationLogo\",\"width\":195,\"height\":79},\"image\":{\"@id\":\"https:\\\/\\\/www.claret.cat\\\/es\\\/libro\\\/la-vida-viene-a-cuento-9788419341457\\\/#organizationLogo\"},\"sameAs\":[\"https:\\\/\\\/www.facebook.com\\\/LlibreriaClaret\",\"https:\\\/\\\/twitter.com\\\/LlibreriaClaret\",\"https:\\\/\\\/www.instagram.com\\\/llibreriaclaret\\\/\",\"https:\\\/\\\/www.tiktok.com\\\/@llibreriaclaret\",\"https:\\\/\\\/www.youtube.com\\\/@llibreriaclaret\",\"https:\\\/\\\/ca.wikipedia.org\\\/wiki\\\/Editorial_Claret\"]},{\"@type\":\"WebPage\",\"@id\":\"https:\\\/\\\/www.claret.cat\\\/es\\\/libro\\\/la-vida-viene-a-cuento-9788419341457\\\/#webpage\",\"url\":\"https:\\\/\\\/www.claret.cat\\\/es\\\/libro\\\/la-vida-viene-a-cuento-9788419341457\\\/\",\"name\":\"LA VIDA VIENE A CUENTO - CONANGLA MAR\\u00cdN, MARIA MERC\\u00c8 \\\/ SOLER, JAUME 9788419341457 | Llibreria Claret\",\"description\":\"LA VIDA VIENE A CUENTO de CONANGLA MAR\\u00cdN, MARIA MERC\\u00c8 \\\/ SOLER, JAUME disponible a\\\/en Llibreria Claret.\",\"inLanguage\":\"es-ES\",\"isPartOf\":{\"@id\":\"https:\\\/\\\/www.claret.cat\\\/es\\\/#website\"},\"breadcrumb\":{\"@id\":\"https:\\\/\\\/www.claret.cat\\\/es\\\/libro\\\/la-vida-viene-a-cuento-9788419341457\\\/#breadcrumblist\"},\"image\":{\"@type\":\"ImageObject\",\"url\":\"https:\\\/\\\/www.claret.cat\\\/wp-content\\\/uploads\\\/.\\\/9788419341457.jpg\",\"@id\":\"https:\\\/\\\/www.claret.cat\\\/es\\\/libro\\\/la-vida-viene-a-cuento-9788419341457\\\/#mainImage\",\"width\":961,\"height\":1536,\"caption\":\"9788419341457.jpg\"},\"primaryImageOfPage\":{\"@id\":\"https:\\\/\\\/www.claret.cat\\\/es\\\/libro\\\/la-vida-viene-a-cuento-9788419341457\\\/#mainImage\"},\"datePublished\":\"2023-06-14T14:30:31+02:00\",\"dateModified\":\"2023-10-11T02:21:44+02:00\"},{\"@type\":\"WebSite\",\"@id\":\"https:\\\/\\\/www.claret.cat\\\/es\\\/#website\",\"url\":\"https:\\\/\\\/www.claret.cat\\\/es\\\/\",\"name\":\"Llibreria Claret Barcelona\",\"alternateName\":\"Llibreria Claret\",\"description\":\"Llibreria religiosa a Barcelona\",\"inLanguage\":\"es-ES\",\"publisher\":{\"@id\":\"https:\\\/\\\/www.claret.cat\\\/es\\\/#organization\"}}]}\n\t\t<\/script>\n\t\t<!-- All in One SEO Pro -->\r\n\t\t<title>LA VIDA VIENE A CUENTO - CONANGLA MAR\u00cdN, MARIA MERC\u00c8 \/ SOLER, JAUME 9788419341457 | Llibreria Claret<\/title>\n\n","aioseo_head_json":{"title":"LA VIDA VIENE A CUENTO - CONANGLA MAR\u00cdN, MARIA MERC\u00c8 \/ SOLER, JAUME 9788419341457 | Llibreria Claret","description":"LA VIDA VIENE A CUENTO de CONANGLA MAR\u00cdN, MARIA MERC\u00c8 \/ SOLER, JAUME disponible a\/en Llibreria Claret.","canonical_url":"https:\/\/www.claret.cat\/es\/libro\/la-vida-viene-a-cuento-9788419341457\/","robots":"max-image-preview:large","keywords":"","webmasterTools":{"google-site-verification":"xVtlFxJ-TfkIu-D-lt7XeLobefg5EIQiXTuqcSf8Rf0","miscellaneous":""},"schema":{"@context":"https:\/\/schema.org","@graph":[{"@type":"BreadcrumbList","@id":"https:\/\/www.claret.cat\/es\/libro\/la-vida-viene-a-cuento-9788419341457\/#breadcrumblist","itemListElement":[{"@type":"ListItem","@id":"https:\/\/www.claret.cat\/es\/#listItem","position":1,"name":"Home","item":"https:\/\/www.claret.cat\/es\/","nextItem":{"@type":"ListItem","@id":"https:\/\/www.claret.cat\/?page_id=16#listItem","name":"Botiga"}},{"@type":"ListItem","@id":"https:\/\/www.claret.cat\/?page_id=16#listItem","position":2,"name":"Botiga","item":"https:\/\/www.claret.cat\/?page_id=16","nextItem":{"@type":"ListItem","@id":"https:\/\/www.claret.cat\/categoria-producto\/cat\/#listItem","name":"CAT"},"previousItem":{"@type":"ListItem","@id":"https:\/\/www.claret.cat\/es\/#listItem","name":"Home"}},{"@type":"ListItem","@id":"https:\/\/www.claret.cat\/categoria-producto\/cat\/#listItem","position":3,"name":"CAT","item":"https:\/\/www.claret.cat\/categoria-producto\/cat\/","nextItem":{"@type":"ListItem","@id":"https:\/\/www.claret.cat\/categoria-producto\/cat\/2_humanitats\/#listItem","name":"Humanitats"},"previousItem":{"@type":"ListItem","@id":"https:\/\/www.claret.cat\/?page_id=16#listItem","name":"Botiga"}},{"@type":"ListItem","@id":"https:\/\/www.claret.cat\/categoria-producto\/cat\/2_humanitats\/#listItem","position":4,"name":"Humanitats","item":"https:\/\/www.claret.cat\/categoria-producto\/cat\/2_humanitats\/","nextItem":{"@type":"ListItem","@id":"https:\/\/www.claret.cat\/categoria-producto\/cat\/2_humanitats\/psicologia\/#listItem","name":"Psicologia"},"previousItem":{"@type":"ListItem","@id":"https:\/\/www.claret.cat\/categoria-producto\/cat\/#listItem","name":"CAT"}},{"@type":"ListItem","@id":"https:\/\/www.claret.cat\/categoria-producto\/cat\/2_humanitats\/psicologia\/#listItem","position":5,"name":"Psicologia","item":"https:\/\/www.claret.cat\/categoria-producto\/cat\/2_humanitats\/psicologia\/","nextItem":{"@type":"ListItem","@id":"https:\/\/www.claret.cat\/categoria-producto\/cat\/2_humanitats\/psicologia\/autors-psicologia\/#listItem","name":"Autors"},"previousItem":{"@type":"ListItem","@id":"https:\/\/www.claret.cat\/categoria-producto\/cat\/2_humanitats\/#listItem","name":"Humanitats"}},{"@type":"ListItem","@id":"https:\/\/www.claret.cat\/categoria-producto\/cat\/2_humanitats\/psicologia\/autors-psicologia\/#listItem","position":6,"name":"Autors","item":"https:\/\/www.claret.cat\/categoria-producto\/cat\/2_humanitats\/psicologia\/autors-psicologia\/","nextItem":{"@type":"ListItem","@id":"https:\/\/www.claret.cat\/es\/libro\/la-vida-viene-a-cuento-9788419341457\/#listItem","name":"LA VIDA VIENE A CUENTO"},"previousItem":{"@type":"ListItem","@id":"https:\/\/www.claret.cat\/categoria-producto\/cat\/2_humanitats\/psicologia\/#listItem","name":"Psicologia"}},{"@type":"ListItem","@id":"https:\/\/www.claret.cat\/es\/libro\/la-vida-viene-a-cuento-9788419341457\/#listItem","position":7,"name":"LA VIDA VIENE A CUENTO","previousItem":{"@type":"ListItem","@id":"https:\/\/www.claret.cat\/categoria-producto\/cat\/2_humanitats\/psicologia\/autors-psicologia\/#listItem","name":"Autors"}}]},{"@type":"ItemPage","@id":"https:\/\/www.claret.cat\/es\/libro\/la-vida-viene-a-cuento-9788419341457\/#itempage","url":"https:\/\/www.claret.cat\/es\/libro\/la-vida-viene-a-cuento-9788419341457\/","name":"LA VIDA VIENE A CUENTO - CONANGLA MAR\u00cdN, MARIA MERC\u00c8 \/ SOLER, JAUME 9788419341457 | Llibreria Claret","description":"LA VIDA VIENE A CUENTO de CONANGLA MAR\u00cdN, MARIA MERC\u00c8 \/ SOLER, JAUME disponible a\/en Llibreria Claret.","inLanguage":"es-ES","isPartOf":{"@id":"https:\/\/www.claret.cat\/es\/#website"},"breadcrumb":{"@id":"https:\/\/www.claret.cat\/es\/libro\/la-vida-viene-a-cuento-9788419341457\/#breadcrumblist"},"image":{"@type":"ImageObject","url":"https:\/\/www.claret.cat\/wp-content\/uploads\/.\/9788419341457.jpg","@id":"https:\/\/www.claret.cat\/es\/libro\/la-vida-viene-a-cuento-9788419341457\/#mainImage","width":961,"height":1536,"caption":"9788419341457.jpg"},"primaryImageOfPage":{"@id":"https:\/\/www.claret.cat\/es\/libro\/la-vida-viene-a-cuento-9788419341457\/#mainImage"},"datePublished":"2023-06-14T14:30:31+02:00","dateModified":"2023-10-11T02:21:44+02:00"},{"@type":"Organization","@id":"https:\/\/www.claret.cat\/es\/#organization","name":"Llibreria Claret","description":"Llibreria religiosa a Barcelona","url":"https:\/\/www.claret.cat\/es\/","email":"comunicacio@claret.cat","telephone":"+34933010887","logo":{"@type":"ImageObject","url":"https:\/\/www.claret.cat\/wp-content\/uploads\/.\/logo-claret-es.png","@id":"https:\/\/www.claret.cat\/es\/libro\/la-vida-viene-a-cuento-9788419341457\/#organizationLogo","width":195,"height":79},"image":{"@id":"https:\/\/www.claret.cat\/es\/libro\/la-vida-viene-a-cuento-9788419341457\/#organizationLogo"},"sameAs":["https:\/\/www.facebook.com\/LlibreriaClaret","https:\/\/twitter.com\/LlibreriaClaret","https:\/\/www.instagram.com\/llibreriaclaret\/","https:\/\/www.tiktok.com\/@llibreriaclaret","https:\/\/www.youtube.com\/@llibreriaclaret","https:\/\/ca.wikipedia.org\/wiki\/Editorial_Claret"]},{"@type":"WebPage","@id":"https:\/\/www.claret.cat\/es\/libro\/la-vida-viene-a-cuento-9788419341457\/#webpage","url":"https:\/\/www.claret.cat\/es\/libro\/la-vida-viene-a-cuento-9788419341457\/","name":"LA VIDA VIENE A CUENTO - CONANGLA MAR\u00cdN, MARIA MERC\u00c8 \/ SOLER, JAUME 9788419341457 | Llibreria Claret","description":"LA VIDA VIENE A CUENTO de CONANGLA MAR\u00cdN, MARIA MERC\u00c8 \/ SOLER, JAUME disponible a\/en Llibreria Claret.","inLanguage":"es-ES","isPartOf":{"@id":"https:\/\/www.claret.cat\/es\/#website"},"breadcrumb":{"@id":"https:\/\/www.claret.cat\/es\/libro\/la-vida-viene-a-cuento-9788419341457\/#breadcrumblist"},"image":{"@type":"ImageObject","url":"https:\/\/www.claret.cat\/wp-content\/uploads\/.\/9788419341457.jpg","@id":"https:\/\/www.claret.cat\/es\/libro\/la-vida-viene-a-cuento-9788419341457\/#mainImage","width":961,"height":1536,"caption":"9788419341457.jpg"},"primaryImageOfPage":{"@id":"https:\/\/www.claret.cat\/es\/libro\/la-vida-viene-a-cuento-9788419341457\/#mainImage"},"datePublished":"2023-06-14T14:30:31+02:00","dateModified":"2023-10-11T02:21:44+02:00"},{"@type":"WebSite","@id":"https:\/\/www.claret.cat\/es\/#website","url":"https:\/\/www.claret.cat\/es\/","name":"Llibreria Claret Barcelona","alternateName":"Llibreria Claret","description":"Llibreria religiosa a Barcelona","inLanguage":"es-ES","publisher":{"@id":"https:\/\/www.claret.cat\/es\/#organization"}}]},"og:locale":"es_ES","og:site_name":"Llibreria Claret - Llibreria religiosa a Barcelona","og:type":"article","og:title":"LA VIDA VIENE A CUENTO - CONANGLA MAR\u00cdN, MARIA MERC\u00c8 \/ SOLER, JAUME 9788419341457 | Llibreria Claret","og:description":"LA VIDA VIENE A CUENTO de CONANGLA MAR\u00cdN, MARIA MERC\u00c8 \/ SOLER, JAUME disponible a\/en Llibreria Claret.","og:url":"https:\/\/www.claret.cat\/es\/libro\/la-vida-viene-a-cuento-9788419341457\/","og:image":"https:\/\/dev.claret.cat\/wp-content\/uploads\/logo-claret.svg","og:image:secure_url":"https:\/\/dev.claret.cat\/wp-content\/uploads\/logo-claret.svg","article:published_time":"2023-06-14T12:30:31+00:00","article:modified_time":"2023-10-11T00:21:44+00:00","article:publisher":"https:\/\/www.facebook.com\/LlibreriaClaret","twitter:card":"summary_large_image","twitter:site":"@LlibreriaClaret","twitter:title":"LA VIDA VIENE A CUENTO - CONANGLA MAR\u00cdN, MARIA MERC\u00c8 \/ SOLER, JAUME 9788419341457 | Llibreria Claret","twitter:description":"LA VIDA VIENE A CUENTO de CONANGLA MAR\u00cdN, MARIA MERC\u00c8 \/ SOLER, JAUME disponible a\/en Llibreria Claret.","twitter:image":"http:\/\/dev.claret.cat\/wp-content\/uploads\/logo-claret.svg"},"aioseo_meta_data":{"post_id":"447413","title":null,"description":null,"keywords":null,"keyphrases":null,"primary_term":null,"canonical_url":null,"og_title":null,"og_description":null,"og_object_type":"default","og_image_type":"default","og_image_url":null,"og_image_width":null,"og_image_height":null,"og_image_custom_url":null,"og_image_custom_fields":null,"og_video":null,"og_custom_url":null,"og_article_section":null,"og_article_tags":null,"twitter_use_og":false,"twitter_card":"default","twitter_image_type":"default","twitter_image_url":null,"twitter_image_custom_url":null,"twitter_image_custom_fields":null,"twitter_title":null,"twitter_description":null,"schema":{"blockGraphs":[],"customGraphs":[],"default":{"data":{"Article":[],"Course":[],"Dataset":[],"FAQPage":[],"Movie":[],"Person":[],"Product":[],"ProductReview":[],"Car":[],"Recipe":[],"Service":[],"SoftwareApplication":[],"WebPage":[]},"graphName":"","isEnabled":true},"graphs":[]},"schema_type":"default","schema_type_options":null,"pillar_content":false,"robots_default":true,"robots_noindex":false,"robots_noarchive":false,"robots_nosnippet":false,"robots_nofollow":false,"robots_noimageindex":false,"robots_noodp":false,"robots_notranslate":false,"robots_max_snippet":null,"robots_max_videopreview":null,"robots_max_imagepreview":"large","priority":null,"frequency":null,"local_seo":null,"seo_analyzer_scan_date":"2026-06-11 18:22:10","breadcrumb_settings":null,"limit_modified_date":false,"open_ai":null,"ai":null,"created":"2023-06-25 04:45:06","updated":"2026-06-11 18:22:10","focus_keyword":null,"additional_keywords":null,"truseo_locale":null},"aioseo_breadcrumb":"<div class=\"aioseo-breadcrumbs\"><span class=\"aioseo-breadcrumb\">\n\t<a href=\"https:\/\/www.claret.cat\/es\/\" title=\"Home\">Home<\/a>\n<\/span><span class=\"aioseo-breadcrumb-separator\">&raquo;<\/span><span class=\"aioseo-breadcrumb\">\n\t<a href=\"https:\/\/www.claret.cat\/?page_id=16\" title=\"Botiga\">Botiga<\/a>\n<\/span><span class=\"aioseo-breadcrumb-separator\">&raquo;<\/span><span class=\"aioseo-breadcrumb\">\n\t<a href=\"https:\/\/www.claret.cat\/categoria-producto\/cat\/\" title=\"CAT\">CAT<\/a>\n<\/span><span class=\"aioseo-breadcrumb-separator\">&raquo;<\/span><span class=\"aioseo-breadcrumb\">\n\t<a href=\"https:\/\/www.claret.cat\/categoria-producto\/cat\/2_humanitats\/\" title=\"Humanitats\">Humanitats<\/a>\n<\/span><span class=\"aioseo-breadcrumb-separator\">&raquo;<\/span><span class=\"aioseo-breadcrumb\">\n\t<a href=\"https:\/\/www.claret.cat\/categoria-producto\/cat\/2_humanitats\/psicologia\/\" title=\"Psicologia\">Psicologia<\/a>\n<\/span><span class=\"aioseo-breadcrumb-separator\">&raquo;<\/span><span class=\"aioseo-breadcrumb\">\n\t<a href=\"https:\/\/www.claret.cat\/categoria-producto\/cat\/2_humanitats\/psicologia\/autors-psicologia\/\" title=\"Autors\">Autors<\/a>\n<\/span><span class=\"aioseo-breadcrumb-separator\">&raquo;<\/span><span class=\"aioseo-breadcrumb\">\n\tLA VIDA VIENE A CUENTO\n<\/span><\/div>","aioseo_breadcrumb_json":[{"label":"Home","link":"https:\/\/www.claret.cat\/es\/"},{"label":"Botiga","link":"https:\/\/www.claret.cat\/?page_id=16"},{"label":"CAT","link":"https:\/\/www.claret.cat\/categoria-producto\/cat\/"},{"label":"Humanitats","link":"https:\/\/www.claret.cat\/categoria-producto\/cat\/2_humanitats\/"},{"label":"Psicologia","link":"https:\/\/www.claret.cat\/categoria-producto\/cat\/2_humanitats\/psicologia\/"},{"label":"Autors","link":"https:\/\/www.claret.cat\/categoria-producto\/cat\/2_humanitats\/psicologia\/autors-psicologia\/"},{"label":"LA VIDA VIENE A CUENTO","link":"https:\/\/www.claret.cat\/es\/libro\/la-vida-viene-a-cuento-9788419341457\/"}],"_links":{"self":[{"href":"https:\/\/www.claret.cat\/es\/wp-json\/wp\/v2\/product\/447413","targetHints":{"allow":["GET"]}}],"collection":[{"href":"https:\/\/www.claret.cat\/es\/wp-json\/wp\/v2\/product"}],"about":[{"href":"https:\/\/www.claret.cat\/es\/wp-json\/wp\/v2\/types\/product"}],"wp:featuredmedia":[{"embeddable":true,"href":"https:\/\/www.claret.cat\/es\/wp-json\/wp\/v2\/media\/447414"}],"wp:attachment":[{"href":"https:\/\/www.claret.cat\/es\/wp-json\/wp\/v2\/media?parent=447413"}],"wp:term":[{"taxonomy":"product_brand","embeddable":true,"href":"https:\/\/www.claret.cat\/es\/wp-json\/wp\/v2\/product_brand?post=447413"},{"taxonomy":"product_cat","embeddable":true,"href":"https:\/\/www.claret.cat\/es\/wp-json\/wp\/v2\/product_cat?post=447413"},{"taxonomy":"product_tag","embeddable":true,"href":"https:\/\/www.claret.cat\/es\/wp-json\/wp\/v2\/product_tag?post=447413"}],"curies":[{"name":"wp","href":"https:\/\/api.w.org\/{rel}","templated":true}]}}