{"id":447825,"date":"2023-06-19T13:15:14","date_gmt":"2023-06-19T11:15:14","guid":{"rendered":"https:\/\/www.claret.cat\/llibre\/festin-de-cuervos-cancion-de-hielo-y-fuego-4-9788401032455\/"},"modified":"2023-10-11T01:40:02","modified_gmt":"2023-10-10T23:40:02","slug":"festin-de-cuervos-cancion-de-hielo-y-fuego-4-9788401032455","status":"publish","type":"product","link":"https:\/\/www.claret.cat\/es\/libro\/festin-de-cuervos-cancion-de-hielo-y-fuego-4-9788401032455\/","title":{"rendered":"FEST\u00cdN DE CUERVOS (CANCI\u00d3N DE HIELO Y FUEGO 4)"},"content":{"rendered":"<p>Los cinco t\u00edtulos hasta ahora publicados de \u00abCanci\u00f3n de hielo y fuego\u00bb, Juego de tronos, Choque de reyes, Tormenta de espadas, Fest\u00edn de cuervos y Danza de dragones, llegan a las librer\u00edas en una nueva edici\u00f3n que conquistar\u00e1 tanto a los fans de esta saga \u00e9pica como a aquellos que esperan la oportunidad perfecta para adentrarse en sus p\u00e1ginas por primera vez.\u00abLarga vida a George Martin&#8230; Sacerdote literario, sabedor de su don para el personaje complejo, el lenguaje v\u00edvido y la visi\u00f3n salvaje de los mejores narradores.\u00bb<br \/>The New York Times \u00ab\u2014\u00bfQu\u00e9 es lo que m\u00e1s desea nuestrocoraz\u00f3n? \u2014pregunt\u00f3 Arianne, entrecerrando los ojos.<br \/>\u2014Venganza. \u2014Hablaba en voz baja, como si temiera que pudieran o\u00edrlo\u2014. Justicia.\u00bb Entre campos de batalla llenos de fantasmas y l\u00fagubres fortalezas en ruina, entre ciudades convertidas en cementerios y tierras reducidas a osarios, la guerra de los Cinco Reyes toca a su fin. La casa Lannister y sus aliados parecen haber salido victoriosos. Sin embargo, algo se remueve en las entra\u00f1as de los Siete Reinos y, mientras cuervos en forma humana se dan un fest\u00edn de cenizas, se forjan nuevas alianzas y complots. Pero incluso en esta paz del rey, aparentemente consolidada, fuerzas inesperadas se preparan para lanzar un ataque sangriento. Los hombres del hierro, liderados por Ojo de Cuervo, herederos de un culto olvidado, atacan al suroeste, obligando al Trono de Hierro a enfrentarse a un desaf\u00edo sin precedentes.Y de las brumas de un recuerdo enterrado hace mucho, una profec\u00eda siniestra amenaza la soberan\u00eda de la reina Cersei&#8230;La cr\u00edtica ha dicho:<br \/>\u00abLarga vida a George Martin&#8230; Sacerdote literario, sabedor de su don para el personaje complejo, el lenguaje v\u00edvido y la visi\u00f3n salvaje de los mejores narradores.\u00bb<br \/>The New York Times \u00abLa capacidad de Martin para crear historias apasionantes de intriga es indiscutible.\u00bb<br \/>El Mundo \u00abEntre aquellos que se afanan en la gran tradici\u00f3n \u00e9pica de la fantas\u00eda, Martin es, con diferencia, el mejor.\u00bb<br \/>Time Magazine\u00abEl sobrecogedor alcance de esta epopeya ha hecho que otros escritores de fantas\u00eda se lleven las manos a la cabeza.\u00bb<br \/>The Guardian \u00abEl escritor de la famosa saga hace tiempo que ha resuelto su porvenir y ha construido su indiscutible trono: el del nuevo rey de la literatura fant\u00e1stica.\u00bb<br \/>Vanitatis<\/p>\n","protected":false},"excerpt":{"rendered":"<p>R.R. MARTIN, GEORGE<\/p>\n","protected":false},"featured_media":447826,"template":"","meta":{"_acf_changed":false,"om_disable_all_campaigns":false,"rs_blank_template":"","rs_page_bg_color":"","slide_template_v7":"","inline_featured_image":false,"_monsterinsights_skip_tracking":false,"_monsterinsights_sitenote_active":false,"_monsterinsights_sitenote_note":"","_monsterinsights_sitenote_category":0},"product_brand":[],"product_cat":[127,357],"product_tag":[],"class_list":{"0":"post-447825","1":"product","2":"type-product","3":"status-publish","4":"has-post-thumbnail","6":"product_cat-novella-contemporania","7":"product_cat-novela-contemporanea","9":"first","10":"instock","11":"taxable","12":"shipping-taxable","13":"purchasable","14":"product-type-simple"},"acf":{"autor":"R.R. MARTIN, GEORGE","codart":"840103245","libros-coleccion":"Viento Abierto","ediciones":"1","encuadernacion":"Carton\u00e9","fecha_de_publicacion":"01\/06\/2023","novedad":"1","paginas":"867","subtitulo":"","orden":"0","portada":"0","idioma":"spa","editorial":[{"ID":6332,"post_author":"3","post_date":"2022-07-28 17:49:55","post_date_gmt":"2022-07-28 15:49:55","post_content":"","post_title":"PLAZA JANES, S.A.","post_excerpt":"","post_status":"publish","comment_status":"closed","ping_status":"closed","post_password":"","post_name":"plaza-janes-s-a","to_ping":"","pinged":"","post_modified":"2022-07-28 17:49:55","post_modified_gmt":"2022-07-28 15:49:55","post_content_filtered":"","post_parent":0,"guid":"http:\/\/dev.claret.cat\/editorial\/plaza-janes-s-a\/","menu_order":0,"post_type":"editorial","post_mime_type":"","comment_count":"0","filter":"raw"}],"autores-libros":[{"ID":156743,"post_author":"3","post_date":"2022-10-14 15:23:16","post_date_gmt":"2022-10-14 13:23:16","post_content":"","post_title":"GEORGE R.R. MARTIN","post_excerpt":"","post_status":"publish","comment_status":"closed","ping_status":"closed","post_password":"","post_name":"george-r-r-martin-5","to_ping":"","pinged":"","post_modified":"2022-10-14 15:23:16","post_modified_gmt":"2022-10-14 13:23:16","post_content_filtered":"","post_parent":0,"guid":"http:\/\/dev.claret.cat\/autor\/george-r-r-martin-5\/","menu_order":0,"post_type":"autor","post_mime_type":"","comment_count":"0","filter":"raw"}]},"aioseo_notices":[],"_links":{"self":[{"href":"https:\/\/www.claret.cat\/es\/wp-json\/wp\/v2\/product\/447825","targetHints":{"allow":["GET"]}}],"collection":[{"href":"https:\/\/www.claret.cat\/es\/wp-json\/wp\/v2\/product"}],"about":[{"href":"https:\/\/www.claret.cat\/es\/wp-json\/wp\/v2\/types\/product"}],"wp:featuredmedia":[{"embeddable":true,"href":"https:\/\/www.claret.cat\/es\/wp-json\/wp\/v2\/media\/447826"}],"wp:attachment":[{"href":"https:\/\/www.claret.cat\/es\/wp-json\/wp\/v2\/media?parent=447825"}],"wp:term":[{"taxonomy":"product_brand","embeddable":true,"href":"https:\/\/www.claret.cat\/es\/wp-json\/wp\/v2\/product_brand?post=447825"},{"taxonomy":"product_cat","embeddable":true,"href":"https:\/\/www.claret.cat\/es\/wp-json\/wp\/v2\/product_cat?post=447825"},{"taxonomy":"product_tag","embeddable":true,"href":"https:\/\/www.claret.cat\/es\/wp-json\/wp\/v2\/product_tag?post=447825"}],"curies":[{"name":"wp","href":"https:\/\/api.w.org\/{rel}","templated":true}]}}