{"id":448060,"date":"2023-06-20T13:25:09","date_gmt":"2023-06-20T11:25:09","guid":{"rendered":"https:\/\/www.claret.cat\/llibre\/rias-bajas-pontevedra-y-vigo-9788491584667\/"},"modified":"2025-04-07T15:48:38","modified_gmt":"2025-04-07T13:48:38","slug":"rias-bajas-pontevedra-y-vigo-9788491584667","status":"publish","type":"product","link":"https:\/\/www.claret.cat\/es\/libro\/rias-bajas-pontevedra-y-vigo-9788491584667\/","title":{"rendered":"R\u00cdAS BAJAS. PONTEVEDRA Y VIGO"},"content":{"rendered":"<p>Una gu\u00eda pr\u00e1ctica y actualizada para realizar un corto viaje a las R\u00edas Bajas. En el primer cap\u00edtulo (Diez Indispensables), se propone una selecci\u00f3n de los lugares, curiosidades y tradiciones de la zona que no hay que perderse: Las R\u00edas Baixas: espacio cinematogr\u00e1fico, La arquitectura popular, La arquitectura contempor\u00e1nea, Las islas atl\u00e1nticas, La batalla de Rande y la isla de San Sim\u00f3n&#8230; En el segundo (Visita a Pontevedra y Vigo), se describen estas dos localidades proporcionando informaci\u00f3n detallada de los lugares con mayor inter\u00e9s. Tambi\u00e9n incluye un plano de ambas ciudades con los monumentos m\u00e1s importantes. El siguiente apartado (Excursiones por las R\u00edas Baixas) describe los lugares m\u00e1s emblem\u00e1ticos de la zona: R\u00edas de Corcubi\u00f3n, Muros, Noia, Arousa, Pontevedra y de Vigo. Finalmente, se incluye una selecci\u00f3n de restaurantes, alojamientos, exhaustiva informaci\u00f3n pr\u00e1ctica y plano desplegable de Pontevedra.<\/p>\n","protected":false},"excerpt":{"rendered":"<p>P\u00c9REZ ALBERTI, AUGUSTO<\/p>\n","protected":false},"featured_media":1017036,"template":"","meta":{"_acf_changed":false,"om_disable_all_campaigns":false,"rs_blank_template":"","rs_page_bg_color":"","slide_template_v7":"","inline_featured_image":false,"_monsterinsights_skip_tracking":false},"product_brand":[],"product_cat":[557,107],"product_tag":[],"class_list":["post-448060","product","type-product","status-publish","has-post-thumbnail","product_cat-guias-de-viaje","product_cat-guies-de-viatge","first","instock","taxable","shipping-taxable","purchasable","product-type-simple"],"acf":{"autor":"P\u00c9REZ ALBERTI, AUGUSTO","codart":"849158466","libros-coleccion":"Guiarama Compact - Espa\u00f1a","ediciones":"1","encuadernacion":"R\u00fastica","fecha_de_publicacion":"01\/05\/2022","novedad":"1","paginas":"144","subtitulo":"","orden":"0","portada":"0","idioma":"spa","editorial":[{"ID":147435,"post_author":"3","post_date":"2022-10-14 11:50:33","post_date_gmt":"2022-10-14 09:50:33","post_content":"","post_title":"Anaya Touring","post_excerpt":"","post_status":"publish","comment_status":"closed","ping_status":"closed","post_password":"","post_name":"anaya-touring","to_ping":"","pinged":"","post_modified":"2022-10-14 11:50:33","post_modified_gmt":"2022-10-14 09:50:33","post_content_filtered":"","post_parent":0,"guid":"http:\/\/dev.claret.cat\/editorial\/anaya-touring\/","menu_order":0,"post_type":"editorial","post_mime_type":"","comment_count":"0","filter":"raw"}],"autores-libros":[{"ID":151238,"post_author":"3","post_date":"2022-10-14 14:39:18","post_date_gmt":"2022-10-14 12:39:18","post_content":"","post_title":"AUGUSTO P\u00c9REZ ALBERTI","post_excerpt":"","post_status":"publish","comment_status":"closed","ping_status":"closed","post_password":"","post_name":"augusto-perez-alberti","to_ping":"","pinged":"","post_modified":"2022-10-14 14:39:18","post_modified_gmt":"2022-10-14 12:39:18","post_content_filtered":"","post_parent":0,"guid":"http:\/\/dev.claret.cat\/autor\/augusto-perez-alberti\/","menu_order":0,"post_type":"autor","post_mime_type":"","comment_count":"0","filter":"raw"}]},"aioseo_notices":[],"aioseo_head":"\n\t\t<!-- All in One SEO Pro 5.0.1.1 - aioseo.com -->\n\t<meta name=\"description\" content=\"R\u00cdAS BAJAS. PONTEVEDRA Y VIGO de P\u00c9REZ ALBERTI, AUGUSTO disponible a\/en Llibreria Claret.\" \/>\n\t<meta name=\"robots\" content=\"max-image-preview:large\" \/>\n\t<meta name=\"google-site-verification\" content=\"xVtlFxJ-TfkIu-D-lt7XeLobefg5EIQiXTuqcSf8Rf0\" \/>\n\t<link rel=\"canonical\" href=\"https:\/\/www.claret.cat\/es\/libro\/rias-bajas-pontevedra-y-vigo-9788491584667\/\" \/>\n\t<meta name=\"generator\" content=\"All in One SEO Pro (AIOSEO) 5.0.1.1\" \/>\n\t\t<meta property=\"og:locale\" content=\"es_ES\" \/>\n\t\t<meta property=\"og:site_name\" content=\"Llibreria Claret - Llibreria religiosa a Barcelona\" \/>\n\t\t<meta property=\"og:type\" content=\"article\" \/>\n\t\t<meta property=\"og:title\" content=\"R\u00cdAS BAJAS. PONTEVEDRA Y VIGO - P\u00c9REZ ALBERTI, AUGUSTO 9788491584667 | Llibreria Claret\" \/>\n\t\t<meta property=\"og:description\" content=\"R\u00cdAS BAJAS. PONTEVEDRA Y VIGO de P\u00c9REZ ALBERTI, AUGUSTO disponible a\/en Llibreria Claret.\" \/>\n\t\t<meta property=\"og:url\" content=\"https:\/\/www.claret.cat\/es\/libro\/rias-bajas-pontevedra-y-vigo-9788491584667\/\" \/>\n\t\t<meta property=\"og:image\" content=\"https:\/\/dev.claret.cat\/wp-content\/uploads\/logo-claret.svg\" \/>\n\t\t<meta property=\"og:image:secure_url\" content=\"https:\/\/dev.claret.cat\/wp-content\/uploads\/logo-claret.svg\" \/>\n\t\t<meta property=\"article:published_time\" content=\"2023-06-20T11:25:09+00:00\" \/>\n\t\t<meta property=\"article:modified_time\" content=\"2025-04-07T13:48:38+00:00\" \/>\n\t\t<meta property=\"article:publisher\" content=\"https:\/\/www.facebook.com\/LlibreriaClaret\" \/>\n\t\t<meta name=\"twitter:card\" content=\"summary_large_image\" \/>\n\t\t<meta name=\"twitter:site\" content=\"@LlibreriaClaret\" \/>\n\t\t<meta name=\"twitter:title\" content=\"R\u00cdAS BAJAS. PONTEVEDRA Y VIGO - P\u00c9REZ ALBERTI, AUGUSTO 9788491584667 | Llibreria Claret\" \/>\n\t\t<meta name=\"twitter:description\" content=\"R\u00cdAS BAJAS. PONTEVEDRA Y VIGO de P\u00c9REZ ALBERTI, AUGUSTO disponible a\/en Llibreria Claret.\" \/>\n\t\t<meta name=\"twitter:image\" content=\"http:\/\/dev.claret.cat\/wp-content\/uploads\/logo-claret.svg\" \/>\n\t\t<script type=\"application\/ld+json\" class=\"aioseo-schema\">\n\t\t\t{\"@context\":\"https:\\\/\\\/schema.org\",\"@graph\":[{\"@type\":\"BreadcrumbList\",\"@id\":\"https:\\\/\\\/www.claret.cat\\\/es\\\/libro\\\/rias-bajas-pontevedra-y-vigo-9788491584667\\\/#breadcrumblist\",\"itemListElement\":[{\"@type\":\"ListItem\",\"@id\":\"https:\\\/\\\/www.claret.cat\\\/es\\\/#listItem\",\"position\":1,\"name\":\"Home\",\"item\":\"https:\\\/\\\/www.claret.cat\\\/es\\\/\",\"nextItem\":{\"@type\":\"ListItem\",\"@id\":\"https:\\\/\\\/www.claret.cat\\\/?page_id=16#listItem\",\"name\":\"Botiga\"}},{\"@type\":\"ListItem\",\"@id\":\"https:\\\/\\\/www.claret.cat\\\/?page_id=16#listItem\",\"position\":2,\"name\":\"Botiga\",\"item\":\"https:\\\/\\\/www.claret.cat\\\/?page_id=16\",\"nextItem\":{\"@type\":\"ListItem\",\"@id\":\"https:\\\/\\\/www.claret.cat\\\/categoria-producto\\\/cat\\\/#listItem\",\"name\":\"CAT\"},\"previousItem\":{\"@type\":\"ListItem\",\"@id\":\"https:\\\/\\\/www.claret.cat\\\/es\\\/#listItem\",\"name\":\"Home\"}},{\"@type\":\"ListItem\",\"@id\":\"https:\\\/\\\/www.claret.cat\\\/categoria-producto\\\/cat\\\/#listItem\",\"position\":3,\"name\":\"CAT\",\"item\":\"https:\\\/\\\/www.claret.cat\\\/categoria-producto\\\/cat\\\/\",\"nextItem\":{\"@type\":\"ListItem\",\"@id\":\"https:\\\/\\\/www.claret.cat\\\/categoria-producto\\\/cat\\\/5_altres\\\/#listItem\",\"name\":\"Altres\"},\"previousItem\":{\"@type\":\"ListItem\",\"@id\":\"https:\\\/\\\/www.claret.cat\\\/?page_id=16#listItem\",\"name\":\"Botiga\"}},{\"@type\":\"ListItem\",\"@id\":\"https:\\\/\\\/www.claret.cat\\\/categoria-producto\\\/cat\\\/5_altres\\\/#listItem\",\"position\":4,\"name\":\"Altres\",\"item\":\"https:\\\/\\\/www.claret.cat\\\/categoria-producto\\\/cat\\\/5_altres\\\/\",\"nextItem\":{\"@type\":\"ListItem\",\"@id\":\"https:\\\/\\\/www.claret.cat\\\/categoria-producto\\\/cat\\\/5_altres\\\/guies-de-viatge\\\/#listItem\",\"name\":\"Guies de Viatge\"},\"previousItem\":{\"@type\":\"ListItem\",\"@id\":\"https:\\\/\\\/www.claret.cat\\\/categoria-producto\\\/cat\\\/#listItem\",\"name\":\"CAT\"}},{\"@type\":\"ListItem\",\"@id\":\"https:\\\/\\\/www.claret.cat\\\/categoria-producto\\\/cat\\\/5_altres\\\/guies-de-viatge\\\/#listItem\",\"position\":5,\"name\":\"Guies de Viatge\",\"item\":\"https:\\\/\\\/www.claret.cat\\\/categoria-producto\\\/cat\\\/5_altres\\\/guies-de-viatge\\\/\",\"nextItem\":{\"@type\":\"ListItem\",\"@id\":\"https:\\\/\\\/www.claret.cat\\\/es\\\/libro\\\/rias-bajas-pontevedra-y-vigo-9788491584667\\\/#listItem\",\"name\":\"R\\u00cdAS BAJAS. PONTEVEDRA Y VIGO\"},\"previousItem\":{\"@type\":\"ListItem\",\"@id\":\"https:\\\/\\\/www.claret.cat\\\/categoria-producto\\\/cat\\\/5_altres\\\/#listItem\",\"name\":\"Altres\"}},{\"@type\":\"ListItem\",\"@id\":\"https:\\\/\\\/www.claret.cat\\\/es\\\/libro\\\/rias-bajas-pontevedra-y-vigo-9788491584667\\\/#listItem\",\"position\":6,\"name\":\"R\\u00cdAS BAJAS. PONTEVEDRA Y VIGO\",\"previousItem\":{\"@type\":\"ListItem\",\"@id\":\"https:\\\/\\\/www.claret.cat\\\/categoria-producto\\\/cat\\\/5_altres\\\/guies-de-viatge\\\/#listItem\",\"name\":\"Guies de Viatge\"}}]},{\"@type\":\"ItemPage\",\"@id\":\"https:\\\/\\\/www.claret.cat\\\/es\\\/libro\\\/rias-bajas-pontevedra-y-vigo-9788491584667\\\/#itempage\",\"url\":\"https:\\\/\\\/www.claret.cat\\\/es\\\/libro\\\/rias-bajas-pontevedra-y-vigo-9788491584667\\\/\",\"name\":\"R\\u00cdAS BAJAS. PONTEVEDRA Y VIGO - P\\u00c9REZ ALBERTI, AUGUSTO 9788491584667 | Llibreria Claret\",\"description\":\"R\\u00cdAS BAJAS. PONTEVEDRA Y VIGO de P\\u00c9REZ ALBERTI, AUGUSTO disponible a\\\/en Llibreria Claret.\",\"inLanguage\":\"es-ES\",\"isPartOf\":{\"@id\":\"https:\\\/\\\/www.claret.cat\\\/es\\\/#website\"},\"breadcrumb\":{\"@id\":\"https:\\\/\\\/www.claret.cat\\\/es\\\/libro\\\/rias-bajas-pontevedra-y-vigo-9788491584667\\\/#breadcrumblist\"},\"image\":{\"@type\":\"ImageObject\",\"url\":\"https:\\\/\\\/www.claret.cat\\\/wp-content\\\/uploads\\\/.\\\/9788491584667-1.jpg\",\"@id\":\"https:\\\/\\\/www.claret.cat\\\/es\\\/libro\\\/rias-bajas-pontevedra-y-vigo-9788491584667\\\/#mainImage\",\"width\":250,\"height\":453,\"caption\":\"9788491584667.jpg\"},\"primaryImageOfPage\":{\"@id\":\"https:\\\/\\\/www.claret.cat\\\/es\\\/libro\\\/rias-bajas-pontevedra-y-vigo-9788491584667\\\/#mainImage\"},\"datePublished\":\"2023-06-20T13:25:09+02:00\",\"dateModified\":\"2025-04-07T15:48:38+02:00\"},{\"@type\":\"Organization\",\"@id\":\"https:\\\/\\\/www.claret.cat\\\/es\\\/#organization\",\"name\":\"Llibreria Claret\",\"description\":\"Llibreria religiosa a Barcelona\",\"url\":\"https:\\\/\\\/www.claret.cat\\\/es\\\/\",\"email\":\"comunicacio@claret.cat\",\"telephone\":\"+34933010887\",\"logo\":{\"@type\":\"ImageObject\",\"url\":\"https:\\\/\\\/www.claret.cat\\\/wp-content\\\/uploads\\\/.\\\/logo-claret-es.png\",\"@id\":\"https:\\\/\\\/www.claret.cat\\\/es\\\/libro\\\/rias-bajas-pontevedra-y-vigo-9788491584667\\\/#organizationLogo\",\"width\":195,\"height\":79},\"image\":{\"@id\":\"https:\\\/\\\/www.claret.cat\\\/es\\\/libro\\\/rias-bajas-pontevedra-y-vigo-9788491584667\\\/#organizationLogo\"},\"sameAs\":[\"https:\\\/\\\/www.facebook.com\\\/LlibreriaClaret\",\"https:\\\/\\\/twitter.com\\\/LlibreriaClaret\",\"https:\\\/\\\/www.instagram.com\\\/llibreriaclaret\\\/\",\"https:\\\/\\\/www.tiktok.com\\\/@llibreriaclaret\",\"https:\\\/\\\/www.youtube.com\\\/@llibreriaclaret\",\"https:\\\/\\\/ca.wikipedia.org\\\/wiki\\\/Editorial_Claret\"]},{\"@type\":\"WebPage\",\"@id\":\"https:\\\/\\\/www.claret.cat\\\/es\\\/libro\\\/rias-bajas-pontevedra-y-vigo-9788491584667\\\/#webpage\",\"url\":\"https:\\\/\\\/www.claret.cat\\\/es\\\/libro\\\/rias-bajas-pontevedra-y-vigo-9788491584667\\\/\",\"name\":\"R\\u00cdAS BAJAS. PONTEVEDRA Y VIGO - P\\u00c9REZ ALBERTI, AUGUSTO 9788491584667 | Llibreria Claret\",\"description\":\"R\\u00cdAS BAJAS. PONTEVEDRA Y VIGO de P\\u00c9REZ ALBERTI, AUGUSTO disponible a\\\/en Llibreria Claret.\",\"inLanguage\":\"es-ES\",\"isPartOf\":{\"@id\":\"https:\\\/\\\/www.claret.cat\\\/es\\\/#website\"},\"breadcrumb\":{\"@id\":\"https:\\\/\\\/www.claret.cat\\\/es\\\/libro\\\/rias-bajas-pontevedra-y-vigo-9788491584667\\\/#breadcrumblist\"},\"image\":{\"@type\":\"ImageObject\",\"url\":\"https:\\\/\\\/www.claret.cat\\\/wp-content\\\/uploads\\\/.\\\/9788491584667-1.jpg\",\"@id\":\"https:\\\/\\\/www.claret.cat\\\/es\\\/libro\\\/rias-bajas-pontevedra-y-vigo-9788491584667\\\/#mainImage\",\"width\":250,\"height\":453,\"caption\":\"9788491584667.jpg\"},\"primaryImageOfPage\":{\"@id\":\"https:\\\/\\\/www.claret.cat\\\/es\\\/libro\\\/rias-bajas-pontevedra-y-vigo-9788491584667\\\/#mainImage\"},\"datePublished\":\"2023-06-20T13:25:09+02:00\",\"dateModified\":\"2025-04-07T15:48:38+02:00\"},{\"@type\":\"WebSite\",\"@id\":\"https:\\\/\\\/www.claret.cat\\\/es\\\/#website\",\"url\":\"https:\\\/\\\/www.claret.cat\\\/es\\\/\",\"name\":\"Llibreria Claret Barcelona\",\"alternateName\":\"Llibreria Claret\",\"description\":\"Llibreria religiosa a Barcelona\",\"inLanguage\":\"es-ES\",\"publisher\":{\"@id\":\"https:\\\/\\\/www.claret.cat\\\/es\\\/#organization\"}}]}\n\t\t<\/script>\n\t\t<!-- All in One SEO Pro -->\r\n\t\t<title>R\u00cdAS BAJAS. PONTEVEDRA Y VIGO - P\u00c9REZ ALBERTI, AUGUSTO 9788491584667 | Llibreria Claret<\/title>\n\n","aioseo_head_json":{"title":"R\u00cdAS BAJAS. PONTEVEDRA Y VIGO - P\u00c9REZ ALBERTI, AUGUSTO 9788491584667 | Llibreria Claret","description":"R\u00cdAS BAJAS. PONTEVEDRA Y VIGO de P\u00c9REZ ALBERTI, AUGUSTO disponible a\/en Llibreria Claret.","canonical_url":"https:\/\/www.claret.cat\/es\/libro\/rias-bajas-pontevedra-y-vigo-9788491584667\/","robots":"max-image-preview:large","keywords":"","webmasterTools":{"google-site-verification":"xVtlFxJ-TfkIu-D-lt7XeLobefg5EIQiXTuqcSf8Rf0","miscellaneous":""},"schema":{"@context":"https:\/\/schema.org","@graph":[{"@type":"BreadcrumbList","@id":"https:\/\/www.claret.cat\/es\/libro\/rias-bajas-pontevedra-y-vigo-9788491584667\/#breadcrumblist","itemListElement":[{"@type":"ListItem","@id":"https:\/\/www.claret.cat\/es\/#listItem","position":1,"name":"Home","item":"https:\/\/www.claret.cat\/es\/","nextItem":{"@type":"ListItem","@id":"https:\/\/www.claret.cat\/?page_id=16#listItem","name":"Botiga"}},{"@type":"ListItem","@id":"https:\/\/www.claret.cat\/?page_id=16#listItem","position":2,"name":"Botiga","item":"https:\/\/www.claret.cat\/?page_id=16","nextItem":{"@type":"ListItem","@id":"https:\/\/www.claret.cat\/categoria-producto\/cat\/#listItem","name":"CAT"},"previousItem":{"@type":"ListItem","@id":"https:\/\/www.claret.cat\/es\/#listItem","name":"Home"}},{"@type":"ListItem","@id":"https:\/\/www.claret.cat\/categoria-producto\/cat\/#listItem","position":3,"name":"CAT","item":"https:\/\/www.claret.cat\/categoria-producto\/cat\/","nextItem":{"@type":"ListItem","@id":"https:\/\/www.claret.cat\/categoria-producto\/cat\/5_altres\/#listItem","name":"Altres"},"previousItem":{"@type":"ListItem","@id":"https:\/\/www.claret.cat\/?page_id=16#listItem","name":"Botiga"}},{"@type":"ListItem","@id":"https:\/\/www.claret.cat\/categoria-producto\/cat\/5_altres\/#listItem","position":4,"name":"Altres","item":"https:\/\/www.claret.cat\/categoria-producto\/cat\/5_altres\/","nextItem":{"@type":"ListItem","@id":"https:\/\/www.claret.cat\/categoria-producto\/cat\/5_altres\/guies-de-viatge\/#listItem","name":"Guies de Viatge"},"previousItem":{"@type":"ListItem","@id":"https:\/\/www.claret.cat\/categoria-producto\/cat\/#listItem","name":"CAT"}},{"@type":"ListItem","@id":"https:\/\/www.claret.cat\/categoria-producto\/cat\/5_altres\/guies-de-viatge\/#listItem","position":5,"name":"Guies de Viatge","item":"https:\/\/www.claret.cat\/categoria-producto\/cat\/5_altres\/guies-de-viatge\/","nextItem":{"@type":"ListItem","@id":"https:\/\/www.claret.cat\/es\/libro\/rias-bajas-pontevedra-y-vigo-9788491584667\/#listItem","name":"R\u00cdAS BAJAS. PONTEVEDRA Y VIGO"},"previousItem":{"@type":"ListItem","@id":"https:\/\/www.claret.cat\/categoria-producto\/cat\/5_altres\/#listItem","name":"Altres"}},{"@type":"ListItem","@id":"https:\/\/www.claret.cat\/es\/libro\/rias-bajas-pontevedra-y-vigo-9788491584667\/#listItem","position":6,"name":"R\u00cdAS BAJAS. PONTEVEDRA Y VIGO","previousItem":{"@type":"ListItem","@id":"https:\/\/www.claret.cat\/categoria-producto\/cat\/5_altres\/guies-de-viatge\/#listItem","name":"Guies de Viatge"}}]},{"@type":"ItemPage","@id":"https:\/\/www.claret.cat\/es\/libro\/rias-bajas-pontevedra-y-vigo-9788491584667\/#itempage","url":"https:\/\/www.claret.cat\/es\/libro\/rias-bajas-pontevedra-y-vigo-9788491584667\/","name":"R\u00cdAS BAJAS. PONTEVEDRA Y VIGO - P\u00c9REZ ALBERTI, AUGUSTO 9788491584667 | Llibreria Claret","description":"R\u00cdAS BAJAS. PONTEVEDRA Y VIGO de P\u00c9REZ ALBERTI, AUGUSTO disponible a\/en Llibreria Claret.","inLanguage":"es-ES","isPartOf":{"@id":"https:\/\/www.claret.cat\/es\/#website"},"breadcrumb":{"@id":"https:\/\/www.claret.cat\/es\/libro\/rias-bajas-pontevedra-y-vigo-9788491584667\/#breadcrumblist"},"image":{"@type":"ImageObject","url":"https:\/\/www.claret.cat\/wp-content\/uploads\/.\/9788491584667-1.jpg","@id":"https:\/\/www.claret.cat\/es\/libro\/rias-bajas-pontevedra-y-vigo-9788491584667\/#mainImage","width":250,"height":453,"caption":"9788491584667.jpg"},"primaryImageOfPage":{"@id":"https:\/\/www.claret.cat\/es\/libro\/rias-bajas-pontevedra-y-vigo-9788491584667\/#mainImage"},"datePublished":"2023-06-20T13:25:09+02:00","dateModified":"2025-04-07T15:48:38+02:00"},{"@type":"Organization","@id":"https:\/\/www.claret.cat\/es\/#organization","name":"Llibreria Claret","description":"Llibreria religiosa a Barcelona","url":"https:\/\/www.claret.cat\/es\/","email":"comunicacio@claret.cat","telephone":"+34933010887","logo":{"@type":"ImageObject","url":"https:\/\/www.claret.cat\/wp-content\/uploads\/.\/logo-claret-es.png","@id":"https:\/\/www.claret.cat\/es\/libro\/rias-bajas-pontevedra-y-vigo-9788491584667\/#organizationLogo","width":195,"height":79},"image":{"@id":"https:\/\/www.claret.cat\/es\/libro\/rias-bajas-pontevedra-y-vigo-9788491584667\/#organizationLogo"},"sameAs":["https:\/\/www.facebook.com\/LlibreriaClaret","https:\/\/twitter.com\/LlibreriaClaret","https:\/\/www.instagram.com\/llibreriaclaret\/","https:\/\/www.tiktok.com\/@llibreriaclaret","https:\/\/www.youtube.com\/@llibreriaclaret","https:\/\/ca.wikipedia.org\/wiki\/Editorial_Claret"]},{"@type":"WebPage","@id":"https:\/\/www.claret.cat\/es\/libro\/rias-bajas-pontevedra-y-vigo-9788491584667\/#webpage","url":"https:\/\/www.claret.cat\/es\/libro\/rias-bajas-pontevedra-y-vigo-9788491584667\/","name":"R\u00cdAS BAJAS. PONTEVEDRA Y VIGO - P\u00c9REZ ALBERTI, AUGUSTO 9788491584667 | Llibreria Claret","description":"R\u00cdAS BAJAS. PONTEVEDRA Y VIGO de P\u00c9REZ ALBERTI, AUGUSTO disponible a\/en Llibreria Claret.","inLanguage":"es-ES","isPartOf":{"@id":"https:\/\/www.claret.cat\/es\/#website"},"breadcrumb":{"@id":"https:\/\/www.claret.cat\/es\/libro\/rias-bajas-pontevedra-y-vigo-9788491584667\/#breadcrumblist"},"image":{"@type":"ImageObject","url":"https:\/\/www.claret.cat\/wp-content\/uploads\/.\/9788491584667-1.jpg","@id":"https:\/\/www.claret.cat\/es\/libro\/rias-bajas-pontevedra-y-vigo-9788491584667\/#mainImage","width":250,"height":453,"caption":"9788491584667.jpg"},"primaryImageOfPage":{"@id":"https:\/\/www.claret.cat\/es\/libro\/rias-bajas-pontevedra-y-vigo-9788491584667\/#mainImage"},"datePublished":"2023-06-20T13:25:09+02:00","dateModified":"2025-04-07T15:48:38+02:00"},{"@type":"WebSite","@id":"https:\/\/www.claret.cat\/es\/#website","url":"https:\/\/www.claret.cat\/es\/","name":"Llibreria Claret Barcelona","alternateName":"Llibreria Claret","description":"Llibreria religiosa a Barcelona","inLanguage":"es-ES","publisher":{"@id":"https:\/\/www.claret.cat\/es\/#organization"}}]},"og:locale":"es_ES","og:site_name":"Llibreria Claret - Llibreria religiosa a Barcelona","og:type":"article","og:title":"R\u00cdAS BAJAS. PONTEVEDRA Y VIGO - P\u00c9REZ ALBERTI, AUGUSTO 9788491584667 | Llibreria Claret","og:description":"R\u00cdAS BAJAS. PONTEVEDRA Y VIGO de P\u00c9REZ ALBERTI, AUGUSTO disponible a\/en Llibreria Claret.","og:url":"https:\/\/www.claret.cat\/es\/libro\/rias-bajas-pontevedra-y-vigo-9788491584667\/","og:image":"https:\/\/dev.claret.cat\/wp-content\/uploads\/logo-claret.svg","og:image:secure_url":"https:\/\/dev.claret.cat\/wp-content\/uploads\/logo-claret.svg","article:published_time":"2023-06-20T11:25:09+00:00","article:modified_time":"2025-04-07T13:48:38+00:00","article:publisher":"https:\/\/www.facebook.com\/LlibreriaClaret","twitter:card":"summary_large_image","twitter:site":"@LlibreriaClaret","twitter:title":"R\u00cdAS BAJAS. PONTEVEDRA Y VIGO - P\u00c9REZ ALBERTI, AUGUSTO 9788491584667 | Llibreria Claret","twitter:description":"R\u00cdAS BAJAS. PONTEVEDRA Y VIGO de P\u00c9REZ ALBERTI, AUGUSTO disponible a\/en Llibreria Claret.","twitter:image":"http:\/\/dev.claret.cat\/wp-content\/uploads\/logo-claret.svg"},"aioseo_meta_data":{"post_id":"448060","title":null,"description":null,"keywords":null,"keyphrases":null,"primary_term":null,"canonical_url":null,"og_title":null,"og_description":null,"og_object_type":"default","og_image_type":"default","og_image_url":null,"og_image_width":null,"og_image_height":null,"og_image_custom_url":null,"og_image_custom_fields":null,"og_video":null,"og_custom_url":null,"og_article_section":null,"og_article_tags":null,"twitter_use_og":false,"twitter_card":"default","twitter_image_type":"default","twitter_image_url":null,"twitter_image_custom_url":null,"twitter_image_custom_fields":null,"twitter_title":null,"twitter_description":null,"schema":{"blockGraphs":[],"customGraphs":[],"default":{"data":{"Article":[],"Course":[],"Dataset":[],"FAQPage":[],"Movie":[],"Person":[],"Product":[],"ProductReview":[],"Car":[],"Recipe":[],"Service":[],"SoftwareApplication":[],"WebPage":[]},"graphName":"","isEnabled":true},"graphs":[]},"schema_type":"default","schema_type_options":null,"pillar_content":false,"robots_default":true,"robots_noindex":false,"robots_noarchive":false,"robots_nosnippet":false,"robots_nofollow":false,"robots_noimageindex":false,"robots_noodp":false,"robots_notranslate":false,"robots_max_snippet":null,"robots_max_videopreview":null,"robots_max_imagepreview":"large","priority":null,"frequency":null,"local_seo":null,"seo_analyzer_scan_date":"2026-06-08 09:58:20","breadcrumb_settings":null,"limit_modified_date":false,"open_ai":null,"ai":null,"created":"2023-06-25 05:47:07","updated":"2026-06-08 09:58:20","focus_keyword":null,"additional_keywords":null,"truseo_locale":null},"aioseo_breadcrumb":"<div class=\"aioseo-breadcrumbs\"><span class=\"aioseo-breadcrumb\">\n\t<a href=\"https:\/\/www.claret.cat\/es\/\" title=\"Home\">Home<\/a>\n<\/span><span class=\"aioseo-breadcrumb-separator\">&raquo;<\/span><span class=\"aioseo-breadcrumb\">\n\t<a href=\"https:\/\/www.claret.cat\/?page_id=16\" title=\"Botiga\">Botiga<\/a>\n<\/span><span class=\"aioseo-breadcrumb-separator\">&raquo;<\/span><span class=\"aioseo-breadcrumb\">\n\t<a href=\"https:\/\/www.claret.cat\/categoria-producto\/cat\/\" title=\"CAT\">CAT<\/a>\n<\/span><span class=\"aioseo-breadcrumb-separator\">&raquo;<\/span><span class=\"aioseo-breadcrumb\">\n\t<a href=\"https:\/\/www.claret.cat\/categoria-producto\/cat\/5_altres\/\" title=\"Altres\">Altres<\/a>\n<\/span><span class=\"aioseo-breadcrumb-separator\">&raquo;<\/span><span class=\"aioseo-breadcrumb\">\n\t<a href=\"https:\/\/www.claret.cat\/categoria-producto\/cat\/5_altres\/guies-de-viatge\/\" title=\"Guies de Viatge\">Guies de Viatge<\/a>\n<\/span><span class=\"aioseo-breadcrumb-separator\">&raquo;<\/span><span class=\"aioseo-breadcrumb\">\n\tR\u00cdAS BAJAS. PONTEVEDRA Y VIGO\n<\/span><\/div>","aioseo_breadcrumb_json":[{"label":"Home","link":"https:\/\/www.claret.cat\/es\/"},{"label":"Botiga","link":"https:\/\/www.claret.cat\/?page_id=16"},{"label":"CAT","link":"https:\/\/www.claret.cat\/categoria-producto\/cat\/"},{"label":"Altres","link":"https:\/\/www.claret.cat\/categoria-producto\/cat\/5_altres\/"},{"label":"Guies de Viatge","link":"https:\/\/www.claret.cat\/categoria-producto\/cat\/5_altres\/guies-de-viatge\/"},{"label":"R\u00cdAS BAJAS. PONTEVEDRA Y VIGO","link":"https:\/\/www.claret.cat\/es\/libro\/rias-bajas-pontevedra-y-vigo-9788491584667\/"}],"_links":{"self":[{"href":"https:\/\/www.claret.cat\/es\/wp-json\/wp\/v2\/product\/448060","targetHints":{"allow":["GET"]}}],"collection":[{"href":"https:\/\/www.claret.cat\/es\/wp-json\/wp\/v2\/product"}],"about":[{"href":"https:\/\/www.claret.cat\/es\/wp-json\/wp\/v2\/types\/product"}],"wp:featuredmedia":[{"embeddable":true,"href":"https:\/\/www.claret.cat\/es\/wp-json\/wp\/v2\/media\/1017036"}],"wp:attachment":[{"href":"https:\/\/www.claret.cat\/es\/wp-json\/wp\/v2\/media?parent=448060"}],"wp:term":[{"taxonomy":"product_brand","embeddable":true,"href":"https:\/\/www.claret.cat\/es\/wp-json\/wp\/v2\/product_brand?post=448060"},{"taxonomy":"product_cat","embeddable":true,"href":"https:\/\/www.claret.cat\/es\/wp-json\/wp\/v2\/product_cat?post=448060"},{"taxonomy":"product_tag","embeddable":true,"href":"https:\/\/www.claret.cat\/es\/wp-json\/wp\/v2\/product_tag?post=448060"}],"curies":[{"name":"wp","href":"https:\/\/api.w.org\/{rel}","templated":true}]}}