{"id":448151,"date":"2023-06-21T10:15:22","date_gmt":"2023-06-21T08:15:22","guid":{"rendered":"https:\/\/www.claret.cat\/llibre\/no-perdonis-massa-aviat-9788491364771\/"},"modified":"2025-10-16T23:40:14","modified_gmt":"2025-10-16T21:40:14","slug":"no-perdonis-massa-aviat-9788491364771","status":"publish","type":"product","link":"https:\/\/www.claret.cat\/es\/libro\/no-perdonis-massa-aviat-9788491364771\/","title":{"rendered":"NO PERDONIS MASSA AVIAT"},"content":{"rendered":"<p>La majoria de nosaltres sap que haur\u00edem de perdonar els qui ens fan mal. Per\u00f2, com podem perdonar quan,despr\u00e9s d\u2019haver-ho intentat tot, inclosa la preg\u00e0ria, encara ens sentim atrapats en el dolor? Aquest llibre\u2013amb un llenguatge senzill i unes il\u00b7lustracions divertides\u2013 combina la recerca espiritual impl\u00edcita en la superaci\u00f3 del dolor a trav\u00e9s del perd\u00f3, amb la imprescindible ruptura dels cicles de viol\u00e8ncia que ens assetgen cada dia a tot arreu. Els autors ofereixen processos senzills i curatius per a totes aquelles persones que lluiten per ser lliures per perdonar. <span>Els germans Dennis Linn i Matthew Linn, SJ i l&#8217;esposa Sheila Fabricant Linn proposen avan\u00e7ar per les diferents fases del perd\u00f3 per poder trobar respostes creatives davant les ferides.&nbsp;<\/span><em>&#8216;Les cinc fases ens ajuden a estendre les dues mans: una, per aturar la persona que ens fa mal, i l&#8217;altra, per sortir al seu encontre, calmar-la i oferir-li una vida&nbsp;nova&#8217;&nbsp;<\/em> <span>asseguren. <\/span>Un llibre am\u00e8 que ens obrir\u00e0 un ventall de possibilitats a l\u2019hora de trobar les eines necess\u00e0ries per aprendre a perdonar. <\/p>\n","protected":false},"excerpt":{"rendered":"<p>DENNIS LINN, SHEILA FABRICANT LINN , MATTHEW LINN<\/p>\n","protected":false},"featured_media":973764,"template":"","meta":{"_acf_changed":false,"om_disable_all_campaigns":false,"rs_blank_template":"","rs_page_bg_color":"","slide_template_v7":"","inline_featured_image":false,"_monsterinsights_skip_tracking":false,"_monsterinsights_sitenote_active":false,"_monsterinsights_sitenote_note":"","_monsterinsights_sitenote_category":0},"product_brand":[],"product_cat":[485,232,307,581,89],"product_tag":[],"class_list":{"0":"post-448151","1":"product","2":"type-product","3":"status-publish","4":"has-post-thumbnail","6":"product_cat-autores-espiritualidad-1_espiritualidad","7":"product_cat-autors-espiritualitat","8":"product_cat-catala","9":"product_cat-editorial-claret","10":"product_cat-els-mes-venuts","12":"first","13":"instock","14":"taxable","15":"shipping-taxable","16":"purchasable","17":"product-type-simple"},"acf":{"autor":"DENNIS LINN, SHEILA FABRICANT LINN , MATTHEW LINN","codart":"849136477","libros-coleccion":"FORA DE COL.LECCI\u00d3","ediciones":"1","encuadernacion":"R\u00fastica","fecha_de_publicacion":"04\/07\/2023","novedad":"0","paginas":"136","subtitulo":"UN PROC\u00c9S NO VIOLENT PER GUARIR FERIDES ","orden":"1000","portada":"0","idioma":"cat","editorial":[{"ID":6158,"post_author":"3","post_date":"2022-07-28 17:46:08","post_date_gmt":"2022-07-28 15:46:08","post_content":"","post_title":"CLARET","post_excerpt":"","post_status":"publish","comment_status":"closed","ping_status":"closed","post_password":"","post_name":"claret","to_ping":"","pinged":"","post_modified":"2022-07-28 17:46:08","post_modified_gmt":"2022-07-28 15:46:08","post_content_filtered":"","post_parent":0,"guid":"http:\/\/dev.claret.cat\/editorial\/claret\/","menu_order":0,"post_type":"editorial","post_mime_type":"","comment_count":"0","filter":"raw"}],"autores-libros":[{"ID":448252,"post_author":"3","post_date":"2023-06-22 11:45:12","post_date_gmt":"2023-06-22 09:45:12","post_content":"Dennis Linn, Sheila Fabricant Linn i Matthew Linn treballen junts com un equip, integrant la salut f\u00edsica, emocional i espiritual. Dennis i Sheila viuen a Colorado (EEUU)\u00a0amb el seu fill i Matthew viu en una comunitat jesu\u00efta\u00a0a Minesota (EEUU). Han treballat com a capellans i\u00a0terapeutes en hospitals. Han impartit cursos i confer\u00e8ncies sobre la curaci\u00f3 de les ferides de la vida en moltes\u00a0universitats en m\u00e9s de quaranta pa\u00efsos. Actualment\u00a0lideren retirs espirituals. S\u00f3n autors de disset llibres que\u00a0han estat tradu\u00efts a quinze idiomes diferents.","post_title":"SHEILA FABRICANT LINN DENNIS LINN","post_excerpt":"","post_status":"publish","comment_status":"closed","ping_status":"closed","post_password":"","post_name":"sheila-fabricant-linn-dennis-linn","to_ping":"","pinged":"","post_modified":"2023-07-04 17:23:04","post_modified_gmt":"2023-07-04 15:23:04","post_content_filtered":"","post_parent":0,"guid":"https:\/\/www.claret.cat\/autor\/sheila-fabricant-linn-dennis-linn\/","menu_order":0,"post_type":"autor","post_mime_type":"","comment_count":"0","filter":"raw"}],"booktrailer":"<iframe width=\"861\" height=\"484\" src=\"https:\/\/www.youtube.com\/embed\/f8GDLwmbnM0\" title=\"Booktr\u00e0iler del llibre No perdonis massa aviat\" frameborder=\"0\" allow=\"accelerometer; autoplay; clipboard-write; encrypted-media; gyroscope; picture-in-picture; web-share\" allowfullscreen><\/iframe>","linkebook":"","ficha":"849136477_1688041038.pdf","muestra":"","precioebook":"0","presentacion":"<iframe width=\"878\" height=\"494\" src=\"https:\/\/www.youtube.com\/embed\/0yLBABVzQ9g\" title=\"No perdonis massa aviat, presentaci\u00f3 del llibre de l&#39;Editorial Claret\" frameborder=\"0\" allow=\"accelerometer; autoplay; clipboard-write; encrypted-media; gyroscope; picture-in-picture; web-share\" allowfullscreen><\/iframe>","resenas":"<p>Catalunya Religi\u00f3, 08\/07\/2023<\/p>\n<p><a href=\"https:\/\/www.catalunyareligio.cat\/ca\/claret-publica-no-perdonis-massa-aviat-llibre\" rel=\"noopener noreferrer\" target=\"_blank\">https:\/\/www.catalunyareligio.cat\/ca\/claret-publica-no-perdonis-massa-aviat-llibre<\/a><\/p>\n<p><\/p>\n<p>R\u00e0dio Estel, 19\/07\/2023<\/p>\n<p><a href=\"https:\/\/www.radioestel.cat\/app\/uploads\/2023\/07\/20230719-ANNA-KRUTTER_NO-PERDONIS-MASSA-AVIAT.mp3\" rel=\"noopener noreferrer\" target=\"_blank\">https:\/\/www.radioestel.cat\/app\/uploads\/2023\/07\/20230719-ANNA-KRUTTER_NO-PERDONIS-MASSA-AVIAT.mp3<\/a><\/p>\n<p><\/p>\n<p>Catalunya Cristiana (catal\u00e0), 03\/09\/2023<\/p>\n<p><a href=\"https:\/\/drive.google.com\/file\/d\/1DLZkq5dRVmtVe-HC_RxQs-JRFcU9cBOS\/view?usp=sharing\" rel=\"noopener noreferrer\" target=\"_blank\">https:\/\/drive.google.com\/file\/d\/1DLZkq5dRVmtVe-HC_RxQs-JRFcU9cBOS\/view?usp=sharing<\/a><\/p>\n<p><\/p>\n<p>Catalunya Cristiana (castell\u00e0), 03\/09\/2023<\/p>\n<p><a href=\"https:\/\/drive.google.com\/file\/d\/1ZSj58KXzjkZUt86Cb8DcCJ1oI2t9_ixa\/view?usp=sharing\" rel=\"noopener noreferrer\" target=\"_blank\">https:\/\/drive.google.com\/file\/d\/1ZSj58KXzjkZUt86Cb8DcCJ1oI2t9_ixa\/view?usp=sharing<\/a><\/p>\n<p><\/p>\n<p>Catalunya Cristiana, 08\/05\/2024<\/p>\n<p><a href=\"https:\/\/www.catalunyacristiana.cat\/presentat-el-llibre-no-perdonis-massa-aviat-a-lleida\/\" rel=\"noopener noreferrer\" target=\"_blank\">https:\/\/www.catalunyacristiana.cat\/presentat-el-llibre-no-perdonis-massa-aviat-a-lleida\/<\/a><\/p>\n","traductores-libros":"","ilustradores-libros":"","formato":"","ebookportada":false,"recomendamos":"","mas_vendido":""},"aioseo_notices":[],"_links":{"self":[{"href":"https:\/\/www.claret.cat\/es\/wp-json\/wp\/v2\/product\/448151","targetHints":{"allow":["GET"]}}],"collection":[{"href":"https:\/\/www.claret.cat\/es\/wp-json\/wp\/v2\/product"}],"about":[{"href":"https:\/\/www.claret.cat\/es\/wp-json\/wp\/v2\/types\/product"}],"wp:featuredmedia":[{"embeddable":true,"href":"https:\/\/www.claret.cat\/es\/wp-json\/wp\/v2\/media\/973764"}],"wp:attachment":[{"href":"https:\/\/www.claret.cat\/es\/wp-json\/wp\/v2\/media?parent=448151"}],"wp:term":[{"taxonomy":"product_brand","embeddable":true,"href":"https:\/\/www.claret.cat\/es\/wp-json\/wp\/v2\/product_brand?post=448151"},{"taxonomy":"product_cat","embeddable":true,"href":"https:\/\/www.claret.cat\/es\/wp-json\/wp\/v2\/product_cat?post=448151"},{"taxonomy":"product_tag","embeddable":true,"href":"https:\/\/www.claret.cat\/es\/wp-json\/wp\/v2\/product_tag?post=448151"}],"curies":[{"name":"wp","href":"https:\/\/api.w.org\/{rel}","templated":true}]}}