{"id":448999,"date":"2023-06-28T19:30:21","date_gmt":"2023-06-28T17:30:21","guid":{"rendered":"https:\/\/www.claret.cat\/llibre\/coses-noves-i-coses-velles-mt-1352-9788491655695\/"},"modified":"2024-05-23T02:35:59","modified_gmt":"2024-05-23T00:35:59","slug":"coses-noves-i-coses-velles-mt-1352-9788491655695","status":"publish","type":"product","link":"https:\/\/www.claret.cat\/es\/libro\/coses-noves-i-coses-velles-mt-1352-9788491655695\/","title":{"rendered":"COSES NOVES I COSES VELLES (MT 13,52)"},"content":{"rendered":"<p>Coses noves i coses velles s\u00f3n meditacions ben arran de terra, que ressegueixen la riquesa i el misteri de la nostra exist\u00e8ncia i que l\u2019autor va desplegant amb un estil directe, \u00e0gil, entenedor, pr\u00f2xim. Al llarg de les tres parts en qu\u00e8 ha agrupat les reflexions, Oriol Xirinachs comparteix amb tots els lectors el seu mestratge, la seva visi\u00f3 compassiva a la realitat, capa\u00e7 de percebre el nostre dia a dia en tota la seva fond\u00e0ria, ambig\u00fcitat, dinamisme&#8230; i tamb\u00e9 amb tots els paranys en qu\u00e8 sovint ens emboliquem o les dreceres que ens menen a una major inhumanitat, a vegades,<br \/>sense adonar-nos-en. Aquestes p\u00e0gines s\u00f3n tot un exercici d\u2019il\u00b7luminar la vida des de l\u2019Evangeli, des de la Bona Nova de Jesucrist.<br \/>Oriol Xirinachs (Barcelona, 1935) \u00e9s capell\u00e0 de la di\u00f2cesi de Barcelona i membre de l\u2019Associaci\u00f3 de Preveres del Prad\u00f3. Tot el seu ministeri com a capell\u00e0 l\u2019ha exercit en barris obrers i populars, alhora que ha estat membre actiu en organitzacions en el m\u00f3n de la marginaci\u00f3 i en tasques de pastoral social.<\/p>\n","protected":false},"excerpt":{"rendered":"<p>XIRINACHS BENAVENT, ORIOL<\/p>\n","protected":false},"featured_media":0,"template":"","meta":{"_acf_changed":false,"om_disable_all_campaigns":false,"rs_blank_template":"","rs_page_bg_color":"","slide_template_v7":"","inline_featured_image":false,"_monsterinsights_skip_tracking":false,"_monsterinsights_sitenote_active":false,"_monsterinsights_sitenote_note":"","_monsterinsights_sitenote_category":0},"product_brand":[],"product_cat":[202,463],"product_tag":[],"class_list":{"0":"post-448999","1":"product","2":"type-product","3":"status-publish","5":"product_cat-introduccio-n-t","6":"product_cat-introduccion-n-t","8":"first","9":"instock","10":"taxable","11":"shipping-taxable","12":"purchasable","13":"product-type-simple"},"acf":{"autor":"XIRINACHS BENAVENT, ORIOL","codart":"849165569","libros-coleccion":"Ema\u00fas","ediciones":"1","encuadernacion":"R\u00fastica","fecha_de_publicacion":"28\/06\/2023","novedad":"1","paginas":"82","subtitulo":"L'EVANGELI SEMPRE \u00c9S VIU I ACTUAL ","orden":"0","portada":"0","idioma":"cat","editorial":[{"ID":6172,"post_author":"3","post_date":"2022-07-28 17:46:27","post_date_gmt":"2022-07-28 15:46:27","post_content":"","post_title":"CPL","post_excerpt":"","post_status":"publish","comment_status":"closed","ping_status":"closed","post_password":"","post_name":"cpl","to_ping":"","pinged":"","post_modified":"2022-07-28 17:46:27","post_modified_gmt":"2022-07-28 15:46:27","post_content_filtered":"","post_parent":0,"guid":"http:\/\/dev.claret.cat\/editorial\/cpl\/","menu_order":0,"post_type":"editorial","post_mime_type":"","comment_count":"0","filter":"raw"}],"autores-libros":[{"ID":271552,"post_author":"3","post_date":"2022-12-09 03:34:12","post_date_gmt":"2022-12-09 02:34:12","post_content":"","post_title":"ORIOL XIRINACHS BENAVENT","post_excerpt":"","post_status":"publish","comment_status":"closed","ping_status":"closed","post_password":"","post_name":"oriol-xirinachs-benavent","to_ping":"","pinged":"","post_modified":"2022-12-09 03:34:12","post_modified_gmt":"2022-12-09 02:34:12","post_content_filtered":"","post_parent":0,"guid":"http:\/\/dev.claret.cat\/autor\/oriol-xirinachs-benavent\/","menu_order":0,"post_type":"autor","post_mime_type":"","comment_count":"0","filter":"raw"}]},"aioseo_notices":[],"_links":{"self":[{"href":"https:\/\/www.claret.cat\/es\/wp-json\/wp\/v2\/product\/448999","targetHints":{"allow":["GET"]}}],"collection":[{"href":"https:\/\/www.claret.cat\/es\/wp-json\/wp\/v2\/product"}],"about":[{"href":"https:\/\/www.claret.cat\/es\/wp-json\/wp\/v2\/types\/product"}],"wp:attachment":[{"href":"https:\/\/www.claret.cat\/es\/wp-json\/wp\/v2\/media?parent=448999"}],"wp:term":[{"taxonomy":"product_brand","embeddable":true,"href":"https:\/\/www.claret.cat\/es\/wp-json\/wp\/v2\/product_brand?post=448999"},{"taxonomy":"product_cat","embeddable":true,"href":"https:\/\/www.claret.cat\/es\/wp-json\/wp\/v2\/product_cat?post=448999"},{"taxonomy":"product_tag","embeddable":true,"href":"https:\/\/www.claret.cat\/es\/wp-json\/wp\/v2\/product_tag?post=448999"}],"curies":[{"name":"wp","href":"https:\/\/api.w.org\/{rel}","templated":true}]}}