{"id":45740,"date":"2022-10-02T22:10:33","date_gmt":"2022-10-02T20:10:33","guid":{"rendered":"http:\/\/dev.claret.cat\/producte\/echa-a-volar\/"},"modified":"2023-10-06T11:09:26","modified_gmt":"2023-10-06T09:09:26","slug":"echa-a-volar-9788420459479","status":"publish","type":"product","link":"https:\/\/www.claret.cat\/es\/libro\/echa-a-volar-9788420459479\/","title":{"rendered":"ECHA A VOLAR"},"content":{"rendered":"<p>D\u00e9jate inspirar por la experiencia de Iris Ter\u00e9s en su evoluci\u00f3n de polluelo a ave f\u00e9nix. Este libro no se parece a ning\u00fan otro que hayas le\u00eddo antes. Es un libro  cuyas p\u00e1ginas espero que nos unan. Este libro es m\u00e1s bien una carta. Entre t\u00fa y yo, de mis dedos directamente hasta tu buz\u00f3n. La vida es un conjunto de momentos y c\u00f3mo estos nos transforman. Una  sonrisa amable, un comentario de \u00e1nimo, una discusi\u00f3n, un cambio  radical&#8230; Hay algunas cosas que parecen tan grandes que resulta dif\u00edcil  apartarlas, pero quiero que sepas que siempre se puede encontrar una mejora. Todos los laberintos tienen una salida. Por eso espero que entre sus p\u00e1ginas encuentres algo que te arrope y que te haga  sentir bien todas las veces que lo necesites. Algo que te d\u00e9 la fuerza para echar a volar.<\/p>\n","protected":false},"excerpt":{"rendered":"<p>TERES, IRIS<\/p>\n","protected":false},"featured_media":61006,"template":"","meta":{"_acf_changed":false,"om_disable_all_campaigns":false,"rs_blank_template":"","rs_page_bg_color":"","slide_template_v7":"","inline_featured_image":false,"_monsterinsights_skip_tracking":false,"_monsterinsights_sitenote_active":false,"_monsterinsights_sitenote_note":"","_monsterinsights_sitenote_category":0},"product_brand":[],"product_cat":[565],"product_tag":[],"class_list":{"0":"post-45740","1":"product","2":"type-product","3":"status-publish","4":"has-post-thumbnail","6":"product_cat-influencers-3_infantil-juvenil-spa-spa","8":"first","9":"instock","10":"taxable","11":"shipping-taxable","12":"purchasable","13":"product-type-simple"},"acf":{"autor":"TERES, IRIS","codart":"842045947","libros-coleccion":"","ediciones":"1","encuadernacion":"Carton\u00e9","fecha_de_publicacion":"01\/01\/2022","novedad":"1","paginas":"158","subtitulo":"","orden":"0","portada":"0","idioma":"spa","editorial":[{"ID":6118,"post_author":"3","post_date":"2022-07-28 17:45:17","post_date_gmt":"2022-07-28 15:45:17","post_content":"","post_title":"ALFAGUARA","post_excerpt":"","post_status":"publish","comment_status":"closed","ping_status":"closed","post_password":"","post_name":"alfaguara","to_ping":"","pinged":"","post_modified":"2022-07-28 17:45:17","post_modified_gmt":"2022-07-28 15:45:17","post_content_filtered":"","post_parent":0,"guid":"http:\/\/dev.claret.cat\/editorial\/alfaguara\/","menu_order":0,"post_type":"editorial","post_mime_type":"","comment_count":"0","filter":"raw"}],"autores-libros":[{"ID":158020,"post_author":"3","post_date":"2022-10-14 15:33:31","post_date_gmt":"2022-10-14 13:33:31","post_content":"","post_title":"IRIS TERES","post_excerpt":"","post_status":"publish","comment_status":"closed","ping_status":"closed","post_password":"","post_name":"iris-teres","to_ping":"","pinged":"","post_modified":"2022-10-14 15:33:31","post_modified_gmt":"2022-10-14 13:33:31","post_content_filtered":"","post_parent":0,"guid":"http:\/\/dev.claret.cat\/autor\/iris-teres\/","menu_order":0,"post_type":"autor","post_mime_type":"","comment_count":"0","filter":"raw"}]},"aioseo_notices":[],"_links":{"self":[{"href":"https:\/\/www.claret.cat\/es\/wp-json\/wp\/v2\/product\/45740","targetHints":{"allow":["GET"]}}],"collection":[{"href":"https:\/\/www.claret.cat\/es\/wp-json\/wp\/v2\/product"}],"about":[{"href":"https:\/\/www.claret.cat\/es\/wp-json\/wp\/v2\/types\/product"}],"wp:featuredmedia":[{"embeddable":true,"href":"https:\/\/www.claret.cat\/es\/wp-json\/wp\/v2\/media\/61006"}],"wp:attachment":[{"href":"https:\/\/www.claret.cat\/es\/wp-json\/wp\/v2\/media?parent=45740"}],"wp:term":[{"taxonomy":"product_brand","embeddable":true,"href":"https:\/\/www.claret.cat\/es\/wp-json\/wp\/v2\/product_brand?post=45740"},{"taxonomy":"product_cat","embeddable":true,"href":"https:\/\/www.claret.cat\/es\/wp-json\/wp\/v2\/product_cat?post=45740"},{"taxonomy":"product_tag","embeddable":true,"href":"https:\/\/www.claret.cat\/es\/wp-json\/wp\/v2\/product_tag?post=45740"}],"curies":[{"name":"wp","href":"https:\/\/api.w.org\/{rel}","templated":true}]}}