{"id":580889,"date":"2023-09-02T07:26:51","date_gmt":"2023-09-02T05:26:51","guid":{"rendered":"https:\/\/www.claret.cat\/llibre\/showcat-3-volem-bolets-9788424674120\/"},"modified":"2025-01-31T15:57:28","modified_gmt":"2025-01-31T14:57:28","slug":"showcat-3-volem-bolets-9788424674120","status":"publish","type":"product","link":"https:\/\/www.claret.cat\/es\/libro\/showcat-3-volem-bolets-9788424674120\/","title":{"rendered":"SHOWCAT 3. VOLEM BOLETS"},"content":{"rendered":"<p>Descobreix Catalunya de la m\u00e0 dels personatges catalans m\u00e9s singulars que mai hauries imaginat!<br \/>La Rosa i en Sebas estan passant un dia de platja a l&#8221;Empord\u00e0 quan es troben en Juli Vert buscant bolets&#8230; clarament, una mica perdut en la seva recerca! Quan li expliquen que els bolets es fan a muntanya, emprenen un viatge a bord de la Tina (una barretina catalana que es pot convertir en globus), creuant la Garrotxa, el Ripoll\u00e8s fins al Bergued\u00e0, terra de bolets. Ser\u00e0 aquesta la millor terra on plantar-se?<\/p>\n","protected":false},"excerpt":{"rendered":"<p>SERRA, M\u00c0RIUS<\/p>\n","protected":false},"featured_media":580890,"template":"","meta":{"_acf_changed":false,"om_disable_all_campaigns":false,"rs_blank_template":"","rs_page_bg_color":"","slide_template_v7":"","inline_featured_image":false,"_monsterinsights_skip_tracking":false,"_monsterinsights_sitenote_active":false,"_monsterinsights_sitenote_note":"","_monsterinsights_sitenote_category":0},"product_brand":[],"product_cat":[132,362],"product_tag":[],"class_list":{"0":"post-580889","1":"product","2":"type-product","3":"status-publish","4":"has-post-thumbnail","6":"product_cat-lectures-per-preadolescents-6-12-anys","7":"product_cat-libros-preadolescentes-6-12-anos","9":"first","10":"instock","11":"taxable","12":"shipping-taxable","13":"purchasable","14":"product-type-simple"},"acf":{"autor":"SERRA, M\u00c0RIUS","codart":"842467412","libros-coleccion":"FORA DE COL.LECCI\u00d3","ediciones":"1","encuadernacion":"R\u00fastica","fecha_de_publicacion":"01\/09\/2023","novedad":"1","paginas":"45","subtitulo":"","orden":"0","portada":"0","idioma":"cat","editorial":[{"ID":148189,"post_author":"3","post_date":"2022-10-14 11:56:19","post_date_gmt":"2022-10-14 09:56:19","post_content":"","post_title":"GALERA, EDITORIAL","post_excerpt":"","post_status":"publish","comment_status":"closed","ping_status":"closed","post_password":"","post_name":"galera-editorial","to_ping":"","pinged":"","post_modified":"2022-10-14 11:56:19","post_modified_gmt":"2022-10-14 09:56:19","post_content_filtered":"","post_parent":0,"guid":"http:\/\/dev.claret.cat\/editorial\/galera-editorial\/","menu_order":0,"post_type":"editorial","post_mime_type":"","comment_count":"0","filter":"raw"}],"autores-libros":[{"ID":164048,"post_author":"3","post_date":"2022-10-14 17:43:56","post_date_gmt":"2022-10-14 15:43:56","post_content":"","post_title":"MARIUS SERRA","post_excerpt":"","post_status":"publish","comment_status":"closed","ping_status":"closed","post_password":"","post_name":"marius-serra","to_ping":"","pinged":"","post_modified":"2022-10-14 17:43:56","post_modified_gmt":"2022-10-14 15:43:56","post_content_filtered":"","post_parent":0,"guid":"http:\/\/dev.claret.cat\/autor\/marius-serra\/","menu_order":0,"post_type":"autor","post_mime_type":"","comment_count":"0","filter":"raw"}]},"aioseo_notices":[],"_links":{"self":[{"href":"https:\/\/www.claret.cat\/es\/wp-json\/wp\/v2\/product\/580889","targetHints":{"allow":["GET"]}}],"collection":[{"href":"https:\/\/www.claret.cat\/es\/wp-json\/wp\/v2\/product"}],"about":[{"href":"https:\/\/www.claret.cat\/es\/wp-json\/wp\/v2\/types\/product"}],"wp:featuredmedia":[{"embeddable":true,"href":"https:\/\/www.claret.cat\/es\/wp-json\/wp\/v2\/media\/580890"}],"wp:attachment":[{"href":"https:\/\/www.claret.cat\/es\/wp-json\/wp\/v2\/media?parent=580889"}],"wp:term":[{"taxonomy":"product_brand","embeddable":true,"href":"https:\/\/www.claret.cat\/es\/wp-json\/wp\/v2\/product_brand?post=580889"},{"taxonomy":"product_cat","embeddable":true,"href":"https:\/\/www.claret.cat\/es\/wp-json\/wp\/v2\/product_cat?post=580889"},{"taxonomy":"product_tag","embeddable":true,"href":"https:\/\/www.claret.cat\/es\/wp-json\/wp\/v2\/product_tag?post=580889"}],"curies":[{"name":"wp","href":"https:\/\/api.w.org\/{rel}","templated":true}]}}