{"id":581401,"date":"2023-09-05T14:25:50","date_gmt":"2023-09-05T12:25:50","guid":{"rendered":"https:\/\/www.claret.cat\/llibre\/estuche-trilogia-fuego-9788408277071\/"},"modified":"2024-05-29T16:47:03","modified_gmt":"2024-05-29T14:47:03","slug":"estuche-trilogia-fuego-9788408277071","status":"publish","type":"product","link":"https:\/\/www.claret.cat\/es\/libro\/estuche-trilogia-fuego-9788408277071\/","title":{"rendered":"ESTUCHE TRILOG\u00cdA FUEGO"},"content":{"rendered":"<p>Estuche que incluye la trilog\u00eda Fuego de Joana Marc\u00fas, autora de Antes de diciembre\u00a0y\u00a0gran revelaci\u00f3n espa\u00f1ola de la literatura juvenil.El estuche incluye los ti\u00b4tulos Ciudades de humo, Ciudades de ceniza y Ciudades de fuego.<br \/> Trilog\u00eda Fuego 1. Ciudades de humo<br \/> Alice nunca ha salido al mundo. Su cena es a las nueve en punto, su sue\u00f1o dura exactamente ocho horas, jam\u00e1s tiene una sola arruga en la ropa, parpadea 86 400 veces al d\u00eda, respira 30 000 veces al d\u00eda, solo habla cuando le preguntan, jam\u00e1s ha levantado la voz y, lo m\u00e1s importante, jam\u00e1s se ha preguntado qu\u00e9 pasar\u00eda si todo cambiara.<br \/> Pero, \u00bfy si eso ocurriera? En un mundo donde la libertad est\u00e1 controlada, \u00bfhasta d\u00f3nde ser\u00edas capaz de llegar para recuperarla? \u00bfHasta d\u00f3nde ser\u00edas capaz de llegar para sobrevivir?<br \/> \u00a0<br \/> Trilog\u00eda Fuego 2. Ciudades de ceniza<br \/> Una ciudad nueva. Un experimento. Un reencuentro. Un asesinato. Un romance.<br \/> Tras haber asistido a la destrucci\u00f3n de su propia ciudad, el futuro de Alice no es nada prometedor. Despu\u00e9s de la extra\u00f1a oferta de un desconocido, lo \u00fanico que sabe es que va a vengarse del responsable de la desaparici\u00f3n de sus amigos.<br \/> \u00bfHasta d\u00f3nde ser\u00edas capaz de llegar para encontrar respuestas? \u00bfHasta d\u00f3nde ser\u00edas capaz de llegar por recuperar tu libertad?<br \/> \u00a0<br \/> Trilog\u00eda Fuego 3. Ciudades de fuego<br \/> Traici\u00f3n. Alianza. Amor. Amistad. Dolor. Y muerte.<br \/> Al fin, Alice ha vuelto a reencontrarse con sus amigos. Sin embargo, la lucha no ha hecho m\u00e1s que empezar, y el peligro acecha m\u00e1s que nunca. En un mundo donde todo est\u00e1 a punto de desmoronarse, Alice sabe que las decisiones que tome ser\u00e1n cruciales para el destino de todos.<br \/> Cuando parece que te lo han arrebatado todo, \u00bfhasta d\u00f3nde ser\u00edas capaz de llegar por los tuyos?<\/p>\n","protected":false},"excerpt":{"rendered":"<p>MARC\u00daS, JOANA<\/p>\n","protected":false},"featured_media":581402,"template":"","meta":{"_acf_changed":false,"om_disable_all_campaigns":false,"rs_blank_template":"","rs_page_bg_color":"","slide_template_v7":"","inline_featured_image":false,"_monsterinsights_skip_tracking":false},"product_brand":[],"product_cat":[133,566,117,363],"product_tag":[],"class_list":["post-581401","product","type-product","status-publish","has-post-thumbnail","product_cat-lectures-per-adolescents-12-18-anys","product_cat-juvenil-3_infantil-juvenil-spa-spa","product_cat-juvenil","product_cat-lecturas-por-adolescentes-12-18-anos","first","instock","taxable","shipping-taxable","purchasable","product-type-simple"],"acf":{"autor":"MARC\u00daS, JOANA","codart":"840827707","libros-coleccion":"Novela","ediciones":"1","encuadernacion":"R\u00fastica","fecha_de_publicacion":"01\/09\/2023","novedad":"1","paginas":"1","subtitulo":"INCLUYE CIUDADES DE HUMO, CIUDADES DE CENIZA Y CIUDADES DE FUEGO","orden":"0","portada":"0","idioma":"spa","editorial":[{"ID":6233,"post_author":"3","post_date":"2022-07-28 17:47:48","post_date_gmt":"2022-07-28 15:47:48","post_content":"","post_title":"EDITORIAL PLANETA","post_excerpt":"","post_status":"publish","comment_status":"closed","ping_status":"closed","post_password":"","post_name":"editorial-planeta","to_ping":"","pinged":"","post_modified":"2022-07-28 17:47:48","post_modified_gmt":"2022-07-28 15:47:48","post_content_filtered":"","post_parent":0,"guid":"http:\/\/dev.claret.cat\/editorial\/editorial-planeta\/","menu_order":0,"post_type":"editorial","post_mime_type":"","comment_count":"0","filter":"raw"}],"autores-libros":[{"ID":5604,"post_author":"3","post_date":"2022-07-28 17:27:33","post_date_gmt":"2022-07-28 15:27:33","post_content":"","post_title":"JOANA MARC\u00daS","post_excerpt":"","post_status":"publish","comment_status":"closed","ping_status":"closed","post_password":"","post_name":"joana-marcus","to_ping":"","pinged":"","post_modified":"2022-07-28 17:27:33","post_modified_gmt":"2022-07-28 15:27:33","post_content_filtered":"","post_parent":0,"guid":"http:\/\/dev.claret.cat\/autor\/joana-marcus\/","menu_order":0,"post_type":"autor","post_mime_type":"","comment_count":"0","filter":"raw"}]},"aioseo_notices":[],"aioseo_head":"\n\t\t<!-- All in One SEO Pro 5.0.1.1 - aioseo.com -->\n\t<meta name=\"description\" content=\"ESTUCHE TRILOG\u00cdA FUEGO de MARC\u00daS, JOANA disponible a\/en Llibreria Claret.\" \/>\n\t<meta name=\"robots\" content=\"max-image-preview:large\" \/>\n\t<meta name=\"google-site-verification\" content=\"xVtlFxJ-TfkIu-D-lt7XeLobefg5EIQiXTuqcSf8Rf0\" \/>\n\t<link rel=\"canonical\" href=\"https:\/\/www.claret.cat\/es\/libro\/estuche-trilogia-fuego-9788408277071\/\" \/>\n\t<meta name=\"generator\" content=\"All in One SEO Pro (AIOSEO) 5.0.1.1\" \/>\n\t\t<meta property=\"og:locale\" content=\"es_ES\" \/>\n\t\t<meta property=\"og:site_name\" content=\"Llibreria Claret - Llibreria religiosa a Barcelona\" \/>\n\t\t<meta property=\"og:type\" content=\"article\" \/>\n\t\t<meta property=\"og:title\" content=\"ESTUCHE TRILOG\u00cdA FUEGO - MARC\u00daS, JOANA 9788408277071 | Llibreria Claret\" \/>\n\t\t<meta property=\"og:description\" content=\"ESTUCHE TRILOG\u00cdA FUEGO de MARC\u00daS, JOANA disponible a\/en Llibreria Claret.\" \/>\n\t\t<meta property=\"og:url\" content=\"https:\/\/www.claret.cat\/es\/libro\/estuche-trilogia-fuego-9788408277071\/\" \/>\n\t\t<meta property=\"og:image\" content=\"https:\/\/dev.claret.cat\/wp-content\/uploads\/logo-claret.svg\" \/>\n\t\t<meta property=\"og:image:secure_url\" content=\"https:\/\/dev.claret.cat\/wp-content\/uploads\/logo-claret.svg\" \/>\n\t\t<meta property=\"article:published_time\" content=\"2023-09-05T12:25:50+00:00\" \/>\n\t\t<meta property=\"article:modified_time\" content=\"2024-05-29T14:47:03+00:00\" \/>\n\t\t<meta property=\"article:publisher\" content=\"https:\/\/www.facebook.com\/LlibreriaClaret\" \/>\n\t\t<meta name=\"twitter:card\" content=\"summary_large_image\" \/>\n\t\t<meta name=\"twitter:site\" content=\"@LlibreriaClaret\" \/>\n\t\t<meta name=\"twitter:title\" content=\"ESTUCHE TRILOG\u00cdA FUEGO - MARC\u00daS, JOANA 9788408277071 | Llibreria Claret\" \/>\n\t\t<meta name=\"twitter:description\" content=\"ESTUCHE TRILOG\u00cdA FUEGO de MARC\u00daS, JOANA disponible a\/en Llibreria Claret.\" \/>\n\t\t<meta name=\"twitter:image\" content=\"http:\/\/dev.claret.cat\/wp-content\/uploads\/logo-claret.svg\" \/>\n\t\t<script type=\"application\/ld+json\" class=\"aioseo-schema\">\n\t\t\t{\"@context\":\"https:\\\/\\\/schema.org\",\"@graph\":[{\"@type\":\"BreadcrumbList\",\"@id\":\"https:\\\/\\\/www.claret.cat\\\/es\\\/libro\\\/estuche-trilogia-fuego-9788408277071\\\/#breadcrumblist\",\"itemListElement\":[{\"@type\":\"ListItem\",\"@id\":\"https:\\\/\\\/www.claret.cat\\\/es\\\/#listItem\",\"position\":1,\"name\":\"Home\",\"item\":\"https:\\\/\\\/www.claret.cat\\\/es\\\/\",\"nextItem\":{\"@type\":\"ListItem\",\"@id\":\"https:\\\/\\\/www.claret.cat\\\/?page_id=16#listItem\",\"name\":\"Botiga\"}},{\"@type\":\"ListItem\",\"@id\":\"https:\\\/\\\/www.claret.cat\\\/?page_id=16#listItem\",\"position\":2,\"name\":\"Botiga\",\"item\":\"https:\\\/\\\/www.claret.cat\\\/?page_id=16\",\"nextItem\":{\"@type\":\"ListItem\",\"@id\":\"https:\\\/\\\/www.claret.cat\\\/categoria-producto\\\/cat\\\/#listItem\",\"name\":\"CAT\"},\"previousItem\":{\"@type\":\"ListItem\",\"@id\":\"https:\\\/\\\/www.claret.cat\\\/es\\\/#listItem\",\"name\":\"Home\"}},{\"@type\":\"ListItem\",\"@id\":\"https:\\\/\\\/www.claret.cat\\\/categoria-producto\\\/cat\\\/#listItem\",\"position\":3,\"name\":\"CAT\",\"item\":\"https:\\\/\\\/www.claret.cat\\\/categoria-producto\\\/cat\\\/\",\"nextItem\":{\"@type\":\"ListItem\",\"@id\":\"https:\\\/\\\/www.claret.cat\\\/categoria-producto\\\/cat\\\/3_infantil-juvenil\\\/#listItem\",\"name\":\"Infantil \\\/ Juvenil\"},\"previousItem\":{\"@type\":\"ListItem\",\"@id\":\"https:\\\/\\\/www.claret.cat\\\/?page_id=16#listItem\",\"name\":\"Botiga\"}},{\"@type\":\"ListItem\",\"@id\":\"https:\\\/\\\/www.claret.cat\\\/categoria-producto\\\/cat\\\/3_infantil-juvenil\\\/#listItem\",\"position\":4,\"name\":\"Infantil \\\/ Juvenil\",\"item\":\"https:\\\/\\\/www.claret.cat\\\/categoria-producto\\\/cat\\\/3_infantil-juvenil\\\/\",\"nextItem\":{\"@type\":\"ListItem\",\"@id\":\"https:\\\/\\\/www.claret.cat\\\/categoria-producto\\\/cat\\\/3_infantil-juvenil\\\/infantil\\\/#listItem\",\"name\":\"Infantil\"},\"previousItem\":{\"@type\":\"ListItem\",\"@id\":\"https:\\\/\\\/www.claret.cat\\\/categoria-producto\\\/cat\\\/#listItem\",\"name\":\"CAT\"}},{\"@type\":\"ListItem\",\"@id\":\"https:\\\/\\\/www.claret.cat\\\/categoria-producto\\\/cat\\\/3_infantil-juvenil\\\/infantil\\\/#listItem\",\"position\":5,\"name\":\"Infantil\",\"item\":\"https:\\\/\\\/www.claret.cat\\\/categoria-producto\\\/cat\\\/3_infantil-juvenil\\\/infantil\\\/\",\"nextItem\":{\"@type\":\"ListItem\",\"@id\":\"https:\\\/\\\/www.claret.cat\\\/categoria-producto\\\/cat\\\/3_infantil-juvenil\\\/infantil\\\/lectures-per-adolescents-12-18-anys\\\/#listItem\",\"name\":\"12 - 18 anys\"},\"previousItem\":{\"@type\":\"ListItem\",\"@id\":\"https:\\\/\\\/www.claret.cat\\\/categoria-producto\\\/cat\\\/3_infantil-juvenil\\\/#listItem\",\"name\":\"Infantil \\\/ Juvenil\"}},{\"@type\":\"ListItem\",\"@id\":\"https:\\\/\\\/www.claret.cat\\\/categoria-producto\\\/cat\\\/3_infantil-juvenil\\\/infantil\\\/lectures-per-adolescents-12-18-anys\\\/#listItem\",\"position\":6,\"name\":\"12 - 18 anys\",\"item\":\"https:\\\/\\\/www.claret.cat\\\/categoria-producto\\\/cat\\\/3_infantil-juvenil\\\/infantil\\\/lectures-per-adolescents-12-18-anys\\\/\",\"nextItem\":{\"@type\":\"ListItem\",\"@id\":\"https:\\\/\\\/www.claret.cat\\\/es\\\/libro\\\/estuche-trilogia-fuego-9788408277071\\\/#listItem\",\"name\":\"ESTUCHE TRILOG\\u00cdA FUEGO\"},\"previousItem\":{\"@type\":\"ListItem\",\"@id\":\"https:\\\/\\\/www.claret.cat\\\/categoria-producto\\\/cat\\\/3_infantil-juvenil\\\/infantil\\\/#listItem\",\"name\":\"Infantil\"}},{\"@type\":\"ListItem\",\"@id\":\"https:\\\/\\\/www.claret.cat\\\/es\\\/libro\\\/estuche-trilogia-fuego-9788408277071\\\/#listItem\",\"position\":7,\"name\":\"ESTUCHE TRILOG\\u00cdA FUEGO\",\"previousItem\":{\"@type\":\"ListItem\",\"@id\":\"https:\\\/\\\/www.claret.cat\\\/categoria-producto\\\/cat\\\/3_infantil-juvenil\\\/infantil\\\/lectures-per-adolescents-12-18-anys\\\/#listItem\",\"name\":\"12 - 18 anys\"}}]},{\"@type\":\"ItemPage\",\"@id\":\"https:\\\/\\\/www.claret.cat\\\/es\\\/libro\\\/estuche-trilogia-fuego-9788408277071\\\/#itempage\",\"url\":\"https:\\\/\\\/www.claret.cat\\\/es\\\/libro\\\/estuche-trilogia-fuego-9788408277071\\\/\",\"name\":\"ESTUCHE TRILOG\\u00cdA FUEGO - MARC\\u00daS, JOANA 9788408277071 | Llibreria Claret\",\"description\":\"ESTUCHE TRILOG\\u00cdA FUEGO de MARC\\u00daS, JOANA disponible a\\\/en Llibreria Claret.\",\"inLanguage\":\"es-ES\",\"isPartOf\":{\"@id\":\"https:\\\/\\\/www.claret.cat\\\/es\\\/#website\"},\"breadcrumb\":{\"@id\":\"https:\\\/\\\/www.claret.cat\\\/es\\\/libro\\\/estuche-trilogia-fuego-9788408277071\\\/#breadcrumblist\"},\"image\":{\"@type\":\"ImageObject\",\"url\":\"https:\\\/\\\/www.claret.cat\\\/wp-content\\\/uploads\\\/.\\\/9788408277071.jpg\",\"@id\":\"https:\\\/\\\/www.claret.cat\\\/es\\\/libro\\\/estuche-trilogia-fuego-9788408277071\\\/#mainImage\",\"width\":1306,\"height\":1536,\"caption\":\"9788408277071.jpg\"},\"primaryImageOfPage\":{\"@id\":\"https:\\\/\\\/www.claret.cat\\\/es\\\/libro\\\/estuche-trilogia-fuego-9788408277071\\\/#mainImage\"},\"datePublished\":\"2023-09-05T14:25:50+02:00\",\"dateModified\":\"2024-05-29T16:47:03+02:00\"},{\"@type\":\"Organization\",\"@id\":\"https:\\\/\\\/www.claret.cat\\\/es\\\/#organization\",\"name\":\"Llibreria Claret\",\"description\":\"Llibreria religiosa a Barcelona\",\"url\":\"https:\\\/\\\/www.claret.cat\\\/es\\\/\",\"email\":\"comunicacio@claret.cat\",\"telephone\":\"+34933010887\",\"logo\":{\"@type\":\"ImageObject\",\"url\":\"https:\\\/\\\/www.claret.cat\\\/wp-content\\\/uploads\\\/.\\\/logo-claret-es.png\",\"@id\":\"https:\\\/\\\/www.claret.cat\\\/es\\\/libro\\\/estuche-trilogia-fuego-9788408277071\\\/#organizationLogo\",\"width\":195,\"height\":79},\"image\":{\"@id\":\"https:\\\/\\\/www.claret.cat\\\/es\\\/libro\\\/estuche-trilogia-fuego-9788408277071\\\/#organizationLogo\"},\"sameAs\":[\"https:\\\/\\\/www.facebook.com\\\/LlibreriaClaret\",\"https:\\\/\\\/twitter.com\\\/LlibreriaClaret\",\"https:\\\/\\\/www.instagram.com\\\/llibreriaclaret\\\/\",\"https:\\\/\\\/www.tiktok.com\\\/@llibreriaclaret\",\"https:\\\/\\\/www.youtube.com\\\/@llibreriaclaret\",\"https:\\\/\\\/ca.wikipedia.org\\\/wiki\\\/Editorial_Claret\"]},{\"@type\":\"WebPage\",\"@id\":\"https:\\\/\\\/www.claret.cat\\\/es\\\/libro\\\/estuche-trilogia-fuego-9788408277071\\\/#webpage\",\"url\":\"https:\\\/\\\/www.claret.cat\\\/es\\\/libro\\\/estuche-trilogia-fuego-9788408277071\\\/\",\"name\":\"ESTUCHE TRILOG\\u00cdA FUEGO - MARC\\u00daS, JOANA 9788408277071 | Llibreria Claret\",\"description\":\"ESTUCHE TRILOG\\u00cdA FUEGO de MARC\\u00daS, JOANA disponible a\\\/en Llibreria Claret.\",\"inLanguage\":\"es-ES\",\"isPartOf\":{\"@id\":\"https:\\\/\\\/www.claret.cat\\\/es\\\/#website\"},\"breadcrumb\":{\"@id\":\"https:\\\/\\\/www.claret.cat\\\/es\\\/libro\\\/estuche-trilogia-fuego-9788408277071\\\/#breadcrumblist\"},\"image\":{\"@type\":\"ImageObject\",\"url\":\"https:\\\/\\\/www.claret.cat\\\/wp-content\\\/uploads\\\/.\\\/9788408277071.jpg\",\"@id\":\"https:\\\/\\\/www.claret.cat\\\/es\\\/libro\\\/estuche-trilogia-fuego-9788408277071\\\/#mainImage\",\"width\":1306,\"height\":1536,\"caption\":\"9788408277071.jpg\"},\"primaryImageOfPage\":{\"@id\":\"https:\\\/\\\/www.claret.cat\\\/es\\\/libro\\\/estuche-trilogia-fuego-9788408277071\\\/#mainImage\"},\"datePublished\":\"2023-09-05T14:25:50+02:00\",\"dateModified\":\"2024-05-29T16:47:03+02:00\"},{\"@type\":\"WebSite\",\"@id\":\"https:\\\/\\\/www.claret.cat\\\/es\\\/#website\",\"url\":\"https:\\\/\\\/www.claret.cat\\\/es\\\/\",\"name\":\"Llibreria Claret Barcelona\",\"alternateName\":\"Llibreria Claret\",\"description\":\"Llibreria religiosa a Barcelona\",\"inLanguage\":\"es-ES\",\"publisher\":{\"@id\":\"https:\\\/\\\/www.claret.cat\\\/es\\\/#organization\"}}]}\n\t\t<\/script>\n\t\t<!-- All in One SEO Pro -->\r\n\t\t<title>ESTUCHE TRILOG\u00cdA FUEGO - MARC\u00daS, JOANA 9788408277071 | Llibreria Claret<\/title>\n\n","aioseo_head_json":{"title":"ESTUCHE TRILOG\u00cdA FUEGO - MARC\u00daS, JOANA 9788408277071 | Llibreria Claret","description":"ESTUCHE TRILOG\u00cdA FUEGO de MARC\u00daS, JOANA disponible a\/en Llibreria Claret.","canonical_url":"https:\/\/www.claret.cat\/es\/libro\/estuche-trilogia-fuego-9788408277071\/","robots":"max-image-preview:large","keywords":"","webmasterTools":{"google-site-verification":"xVtlFxJ-TfkIu-D-lt7XeLobefg5EIQiXTuqcSf8Rf0","miscellaneous":""},"schema":{"@context":"https:\/\/schema.org","@graph":[{"@type":"BreadcrumbList","@id":"https:\/\/www.claret.cat\/es\/libro\/estuche-trilogia-fuego-9788408277071\/#breadcrumblist","itemListElement":[{"@type":"ListItem","@id":"https:\/\/www.claret.cat\/es\/#listItem","position":1,"name":"Home","item":"https:\/\/www.claret.cat\/es\/","nextItem":{"@type":"ListItem","@id":"https:\/\/www.claret.cat\/?page_id=16#listItem","name":"Botiga"}},{"@type":"ListItem","@id":"https:\/\/www.claret.cat\/?page_id=16#listItem","position":2,"name":"Botiga","item":"https:\/\/www.claret.cat\/?page_id=16","nextItem":{"@type":"ListItem","@id":"https:\/\/www.claret.cat\/categoria-producto\/cat\/#listItem","name":"CAT"},"previousItem":{"@type":"ListItem","@id":"https:\/\/www.claret.cat\/es\/#listItem","name":"Home"}},{"@type":"ListItem","@id":"https:\/\/www.claret.cat\/categoria-producto\/cat\/#listItem","position":3,"name":"CAT","item":"https:\/\/www.claret.cat\/categoria-producto\/cat\/","nextItem":{"@type":"ListItem","@id":"https:\/\/www.claret.cat\/categoria-producto\/cat\/3_infantil-juvenil\/#listItem","name":"Infantil \/ Juvenil"},"previousItem":{"@type":"ListItem","@id":"https:\/\/www.claret.cat\/?page_id=16#listItem","name":"Botiga"}},{"@type":"ListItem","@id":"https:\/\/www.claret.cat\/categoria-producto\/cat\/3_infantil-juvenil\/#listItem","position":4,"name":"Infantil \/ Juvenil","item":"https:\/\/www.claret.cat\/categoria-producto\/cat\/3_infantil-juvenil\/","nextItem":{"@type":"ListItem","@id":"https:\/\/www.claret.cat\/categoria-producto\/cat\/3_infantil-juvenil\/infantil\/#listItem","name":"Infantil"},"previousItem":{"@type":"ListItem","@id":"https:\/\/www.claret.cat\/categoria-producto\/cat\/#listItem","name":"CAT"}},{"@type":"ListItem","@id":"https:\/\/www.claret.cat\/categoria-producto\/cat\/3_infantil-juvenil\/infantil\/#listItem","position":5,"name":"Infantil","item":"https:\/\/www.claret.cat\/categoria-producto\/cat\/3_infantil-juvenil\/infantil\/","nextItem":{"@type":"ListItem","@id":"https:\/\/www.claret.cat\/categoria-producto\/cat\/3_infantil-juvenil\/infantil\/lectures-per-adolescents-12-18-anys\/#listItem","name":"12 - 18 anys"},"previousItem":{"@type":"ListItem","@id":"https:\/\/www.claret.cat\/categoria-producto\/cat\/3_infantil-juvenil\/#listItem","name":"Infantil \/ Juvenil"}},{"@type":"ListItem","@id":"https:\/\/www.claret.cat\/categoria-producto\/cat\/3_infantil-juvenil\/infantil\/lectures-per-adolescents-12-18-anys\/#listItem","position":6,"name":"12 - 18 anys","item":"https:\/\/www.claret.cat\/categoria-producto\/cat\/3_infantil-juvenil\/infantil\/lectures-per-adolescents-12-18-anys\/","nextItem":{"@type":"ListItem","@id":"https:\/\/www.claret.cat\/es\/libro\/estuche-trilogia-fuego-9788408277071\/#listItem","name":"ESTUCHE TRILOG\u00cdA FUEGO"},"previousItem":{"@type":"ListItem","@id":"https:\/\/www.claret.cat\/categoria-producto\/cat\/3_infantil-juvenil\/infantil\/#listItem","name":"Infantil"}},{"@type":"ListItem","@id":"https:\/\/www.claret.cat\/es\/libro\/estuche-trilogia-fuego-9788408277071\/#listItem","position":7,"name":"ESTUCHE TRILOG\u00cdA FUEGO","previousItem":{"@type":"ListItem","@id":"https:\/\/www.claret.cat\/categoria-producto\/cat\/3_infantil-juvenil\/infantil\/lectures-per-adolescents-12-18-anys\/#listItem","name":"12 - 18 anys"}}]},{"@type":"ItemPage","@id":"https:\/\/www.claret.cat\/es\/libro\/estuche-trilogia-fuego-9788408277071\/#itempage","url":"https:\/\/www.claret.cat\/es\/libro\/estuche-trilogia-fuego-9788408277071\/","name":"ESTUCHE TRILOG\u00cdA FUEGO - MARC\u00daS, JOANA 9788408277071 | Llibreria Claret","description":"ESTUCHE TRILOG\u00cdA FUEGO de MARC\u00daS, JOANA disponible a\/en Llibreria Claret.","inLanguage":"es-ES","isPartOf":{"@id":"https:\/\/www.claret.cat\/es\/#website"},"breadcrumb":{"@id":"https:\/\/www.claret.cat\/es\/libro\/estuche-trilogia-fuego-9788408277071\/#breadcrumblist"},"image":{"@type":"ImageObject","url":"https:\/\/www.claret.cat\/wp-content\/uploads\/.\/9788408277071.jpg","@id":"https:\/\/www.claret.cat\/es\/libro\/estuche-trilogia-fuego-9788408277071\/#mainImage","width":1306,"height":1536,"caption":"9788408277071.jpg"},"primaryImageOfPage":{"@id":"https:\/\/www.claret.cat\/es\/libro\/estuche-trilogia-fuego-9788408277071\/#mainImage"},"datePublished":"2023-09-05T14:25:50+02:00","dateModified":"2024-05-29T16:47:03+02:00"},{"@type":"Organization","@id":"https:\/\/www.claret.cat\/es\/#organization","name":"Llibreria Claret","description":"Llibreria religiosa a Barcelona","url":"https:\/\/www.claret.cat\/es\/","email":"comunicacio@claret.cat","telephone":"+34933010887","logo":{"@type":"ImageObject","url":"https:\/\/www.claret.cat\/wp-content\/uploads\/.\/logo-claret-es.png","@id":"https:\/\/www.claret.cat\/es\/libro\/estuche-trilogia-fuego-9788408277071\/#organizationLogo","width":195,"height":79},"image":{"@id":"https:\/\/www.claret.cat\/es\/libro\/estuche-trilogia-fuego-9788408277071\/#organizationLogo"},"sameAs":["https:\/\/www.facebook.com\/LlibreriaClaret","https:\/\/twitter.com\/LlibreriaClaret","https:\/\/www.instagram.com\/llibreriaclaret\/","https:\/\/www.tiktok.com\/@llibreriaclaret","https:\/\/www.youtube.com\/@llibreriaclaret","https:\/\/ca.wikipedia.org\/wiki\/Editorial_Claret"]},{"@type":"WebPage","@id":"https:\/\/www.claret.cat\/es\/libro\/estuche-trilogia-fuego-9788408277071\/#webpage","url":"https:\/\/www.claret.cat\/es\/libro\/estuche-trilogia-fuego-9788408277071\/","name":"ESTUCHE TRILOG\u00cdA FUEGO - MARC\u00daS, JOANA 9788408277071 | Llibreria Claret","description":"ESTUCHE TRILOG\u00cdA FUEGO de MARC\u00daS, JOANA disponible a\/en Llibreria Claret.","inLanguage":"es-ES","isPartOf":{"@id":"https:\/\/www.claret.cat\/es\/#website"},"breadcrumb":{"@id":"https:\/\/www.claret.cat\/es\/libro\/estuche-trilogia-fuego-9788408277071\/#breadcrumblist"},"image":{"@type":"ImageObject","url":"https:\/\/www.claret.cat\/wp-content\/uploads\/.\/9788408277071.jpg","@id":"https:\/\/www.claret.cat\/es\/libro\/estuche-trilogia-fuego-9788408277071\/#mainImage","width":1306,"height":1536,"caption":"9788408277071.jpg"},"primaryImageOfPage":{"@id":"https:\/\/www.claret.cat\/es\/libro\/estuche-trilogia-fuego-9788408277071\/#mainImage"},"datePublished":"2023-09-05T14:25:50+02:00","dateModified":"2024-05-29T16:47:03+02:00"},{"@type":"WebSite","@id":"https:\/\/www.claret.cat\/es\/#website","url":"https:\/\/www.claret.cat\/es\/","name":"Llibreria Claret Barcelona","alternateName":"Llibreria Claret","description":"Llibreria religiosa a Barcelona","inLanguage":"es-ES","publisher":{"@id":"https:\/\/www.claret.cat\/es\/#organization"}}]},"og:locale":"es_ES","og:site_name":"Llibreria Claret - Llibreria religiosa a Barcelona","og:type":"article","og:title":"ESTUCHE TRILOG\u00cdA FUEGO - MARC\u00daS, JOANA 9788408277071 | Llibreria Claret","og:description":"ESTUCHE TRILOG\u00cdA FUEGO de MARC\u00daS, JOANA disponible a\/en Llibreria Claret.","og:url":"https:\/\/www.claret.cat\/es\/libro\/estuche-trilogia-fuego-9788408277071\/","og:image":"https:\/\/dev.claret.cat\/wp-content\/uploads\/logo-claret.svg","og:image:secure_url":"https:\/\/dev.claret.cat\/wp-content\/uploads\/logo-claret.svg","article:published_time":"2023-09-05T12:25:50+00:00","article:modified_time":"2024-05-29T14:47:03+00:00","article:publisher":"https:\/\/www.facebook.com\/LlibreriaClaret","twitter:card":"summary_large_image","twitter:site":"@LlibreriaClaret","twitter:title":"ESTUCHE TRILOG\u00cdA FUEGO - MARC\u00daS, JOANA 9788408277071 | Llibreria Claret","twitter:description":"ESTUCHE TRILOG\u00cdA FUEGO de MARC\u00daS, JOANA disponible a\/en Llibreria Claret.","twitter:image":"http:\/\/dev.claret.cat\/wp-content\/uploads\/logo-claret.svg"},"aioseo_meta_data":{"post_id":"581401","title":null,"description":null,"keywords":null,"keyphrases":null,"primary_term":null,"canonical_url":null,"og_title":null,"og_description":null,"og_object_type":"default","og_image_type":"default","og_image_url":null,"og_image_width":null,"og_image_height":null,"og_image_custom_url":null,"og_image_custom_fields":null,"og_video":null,"og_custom_url":null,"og_article_section":null,"og_article_tags":null,"twitter_use_og":false,"twitter_card":"default","twitter_image_type":"default","twitter_image_url":null,"twitter_image_custom_url":null,"twitter_image_custom_fields":null,"twitter_title":null,"twitter_description":null,"schema":{"blockGraphs":[],"customGraphs":[],"default":{"data":{"Article":[],"Course":[],"Dataset":[],"FAQPage":[],"Movie":[],"Person":[],"Product":[],"ProductReview":[],"Car":[],"Recipe":[],"Service":[],"SoftwareApplication":[],"WebPage":[]},"graphName":"","isEnabled":true},"graphs":[]},"schema_type":"default","schema_type_options":null,"pillar_content":false,"robots_default":true,"robots_noindex":false,"robots_noarchive":false,"robots_nosnippet":false,"robots_nofollow":false,"robots_noimageindex":false,"robots_noodp":false,"robots_notranslate":false,"robots_max_snippet":null,"robots_max_videopreview":null,"robots_max_imagepreview":"large","priority":null,"frequency":null,"local_seo":null,"seo_analyzer_scan_date":"2026-06-12 00:52:03","breadcrumb_settings":null,"limit_modified_date":false,"open_ai":null,"ai":null,"created":"2023-09-05 12:37:11","updated":"2026-06-12 00:52:03","focus_keyword":null,"additional_keywords":null,"truseo_locale":null},"aioseo_breadcrumb":"<div class=\"aioseo-breadcrumbs\"><span class=\"aioseo-breadcrumb\">\n\t<a href=\"https:\/\/www.claret.cat\/es\/\" title=\"Home\">Home<\/a>\n<\/span><span class=\"aioseo-breadcrumb-separator\">&raquo;<\/span><span class=\"aioseo-breadcrumb\">\n\t<a href=\"https:\/\/www.claret.cat\/?page_id=16\" title=\"Botiga\">Botiga<\/a>\n<\/span><span class=\"aioseo-breadcrumb-separator\">&raquo;<\/span><span class=\"aioseo-breadcrumb\">\n\t<a href=\"https:\/\/www.claret.cat\/categoria-producto\/cat\/\" title=\"CAT\">CAT<\/a>\n<\/span><span class=\"aioseo-breadcrumb-separator\">&raquo;<\/span><span class=\"aioseo-breadcrumb\">\n\t<a href=\"https:\/\/www.claret.cat\/categoria-producto\/cat\/3_infantil-juvenil\/\" title=\"Infantil \/ Juvenil\">Infantil \/ Juvenil<\/a>\n<\/span><span class=\"aioseo-breadcrumb-separator\">&raquo;<\/span><span class=\"aioseo-breadcrumb\">\n\t<a href=\"https:\/\/www.claret.cat\/categoria-producto\/cat\/3_infantil-juvenil\/infantil\/\" title=\"Infantil\">Infantil<\/a>\n<\/span><span class=\"aioseo-breadcrumb-separator\">&raquo;<\/span><span class=\"aioseo-breadcrumb\">\n\t<a href=\"https:\/\/www.claret.cat\/categoria-producto\/cat\/3_infantil-juvenil\/infantil\/lectures-per-adolescents-12-18-anys\/\" title=\"12 - 18 anys\">12 - 18 anys<\/a>\n<\/span><span class=\"aioseo-breadcrumb-separator\">&raquo;<\/span><span class=\"aioseo-breadcrumb\">\n\tESTUCHE TRILOG\u00cdA FUEGO\n<\/span><\/div>","aioseo_breadcrumb_json":[{"label":"Home","link":"https:\/\/www.claret.cat\/es\/"},{"label":"Botiga","link":"https:\/\/www.claret.cat\/?page_id=16"},{"label":"CAT","link":"https:\/\/www.claret.cat\/categoria-producto\/cat\/"},{"label":"Infantil \/ Juvenil","link":"https:\/\/www.claret.cat\/categoria-producto\/cat\/3_infantil-juvenil\/"},{"label":"Infantil","link":"https:\/\/www.claret.cat\/categoria-producto\/cat\/3_infantil-juvenil\/infantil\/"},{"label":"12 - 18 anys","link":"https:\/\/www.claret.cat\/categoria-producto\/cat\/3_infantil-juvenil\/infantil\/lectures-per-adolescents-12-18-anys\/"},{"label":"ESTUCHE TRILOG\u00cdA FUEGO","link":"https:\/\/www.claret.cat\/es\/libro\/estuche-trilogia-fuego-9788408277071\/"}],"_links":{"self":[{"href":"https:\/\/www.claret.cat\/es\/wp-json\/wp\/v2\/product\/581401","targetHints":{"allow":["GET"]}}],"collection":[{"href":"https:\/\/www.claret.cat\/es\/wp-json\/wp\/v2\/product"}],"about":[{"href":"https:\/\/www.claret.cat\/es\/wp-json\/wp\/v2\/types\/product"}],"wp:featuredmedia":[{"embeddable":true,"href":"https:\/\/www.claret.cat\/es\/wp-json\/wp\/v2\/media\/581402"}],"wp:attachment":[{"href":"https:\/\/www.claret.cat\/es\/wp-json\/wp\/v2\/media?parent=581401"}],"wp:term":[{"taxonomy":"product_brand","embeddable":true,"href":"https:\/\/www.claret.cat\/es\/wp-json\/wp\/v2\/product_brand?post=581401"},{"taxonomy":"product_cat","embeddable":true,"href":"https:\/\/www.claret.cat\/es\/wp-json\/wp\/v2\/product_cat?post=581401"},{"taxonomy":"product_tag","embeddable":true,"href":"https:\/\/www.claret.cat\/es\/wp-json\/wp\/v2\/product_tag?post=581401"}],"curies":[{"name":"wp","href":"https:\/\/api.w.org\/{rel}","templated":true}]}}