{"id":698711,"date":"2023-09-13T16:50:18","date_gmt":"2023-09-13T14:50:18","guid":{"rendered":"https:\/\/www.claret.cat\/llibre\/la-vaga-de-les-granotes-9788418288395\/"},"modified":"2026-03-24T17:12:35","modified_gmt":"2026-03-24T16:12:35","slug":"la-vaga-de-les-granotes-9788418288395","status":"publish","type":"product","link":"https:\/\/www.claret.cat\/es\/libro\/la-vaga-de-les-granotes-9788418288395\/","title":{"rendered":"LA VAGA DE LES GRANOTES"},"content":{"rendered":"<p>IL\u00b7LUSTRACIONS DE CUCHU Als Estanyols del Mol\u00ed hi viuen moltes granotes de la comarca. El petit estany mai no ha estat gaire net, per\u00f2 des de fa unes setmanes, la gent del poble l&#8221;utilitzen d&#8221;abocador i la situaci\u00f3 \u00e9s insuportable! Les granotes ja no poden m\u00e9s. L&#8221;hora d&#8221;actuar ha arribat! Oriol Canosa i Cuchu ens apropen amb humor i enginy al drama ecol\u00f2gic que pateixen molts rius, llacs i animals. Una hist\u00f2ria divertida i sensible que ens convida a no resignar-nos i lluitar per millorar el nostre entorn. EDAT RECOMANADA: +8 ANYS  * Tercer t\u00edtol de la col\u00b7lecci\u00f3_ Punt_ de la m\u00e0 d&#8221;un dels autors catalans m\u00e9s populars, l&#8221;Oriol Canosa.  * Una novel\u00b7la [http:\/\/novel.la\/] que tracta temes tan actuals com l&#8221;ecologia, els valors democr\u00e0tics i el poder del grup per organitzar-se i reclamar els propis drets. Ho fa amb una trama lleugera, simp\u00e0tica i emotiva, connectant amb els lectors m\u00e9s joves, per\u00f2 sense alli\u00e7onar.<\/p>\n","protected":false},"excerpt":{"rendered":"<p>CANOSA, ORIOL<\/p>\n","protected":false},"featured_media":1006759,"template":"","meta":{"_acf_changed":false,"om_disable_all_campaigns":false,"rs_blank_template":"","rs_page_bg_color":"","slide_template_v7":"","inline_featured_image":false,"_monsterinsights_skip_tracking":false},"product_brand":[],"product_cat":[132,362],"product_tag":[],"class_list":["post-698711","product","type-product","status-publish","has-post-thumbnail","product_cat-lectures-per-preadolescents-6-12-anys","product_cat-libros-preadolescentes-6-12-anos","first","instock","taxable","shipping-taxable","purchasable","product-type-simple"],"acf":{"autor":"CANOSA, ORIOL","codart":"841828839","libros-coleccion":"FORA DE COL.LECCI\u00d3","ediciones":"1","encuadernacion":"Carton\u00e9","fecha_de_publicacion":"01\/09\/2022","novedad":"1","paginas":"75","subtitulo":"","orden":"0","portada":"0","idioma":"cat","editorial":[{"ID":6145,"post_author":"3","post_date":"2022-07-28 17:45:51","post_date_gmt":"2022-07-28 15:45:51","post_content":"","post_title":"BINDI BOOKS","post_excerpt":"","post_status":"publish","comment_status":"closed","ping_status":"closed","post_password":"","post_name":"bindi-books","to_ping":"","pinged":"","post_modified":"2022-07-28 17:45:51","post_modified_gmt":"2022-07-28 15:45:51","post_content_filtered":"","post_parent":0,"guid":"http:\/\/dev.claret.cat\/editorial\/bindi-books\/","menu_order":0,"post_type":"editorial","post_mime_type":"","comment_count":"0","filter":"raw"}],"autores-libros":[{"ID":166241,"post_author":"3","post_date":"2022-10-14 18:01:34","post_date_gmt":"2022-10-14 16:01:34","post_content":"","post_title":"ORIOL CANOSA","post_excerpt":"","post_status":"publish","comment_status":"closed","ping_status":"closed","post_password":"","post_name":"oriol-canosa","to_ping":"","pinged":"","post_modified":"2022-10-14 18:01:34","post_modified_gmt":"2022-10-14 16:01:34","post_content_filtered":"","post_parent":0,"guid":"http:\/\/dev.claret.cat\/autor\/oriol-canosa\/","menu_order":0,"post_type":"autor","post_mime_type":"","comment_count":"0","filter":"raw"}],"booktrailer":"","resenas":""},"aioseo_notices":[],"aioseo_head":"\n\t\t<!-- All in One SEO Pro 5.0.1.1 - aioseo.com -->\n\t<meta name=\"description\" content=\"LA VAGA DE LES GRANOTES de CANOSA, ORIOL disponible a\/en Llibreria Claret.\" \/>\n\t<meta name=\"robots\" content=\"max-image-preview:large\" \/>\n\t<meta name=\"google-site-verification\" content=\"xVtlFxJ-TfkIu-D-lt7XeLobefg5EIQiXTuqcSf8Rf0\" \/>\n\t<link rel=\"canonical\" href=\"https:\/\/www.claret.cat\/es\/libro\/la-vaga-de-les-granotes-9788418288395\/\" \/>\n\t<meta name=\"generator\" content=\"All in One SEO Pro (AIOSEO) 5.0.1.1\" \/>\n\t\t<meta property=\"og:locale\" content=\"es_ES\" \/>\n\t\t<meta property=\"og:site_name\" content=\"Llibreria Claret - Llibreria religiosa a Barcelona\" \/>\n\t\t<meta property=\"og:type\" content=\"article\" \/>\n\t\t<meta property=\"og:title\" content=\"LA VAGA DE LES GRANOTES - CANOSA, ORIOL 9788418288395 | Llibreria Claret\" \/>\n\t\t<meta property=\"og:description\" content=\"LA VAGA DE LES GRANOTES de CANOSA, ORIOL disponible a\/en Llibreria Claret.\" \/>\n\t\t<meta property=\"og:url\" content=\"https:\/\/www.claret.cat\/es\/libro\/la-vaga-de-les-granotes-9788418288395\/\" \/>\n\t\t<meta property=\"og:image\" content=\"https:\/\/dev.claret.cat\/wp-content\/uploads\/logo-claret.svg\" \/>\n\t\t<meta property=\"og:image:secure_url\" content=\"https:\/\/dev.claret.cat\/wp-content\/uploads\/logo-claret.svg\" \/>\n\t\t<meta property=\"article:published_time\" content=\"2023-09-13T14:50:18+00:00\" \/>\n\t\t<meta property=\"article:modified_time\" content=\"2026-03-24T16:12:35+00:00\" \/>\n\t\t<meta property=\"article:publisher\" content=\"https:\/\/www.facebook.com\/LlibreriaClaret\" \/>\n\t\t<meta name=\"twitter:card\" content=\"summary_large_image\" \/>\n\t\t<meta name=\"twitter:site\" content=\"@LlibreriaClaret\" \/>\n\t\t<meta name=\"twitter:title\" content=\"LA VAGA DE LES GRANOTES - CANOSA, ORIOL 9788418288395 | Llibreria Claret\" \/>\n\t\t<meta name=\"twitter:description\" content=\"LA VAGA DE LES GRANOTES de CANOSA, ORIOL disponible a\/en Llibreria Claret.\" \/>\n\t\t<meta name=\"twitter:image\" content=\"http:\/\/dev.claret.cat\/wp-content\/uploads\/logo-claret.svg\" \/>\n\t\t<script type=\"application\/ld+json\" class=\"aioseo-schema\">\n\t\t\t{\"@context\":\"https:\\\/\\\/schema.org\",\"@graph\":[{\"@type\":\"BreadcrumbList\",\"@id\":\"https:\\\/\\\/www.claret.cat\\\/es\\\/libro\\\/la-vaga-de-les-granotes-9788418288395\\\/#breadcrumblist\",\"itemListElement\":[{\"@type\":\"ListItem\",\"@id\":\"https:\\\/\\\/www.claret.cat\\\/es\\\/#listItem\",\"position\":1,\"name\":\"Home\",\"item\":\"https:\\\/\\\/www.claret.cat\\\/es\\\/\",\"nextItem\":{\"@type\":\"ListItem\",\"@id\":\"https:\\\/\\\/www.claret.cat\\\/?page_id=16#listItem\",\"name\":\"Botiga\"}},{\"@type\":\"ListItem\",\"@id\":\"https:\\\/\\\/www.claret.cat\\\/?page_id=16#listItem\",\"position\":2,\"name\":\"Botiga\",\"item\":\"https:\\\/\\\/www.claret.cat\\\/?page_id=16\",\"nextItem\":{\"@type\":\"ListItem\",\"@id\":\"https:\\\/\\\/www.claret.cat\\\/categoria-producto\\\/cat\\\/#listItem\",\"name\":\"CAT\"},\"previousItem\":{\"@type\":\"ListItem\",\"@id\":\"https:\\\/\\\/www.claret.cat\\\/es\\\/#listItem\",\"name\":\"Home\"}},{\"@type\":\"ListItem\",\"@id\":\"https:\\\/\\\/www.claret.cat\\\/categoria-producto\\\/cat\\\/#listItem\",\"position\":3,\"name\":\"CAT\",\"item\":\"https:\\\/\\\/www.claret.cat\\\/categoria-producto\\\/cat\\\/\",\"nextItem\":{\"@type\":\"ListItem\",\"@id\":\"https:\\\/\\\/www.claret.cat\\\/categoria-producto\\\/cat\\\/3_infantil-juvenil\\\/#listItem\",\"name\":\"Infantil \\\/ Juvenil\"},\"previousItem\":{\"@type\":\"ListItem\",\"@id\":\"https:\\\/\\\/www.claret.cat\\\/?page_id=16#listItem\",\"name\":\"Botiga\"}},{\"@type\":\"ListItem\",\"@id\":\"https:\\\/\\\/www.claret.cat\\\/categoria-producto\\\/cat\\\/3_infantil-juvenil\\\/#listItem\",\"position\":4,\"name\":\"Infantil \\\/ Juvenil\",\"item\":\"https:\\\/\\\/www.claret.cat\\\/categoria-producto\\\/cat\\\/3_infantil-juvenil\\\/\",\"nextItem\":{\"@type\":\"ListItem\",\"@id\":\"https:\\\/\\\/www.claret.cat\\\/categoria-producto\\\/cat\\\/3_infantil-juvenil\\\/infantil\\\/#listItem\",\"name\":\"Infantil\"},\"previousItem\":{\"@type\":\"ListItem\",\"@id\":\"https:\\\/\\\/www.claret.cat\\\/categoria-producto\\\/cat\\\/#listItem\",\"name\":\"CAT\"}},{\"@type\":\"ListItem\",\"@id\":\"https:\\\/\\\/www.claret.cat\\\/categoria-producto\\\/cat\\\/3_infantil-juvenil\\\/infantil\\\/#listItem\",\"position\":5,\"name\":\"Infantil\",\"item\":\"https:\\\/\\\/www.claret.cat\\\/categoria-producto\\\/cat\\\/3_infantil-juvenil\\\/infantil\\\/\",\"nextItem\":{\"@type\":\"ListItem\",\"@id\":\"https:\\\/\\\/www.claret.cat\\\/categoria-producto\\\/cat\\\/3_infantil-juvenil\\\/infantil\\\/lectures-per-preadolescents-6-12-anys\\\/#listItem\",\"name\":\"6 - 12 anys\"},\"previousItem\":{\"@type\":\"ListItem\",\"@id\":\"https:\\\/\\\/www.claret.cat\\\/categoria-producto\\\/cat\\\/3_infantil-juvenil\\\/#listItem\",\"name\":\"Infantil \\\/ Juvenil\"}},{\"@type\":\"ListItem\",\"@id\":\"https:\\\/\\\/www.claret.cat\\\/categoria-producto\\\/cat\\\/3_infantil-juvenil\\\/infantil\\\/lectures-per-preadolescents-6-12-anys\\\/#listItem\",\"position\":6,\"name\":\"6 - 12 anys\",\"item\":\"https:\\\/\\\/www.claret.cat\\\/categoria-producto\\\/cat\\\/3_infantil-juvenil\\\/infantil\\\/lectures-per-preadolescents-6-12-anys\\\/\",\"nextItem\":{\"@type\":\"ListItem\",\"@id\":\"https:\\\/\\\/www.claret.cat\\\/es\\\/libro\\\/la-vaga-de-les-granotes-9788418288395\\\/#listItem\",\"name\":\"LA VAGA DE LES GRANOTES\"},\"previousItem\":{\"@type\":\"ListItem\",\"@id\":\"https:\\\/\\\/www.claret.cat\\\/categoria-producto\\\/cat\\\/3_infantil-juvenil\\\/infantil\\\/#listItem\",\"name\":\"Infantil\"}},{\"@type\":\"ListItem\",\"@id\":\"https:\\\/\\\/www.claret.cat\\\/es\\\/libro\\\/la-vaga-de-les-granotes-9788418288395\\\/#listItem\",\"position\":7,\"name\":\"LA VAGA DE LES GRANOTES\",\"previousItem\":{\"@type\":\"ListItem\",\"@id\":\"https:\\\/\\\/www.claret.cat\\\/categoria-producto\\\/cat\\\/3_infantil-juvenil\\\/infantil\\\/lectures-per-preadolescents-6-12-anys\\\/#listItem\",\"name\":\"6 - 12 anys\"}}]},{\"@type\":\"ItemPage\",\"@id\":\"https:\\\/\\\/www.claret.cat\\\/es\\\/libro\\\/la-vaga-de-les-granotes-9788418288395\\\/#itempage\",\"url\":\"https:\\\/\\\/www.claret.cat\\\/es\\\/libro\\\/la-vaga-de-les-granotes-9788418288395\\\/\",\"name\":\"LA VAGA DE LES GRANOTES - CANOSA, ORIOL 9788418288395 | Llibreria Claret\",\"description\":\"LA VAGA DE LES GRANOTES de CANOSA, ORIOL disponible a\\\/en Llibreria Claret.\",\"inLanguage\":\"es-ES\",\"isPartOf\":{\"@id\":\"https:\\\/\\\/www.claret.cat\\\/es\\\/#website\"},\"breadcrumb\":{\"@id\":\"https:\\\/\\\/www.claret.cat\\\/es\\\/libro\\\/la-vaga-de-les-granotes-9788418288395\\\/#breadcrumblist\"},\"image\":{\"@type\":\"ImageObject\",\"url\":\"https:\\\/\\\/www.claret.cat\\\/wp-content\\\/uploads\\\/.\\\/9788418288395-2.jpg\",\"@id\":\"https:\\\/\\\/www.claret.cat\\\/es\\\/libro\\\/la-vaga-de-les-granotes-9788418288395\\\/#mainImage\",\"width\":250,\"height\":382,\"caption\":\"9788418288395.jpg\"},\"primaryImageOfPage\":{\"@id\":\"https:\\\/\\\/www.claret.cat\\\/es\\\/libro\\\/la-vaga-de-les-granotes-9788418288395\\\/#mainImage\"},\"datePublished\":\"2023-09-13T16:50:18+02:00\",\"dateModified\":\"2026-03-24T17:12:35+01:00\"},{\"@type\":\"Organization\",\"@id\":\"https:\\\/\\\/www.claret.cat\\\/es\\\/#organization\",\"name\":\"Llibreria Claret\",\"description\":\"Llibreria religiosa a Barcelona\",\"url\":\"https:\\\/\\\/www.claret.cat\\\/es\\\/\",\"email\":\"comunicacio@claret.cat\",\"telephone\":\"+34933010887\",\"logo\":{\"@type\":\"ImageObject\",\"url\":\"https:\\\/\\\/www.claret.cat\\\/wp-content\\\/uploads\\\/.\\\/logo-claret-es.png\",\"@id\":\"https:\\\/\\\/www.claret.cat\\\/es\\\/libro\\\/la-vaga-de-les-granotes-9788418288395\\\/#organizationLogo\",\"width\":195,\"height\":79},\"image\":{\"@id\":\"https:\\\/\\\/www.claret.cat\\\/es\\\/libro\\\/la-vaga-de-les-granotes-9788418288395\\\/#organizationLogo\"},\"sameAs\":[\"https:\\\/\\\/www.facebook.com\\\/LlibreriaClaret\",\"https:\\\/\\\/twitter.com\\\/LlibreriaClaret\",\"https:\\\/\\\/www.instagram.com\\\/llibreriaclaret\\\/\",\"https:\\\/\\\/www.tiktok.com\\\/@llibreriaclaret\",\"https:\\\/\\\/www.youtube.com\\\/@llibreriaclaret\",\"https:\\\/\\\/ca.wikipedia.org\\\/wiki\\\/Editorial_Claret\"]},{\"@type\":\"WebPage\",\"@id\":\"https:\\\/\\\/www.claret.cat\\\/es\\\/libro\\\/la-vaga-de-les-granotes-9788418288395\\\/#webpage\",\"url\":\"https:\\\/\\\/www.claret.cat\\\/es\\\/libro\\\/la-vaga-de-les-granotes-9788418288395\\\/\",\"name\":\"LA VAGA DE LES GRANOTES - CANOSA, ORIOL 9788418288395 | Llibreria Claret\",\"description\":\"LA VAGA DE LES GRANOTES de CANOSA, ORIOL disponible a\\\/en Llibreria Claret.\",\"inLanguage\":\"es-ES\",\"isPartOf\":{\"@id\":\"https:\\\/\\\/www.claret.cat\\\/es\\\/#website\"},\"breadcrumb\":{\"@id\":\"https:\\\/\\\/www.claret.cat\\\/es\\\/libro\\\/la-vaga-de-les-granotes-9788418288395\\\/#breadcrumblist\"},\"image\":{\"@type\":\"ImageObject\",\"url\":\"https:\\\/\\\/www.claret.cat\\\/wp-content\\\/uploads\\\/.\\\/9788418288395-2.jpg\",\"@id\":\"https:\\\/\\\/www.claret.cat\\\/es\\\/libro\\\/la-vaga-de-les-granotes-9788418288395\\\/#mainImage\",\"width\":250,\"height\":382,\"caption\":\"9788418288395.jpg\"},\"primaryImageOfPage\":{\"@id\":\"https:\\\/\\\/www.claret.cat\\\/es\\\/libro\\\/la-vaga-de-les-granotes-9788418288395\\\/#mainImage\"},\"datePublished\":\"2023-09-13T16:50:18+02:00\",\"dateModified\":\"2026-03-24T17:12:35+01:00\"},{\"@type\":\"WebSite\",\"@id\":\"https:\\\/\\\/www.claret.cat\\\/es\\\/#website\",\"url\":\"https:\\\/\\\/www.claret.cat\\\/es\\\/\",\"name\":\"Llibreria Claret Barcelona\",\"alternateName\":\"Llibreria Claret\",\"description\":\"Llibreria religiosa a Barcelona\",\"inLanguage\":\"es-ES\",\"publisher\":{\"@id\":\"https:\\\/\\\/www.claret.cat\\\/es\\\/#organization\"}}]}\n\t\t<\/script>\n\t\t<!-- All in One SEO Pro -->\r\n\t\t<title>LA VAGA DE LES GRANOTES - CANOSA, ORIOL 9788418288395 | Llibreria Claret<\/title>\n\n","aioseo_head_json":{"title":"LA VAGA DE LES GRANOTES - CANOSA, ORIOL 9788418288395 | Llibreria Claret","description":"LA VAGA DE LES GRANOTES de CANOSA, ORIOL disponible a\/en Llibreria Claret.","canonical_url":"https:\/\/www.claret.cat\/es\/libro\/la-vaga-de-les-granotes-9788418288395\/","robots":"max-image-preview:large","keywords":"","webmasterTools":{"google-site-verification":"xVtlFxJ-TfkIu-D-lt7XeLobefg5EIQiXTuqcSf8Rf0","miscellaneous":""},"schema":{"@context":"https:\/\/schema.org","@graph":[{"@type":"BreadcrumbList","@id":"https:\/\/www.claret.cat\/es\/libro\/la-vaga-de-les-granotes-9788418288395\/#breadcrumblist","itemListElement":[{"@type":"ListItem","@id":"https:\/\/www.claret.cat\/es\/#listItem","position":1,"name":"Home","item":"https:\/\/www.claret.cat\/es\/","nextItem":{"@type":"ListItem","@id":"https:\/\/www.claret.cat\/?page_id=16#listItem","name":"Botiga"}},{"@type":"ListItem","@id":"https:\/\/www.claret.cat\/?page_id=16#listItem","position":2,"name":"Botiga","item":"https:\/\/www.claret.cat\/?page_id=16","nextItem":{"@type":"ListItem","@id":"https:\/\/www.claret.cat\/categoria-producto\/cat\/#listItem","name":"CAT"},"previousItem":{"@type":"ListItem","@id":"https:\/\/www.claret.cat\/es\/#listItem","name":"Home"}},{"@type":"ListItem","@id":"https:\/\/www.claret.cat\/categoria-producto\/cat\/#listItem","position":3,"name":"CAT","item":"https:\/\/www.claret.cat\/categoria-producto\/cat\/","nextItem":{"@type":"ListItem","@id":"https:\/\/www.claret.cat\/categoria-producto\/cat\/3_infantil-juvenil\/#listItem","name":"Infantil \/ Juvenil"},"previousItem":{"@type":"ListItem","@id":"https:\/\/www.claret.cat\/?page_id=16#listItem","name":"Botiga"}},{"@type":"ListItem","@id":"https:\/\/www.claret.cat\/categoria-producto\/cat\/3_infantil-juvenil\/#listItem","position":4,"name":"Infantil \/ Juvenil","item":"https:\/\/www.claret.cat\/categoria-producto\/cat\/3_infantil-juvenil\/","nextItem":{"@type":"ListItem","@id":"https:\/\/www.claret.cat\/categoria-producto\/cat\/3_infantil-juvenil\/infantil\/#listItem","name":"Infantil"},"previousItem":{"@type":"ListItem","@id":"https:\/\/www.claret.cat\/categoria-producto\/cat\/#listItem","name":"CAT"}},{"@type":"ListItem","@id":"https:\/\/www.claret.cat\/categoria-producto\/cat\/3_infantil-juvenil\/infantil\/#listItem","position":5,"name":"Infantil","item":"https:\/\/www.claret.cat\/categoria-producto\/cat\/3_infantil-juvenil\/infantil\/","nextItem":{"@type":"ListItem","@id":"https:\/\/www.claret.cat\/categoria-producto\/cat\/3_infantil-juvenil\/infantil\/lectures-per-preadolescents-6-12-anys\/#listItem","name":"6 - 12 anys"},"previousItem":{"@type":"ListItem","@id":"https:\/\/www.claret.cat\/categoria-producto\/cat\/3_infantil-juvenil\/#listItem","name":"Infantil \/ Juvenil"}},{"@type":"ListItem","@id":"https:\/\/www.claret.cat\/categoria-producto\/cat\/3_infantil-juvenil\/infantil\/lectures-per-preadolescents-6-12-anys\/#listItem","position":6,"name":"6 - 12 anys","item":"https:\/\/www.claret.cat\/categoria-producto\/cat\/3_infantil-juvenil\/infantil\/lectures-per-preadolescents-6-12-anys\/","nextItem":{"@type":"ListItem","@id":"https:\/\/www.claret.cat\/es\/libro\/la-vaga-de-les-granotes-9788418288395\/#listItem","name":"LA VAGA DE LES GRANOTES"},"previousItem":{"@type":"ListItem","@id":"https:\/\/www.claret.cat\/categoria-producto\/cat\/3_infantil-juvenil\/infantil\/#listItem","name":"Infantil"}},{"@type":"ListItem","@id":"https:\/\/www.claret.cat\/es\/libro\/la-vaga-de-les-granotes-9788418288395\/#listItem","position":7,"name":"LA VAGA DE LES GRANOTES","previousItem":{"@type":"ListItem","@id":"https:\/\/www.claret.cat\/categoria-producto\/cat\/3_infantil-juvenil\/infantil\/lectures-per-preadolescents-6-12-anys\/#listItem","name":"6 - 12 anys"}}]},{"@type":"ItemPage","@id":"https:\/\/www.claret.cat\/es\/libro\/la-vaga-de-les-granotes-9788418288395\/#itempage","url":"https:\/\/www.claret.cat\/es\/libro\/la-vaga-de-les-granotes-9788418288395\/","name":"LA VAGA DE LES GRANOTES - CANOSA, ORIOL 9788418288395 | Llibreria Claret","description":"LA VAGA DE LES GRANOTES de CANOSA, ORIOL disponible a\/en Llibreria Claret.","inLanguage":"es-ES","isPartOf":{"@id":"https:\/\/www.claret.cat\/es\/#website"},"breadcrumb":{"@id":"https:\/\/www.claret.cat\/es\/libro\/la-vaga-de-les-granotes-9788418288395\/#breadcrumblist"},"image":{"@type":"ImageObject","url":"https:\/\/www.claret.cat\/wp-content\/uploads\/.\/9788418288395-2.jpg","@id":"https:\/\/www.claret.cat\/es\/libro\/la-vaga-de-les-granotes-9788418288395\/#mainImage","width":250,"height":382,"caption":"9788418288395.jpg"},"primaryImageOfPage":{"@id":"https:\/\/www.claret.cat\/es\/libro\/la-vaga-de-les-granotes-9788418288395\/#mainImage"},"datePublished":"2023-09-13T16:50:18+02:00","dateModified":"2026-03-24T17:12:35+01:00"},{"@type":"Organization","@id":"https:\/\/www.claret.cat\/es\/#organization","name":"Llibreria Claret","description":"Llibreria religiosa a Barcelona","url":"https:\/\/www.claret.cat\/es\/","email":"comunicacio@claret.cat","telephone":"+34933010887","logo":{"@type":"ImageObject","url":"https:\/\/www.claret.cat\/wp-content\/uploads\/.\/logo-claret-es.png","@id":"https:\/\/www.claret.cat\/es\/libro\/la-vaga-de-les-granotes-9788418288395\/#organizationLogo","width":195,"height":79},"image":{"@id":"https:\/\/www.claret.cat\/es\/libro\/la-vaga-de-les-granotes-9788418288395\/#organizationLogo"},"sameAs":["https:\/\/www.facebook.com\/LlibreriaClaret","https:\/\/twitter.com\/LlibreriaClaret","https:\/\/www.instagram.com\/llibreriaclaret\/","https:\/\/www.tiktok.com\/@llibreriaclaret","https:\/\/www.youtube.com\/@llibreriaclaret","https:\/\/ca.wikipedia.org\/wiki\/Editorial_Claret"]},{"@type":"WebPage","@id":"https:\/\/www.claret.cat\/es\/libro\/la-vaga-de-les-granotes-9788418288395\/#webpage","url":"https:\/\/www.claret.cat\/es\/libro\/la-vaga-de-les-granotes-9788418288395\/","name":"LA VAGA DE LES GRANOTES - CANOSA, ORIOL 9788418288395 | Llibreria Claret","description":"LA VAGA DE LES GRANOTES de CANOSA, ORIOL disponible a\/en Llibreria Claret.","inLanguage":"es-ES","isPartOf":{"@id":"https:\/\/www.claret.cat\/es\/#website"},"breadcrumb":{"@id":"https:\/\/www.claret.cat\/es\/libro\/la-vaga-de-les-granotes-9788418288395\/#breadcrumblist"},"image":{"@type":"ImageObject","url":"https:\/\/www.claret.cat\/wp-content\/uploads\/.\/9788418288395-2.jpg","@id":"https:\/\/www.claret.cat\/es\/libro\/la-vaga-de-les-granotes-9788418288395\/#mainImage","width":250,"height":382,"caption":"9788418288395.jpg"},"primaryImageOfPage":{"@id":"https:\/\/www.claret.cat\/es\/libro\/la-vaga-de-les-granotes-9788418288395\/#mainImage"},"datePublished":"2023-09-13T16:50:18+02:00","dateModified":"2026-03-24T17:12:35+01:00"},{"@type":"WebSite","@id":"https:\/\/www.claret.cat\/es\/#website","url":"https:\/\/www.claret.cat\/es\/","name":"Llibreria Claret Barcelona","alternateName":"Llibreria Claret","description":"Llibreria religiosa a Barcelona","inLanguage":"es-ES","publisher":{"@id":"https:\/\/www.claret.cat\/es\/#organization"}}]},"og:locale":"es_ES","og:site_name":"Llibreria Claret - Llibreria religiosa a Barcelona","og:type":"article","og:title":"LA VAGA DE LES GRANOTES - CANOSA, ORIOL 9788418288395 | Llibreria Claret","og:description":"LA VAGA DE LES GRANOTES de CANOSA, ORIOL disponible a\/en Llibreria Claret.","og:url":"https:\/\/www.claret.cat\/es\/libro\/la-vaga-de-les-granotes-9788418288395\/","og:image":"https:\/\/dev.claret.cat\/wp-content\/uploads\/logo-claret.svg","og:image:secure_url":"https:\/\/dev.claret.cat\/wp-content\/uploads\/logo-claret.svg","article:published_time":"2023-09-13T14:50:18+00:00","article:modified_time":"2026-03-24T16:12:35+00:00","article:publisher":"https:\/\/www.facebook.com\/LlibreriaClaret","twitter:card":"summary_large_image","twitter:site":"@LlibreriaClaret","twitter:title":"LA VAGA DE LES GRANOTES - CANOSA, ORIOL 9788418288395 | Llibreria Claret","twitter:description":"LA VAGA DE LES GRANOTES de CANOSA, ORIOL disponible a\/en Llibreria Claret.","twitter:image":"http:\/\/dev.claret.cat\/wp-content\/uploads\/logo-claret.svg"},"aioseo_meta_data":{"post_id":"698711","title":null,"description":null,"keywords":null,"keyphrases":null,"primary_term":null,"canonical_url":null,"og_title":null,"og_description":null,"og_object_type":"default","og_image_type":"default","og_image_url":null,"og_image_width":null,"og_image_height":null,"og_image_custom_url":null,"og_image_custom_fields":null,"og_video":null,"og_custom_url":null,"og_article_section":null,"og_article_tags":null,"twitter_use_og":false,"twitter_card":"default","twitter_image_type":"default","twitter_image_url":null,"twitter_image_custom_url":null,"twitter_image_custom_fields":null,"twitter_title":null,"twitter_description":null,"schema":{"blockGraphs":[],"customGraphs":[],"default":{"data":{"Article":[],"Course":[],"Dataset":[],"FAQPage":[],"Movie":[],"Person":[],"Product":[],"ProductReview":[],"Car":[],"Recipe":[],"Service":[],"SoftwareApplication":[],"WebPage":[]},"graphName":"","isEnabled":true},"graphs":[]},"schema_type":"default","schema_type_options":null,"pillar_content":false,"robots_default":true,"robots_noindex":false,"robots_noarchive":false,"robots_nosnippet":false,"robots_nofollow":false,"robots_noimageindex":false,"robots_noodp":false,"robots_notranslate":false,"robots_max_snippet":null,"robots_max_videopreview":null,"robots_max_imagepreview":"large","priority":null,"frequency":null,"local_seo":null,"seo_analyzer_scan_date":"2026-06-12 01:30:02","breadcrumb_settings":null,"limit_modified_date":false,"open_ai":null,"ai":null,"created":"2023-09-13 14:56:11","updated":"2026-06-12 01:30:02","focus_keyword":null,"additional_keywords":null,"truseo_locale":null},"aioseo_breadcrumb":"<div class=\"aioseo-breadcrumbs\"><span class=\"aioseo-breadcrumb\">\n\t<a href=\"https:\/\/www.claret.cat\/es\/\" title=\"Home\">Home<\/a>\n<\/span><span class=\"aioseo-breadcrumb-separator\">&raquo;<\/span><span class=\"aioseo-breadcrumb\">\n\t<a href=\"https:\/\/www.claret.cat\/?page_id=16\" title=\"Botiga\">Botiga<\/a>\n<\/span><span class=\"aioseo-breadcrumb-separator\">&raquo;<\/span><span class=\"aioseo-breadcrumb\">\n\t<a href=\"https:\/\/www.claret.cat\/categoria-producto\/cat\/\" title=\"CAT\">CAT<\/a>\n<\/span><span class=\"aioseo-breadcrumb-separator\">&raquo;<\/span><span class=\"aioseo-breadcrumb\">\n\t<a href=\"https:\/\/www.claret.cat\/categoria-producto\/cat\/3_infantil-juvenil\/\" title=\"Infantil \/ Juvenil\">Infantil \/ Juvenil<\/a>\n<\/span><span class=\"aioseo-breadcrumb-separator\">&raquo;<\/span><span class=\"aioseo-breadcrumb\">\n\t<a href=\"https:\/\/www.claret.cat\/categoria-producto\/cat\/3_infantil-juvenil\/infantil\/\" title=\"Infantil\">Infantil<\/a>\n<\/span><span class=\"aioseo-breadcrumb-separator\">&raquo;<\/span><span class=\"aioseo-breadcrumb\">\n\t<a href=\"https:\/\/www.claret.cat\/categoria-producto\/cat\/3_infantil-juvenil\/infantil\/lectures-per-preadolescents-6-12-anys\/\" title=\"6 - 12 anys\">6 - 12 anys<\/a>\n<\/span><span class=\"aioseo-breadcrumb-separator\">&raquo;<\/span><span class=\"aioseo-breadcrumb\">\n\tLA VAGA DE LES GRANOTES\n<\/span><\/div>","aioseo_breadcrumb_json":[{"label":"Home","link":"https:\/\/www.claret.cat\/es\/"},{"label":"Botiga","link":"https:\/\/www.claret.cat\/?page_id=16"},{"label":"CAT","link":"https:\/\/www.claret.cat\/categoria-producto\/cat\/"},{"label":"Infantil \/ Juvenil","link":"https:\/\/www.claret.cat\/categoria-producto\/cat\/3_infantil-juvenil\/"},{"label":"Infantil","link":"https:\/\/www.claret.cat\/categoria-producto\/cat\/3_infantil-juvenil\/infantil\/"},{"label":"6 - 12 anys","link":"https:\/\/www.claret.cat\/categoria-producto\/cat\/3_infantil-juvenil\/infantil\/lectures-per-preadolescents-6-12-anys\/"},{"label":"LA VAGA DE LES GRANOTES","link":"https:\/\/www.claret.cat\/es\/libro\/la-vaga-de-les-granotes-9788418288395\/"}],"_links":{"self":[{"href":"https:\/\/www.claret.cat\/es\/wp-json\/wp\/v2\/product\/698711","targetHints":{"allow":["GET"]}}],"collection":[{"href":"https:\/\/www.claret.cat\/es\/wp-json\/wp\/v2\/product"}],"about":[{"href":"https:\/\/www.claret.cat\/es\/wp-json\/wp\/v2\/types\/product"}],"wp:featuredmedia":[{"embeddable":true,"href":"https:\/\/www.claret.cat\/es\/wp-json\/wp\/v2\/media\/1006759"}],"wp:attachment":[{"href":"https:\/\/www.claret.cat\/es\/wp-json\/wp\/v2\/media?parent=698711"}],"wp:term":[{"taxonomy":"product_brand","embeddable":true,"href":"https:\/\/www.claret.cat\/es\/wp-json\/wp\/v2\/product_brand?post=698711"},{"taxonomy":"product_cat","embeddable":true,"href":"https:\/\/www.claret.cat\/es\/wp-json\/wp\/v2\/product_cat?post=698711"},{"taxonomy":"product_tag","embeddable":true,"href":"https:\/\/www.claret.cat\/es\/wp-json\/wp\/v2\/product_tag?post=698711"}],"curies":[{"name":"wp","href":"https:\/\/api.w.org\/{rel}","templated":true}]}}