{"id":736,"date":"2022-07-27T15:30:59","date_gmt":"2022-07-27T13:30:59","guid":{"rendered":"http:\/\/dev.claret.cat\/producto\/tierra-santa-guia-interior-y-exterior-9788428838870\/"},"modified":"2024-05-02T05:27:01","modified_gmt":"2024-05-02T03:27:01","slug":"tierra-santa-guia-interior-y-exterior-9788428838870","status":"publish","type":"product","link":"https:\/\/www.claret.cat\/es\/libro\/tierra-santa-guia-interior-y-exterior-9788428838870\/","title":{"rendered":"TIERRA SANTA: GU\u00cdA INTERIOR Y EXTERIOR"},"content":{"rendered":"<p>Entre los peregrinos se abre un gran abanico de expectativas. Unos buscan la tierra de Jesucristo, contemplar sus paisajes y rezar all\u00ed donde or\u00f3 el Se\u00f1or. Otros van con el anhelo, no siempre confesado, de recorrer los escenarios de las narraciones de su ni\u00f1ez y juventud, aunque en su madurez se hayan distanciado de la fe. No faltan quienes \u00fanicamente buscan historia, informaci\u00f3n, datos para aumentar sus conocimientos. Cada uno viene con su \u00abmochila\u00bb. Unos la vac\u00edan, otros la llenan, otros admiten que lo que llevaban en ella estaba caducado, otros la incorporan con un sentido nuevo a su equipaje. Esta gu\u00eda es exterior, porque sigue recorridos hist\u00f3ricos, geogr\u00e1ficos y culturales. Pero adem\u00e1s es interior, porque nace de una experiencia creyente, en la Iglesia cat\u00f3lica, y se ofrece como instrumento a peregrinos que busquen renovar o contemplar su fe en Jes\u00fas como el Cristo de Dios.<\/p>\n","protected":false},"excerpt":{"rendered":"<p>FRAILE Y\u00c9CORA, PEDRO<\/p>\n","protected":false},"featured_media":338449,"template":"","meta":{"_acf_changed":false,"om_disable_all_campaigns":false,"rs_blank_template":"","rs_page_bg_color":"","slide_template_v7":"","inline_featured_image":false,"_monsterinsights_skip_tracking":false},"product_brand":[],"product_cat":[472,213],"product_tag":[],"class_list":["post-736","product","type-product","status-publish","has-post-thumbnail","product_cat-manuales-y-guias","product_cat-manuals-i-guies","first","instock","taxable","shipping-taxable","purchasable","product-type-simple"],"acf":{"autor":"FRAILE Y\u00c9CORA, PEDRO","codart":"842883887","ediciones":"1","encuadernacion":"R\u00fastica","fecha_de_publicacion":"14\/06\/2022","novedad":"1","paginas":"304","subtitulo":"","orden":"0","portada":"0","idioma":"spa","libros-coleccion":"FUERA DE COLECCI\u00d3N","autores-libros":[{"ID":5930,"post_author":"3","post_date":"2022-07-28 17:34:32","post_date_gmt":"2022-07-28 15:34:32","post_content":"","post_title":"PEDRO FRAILE Y\u00c9CORA","post_excerpt":"","post_status":"publish","comment_status":"closed","ping_status":"closed","post_password":"","post_name":"pedro-fraile-yecora","to_ping":"","pinged":"","post_modified":"2022-07-28 17:34:32","post_modified_gmt":"2022-07-28 15:34:32","post_content_filtered":"","post_parent":0,"guid":"http:\/\/dev.claret.cat\/autor\/pedro-fraile-yecora\/","menu_order":0,"post_type":"autor","post_mime_type":"","comment_count":"0","filter":"raw"}],"editorial":[{"ID":6335,"post_author":"3","post_date":"2022-07-28 17:49:59","post_date_gmt":"2022-07-28 15:49:59","post_content":"","post_title":"PPC altres","post_excerpt":"","post_status":"publish","comment_status":"closed","ping_status":"closed","post_password":"","post_name":"ppc-altres","to_ping":"","pinged":"","post_modified":"2022-07-28 17:49:59","post_modified_gmt":"2022-07-28 15:49:59","post_content_filtered":"","post_parent":0,"guid":"http:\/\/dev.claret.cat\/editorial\/ppc-altres\/","menu_order":0,"post_type":"editorial","post_mime_type":"","comment_count":"0","filter":"raw"}]},"aioseo_notices":[],"aioseo_head":"\n\t\t<!-- All in One SEO Pro 5.0.1.1 - aioseo.com -->\n\t<meta name=\"description\" content=\"TIERRA SANTA: GU\u00cdA INTERIOR Y EXTERIOR de FRAILE Y\u00c9CORA, PEDRO disponible a\/en Llibreria Claret.\" \/>\n\t<meta name=\"robots\" content=\"max-image-preview:large\" \/>\n\t<meta name=\"google-site-verification\" content=\"xVtlFxJ-TfkIu-D-lt7XeLobefg5EIQiXTuqcSf8Rf0\" \/>\n\t<link rel=\"canonical\" href=\"https:\/\/www.claret.cat\/es\/libro\/tierra-santa-guia-interior-y-exterior-9788428838870\/\" \/>\n\t<meta name=\"generator\" content=\"All in One SEO Pro (AIOSEO) 5.0.1.1\" \/>\n\t\t<meta property=\"og:locale\" content=\"es_ES\" \/>\n\t\t<meta property=\"og:site_name\" content=\"Llibreria Claret - Llibreria religiosa a Barcelona\" \/>\n\t\t<meta property=\"og:type\" content=\"article\" \/>\n\t\t<meta property=\"og:title\" content=\"TIERRA SANTA: GU\u00cdA INTERIOR Y EXTERIOR - FRAILE Y\u00c9CORA, PEDRO 9788428838870 | Llibreria Claret\" \/>\n\t\t<meta property=\"og:description\" content=\"TIERRA SANTA: GU\u00cdA INTERIOR Y EXTERIOR de FRAILE Y\u00c9CORA, PEDRO disponible a\/en Llibreria Claret.\" \/>\n\t\t<meta property=\"og:url\" content=\"https:\/\/www.claret.cat\/es\/libro\/tierra-santa-guia-interior-y-exterior-9788428838870\/\" \/>\n\t\t<meta property=\"og:image\" content=\"https:\/\/dev.claret.cat\/wp-content\/uploads\/logo-claret.svg\" \/>\n\t\t<meta property=\"og:image:secure_url\" content=\"https:\/\/dev.claret.cat\/wp-content\/uploads\/logo-claret.svg\" \/>\n\t\t<meta property=\"article:published_time\" content=\"2022-07-27T13:30:59+00:00\" \/>\n\t\t<meta property=\"article:modified_time\" content=\"2024-05-02T03:27:01+00:00\" \/>\n\t\t<meta property=\"article:publisher\" content=\"https:\/\/www.facebook.com\/LlibreriaClaret\" \/>\n\t\t<meta name=\"twitter:card\" content=\"summary_large_image\" \/>\n\t\t<meta name=\"twitter:site\" content=\"@LlibreriaClaret\" \/>\n\t\t<meta name=\"twitter:title\" content=\"TIERRA SANTA: GU\u00cdA INTERIOR Y EXTERIOR - FRAILE Y\u00c9CORA, PEDRO 9788428838870 | Llibreria Claret\" \/>\n\t\t<meta name=\"twitter:description\" content=\"TIERRA SANTA: GU\u00cdA INTERIOR Y EXTERIOR de FRAILE Y\u00c9CORA, PEDRO disponible a\/en Llibreria Claret.\" \/>\n\t\t<meta name=\"twitter:image\" content=\"http:\/\/dev.claret.cat\/wp-content\/uploads\/logo-claret.svg\" \/>\n\t\t<script type=\"application\/ld+json\" class=\"aioseo-schema\">\n\t\t\t{\"@context\":\"https:\\\/\\\/schema.org\",\"@graph\":[{\"@type\":\"BreadcrumbList\",\"@id\":\"https:\\\/\\\/www.claret.cat\\\/es\\\/libro\\\/tierra-santa-guia-interior-y-exterior-9788428838870\\\/#breadcrumblist\",\"itemListElement\":[{\"@type\":\"ListItem\",\"@id\":\"https:\\\/\\\/www.claret.cat\\\/es\\\/#listItem\",\"position\":1,\"name\":\"Home\",\"item\":\"https:\\\/\\\/www.claret.cat\\\/es\\\/\",\"nextItem\":{\"@type\":\"ListItem\",\"@id\":\"https:\\\/\\\/www.claret.cat\\\/?page_id=16#listItem\",\"name\":\"Botiga\"}},{\"@type\":\"ListItem\",\"@id\":\"https:\\\/\\\/www.claret.cat\\\/?page_id=16#listItem\",\"position\":2,\"name\":\"Botiga\",\"item\":\"https:\\\/\\\/www.claret.cat\\\/?page_id=16\",\"nextItem\":{\"@type\":\"ListItem\",\"@id\":\"https:\\\/\\\/www.claret.cat\\\/categoria-producto\\\/cat\\\/#listItem\",\"name\":\"CAT\"},\"previousItem\":{\"@type\":\"ListItem\",\"@id\":\"https:\\\/\\\/www.claret.cat\\\/es\\\/#listItem\",\"name\":\"Home\"}},{\"@type\":\"ListItem\",\"@id\":\"https:\\\/\\\/www.claret.cat\\\/categoria-producto\\\/cat\\\/#listItem\",\"position\":3,\"name\":\"CAT\",\"item\":\"https:\\\/\\\/www.claret.cat\\\/categoria-producto\\\/cat\\\/\",\"nextItem\":{\"@type\":\"ListItem\",\"@id\":\"https:\\\/\\\/www.claret.cat\\\/categoria-producto\\\/cat\\\/1_espiritualitat\\\/#listItem\",\"name\":\"Espiritualitat\"},\"previousItem\":{\"@type\":\"ListItem\",\"@id\":\"https:\\\/\\\/www.claret.cat\\\/?page_id=16#listItem\",\"name\":\"Botiga\"}},{\"@type\":\"ListItem\",\"@id\":\"https:\\\/\\\/www.claret.cat\\\/categoria-producto\\\/cat\\\/1_espiritualitat\\\/#listItem\",\"position\":4,\"name\":\"Espiritualitat\",\"item\":\"https:\\\/\\\/www.claret.cat\\\/categoria-producto\\\/cat\\\/1_espiritualitat\\\/\",\"nextItem\":{\"@type\":\"ListItem\",\"@id\":\"https:\\\/\\\/www.claret.cat\\\/categoria-producto\\\/cat\\\/1_espiritualitat\\\/biblia\\\/#listItem\",\"name\":\"B\\u00edblia\"},\"previousItem\":{\"@type\":\"ListItem\",\"@id\":\"https:\\\/\\\/www.claret.cat\\\/categoria-producto\\\/cat\\\/#listItem\",\"name\":\"CAT\"}},{\"@type\":\"ListItem\",\"@id\":\"https:\\\/\\\/www.claret.cat\\\/categoria-producto\\\/cat\\\/1_espiritualitat\\\/biblia\\\/#listItem\",\"position\":5,\"name\":\"B\\u00edblia\",\"item\":\"https:\\\/\\\/www.claret.cat\\\/categoria-producto\\\/cat\\\/1_espiritualitat\\\/biblia\\\/\",\"nextItem\":{\"@type\":\"ListItem\",\"@id\":\"https:\\\/\\\/www.claret.cat\\\/categoria-producto\\\/cat\\\/1_espiritualitat\\\/biblia\\\/manuals-i-guies\\\/#listItem\",\"name\":\"Manuals i Guies\"},\"previousItem\":{\"@type\":\"ListItem\",\"@id\":\"https:\\\/\\\/www.claret.cat\\\/categoria-producto\\\/cat\\\/1_espiritualitat\\\/#listItem\",\"name\":\"Espiritualitat\"}},{\"@type\":\"ListItem\",\"@id\":\"https:\\\/\\\/www.claret.cat\\\/categoria-producto\\\/cat\\\/1_espiritualitat\\\/biblia\\\/manuals-i-guies\\\/#listItem\",\"position\":6,\"name\":\"Manuals i Guies\",\"item\":\"https:\\\/\\\/www.claret.cat\\\/categoria-producto\\\/cat\\\/1_espiritualitat\\\/biblia\\\/manuals-i-guies\\\/\",\"nextItem\":{\"@type\":\"ListItem\",\"@id\":\"https:\\\/\\\/www.claret.cat\\\/es\\\/libro\\\/tierra-santa-guia-interior-y-exterior-9788428838870\\\/#listItem\",\"name\":\"TIERRA SANTA: GU\\u00cdA INTERIOR Y EXTERIOR\"},\"previousItem\":{\"@type\":\"ListItem\",\"@id\":\"https:\\\/\\\/www.claret.cat\\\/categoria-producto\\\/cat\\\/1_espiritualitat\\\/biblia\\\/#listItem\",\"name\":\"B\\u00edblia\"}},{\"@type\":\"ListItem\",\"@id\":\"https:\\\/\\\/www.claret.cat\\\/es\\\/libro\\\/tierra-santa-guia-interior-y-exterior-9788428838870\\\/#listItem\",\"position\":7,\"name\":\"TIERRA SANTA: GU\\u00cdA INTERIOR Y EXTERIOR\",\"previousItem\":{\"@type\":\"ListItem\",\"@id\":\"https:\\\/\\\/www.claret.cat\\\/categoria-producto\\\/cat\\\/1_espiritualitat\\\/biblia\\\/manuals-i-guies\\\/#listItem\",\"name\":\"Manuals i Guies\"}}]},{\"@type\":\"ItemPage\",\"@id\":\"https:\\\/\\\/www.claret.cat\\\/es\\\/libro\\\/tierra-santa-guia-interior-y-exterior-9788428838870\\\/#itempage\",\"url\":\"https:\\\/\\\/www.claret.cat\\\/es\\\/libro\\\/tierra-santa-guia-interior-y-exterior-9788428838870\\\/\",\"name\":\"TIERRA SANTA: GU\\u00cdA INTERIOR Y EXTERIOR - FRAILE Y\\u00c9CORA, PEDRO 9788428838870 | Llibreria Claret\",\"description\":\"TIERRA SANTA: GU\\u00cdA INTERIOR Y EXTERIOR de FRAILE Y\\u00c9CORA, PEDRO disponible a\\\/en Llibreria Claret.\",\"inLanguage\":\"es-ES\",\"isPartOf\":{\"@id\":\"https:\\\/\\\/www.claret.cat\\\/es\\\/#website\"},\"breadcrumb\":{\"@id\":\"https:\\\/\\\/www.claret.cat\\\/es\\\/libro\\\/tierra-santa-guia-interior-y-exterior-9788428838870\\\/#breadcrumblist\"},\"image\":{\"@type\":\"ImageObject\",\"url\":\"https:\\\/\\\/www.claret.cat\\\/wp-content\\\/uploads\\\/.\\\/9788428838870-2.jpg\",\"@id\":\"https:\\\/\\\/www.claret.cat\\\/es\\\/libro\\\/tierra-santa-guia-interior-y-exterior-9788428838870\\\/#mainImage\",\"width\":225,\"height\":312,\"caption\":\"9788428838870.jpg\"},\"primaryImageOfPage\":{\"@id\":\"https:\\\/\\\/www.claret.cat\\\/es\\\/libro\\\/tierra-santa-guia-interior-y-exterior-9788428838870\\\/#mainImage\"},\"datePublished\":\"2022-07-27T15:30:59+02:00\",\"dateModified\":\"2024-05-02T05:27:01+02:00\"},{\"@type\":\"Organization\",\"@id\":\"https:\\\/\\\/www.claret.cat\\\/es\\\/#organization\",\"name\":\"Llibreria Claret\",\"description\":\"Llibreria religiosa a Barcelona\",\"url\":\"https:\\\/\\\/www.claret.cat\\\/es\\\/\",\"email\":\"comunicacio@claret.cat\",\"telephone\":\"+34933010887\",\"logo\":{\"@type\":\"ImageObject\",\"url\":\"https:\\\/\\\/www.claret.cat\\\/wp-content\\\/uploads\\\/.\\\/logo-claret-es.png\",\"@id\":\"https:\\\/\\\/www.claret.cat\\\/es\\\/libro\\\/tierra-santa-guia-interior-y-exterior-9788428838870\\\/#organizationLogo\",\"width\":195,\"height\":79},\"image\":{\"@id\":\"https:\\\/\\\/www.claret.cat\\\/es\\\/libro\\\/tierra-santa-guia-interior-y-exterior-9788428838870\\\/#organizationLogo\"},\"sameAs\":[\"https:\\\/\\\/www.facebook.com\\\/LlibreriaClaret\",\"https:\\\/\\\/twitter.com\\\/LlibreriaClaret\",\"https:\\\/\\\/www.instagram.com\\\/llibreriaclaret\\\/\",\"https:\\\/\\\/www.tiktok.com\\\/@llibreriaclaret\",\"https:\\\/\\\/www.youtube.com\\\/@llibreriaclaret\",\"https:\\\/\\\/ca.wikipedia.org\\\/wiki\\\/Editorial_Claret\"]},{\"@type\":\"WebPage\",\"@id\":\"https:\\\/\\\/www.claret.cat\\\/es\\\/libro\\\/tierra-santa-guia-interior-y-exterior-9788428838870\\\/#webpage\",\"url\":\"https:\\\/\\\/www.claret.cat\\\/es\\\/libro\\\/tierra-santa-guia-interior-y-exterior-9788428838870\\\/\",\"name\":\"TIERRA SANTA: GU\\u00cdA INTERIOR Y EXTERIOR - FRAILE Y\\u00c9CORA, PEDRO 9788428838870 | Llibreria Claret\",\"description\":\"TIERRA SANTA: GU\\u00cdA INTERIOR Y EXTERIOR de FRAILE Y\\u00c9CORA, PEDRO disponible a\\\/en Llibreria Claret.\",\"inLanguage\":\"es-ES\",\"isPartOf\":{\"@id\":\"https:\\\/\\\/www.claret.cat\\\/es\\\/#website\"},\"breadcrumb\":{\"@id\":\"https:\\\/\\\/www.claret.cat\\\/es\\\/libro\\\/tierra-santa-guia-interior-y-exterior-9788428838870\\\/#breadcrumblist\"},\"image\":{\"@type\":\"ImageObject\",\"url\":\"https:\\\/\\\/www.claret.cat\\\/wp-content\\\/uploads\\\/.\\\/9788428838870-2.jpg\",\"@id\":\"https:\\\/\\\/www.claret.cat\\\/es\\\/libro\\\/tierra-santa-guia-interior-y-exterior-9788428838870\\\/#mainImage\",\"width\":225,\"height\":312,\"caption\":\"9788428838870.jpg\"},\"primaryImageOfPage\":{\"@id\":\"https:\\\/\\\/www.claret.cat\\\/es\\\/libro\\\/tierra-santa-guia-interior-y-exterior-9788428838870\\\/#mainImage\"},\"datePublished\":\"2022-07-27T15:30:59+02:00\",\"dateModified\":\"2024-05-02T05:27:01+02:00\"},{\"@type\":\"WebSite\",\"@id\":\"https:\\\/\\\/www.claret.cat\\\/es\\\/#website\",\"url\":\"https:\\\/\\\/www.claret.cat\\\/es\\\/\",\"name\":\"Llibreria Claret Barcelona\",\"alternateName\":\"Llibreria Claret\",\"description\":\"Llibreria religiosa a Barcelona\",\"inLanguage\":\"es-ES\",\"publisher\":{\"@id\":\"https:\\\/\\\/www.claret.cat\\\/es\\\/#organization\"}}]}\n\t\t<\/script>\n\t\t<!-- All in One SEO Pro -->\r\n\t\t<title>TIERRA SANTA: GU\u00cdA INTERIOR Y EXTERIOR - FRAILE Y\u00c9CORA, PEDRO 9788428838870 | Llibreria Claret<\/title>\n\n","aioseo_head_json":{"title":"TIERRA SANTA: GU\u00cdA INTERIOR Y EXTERIOR - FRAILE Y\u00c9CORA, PEDRO 9788428838870 | Llibreria Claret","description":"TIERRA SANTA: GU\u00cdA INTERIOR Y EXTERIOR de FRAILE Y\u00c9CORA, PEDRO disponible a\/en Llibreria Claret.","canonical_url":"https:\/\/www.claret.cat\/es\/libro\/tierra-santa-guia-interior-y-exterior-9788428838870\/","robots":"max-image-preview:large","keywords":"","webmasterTools":{"google-site-verification":"xVtlFxJ-TfkIu-D-lt7XeLobefg5EIQiXTuqcSf8Rf0","miscellaneous":""},"schema":{"@context":"https:\/\/schema.org","@graph":[{"@type":"BreadcrumbList","@id":"https:\/\/www.claret.cat\/es\/libro\/tierra-santa-guia-interior-y-exterior-9788428838870\/#breadcrumblist","itemListElement":[{"@type":"ListItem","@id":"https:\/\/www.claret.cat\/es\/#listItem","position":1,"name":"Home","item":"https:\/\/www.claret.cat\/es\/","nextItem":{"@type":"ListItem","@id":"https:\/\/www.claret.cat\/?page_id=16#listItem","name":"Botiga"}},{"@type":"ListItem","@id":"https:\/\/www.claret.cat\/?page_id=16#listItem","position":2,"name":"Botiga","item":"https:\/\/www.claret.cat\/?page_id=16","nextItem":{"@type":"ListItem","@id":"https:\/\/www.claret.cat\/categoria-producto\/cat\/#listItem","name":"CAT"},"previousItem":{"@type":"ListItem","@id":"https:\/\/www.claret.cat\/es\/#listItem","name":"Home"}},{"@type":"ListItem","@id":"https:\/\/www.claret.cat\/categoria-producto\/cat\/#listItem","position":3,"name":"CAT","item":"https:\/\/www.claret.cat\/categoria-producto\/cat\/","nextItem":{"@type":"ListItem","@id":"https:\/\/www.claret.cat\/categoria-producto\/cat\/1_espiritualitat\/#listItem","name":"Espiritualitat"},"previousItem":{"@type":"ListItem","@id":"https:\/\/www.claret.cat\/?page_id=16#listItem","name":"Botiga"}},{"@type":"ListItem","@id":"https:\/\/www.claret.cat\/categoria-producto\/cat\/1_espiritualitat\/#listItem","position":4,"name":"Espiritualitat","item":"https:\/\/www.claret.cat\/categoria-producto\/cat\/1_espiritualitat\/","nextItem":{"@type":"ListItem","@id":"https:\/\/www.claret.cat\/categoria-producto\/cat\/1_espiritualitat\/biblia\/#listItem","name":"B\u00edblia"},"previousItem":{"@type":"ListItem","@id":"https:\/\/www.claret.cat\/categoria-producto\/cat\/#listItem","name":"CAT"}},{"@type":"ListItem","@id":"https:\/\/www.claret.cat\/categoria-producto\/cat\/1_espiritualitat\/biblia\/#listItem","position":5,"name":"B\u00edblia","item":"https:\/\/www.claret.cat\/categoria-producto\/cat\/1_espiritualitat\/biblia\/","nextItem":{"@type":"ListItem","@id":"https:\/\/www.claret.cat\/categoria-producto\/cat\/1_espiritualitat\/biblia\/manuals-i-guies\/#listItem","name":"Manuals i Guies"},"previousItem":{"@type":"ListItem","@id":"https:\/\/www.claret.cat\/categoria-producto\/cat\/1_espiritualitat\/#listItem","name":"Espiritualitat"}},{"@type":"ListItem","@id":"https:\/\/www.claret.cat\/categoria-producto\/cat\/1_espiritualitat\/biblia\/manuals-i-guies\/#listItem","position":6,"name":"Manuals i Guies","item":"https:\/\/www.claret.cat\/categoria-producto\/cat\/1_espiritualitat\/biblia\/manuals-i-guies\/","nextItem":{"@type":"ListItem","@id":"https:\/\/www.claret.cat\/es\/libro\/tierra-santa-guia-interior-y-exterior-9788428838870\/#listItem","name":"TIERRA SANTA: GU\u00cdA INTERIOR Y EXTERIOR"},"previousItem":{"@type":"ListItem","@id":"https:\/\/www.claret.cat\/categoria-producto\/cat\/1_espiritualitat\/biblia\/#listItem","name":"B\u00edblia"}},{"@type":"ListItem","@id":"https:\/\/www.claret.cat\/es\/libro\/tierra-santa-guia-interior-y-exterior-9788428838870\/#listItem","position":7,"name":"TIERRA SANTA: GU\u00cdA INTERIOR Y EXTERIOR","previousItem":{"@type":"ListItem","@id":"https:\/\/www.claret.cat\/categoria-producto\/cat\/1_espiritualitat\/biblia\/manuals-i-guies\/#listItem","name":"Manuals i Guies"}}]},{"@type":"ItemPage","@id":"https:\/\/www.claret.cat\/es\/libro\/tierra-santa-guia-interior-y-exterior-9788428838870\/#itempage","url":"https:\/\/www.claret.cat\/es\/libro\/tierra-santa-guia-interior-y-exterior-9788428838870\/","name":"TIERRA SANTA: GU\u00cdA INTERIOR Y EXTERIOR - FRAILE Y\u00c9CORA, PEDRO 9788428838870 | Llibreria Claret","description":"TIERRA SANTA: GU\u00cdA INTERIOR Y EXTERIOR de FRAILE Y\u00c9CORA, PEDRO disponible a\/en Llibreria Claret.","inLanguage":"es-ES","isPartOf":{"@id":"https:\/\/www.claret.cat\/es\/#website"},"breadcrumb":{"@id":"https:\/\/www.claret.cat\/es\/libro\/tierra-santa-guia-interior-y-exterior-9788428838870\/#breadcrumblist"},"image":{"@type":"ImageObject","url":"https:\/\/www.claret.cat\/wp-content\/uploads\/.\/9788428838870-2.jpg","@id":"https:\/\/www.claret.cat\/es\/libro\/tierra-santa-guia-interior-y-exterior-9788428838870\/#mainImage","width":225,"height":312,"caption":"9788428838870.jpg"},"primaryImageOfPage":{"@id":"https:\/\/www.claret.cat\/es\/libro\/tierra-santa-guia-interior-y-exterior-9788428838870\/#mainImage"},"datePublished":"2022-07-27T15:30:59+02:00","dateModified":"2024-05-02T05:27:01+02:00"},{"@type":"Organization","@id":"https:\/\/www.claret.cat\/es\/#organization","name":"Llibreria Claret","description":"Llibreria religiosa a Barcelona","url":"https:\/\/www.claret.cat\/es\/","email":"comunicacio@claret.cat","telephone":"+34933010887","logo":{"@type":"ImageObject","url":"https:\/\/www.claret.cat\/wp-content\/uploads\/.\/logo-claret-es.png","@id":"https:\/\/www.claret.cat\/es\/libro\/tierra-santa-guia-interior-y-exterior-9788428838870\/#organizationLogo","width":195,"height":79},"image":{"@id":"https:\/\/www.claret.cat\/es\/libro\/tierra-santa-guia-interior-y-exterior-9788428838870\/#organizationLogo"},"sameAs":["https:\/\/www.facebook.com\/LlibreriaClaret","https:\/\/twitter.com\/LlibreriaClaret","https:\/\/www.instagram.com\/llibreriaclaret\/","https:\/\/www.tiktok.com\/@llibreriaclaret","https:\/\/www.youtube.com\/@llibreriaclaret","https:\/\/ca.wikipedia.org\/wiki\/Editorial_Claret"]},{"@type":"WebPage","@id":"https:\/\/www.claret.cat\/es\/libro\/tierra-santa-guia-interior-y-exterior-9788428838870\/#webpage","url":"https:\/\/www.claret.cat\/es\/libro\/tierra-santa-guia-interior-y-exterior-9788428838870\/","name":"TIERRA SANTA: GU\u00cdA INTERIOR Y EXTERIOR - FRAILE Y\u00c9CORA, PEDRO 9788428838870 | Llibreria Claret","description":"TIERRA SANTA: GU\u00cdA INTERIOR Y EXTERIOR de FRAILE Y\u00c9CORA, PEDRO disponible a\/en Llibreria Claret.","inLanguage":"es-ES","isPartOf":{"@id":"https:\/\/www.claret.cat\/es\/#website"},"breadcrumb":{"@id":"https:\/\/www.claret.cat\/es\/libro\/tierra-santa-guia-interior-y-exterior-9788428838870\/#breadcrumblist"},"image":{"@type":"ImageObject","url":"https:\/\/www.claret.cat\/wp-content\/uploads\/.\/9788428838870-2.jpg","@id":"https:\/\/www.claret.cat\/es\/libro\/tierra-santa-guia-interior-y-exterior-9788428838870\/#mainImage","width":225,"height":312,"caption":"9788428838870.jpg"},"primaryImageOfPage":{"@id":"https:\/\/www.claret.cat\/es\/libro\/tierra-santa-guia-interior-y-exterior-9788428838870\/#mainImage"},"datePublished":"2022-07-27T15:30:59+02:00","dateModified":"2024-05-02T05:27:01+02:00"},{"@type":"WebSite","@id":"https:\/\/www.claret.cat\/es\/#website","url":"https:\/\/www.claret.cat\/es\/","name":"Llibreria Claret Barcelona","alternateName":"Llibreria Claret","description":"Llibreria religiosa a Barcelona","inLanguage":"es-ES","publisher":{"@id":"https:\/\/www.claret.cat\/es\/#organization"}}]},"og:locale":"es_ES","og:site_name":"Llibreria Claret - Llibreria religiosa a Barcelona","og:type":"article","og:title":"TIERRA SANTA: GU\u00cdA INTERIOR Y EXTERIOR - FRAILE Y\u00c9CORA, PEDRO 9788428838870 | Llibreria Claret","og:description":"TIERRA SANTA: GU\u00cdA INTERIOR Y EXTERIOR de FRAILE Y\u00c9CORA, PEDRO disponible a\/en Llibreria Claret.","og:url":"https:\/\/www.claret.cat\/es\/libro\/tierra-santa-guia-interior-y-exterior-9788428838870\/","og:image":"https:\/\/dev.claret.cat\/wp-content\/uploads\/logo-claret.svg","og:image:secure_url":"https:\/\/dev.claret.cat\/wp-content\/uploads\/logo-claret.svg","article:published_time":"2022-07-27T13:30:59+00:00","article:modified_time":"2024-05-02T03:27:01+00:00","article:publisher":"https:\/\/www.facebook.com\/LlibreriaClaret","twitter:card":"summary_large_image","twitter:site":"@LlibreriaClaret","twitter:title":"TIERRA SANTA: GU\u00cdA INTERIOR Y EXTERIOR - FRAILE Y\u00c9CORA, PEDRO 9788428838870 | Llibreria Claret","twitter:description":"TIERRA SANTA: GU\u00cdA INTERIOR Y EXTERIOR de FRAILE Y\u00c9CORA, PEDRO disponible a\/en Llibreria Claret.","twitter:image":"http:\/\/dev.claret.cat\/wp-content\/uploads\/logo-claret.svg"},"aioseo_meta_data":{"post_id":"736","title":null,"description":null,"keywords":null,"keyphrases":null,"primary_term":null,"canonical_url":null,"og_title":null,"og_description":null,"og_object_type":"default","og_image_type":"default","og_image_url":null,"og_image_width":null,"og_image_height":null,"og_image_custom_url":null,"og_image_custom_fields":null,"og_video":null,"og_custom_url":null,"og_article_section":null,"og_article_tags":null,"twitter_use_og":false,"twitter_card":"default","twitter_image_type":"default","twitter_image_url":null,"twitter_image_custom_url":null,"twitter_image_custom_fields":null,"twitter_title":null,"twitter_description":null,"schema":{"blockGraphs":[],"customGraphs":[],"default":{"data":{"Article":[],"Course":[],"Dataset":[],"FAQPage":[],"Movie":[],"Person":[],"Product":[],"ProductReview":[],"Car":[],"Recipe":[],"Service":[],"SoftwareApplication":[],"WebPage":[]},"graphName":"","isEnabled":true},"graphs":[]},"schema_type":"default","schema_type_options":null,"pillar_content":false,"robots_default":true,"robots_noindex":false,"robots_noarchive":false,"robots_nosnippet":false,"robots_nofollow":false,"robots_noimageindex":false,"robots_noodp":false,"robots_notranslate":false,"robots_max_snippet":null,"robots_max_videopreview":null,"robots_max_imagepreview":"large","priority":null,"frequency":null,"local_seo":null,"seo_analyzer_scan_date":"2025-11-10 09:17:11","breadcrumb_settings":null,"limit_modified_date":false,"open_ai":null,"ai":null,"created":"2022-12-17 19:29:42","updated":"2025-11-10 09:17:11","focus_keyword":null,"additional_keywords":null,"truseo_locale":null},"aioseo_breadcrumb":"<div class=\"aioseo-breadcrumbs\"><span class=\"aioseo-breadcrumb\">\n\t<a href=\"https:\/\/www.claret.cat\/es\/\" title=\"Home\">Home<\/a>\n<\/span><span class=\"aioseo-breadcrumb-separator\">&raquo;<\/span><span class=\"aioseo-breadcrumb\">\n\t<a href=\"https:\/\/www.claret.cat\/?page_id=16\" title=\"Botiga\">Botiga<\/a>\n<\/span><span class=\"aioseo-breadcrumb-separator\">&raquo;<\/span><span class=\"aioseo-breadcrumb\">\n\t<a href=\"https:\/\/www.claret.cat\/categoria-producto\/cat\/\" title=\"CAT\">CAT<\/a>\n<\/span><span class=\"aioseo-breadcrumb-separator\">&raquo;<\/span><span class=\"aioseo-breadcrumb\">\n\t<a href=\"https:\/\/www.claret.cat\/categoria-producto\/cat\/1_espiritualitat\/\" title=\"Espiritualitat\">Espiritualitat<\/a>\n<\/span><span class=\"aioseo-breadcrumb-separator\">&raquo;<\/span><span class=\"aioseo-breadcrumb\">\n\t<a href=\"https:\/\/www.claret.cat\/categoria-producto\/cat\/1_espiritualitat\/biblia\/\" title=\"B\u00edblia\">B\u00edblia<\/a>\n<\/span><span class=\"aioseo-breadcrumb-separator\">&raquo;<\/span><span class=\"aioseo-breadcrumb\">\n\t<a href=\"https:\/\/www.claret.cat\/categoria-producto\/cat\/1_espiritualitat\/biblia\/manuals-i-guies\/\" title=\"Manuals i Guies\">Manuals i Guies<\/a>\n<\/span><span class=\"aioseo-breadcrumb-separator\">&raquo;<\/span><span class=\"aioseo-breadcrumb\">\n\tTIERRA SANTA: GU\u00cdA INTERIOR Y EXTERIOR\n<\/span><\/div>","aioseo_breadcrumb_json":[{"label":"Home","link":"https:\/\/www.claret.cat\/es\/"},{"label":"Botiga","link":"https:\/\/www.claret.cat\/?page_id=16"},{"label":"CAT","link":"https:\/\/www.claret.cat\/categoria-producto\/cat\/"},{"label":"Espiritualitat","link":"https:\/\/www.claret.cat\/categoria-producto\/cat\/1_espiritualitat\/"},{"label":"B\u00edblia","link":"https:\/\/www.claret.cat\/categoria-producto\/cat\/1_espiritualitat\/biblia\/"},{"label":"Manuals i Guies","link":"https:\/\/www.claret.cat\/categoria-producto\/cat\/1_espiritualitat\/biblia\/manuals-i-guies\/"},{"label":"TIERRA SANTA: GU\u00cdA INTERIOR Y EXTERIOR","link":"https:\/\/www.claret.cat\/es\/libro\/tierra-santa-guia-interior-y-exterior-9788428838870\/"}],"_links":{"self":[{"href":"https:\/\/www.claret.cat\/es\/wp-json\/wp\/v2\/product\/736","targetHints":{"allow":["GET"]}}],"collection":[{"href":"https:\/\/www.claret.cat\/es\/wp-json\/wp\/v2\/product"}],"about":[{"href":"https:\/\/www.claret.cat\/es\/wp-json\/wp\/v2\/types\/product"}],"wp:featuredmedia":[{"embeddable":true,"href":"https:\/\/www.claret.cat\/es\/wp-json\/wp\/v2\/media\/338449"}],"wp:attachment":[{"href":"https:\/\/www.claret.cat\/es\/wp-json\/wp\/v2\/media?parent=736"}],"wp:term":[{"taxonomy":"product_brand","embeddable":true,"href":"https:\/\/www.claret.cat\/es\/wp-json\/wp\/v2\/product_brand?post=736"},{"taxonomy":"product_cat","embeddable":true,"href":"https:\/\/www.claret.cat\/es\/wp-json\/wp\/v2\/product_cat?post=736"},{"taxonomy":"product_tag","embeddable":true,"href":"https:\/\/www.claret.cat\/es\/wp-json\/wp\/v2\/product_tag?post=736"}],"curies":[{"name":"wp","href":"https:\/\/api.w.org\/{rel}","templated":true}]}}