{"id":7742,"date":"2022-09-16T12:14:46","date_gmt":"2022-09-16T10:14:46","guid":{"rendered":"http:\/\/dev.claret.cat\/producte\/caminamos-con-jesus-guia\/"},"modified":"2024-05-23T11:46:15","modified_gmt":"2024-05-23T09:46:15","slug":"caminamos-con-jesusguia-9788482973951","status":"publish","type":"product","link":"https:\/\/www.claret.cat\/es\/libro\/caminamos-con-jesusguia-9788482973951\/","title":{"rendered":"CAMINAMOS CON JES\u00daS-guia"},"content":{"rendered":"<p>Gu\u00eda para el catequista del libro \u00abCaminamos con Jes\u00fas\u00bb, del segundo a\u00f1o de catequesis.<br \/>El libro es una versi\u00f3n profundamente revisada del Catecismo que, bajo el mismo nombre, se ha venido publicando durante catorce a\u00f1os, con una aceptaci\u00f3n que lo ha convertido en uno de los catecismos m\u00e1s difundidos de los publicados modernamente.<br \/>Destinados a ni\u00f1os y ni\u00f1as de 7 a 9 a\u00f1os.<\/p>\n","protected":false},"excerpt":{"rendered":"<p>HUGUET SERRANO, JESUS<\/p>\n","protected":false},"featured_media":376197,"template":"","meta":{"_acf_changed":false,"om_disable_all_campaigns":false,"rs_blank_template":"","rs_page_bg_color":"","slide_template_v7":"","inline_featured_image":false,"_monsterinsights_skip_tracking":false,"_monsterinsights_sitenote_active":false,"_monsterinsights_sitenote_note":"","_monsterinsights_sitenote_category":0},"product_brand":[],"product_cat":[388,226,581,267,405,217,476],"product_tag":[],"class_list":{"0":"post-7742","1":"product","2":"type-product","3":"status-publish","4":"has-post-thumbnail","6":"product_cat-didactica-catequesis-1_espiritualidad","7":"product_cat-didactica","8":"product_cat-editorial-claret","9":"product_cat-infantil-pastoral","10":"product_cat-infantil-pastoral-1_espiritualidad","11":"product_cat-postcomunio","12":"product_cat-postcomunion","14":"first","15":"instock","16":"taxable","17":"shipping-taxable","18":"purchasable","19":"product-type-simple"},"acf":{"autor":"HUGUET SERRANO, JESUS","codart":"848297395","libros-coleccion":"CATEQUESI - CASTELLA","ediciones":"1","encuadernacion":"R\u00fastica","fecha_de_publicacion":"01\/05\/2000","novedad":"0","paginas":"96","subtitulo":"GU\u00edA PARA LOS PADRES Y CATEQUISTAS","orden":"999","portada":"0","idioma":"spa","editorial":[{"ID":6158,"post_author":"3","post_date":"2022-07-28 17:46:08","post_date_gmt":"2022-07-28 15:46:08","post_content":"","post_title":"CLARET","post_excerpt":"","post_status":"publish","comment_status":"closed","ping_status":"closed","post_password":"","post_name":"claret","to_ping":"","pinged":"","post_modified":"2022-07-28 17:46:08","post_modified_gmt":"2022-07-28 15:46:08","post_content_filtered":"","post_parent":0,"guid":"http:\/\/dev.claret.cat\/editorial\/claret\/","menu_order":0,"post_type":"editorial","post_mime_type":"","comment_count":"0","filter":"raw"}],"autores-libros":[{"ID":8353,"post_author":"3","post_date":"2022-09-30 09:47:56","post_date_gmt":"2022-09-30 07:47:56","post_content":"","post_title":"JESUS HUGUET SERRANO","post_excerpt":"","post_status":"publish","comment_status":"closed","ping_status":"closed","post_password":"","post_name":"jesus-huguet-serrano","to_ping":"","pinged":"","post_modified":"2022-09-30 09:47:56","post_modified_gmt":"2022-09-30 07:47:56","post_content_filtered":"","post_parent":0,"guid":"http:\/\/dev.claret.cat\/autor\/jesus-huguet-serrano\/","menu_order":0,"post_type":"autor","post_mime_type":"","comment_count":"0","filter":"raw"},{"ID":8425,"post_author":"3","post_date":"2022-09-30 09:48:29","post_date_gmt":"2022-09-30 07:48:29","post_content":"","post_title":"RAMON TUNEU VILA","post_excerpt":"","post_status":"publish","comment_status":"closed","ping_status":"closed","post_password":"","post_name":"ramon-tuneu-vila","to_ping":"","pinged":"","post_modified":"2022-09-30 09:48:29","post_modified_gmt":"2022-09-30 07:48:29","post_content_filtered":"","post_parent":0,"guid":"http:\/\/dev.claret.cat\/autor\/ramon-tuneu-vila\/","menu_order":0,"post_type":"autor","post_mime_type":"","comment_count":"0","filter":"raw"}]},"aioseo_notices":[],"_links":{"self":[{"href":"https:\/\/www.claret.cat\/es\/wp-json\/wp\/v2\/product\/7742","targetHints":{"allow":["GET"]}}],"collection":[{"href":"https:\/\/www.claret.cat\/es\/wp-json\/wp\/v2\/product"}],"about":[{"href":"https:\/\/www.claret.cat\/es\/wp-json\/wp\/v2\/types\/product"}],"wp:featuredmedia":[{"embeddable":true,"href":"https:\/\/www.claret.cat\/es\/wp-json\/wp\/v2\/media\/376197"}],"wp:attachment":[{"href":"https:\/\/www.claret.cat\/es\/wp-json\/wp\/v2\/media?parent=7742"}],"wp:term":[{"taxonomy":"product_brand","embeddable":true,"href":"https:\/\/www.claret.cat\/es\/wp-json\/wp\/v2\/product_brand?post=7742"},{"taxonomy":"product_cat","embeddable":true,"href":"https:\/\/www.claret.cat\/es\/wp-json\/wp\/v2\/product_cat?post=7742"},{"taxonomy":"product_tag","embeddable":true,"href":"https:\/\/www.claret.cat\/es\/wp-json\/wp\/v2\/product_tag?post=7742"}],"curies":[{"name":"wp","href":"https:\/\/api.w.org\/{rel}","templated":true}]}}