{"id":786246,"date":"2023-09-18T17:36:16","date_gmt":"2023-09-18T15:36:16","guid":{"rendered":"https:\/\/www.claret.cat\/llibre\/el-largo-regreso-9788469866290\/"},"modified":"2024-12-23T19:15:22","modified_gmt":"2024-12-23T18:15:22","slug":"el-largo-regreso-9788469866290","status":"publish","type":"product","link":"https:\/\/www.claret.cat\/es\/libro\/el-largo-regreso-9788469866290\/","title":{"rendered":"EL LARGO REGRESO"},"content":{"rendered":"<p>Una desaparici\u00f3n misteriosa y un regreso no menos extra\u00f1o que enganchar\u00e1 a los lectores desde la primera p\u00e1gina. Cuatro a\u00f1os despu\u00e9s de su desaparici\u00f3n, Susana se presenta en casa como si nada hubiera pasado. Ante el desconcierto de la familia, y el suyo propio, la muchacha debe asumir que hay una laguna en su memoria que no es capaz de desvelar.<\/p>\n<p>Juzgada por el entorno y los medios de comunicaci\u00f3n, que siguieron de cerca su caso, colaborar\u00e1 con la polic\u00eda para intentar resolver el misterio de su ausencia estos a\u00f1os. \u00bfD\u00f3nde estuvo retenida? \u00bfQui\u00e9n se la llevo? \u00bfPor qu\u00e9 no recuerda nada? \u00bfC\u00f3mo pudo volver a casa?<\/p>\n<p>Demasiadas inc\u00f3gnitas que no parecen tener f\u00e1cil respuesta y que pondr\u00e1n a prueba no solo a Susana y los suyos, sino tambi\u00e9n a los que desean ayudarla y solucionar el caso.<\/p>\n","protected":false},"excerpt":{"rendered":"<p>SIERRA I FABRA, JORDI<\/p>\n","protected":false},"featured_media":959004,"template":"","meta":{"_acf_changed":false,"om_disable_all_campaigns":false,"rs_blank_template":"","rs_page_bg_color":"","slide_template_v7":"","inline_featured_image":false,"_monsterinsights_skip_tracking":false,"_monsterinsights_sitenote_active":false,"_monsterinsights_sitenote_note":"","_monsterinsights_sitenote_category":0},"product_brand":[],"product_cat":[117,566],"product_tag":[],"class_list":{"0":"post-786246","1":"product","2":"type-product","3":"status-publish","4":"has-post-thumbnail","6":"product_cat-juvenil","7":"product_cat-juvenil-3_infantil-juvenil-spa-spa","9":"first","10":"instock","11":"taxable","12":"shipping-taxable","13":"purchasable","14":"product-type-simple"},"acf":{"autor":"SIERRA I FABRA, JORDI","codart":"846986629","libros-coleccion":"FORA DE COL.LECCI\u00d3","ediciones":"1","encuadernacion":"R\u00fastica","fecha_de_publicacion":"01\/07\/2020","novedad":"1","paginas":"167","subtitulo":"","orden":"0","portada":"0","idioma":"spa","editorial":[{"ID":147432,"post_author":"3","post_date":"2022-10-14 11:50:32","post_date_gmt":"2022-10-14 09:50:32","post_content":"","post_title":"ANAYA EDUCACI\u00d3N","post_excerpt":"","post_status":"publish","comment_status":"closed","ping_status":"closed","post_password":"","post_name":"anaya-educacion","to_ping":"","pinged":"","post_modified":"2022-10-14 11:50:32","post_modified_gmt":"2022-10-14 09:50:32","post_content_filtered":"","post_parent":0,"guid":"http:\/\/dev.claret.cat\/editorial\/anaya-educacion\/","menu_order":0,"post_type":"editorial","post_mime_type":"","comment_count":"0","filter":"raw"}],"autores-libros":[{"ID":160013,"post_author":"3","post_date":"2022-10-14 15:49:35","post_date_gmt":"2022-10-14 13:49:35","post_content":"","post_title":"JORDI SIERRA I FABRA","post_excerpt":"","post_status":"publish","comment_status":"closed","ping_status":"closed","post_password":"","post_name":"jordi-sierra-i-fabra","to_ping":"","pinged":"","post_modified":"2022-10-14 15:49:35","post_modified_gmt":"2022-10-14 13:49:35","post_content_filtered":"","post_parent":0,"guid":"http:\/\/dev.claret.cat\/autor\/jordi-sierra-i-fabra\/","menu_order":0,"post_type":"autor","post_mime_type":"","comment_count":"0","filter":"raw"}]},"aioseo_notices":[],"_links":{"self":[{"href":"https:\/\/www.claret.cat\/es\/wp-json\/wp\/v2\/product\/786246","targetHints":{"allow":["GET"]}}],"collection":[{"href":"https:\/\/www.claret.cat\/es\/wp-json\/wp\/v2\/product"}],"about":[{"href":"https:\/\/www.claret.cat\/es\/wp-json\/wp\/v2\/types\/product"}],"wp:featuredmedia":[{"embeddable":true,"href":"https:\/\/www.claret.cat\/es\/wp-json\/wp\/v2\/media\/959004"}],"wp:attachment":[{"href":"https:\/\/www.claret.cat\/es\/wp-json\/wp\/v2\/media?parent=786246"}],"wp:term":[{"taxonomy":"product_brand","embeddable":true,"href":"https:\/\/www.claret.cat\/es\/wp-json\/wp\/v2\/product_brand?post=786246"},{"taxonomy":"product_cat","embeddable":true,"href":"https:\/\/www.claret.cat\/es\/wp-json\/wp\/v2\/product_cat?post=786246"},{"taxonomy":"product_tag","embeddable":true,"href":"https:\/\/www.claret.cat\/es\/wp-json\/wp\/v2\/product_tag?post=786246"}],"curies":[{"name":"wp","href":"https:\/\/api.w.org\/{rel}","templated":true}]}}