{"id":798159,"date":"2023-09-19T10:58:30","date_gmt":"2023-09-19T08:58:30","guid":{"rendered":"https:\/\/www.claret.cat\/llibre\/lo-que-esta-mal-en-el-mundo-9788496834736\/"},"modified":"2025-01-23T12:10:09","modified_gmt":"2025-01-23T11:10:09","slug":"lo-que-esta-mal-en-el-mundo-9788496834736","status":"publish","type":"product","link":"https:\/\/www.claret.cat\/es\/libro\/lo-que-esta-mal-en-el-mundo-9788496834736\/","title":{"rendered":"LO QUE EST\u00c1 MAL EN EL MUNDO"},"content":{"rendered":"<p>\u00abTodo libro de investigaci\u00f3n social moderna tiene una estructura de alg\u00fan modo muy definida. Empieza por regla general con un an\u00e1lisis, con estad\u00edsticas, tablas de poblaci\u00f3n, la disminuci\u00f3n de la delincuencia entre los congregacionistas, el crecimiento de la histeria entre los polic\u00edas y otros hechos igualmente comprobados; acaba con un cap\u00edtulo que normalmente se llama &#8216;La soluci\u00f3n&#8217;. Suele deberse casi enteramente a este cuidadoso, s\u00f3lido y cient\u00edfico m\u00e9todo el hecho de que &#8216;La soluci\u00f3n&#8217; nunca se encuentre, pues este esquema de preguntas y respuestas m\u00e9dicas es un disparate; el primer gran disparate de la sociolog\u00eda. Siempre debe declararse la enfermedad antes de que encontremos la cura. Pero es la entera definici\u00f3n y dignidad del hombre lo que, en cuestiones sociales, nos impone encontrar la cura antes de encontrar la enfermedad\u00bb.<\/p>\n","protected":false},"excerpt":{"rendered":"<p>CHESTERTON, G.K.<\/p>\n","protected":false},"featured_media":798160,"template":"","meta":{"_acf_changed":false,"om_disable_all_campaigns":false,"rs_blank_template":"","rs_page_bg_color":"","slide_template_v7":"","inline_featured_image":false,"_monsterinsights_skip_tracking":false},"product_brand":[],"product_cat":[279,509,288,514],"product_tag":[],"class_list":["post-798159","product","type-product","status-publish","has-post-thumbnail","product_cat-antropologia-teologica","product_cat-antropologia-teologica-teologia-1_espiritualidad","product_cat-moral-fonamental","product_cat-moral-fundamental","first","instock","taxable","shipping-taxable","purchasable","product-type-simple"],"acf":{"autor":"CHESTERTON, G.K.","codart":"849683473","libros-coleccion":"El Acantilado","ediciones":"1","encuadernacion":"R\u00fastica","fecha_de_publicacion":"01\/05\/2008","novedad":"0","paginas":"256","subtitulo":"","orden":"0","portada":"0","idioma":"spa","editorial":[{"ID":6111,"post_author":"3","post_date":"2022-07-28 17:45:08","post_date_gmt":"2022-07-28 15:45:08","post_content":"","post_title":"ACANTILADO","post_excerpt":"","post_status":"publish","comment_status":"closed","ping_status":"closed","post_password":"","post_name":"acantilado","to_ping":"","pinged":"","post_modified":"2022-07-28 17:45:08","post_modified_gmt":"2022-07-28 15:45:08","post_content_filtered":"","post_parent":0,"guid":"http:\/\/dev.claret.cat\/editorial\/acantilado\/","menu_order":0,"post_type":"editorial","post_mime_type":"","comment_count":"0","filter":"raw"}],"autores-libros":[{"ID":5501,"post_author":"3","post_date":"2022-07-28 17:25:20","post_date_gmt":"2022-07-28 15:25:20","post_content":"","post_title":"G.K. CHESTERTON","post_excerpt":"","post_status":"publish","comment_status":"closed","ping_status":"closed","post_password":"","post_name":"g-k-chesterton","to_ping":"","pinged":"","post_modified":"2022-07-28 17:25:20","post_modified_gmt":"2022-07-28 15:25:20","post_content_filtered":"","post_parent":0,"guid":"http:\/\/dev.claret.cat\/autor\/g-k-chesterton\/","menu_order":0,"post_type":"autor","post_mime_type":"","comment_count":"0","filter":"raw"}]},"aioseo_notices":[],"aioseo_head":"\n\t\t<!-- All in One SEO Pro 5.0.1.1 - aioseo.com -->\n\t<meta name=\"description\" content=\"LO QUE EST\u00c1 MAL EN EL MUNDO de CHESTERTON, G.K. disponible a\/en Llibreria Claret.\" \/>\n\t<meta name=\"robots\" content=\"max-image-preview:large\" \/>\n\t<meta name=\"google-site-verification\" content=\"xVtlFxJ-TfkIu-D-lt7XeLobefg5EIQiXTuqcSf8Rf0\" \/>\n\t<link rel=\"canonical\" href=\"https:\/\/www.claret.cat\/es\/libro\/lo-que-esta-mal-en-el-mundo-9788496834736\/\" \/>\n\t<meta name=\"generator\" content=\"All in One SEO Pro (AIOSEO) 5.0.1.1\" \/>\n\t\t<meta property=\"og:locale\" content=\"es_ES\" \/>\n\t\t<meta property=\"og:site_name\" content=\"Llibreria Claret - Llibreria religiosa a Barcelona\" \/>\n\t\t<meta property=\"og:type\" content=\"article\" \/>\n\t\t<meta property=\"og:title\" content=\"LO QUE EST\u00c1 MAL EN EL MUNDO - CHESTERTON, G.K. 9788496834736 | Llibreria Claret\" \/>\n\t\t<meta property=\"og:description\" content=\"LO QUE EST\u00c1 MAL EN EL MUNDO de CHESTERTON, G.K. disponible a\/en Llibreria Claret.\" \/>\n\t\t<meta property=\"og:url\" content=\"https:\/\/www.claret.cat\/es\/libro\/lo-que-esta-mal-en-el-mundo-9788496834736\/\" \/>\n\t\t<meta property=\"og:image\" content=\"https:\/\/dev.claret.cat\/wp-content\/uploads\/logo-claret.svg\" \/>\n\t\t<meta property=\"og:image:secure_url\" content=\"https:\/\/dev.claret.cat\/wp-content\/uploads\/logo-claret.svg\" \/>\n\t\t<meta property=\"article:published_time\" content=\"2023-09-19T08:58:30+00:00\" \/>\n\t\t<meta property=\"article:modified_time\" content=\"2025-01-23T11:10:09+00:00\" \/>\n\t\t<meta property=\"article:publisher\" content=\"https:\/\/www.facebook.com\/LlibreriaClaret\" \/>\n\t\t<meta name=\"twitter:card\" content=\"summary_large_image\" \/>\n\t\t<meta name=\"twitter:site\" content=\"@LlibreriaClaret\" \/>\n\t\t<meta name=\"twitter:title\" content=\"LO QUE EST\u00c1 MAL EN EL MUNDO - CHESTERTON, G.K. 9788496834736 | Llibreria Claret\" \/>\n\t\t<meta name=\"twitter:description\" content=\"LO QUE EST\u00c1 MAL EN EL MUNDO de CHESTERTON, G.K. disponible a\/en Llibreria Claret.\" \/>\n\t\t<meta name=\"twitter:image\" content=\"http:\/\/dev.claret.cat\/wp-content\/uploads\/logo-claret.svg\" \/>\n\t\t<script type=\"application\/ld+json\" class=\"aioseo-schema\">\n\t\t\t{\"@context\":\"https:\\\/\\\/schema.org\",\"@graph\":[{\"@type\":\"BreadcrumbList\",\"@id\":\"https:\\\/\\\/www.claret.cat\\\/es\\\/libro\\\/lo-que-esta-mal-en-el-mundo-9788496834736\\\/#breadcrumblist\",\"itemListElement\":[{\"@type\":\"ListItem\",\"@id\":\"https:\\\/\\\/www.claret.cat\\\/es\\\/#listItem\",\"position\":1,\"name\":\"Home\",\"item\":\"https:\\\/\\\/www.claret.cat\\\/es\\\/\",\"nextItem\":{\"@type\":\"ListItem\",\"@id\":\"https:\\\/\\\/www.claret.cat\\\/?page_id=16#listItem\",\"name\":\"Botiga\"}},{\"@type\":\"ListItem\",\"@id\":\"https:\\\/\\\/www.claret.cat\\\/?page_id=16#listItem\",\"position\":2,\"name\":\"Botiga\",\"item\":\"https:\\\/\\\/www.claret.cat\\\/?page_id=16\",\"nextItem\":{\"@type\":\"ListItem\",\"@id\":\"https:\\\/\\\/www.claret.cat\\\/categoria-producto\\\/cat\\\/#listItem\",\"name\":\"CAT\"},\"previousItem\":{\"@type\":\"ListItem\",\"@id\":\"https:\\\/\\\/www.claret.cat\\\/es\\\/#listItem\",\"name\":\"Home\"}},{\"@type\":\"ListItem\",\"@id\":\"https:\\\/\\\/www.claret.cat\\\/categoria-producto\\\/cat\\\/#listItem\",\"position\":3,\"name\":\"CAT\",\"item\":\"https:\\\/\\\/www.claret.cat\\\/categoria-producto\\\/cat\\\/\",\"nextItem\":{\"@type\":\"ListItem\",\"@id\":\"https:\\\/\\\/www.claret.cat\\\/categoria-producto\\\/cat\\\/1_espiritualitat\\\/#listItem\",\"name\":\"Espiritualitat\"},\"previousItem\":{\"@type\":\"ListItem\",\"@id\":\"https:\\\/\\\/www.claret.cat\\\/?page_id=16#listItem\",\"name\":\"Botiga\"}},{\"@type\":\"ListItem\",\"@id\":\"https:\\\/\\\/www.claret.cat\\\/categoria-producto\\\/cat\\\/1_espiritualitat\\\/#listItem\",\"position\":4,\"name\":\"Espiritualitat\",\"item\":\"https:\\\/\\\/www.claret.cat\\\/categoria-producto\\\/cat\\\/1_espiritualitat\\\/\",\"nextItem\":{\"@type\":\"ListItem\",\"@id\":\"https:\\\/\\\/www.claret.cat\\\/categoria-producto\\\/cat\\\/1_espiritualitat\\\/teologia\\\/#listItem\",\"name\":\"Teologia\"},\"previousItem\":{\"@type\":\"ListItem\",\"@id\":\"https:\\\/\\\/www.claret.cat\\\/categoria-producto\\\/cat\\\/#listItem\",\"name\":\"CAT\"}},{\"@type\":\"ListItem\",\"@id\":\"https:\\\/\\\/www.claret.cat\\\/categoria-producto\\\/cat\\\/1_espiritualitat\\\/teologia\\\/#listItem\",\"position\":5,\"name\":\"Teologia\",\"item\":\"https:\\\/\\\/www.claret.cat\\\/categoria-producto\\\/cat\\\/1_espiritualitat\\\/teologia\\\/\",\"nextItem\":{\"@type\":\"ListItem\",\"@id\":\"https:\\\/\\\/www.claret.cat\\\/categoria-producto\\\/cat\\\/1_espiritualitat\\\/teologia\\\/antropologia-teologica\\\/#listItem\",\"name\":\"Antropologia Teol\\u00f2gica\"},\"previousItem\":{\"@type\":\"ListItem\",\"@id\":\"https:\\\/\\\/www.claret.cat\\\/categoria-producto\\\/cat\\\/1_espiritualitat\\\/#listItem\",\"name\":\"Espiritualitat\"}},{\"@type\":\"ListItem\",\"@id\":\"https:\\\/\\\/www.claret.cat\\\/categoria-producto\\\/cat\\\/1_espiritualitat\\\/teologia\\\/antropologia-teologica\\\/#listItem\",\"position\":6,\"name\":\"Antropologia Teol\\u00f2gica\",\"item\":\"https:\\\/\\\/www.claret.cat\\\/categoria-producto\\\/cat\\\/1_espiritualitat\\\/teologia\\\/antropologia-teologica\\\/\",\"nextItem\":{\"@type\":\"ListItem\",\"@id\":\"https:\\\/\\\/www.claret.cat\\\/es\\\/libro\\\/lo-que-esta-mal-en-el-mundo-9788496834736\\\/#listItem\",\"name\":\"LO QUE EST\\u00c1 MAL EN EL MUNDO\"},\"previousItem\":{\"@type\":\"ListItem\",\"@id\":\"https:\\\/\\\/www.claret.cat\\\/categoria-producto\\\/cat\\\/1_espiritualitat\\\/teologia\\\/#listItem\",\"name\":\"Teologia\"}},{\"@type\":\"ListItem\",\"@id\":\"https:\\\/\\\/www.claret.cat\\\/es\\\/libro\\\/lo-que-esta-mal-en-el-mundo-9788496834736\\\/#listItem\",\"position\":7,\"name\":\"LO QUE EST\\u00c1 MAL EN EL MUNDO\",\"previousItem\":{\"@type\":\"ListItem\",\"@id\":\"https:\\\/\\\/www.claret.cat\\\/categoria-producto\\\/cat\\\/1_espiritualitat\\\/teologia\\\/antropologia-teologica\\\/#listItem\",\"name\":\"Antropologia Teol\\u00f2gica\"}}]},{\"@type\":\"ItemPage\",\"@id\":\"https:\\\/\\\/www.claret.cat\\\/es\\\/libro\\\/lo-que-esta-mal-en-el-mundo-9788496834736\\\/#itempage\",\"url\":\"https:\\\/\\\/www.claret.cat\\\/es\\\/libro\\\/lo-que-esta-mal-en-el-mundo-9788496834736\\\/\",\"name\":\"LO QUE EST\\u00c1 MAL EN EL MUNDO - CHESTERTON, G.K. 9788496834736 | Llibreria Claret\",\"description\":\"LO QUE EST\\u00c1 MAL EN EL MUNDO de CHESTERTON, G.K. disponible a\\\/en Llibreria Claret.\",\"inLanguage\":\"es-ES\",\"isPartOf\":{\"@id\":\"https:\\\/\\\/www.claret.cat\\\/es\\\/#website\"},\"breadcrumb\":{\"@id\":\"https:\\\/\\\/www.claret.cat\\\/es\\\/libro\\\/lo-que-esta-mal-en-el-mundo-9788496834736\\\/#breadcrumblist\"},\"image\":{\"@type\":\"ImageObject\",\"url\":\"https:\\\/\\\/www.claret.cat\\\/wp-content\\\/uploads\\\/.\\\/9788496834736.jpg\",\"@id\":\"https:\\\/\\\/www.claret.cat\\\/es\\\/libro\\\/lo-que-esta-mal-en-el-mundo-9788496834736\\\/#mainImage\",\"width\":945,\"height\":1490,\"caption\":\"9788496834736.jpg\"},\"primaryImageOfPage\":{\"@id\":\"https:\\\/\\\/www.claret.cat\\\/es\\\/libro\\\/lo-que-esta-mal-en-el-mundo-9788496834736\\\/#mainImage\"},\"datePublished\":\"2023-09-19T10:58:30+02:00\",\"dateModified\":\"2025-01-23T12:10:09+01:00\"},{\"@type\":\"Organization\",\"@id\":\"https:\\\/\\\/www.claret.cat\\\/es\\\/#organization\",\"name\":\"Llibreria Claret\",\"description\":\"Llibreria religiosa a Barcelona\",\"url\":\"https:\\\/\\\/www.claret.cat\\\/es\\\/\",\"email\":\"comunicacio@claret.cat\",\"telephone\":\"+34933010887\",\"logo\":{\"@type\":\"ImageObject\",\"url\":\"https:\\\/\\\/www.claret.cat\\\/wp-content\\\/uploads\\\/.\\\/logo-claret-es.png\",\"@id\":\"https:\\\/\\\/www.claret.cat\\\/es\\\/libro\\\/lo-que-esta-mal-en-el-mundo-9788496834736\\\/#organizationLogo\",\"width\":195,\"height\":79},\"image\":{\"@id\":\"https:\\\/\\\/www.claret.cat\\\/es\\\/libro\\\/lo-que-esta-mal-en-el-mundo-9788496834736\\\/#organizationLogo\"},\"sameAs\":[\"https:\\\/\\\/www.facebook.com\\\/LlibreriaClaret\",\"https:\\\/\\\/twitter.com\\\/LlibreriaClaret\",\"https:\\\/\\\/www.instagram.com\\\/llibreriaclaret\\\/\",\"https:\\\/\\\/www.tiktok.com\\\/@llibreriaclaret\",\"https:\\\/\\\/www.youtube.com\\\/@llibreriaclaret\",\"https:\\\/\\\/ca.wikipedia.org\\\/wiki\\\/Editorial_Claret\"]},{\"@type\":\"WebPage\",\"@id\":\"https:\\\/\\\/www.claret.cat\\\/es\\\/libro\\\/lo-que-esta-mal-en-el-mundo-9788496834736\\\/#webpage\",\"url\":\"https:\\\/\\\/www.claret.cat\\\/es\\\/libro\\\/lo-que-esta-mal-en-el-mundo-9788496834736\\\/\",\"name\":\"LO QUE EST\\u00c1 MAL EN EL MUNDO - CHESTERTON, G.K. 9788496834736 | Llibreria Claret\",\"description\":\"LO QUE EST\\u00c1 MAL EN EL MUNDO de CHESTERTON, G.K. disponible a\\\/en Llibreria Claret.\",\"inLanguage\":\"es-ES\",\"isPartOf\":{\"@id\":\"https:\\\/\\\/www.claret.cat\\\/es\\\/#website\"},\"breadcrumb\":{\"@id\":\"https:\\\/\\\/www.claret.cat\\\/es\\\/libro\\\/lo-que-esta-mal-en-el-mundo-9788496834736\\\/#breadcrumblist\"},\"image\":{\"@type\":\"ImageObject\",\"url\":\"https:\\\/\\\/www.claret.cat\\\/wp-content\\\/uploads\\\/.\\\/9788496834736.jpg\",\"@id\":\"https:\\\/\\\/www.claret.cat\\\/es\\\/libro\\\/lo-que-esta-mal-en-el-mundo-9788496834736\\\/#mainImage\",\"width\":945,\"height\":1490,\"caption\":\"9788496834736.jpg\"},\"primaryImageOfPage\":{\"@id\":\"https:\\\/\\\/www.claret.cat\\\/es\\\/libro\\\/lo-que-esta-mal-en-el-mundo-9788496834736\\\/#mainImage\"},\"datePublished\":\"2023-09-19T10:58:30+02:00\",\"dateModified\":\"2025-01-23T12:10:09+01:00\"},{\"@type\":\"WebSite\",\"@id\":\"https:\\\/\\\/www.claret.cat\\\/es\\\/#website\",\"url\":\"https:\\\/\\\/www.claret.cat\\\/es\\\/\",\"name\":\"Llibreria Claret Barcelona\",\"alternateName\":\"Llibreria Claret\",\"description\":\"Llibreria religiosa a Barcelona\",\"inLanguage\":\"es-ES\",\"publisher\":{\"@id\":\"https:\\\/\\\/www.claret.cat\\\/es\\\/#organization\"}}]}\n\t\t<\/script>\n\t\t<!-- All in One SEO Pro -->\r\n\t\t<title>LO QUE EST\u00c1 MAL EN EL MUNDO - CHESTERTON, G.K. 9788496834736 | Llibreria Claret<\/title>\n\n","aioseo_head_json":{"title":"LO QUE EST\u00c1 MAL EN EL MUNDO - CHESTERTON, G.K. 9788496834736 | Llibreria Claret","description":"LO QUE EST\u00c1 MAL EN EL MUNDO de CHESTERTON, G.K. disponible a\/en Llibreria Claret.","canonical_url":"https:\/\/www.claret.cat\/es\/libro\/lo-que-esta-mal-en-el-mundo-9788496834736\/","robots":"max-image-preview:large","keywords":"","webmasterTools":{"google-site-verification":"xVtlFxJ-TfkIu-D-lt7XeLobefg5EIQiXTuqcSf8Rf0","miscellaneous":""},"schema":{"@context":"https:\/\/schema.org","@graph":[{"@type":"BreadcrumbList","@id":"https:\/\/www.claret.cat\/es\/libro\/lo-que-esta-mal-en-el-mundo-9788496834736\/#breadcrumblist","itemListElement":[{"@type":"ListItem","@id":"https:\/\/www.claret.cat\/es\/#listItem","position":1,"name":"Home","item":"https:\/\/www.claret.cat\/es\/","nextItem":{"@type":"ListItem","@id":"https:\/\/www.claret.cat\/?page_id=16#listItem","name":"Botiga"}},{"@type":"ListItem","@id":"https:\/\/www.claret.cat\/?page_id=16#listItem","position":2,"name":"Botiga","item":"https:\/\/www.claret.cat\/?page_id=16","nextItem":{"@type":"ListItem","@id":"https:\/\/www.claret.cat\/categoria-producto\/cat\/#listItem","name":"CAT"},"previousItem":{"@type":"ListItem","@id":"https:\/\/www.claret.cat\/es\/#listItem","name":"Home"}},{"@type":"ListItem","@id":"https:\/\/www.claret.cat\/categoria-producto\/cat\/#listItem","position":3,"name":"CAT","item":"https:\/\/www.claret.cat\/categoria-producto\/cat\/","nextItem":{"@type":"ListItem","@id":"https:\/\/www.claret.cat\/categoria-producto\/cat\/1_espiritualitat\/#listItem","name":"Espiritualitat"},"previousItem":{"@type":"ListItem","@id":"https:\/\/www.claret.cat\/?page_id=16#listItem","name":"Botiga"}},{"@type":"ListItem","@id":"https:\/\/www.claret.cat\/categoria-producto\/cat\/1_espiritualitat\/#listItem","position":4,"name":"Espiritualitat","item":"https:\/\/www.claret.cat\/categoria-producto\/cat\/1_espiritualitat\/","nextItem":{"@type":"ListItem","@id":"https:\/\/www.claret.cat\/categoria-producto\/cat\/1_espiritualitat\/teologia\/#listItem","name":"Teologia"},"previousItem":{"@type":"ListItem","@id":"https:\/\/www.claret.cat\/categoria-producto\/cat\/#listItem","name":"CAT"}},{"@type":"ListItem","@id":"https:\/\/www.claret.cat\/categoria-producto\/cat\/1_espiritualitat\/teologia\/#listItem","position":5,"name":"Teologia","item":"https:\/\/www.claret.cat\/categoria-producto\/cat\/1_espiritualitat\/teologia\/","nextItem":{"@type":"ListItem","@id":"https:\/\/www.claret.cat\/categoria-producto\/cat\/1_espiritualitat\/teologia\/antropologia-teologica\/#listItem","name":"Antropologia Teol\u00f2gica"},"previousItem":{"@type":"ListItem","@id":"https:\/\/www.claret.cat\/categoria-producto\/cat\/1_espiritualitat\/#listItem","name":"Espiritualitat"}},{"@type":"ListItem","@id":"https:\/\/www.claret.cat\/categoria-producto\/cat\/1_espiritualitat\/teologia\/antropologia-teologica\/#listItem","position":6,"name":"Antropologia Teol\u00f2gica","item":"https:\/\/www.claret.cat\/categoria-producto\/cat\/1_espiritualitat\/teologia\/antropologia-teologica\/","nextItem":{"@type":"ListItem","@id":"https:\/\/www.claret.cat\/es\/libro\/lo-que-esta-mal-en-el-mundo-9788496834736\/#listItem","name":"LO QUE EST\u00c1 MAL EN EL MUNDO"},"previousItem":{"@type":"ListItem","@id":"https:\/\/www.claret.cat\/categoria-producto\/cat\/1_espiritualitat\/teologia\/#listItem","name":"Teologia"}},{"@type":"ListItem","@id":"https:\/\/www.claret.cat\/es\/libro\/lo-que-esta-mal-en-el-mundo-9788496834736\/#listItem","position":7,"name":"LO QUE EST\u00c1 MAL EN EL MUNDO","previousItem":{"@type":"ListItem","@id":"https:\/\/www.claret.cat\/categoria-producto\/cat\/1_espiritualitat\/teologia\/antropologia-teologica\/#listItem","name":"Antropologia Teol\u00f2gica"}}]},{"@type":"ItemPage","@id":"https:\/\/www.claret.cat\/es\/libro\/lo-que-esta-mal-en-el-mundo-9788496834736\/#itempage","url":"https:\/\/www.claret.cat\/es\/libro\/lo-que-esta-mal-en-el-mundo-9788496834736\/","name":"LO QUE EST\u00c1 MAL EN EL MUNDO - CHESTERTON, G.K. 9788496834736 | Llibreria Claret","description":"LO QUE EST\u00c1 MAL EN EL MUNDO de CHESTERTON, G.K. disponible a\/en Llibreria Claret.","inLanguage":"es-ES","isPartOf":{"@id":"https:\/\/www.claret.cat\/es\/#website"},"breadcrumb":{"@id":"https:\/\/www.claret.cat\/es\/libro\/lo-que-esta-mal-en-el-mundo-9788496834736\/#breadcrumblist"},"image":{"@type":"ImageObject","url":"https:\/\/www.claret.cat\/wp-content\/uploads\/.\/9788496834736.jpg","@id":"https:\/\/www.claret.cat\/es\/libro\/lo-que-esta-mal-en-el-mundo-9788496834736\/#mainImage","width":945,"height":1490,"caption":"9788496834736.jpg"},"primaryImageOfPage":{"@id":"https:\/\/www.claret.cat\/es\/libro\/lo-que-esta-mal-en-el-mundo-9788496834736\/#mainImage"},"datePublished":"2023-09-19T10:58:30+02:00","dateModified":"2025-01-23T12:10:09+01:00"},{"@type":"Organization","@id":"https:\/\/www.claret.cat\/es\/#organization","name":"Llibreria Claret","description":"Llibreria religiosa a Barcelona","url":"https:\/\/www.claret.cat\/es\/","email":"comunicacio@claret.cat","telephone":"+34933010887","logo":{"@type":"ImageObject","url":"https:\/\/www.claret.cat\/wp-content\/uploads\/.\/logo-claret-es.png","@id":"https:\/\/www.claret.cat\/es\/libro\/lo-que-esta-mal-en-el-mundo-9788496834736\/#organizationLogo","width":195,"height":79},"image":{"@id":"https:\/\/www.claret.cat\/es\/libro\/lo-que-esta-mal-en-el-mundo-9788496834736\/#organizationLogo"},"sameAs":["https:\/\/www.facebook.com\/LlibreriaClaret","https:\/\/twitter.com\/LlibreriaClaret","https:\/\/www.instagram.com\/llibreriaclaret\/","https:\/\/www.tiktok.com\/@llibreriaclaret","https:\/\/www.youtube.com\/@llibreriaclaret","https:\/\/ca.wikipedia.org\/wiki\/Editorial_Claret"]},{"@type":"WebPage","@id":"https:\/\/www.claret.cat\/es\/libro\/lo-que-esta-mal-en-el-mundo-9788496834736\/#webpage","url":"https:\/\/www.claret.cat\/es\/libro\/lo-que-esta-mal-en-el-mundo-9788496834736\/","name":"LO QUE EST\u00c1 MAL EN EL MUNDO - CHESTERTON, G.K. 9788496834736 | Llibreria Claret","description":"LO QUE EST\u00c1 MAL EN EL MUNDO de CHESTERTON, G.K. disponible a\/en Llibreria Claret.","inLanguage":"es-ES","isPartOf":{"@id":"https:\/\/www.claret.cat\/es\/#website"},"breadcrumb":{"@id":"https:\/\/www.claret.cat\/es\/libro\/lo-que-esta-mal-en-el-mundo-9788496834736\/#breadcrumblist"},"image":{"@type":"ImageObject","url":"https:\/\/www.claret.cat\/wp-content\/uploads\/.\/9788496834736.jpg","@id":"https:\/\/www.claret.cat\/es\/libro\/lo-que-esta-mal-en-el-mundo-9788496834736\/#mainImage","width":945,"height":1490,"caption":"9788496834736.jpg"},"primaryImageOfPage":{"@id":"https:\/\/www.claret.cat\/es\/libro\/lo-que-esta-mal-en-el-mundo-9788496834736\/#mainImage"},"datePublished":"2023-09-19T10:58:30+02:00","dateModified":"2025-01-23T12:10:09+01:00"},{"@type":"WebSite","@id":"https:\/\/www.claret.cat\/es\/#website","url":"https:\/\/www.claret.cat\/es\/","name":"Llibreria Claret Barcelona","alternateName":"Llibreria Claret","description":"Llibreria religiosa a Barcelona","inLanguage":"es-ES","publisher":{"@id":"https:\/\/www.claret.cat\/es\/#organization"}}]},"og:locale":"es_ES","og:site_name":"Llibreria Claret - Llibreria religiosa a Barcelona","og:type":"article","og:title":"LO QUE EST\u00c1 MAL EN EL MUNDO - CHESTERTON, G.K. 9788496834736 | Llibreria Claret","og:description":"LO QUE EST\u00c1 MAL EN EL MUNDO de CHESTERTON, G.K. disponible a\/en Llibreria Claret.","og:url":"https:\/\/www.claret.cat\/es\/libro\/lo-que-esta-mal-en-el-mundo-9788496834736\/","og:image":"https:\/\/dev.claret.cat\/wp-content\/uploads\/logo-claret.svg","og:image:secure_url":"https:\/\/dev.claret.cat\/wp-content\/uploads\/logo-claret.svg","article:published_time":"2023-09-19T08:58:30+00:00","article:modified_time":"2025-01-23T11:10:09+00:00","article:publisher":"https:\/\/www.facebook.com\/LlibreriaClaret","twitter:card":"summary_large_image","twitter:site":"@LlibreriaClaret","twitter:title":"LO QUE EST\u00c1 MAL EN EL MUNDO - CHESTERTON, G.K. 9788496834736 | Llibreria Claret","twitter:description":"LO QUE EST\u00c1 MAL EN EL MUNDO de CHESTERTON, G.K. disponible a\/en Llibreria Claret.","twitter:image":"http:\/\/dev.claret.cat\/wp-content\/uploads\/logo-claret.svg"},"aioseo_meta_data":{"post_id":"798159","title":null,"description":null,"keywords":null,"keyphrases":null,"primary_term":null,"canonical_url":null,"og_title":null,"og_description":null,"og_object_type":"default","og_image_type":"default","og_image_url":null,"og_image_width":null,"og_image_height":null,"og_image_custom_url":null,"og_image_custom_fields":null,"og_video":null,"og_custom_url":null,"og_article_section":null,"og_article_tags":null,"twitter_use_og":false,"twitter_card":"default","twitter_image_type":"default","twitter_image_url":null,"twitter_image_custom_url":null,"twitter_image_custom_fields":null,"twitter_title":null,"twitter_description":null,"schema":{"blockGraphs":[],"customGraphs":[],"default":{"data":{"Article":[],"Course":[],"Dataset":[],"FAQPage":[],"Movie":[],"Person":[],"Product":[],"ProductReview":[],"Car":[],"Recipe":[],"Service":[],"SoftwareApplication":[],"WebPage":[]},"graphName":"","isEnabled":true},"graphs":[]},"schema_type":"default","schema_type_options":null,"pillar_content":false,"robots_default":true,"robots_noindex":false,"robots_noarchive":false,"robots_nosnippet":false,"robots_nofollow":false,"robots_noimageindex":false,"robots_noodp":false,"robots_notranslate":false,"robots_max_snippet":null,"robots_max_videopreview":null,"robots_max_imagepreview":"large","priority":null,"frequency":null,"local_seo":null,"seo_analyzer_scan_date":"2026-06-09 15:37:32","breadcrumb_settings":null,"limit_modified_date":false,"open_ai":null,"ai":null,"created":"2023-09-19 09:04:13","updated":"2026-06-09 15:37:32","focus_keyword":null,"additional_keywords":null,"truseo_locale":null},"aioseo_breadcrumb":"<div class=\"aioseo-breadcrumbs\"><span class=\"aioseo-breadcrumb\">\n\t<a href=\"https:\/\/www.claret.cat\/es\/\" title=\"Home\">Home<\/a>\n<\/span><span class=\"aioseo-breadcrumb-separator\">&raquo;<\/span><span class=\"aioseo-breadcrumb\">\n\t<a href=\"https:\/\/www.claret.cat\/?page_id=16\" title=\"Botiga\">Botiga<\/a>\n<\/span><span class=\"aioseo-breadcrumb-separator\">&raquo;<\/span><span class=\"aioseo-breadcrumb\">\n\t<a href=\"https:\/\/www.claret.cat\/categoria-producto\/cat\/\" title=\"CAT\">CAT<\/a>\n<\/span><span class=\"aioseo-breadcrumb-separator\">&raquo;<\/span><span class=\"aioseo-breadcrumb\">\n\t<a href=\"https:\/\/www.claret.cat\/categoria-producto\/cat\/1_espiritualitat\/\" title=\"Espiritualitat\">Espiritualitat<\/a>\n<\/span><span class=\"aioseo-breadcrumb-separator\">&raquo;<\/span><span class=\"aioseo-breadcrumb\">\n\t<a href=\"https:\/\/www.claret.cat\/categoria-producto\/cat\/1_espiritualitat\/teologia\/\" title=\"Teologia\">Teologia<\/a>\n<\/span><span class=\"aioseo-breadcrumb-separator\">&raquo;<\/span><span class=\"aioseo-breadcrumb\">\n\t<a href=\"https:\/\/www.claret.cat\/categoria-producto\/cat\/1_espiritualitat\/teologia\/antropologia-teologica\/\" title=\"Antropologia Teol\u00f2gica\">Antropologia Teol\u00f2gica<\/a>\n<\/span><span class=\"aioseo-breadcrumb-separator\">&raquo;<\/span><span class=\"aioseo-breadcrumb\">\n\tLO QUE EST\u00c1 MAL EN EL MUNDO\n<\/span><\/div>","aioseo_breadcrumb_json":[{"label":"Home","link":"https:\/\/www.claret.cat\/es\/"},{"label":"Botiga","link":"https:\/\/www.claret.cat\/?page_id=16"},{"label":"CAT","link":"https:\/\/www.claret.cat\/categoria-producto\/cat\/"},{"label":"Espiritualitat","link":"https:\/\/www.claret.cat\/categoria-producto\/cat\/1_espiritualitat\/"},{"label":"Teologia","link":"https:\/\/www.claret.cat\/categoria-producto\/cat\/1_espiritualitat\/teologia\/"},{"label":"Antropologia Teol\u00f2gica","link":"https:\/\/www.claret.cat\/categoria-producto\/cat\/1_espiritualitat\/teologia\/antropologia-teologica\/"},{"label":"LO QUE EST\u00c1 MAL EN EL MUNDO","link":"https:\/\/www.claret.cat\/es\/libro\/lo-que-esta-mal-en-el-mundo-9788496834736\/"}],"_links":{"self":[{"href":"https:\/\/www.claret.cat\/es\/wp-json\/wp\/v2\/product\/798159","targetHints":{"allow":["GET"]}}],"collection":[{"href":"https:\/\/www.claret.cat\/es\/wp-json\/wp\/v2\/product"}],"about":[{"href":"https:\/\/www.claret.cat\/es\/wp-json\/wp\/v2\/types\/product"}],"wp:featuredmedia":[{"embeddable":true,"href":"https:\/\/www.claret.cat\/es\/wp-json\/wp\/v2\/media\/798160"}],"wp:attachment":[{"href":"https:\/\/www.claret.cat\/es\/wp-json\/wp\/v2\/media?parent=798159"}],"wp:term":[{"taxonomy":"product_brand","embeddable":true,"href":"https:\/\/www.claret.cat\/es\/wp-json\/wp\/v2\/product_brand?post=798159"},{"taxonomy":"product_cat","embeddable":true,"href":"https:\/\/www.claret.cat\/es\/wp-json\/wp\/v2\/product_cat?post=798159"},{"taxonomy":"product_tag","embeddable":true,"href":"https:\/\/www.claret.cat\/es\/wp-json\/wp\/v2\/product_tag?post=798159"}],"curies":[{"name":"wp","href":"https:\/\/api.w.org\/{rel}","templated":true}]}}