{"id":81490,"date":"2022-10-11T16:49:27","date_gmt":"2022-10-11T14:49:27","guid":{"rendered":"http:\/\/dev.claret.cat\/producte\/hazte-cargo-de-tu-poder\/"},"modified":"2023-01-28T01:13:34","modified_gmt":"2023-01-28T00:13:34","slug":"hazte-cargo-de-tu-poder-9788413440866","status":"publish","type":"product","link":"https:\/\/www.claret.cat\/es\/libro\/hazte-cargo-de-tu-poder-9788413440866\/","title":{"rendered":"HAZTE CARGO DE TU PODER"},"content":{"rendered":"<p>Si a todos los seres humanos nos dieran un manual de instrucciones para saber c\u00f3mo vivir en plenitud todo ser\u00eda m\u00e1s f\u00e1cil. Ad\u00e9ntrate con Mar\u00eda en un lugar donde todo es posible y t\u00fa eres lo \u00fanico que necesitas. Dejas de buscar dioses fuera porque la mayor fuente de divinidad est\u00e1 dentro de ti.<br \/> Hazte cargo de tu poder te ayudar\u00e1 a descubrir tu potencial, a tenerte a ti mismo como principal recurso, y a conocer por qu\u00e9 el amor es la mayor fuerza generadora de cambios. Est\u00e1s frente un libro que har\u00e1 despertar el poder que hay en ti. \u00c9se que t\u00fa ni siquiera sabes que tienes. \u00c9se que te hace ser m\u00e1s sabio, m\u00e1s fuerte, m\u00e1s valiente, m\u00e1s resiliente y, sobre todo, mejor persona.<br \/> Es hora de que despiertes y te comas el mundo. Olv\u00eddate de m\u00e1scaras y saca a relucir tu esencia m\u00e1s pura y real. Mar\u00eda Fern\u00e1ndez, coach de \u00e9xito, te ayudar\u00e1 a romper las ataduras mentales que no te permiten conseguir tus objetivos, para que logres ser la persona que siempre quisiste ser.<br \/> Cuando descubras tu poder, ya nada ser\u00e1 igual. Al principio, y por momentos, creer\u00e1s que es una ilusi\u00f3n. Pero conf\u00eda, la ilusi\u00f3n fue vivir como has vivido hasta ahora.<\/p>\n","protected":false},"excerpt":{"rendered":"<p>FERN\u00c1NDEZ, MAR\u00cdA<\/p>\n","protected":false},"featured_media":81491,"template":"","meta":{"_acf_changed":false,"om_disable_all_campaigns":false,"rs_blank_template":"","rs_page_bg_color":"","slide_template_v7":"","inline_featured_image":false,"_monsterinsights_skip_tracking":false},"product_brand":[],"product_cat":[179],"product_tag":[],"class_list":["post-81490","product","type-product","status-publish","has-post-thumbnail","product_cat-autoajuda-i-salut-mental","first","instock","taxable","shipping-taxable","purchasable","product-type-simple"],"acf":{"editorial":[{"ID":147400,"post_author":"3","post_date":"2022-10-14 11:50:17","post_date_gmt":"2022-10-14 09:50:17","post_content":"","post_title":"ALIENTA EDITORIAL","post_excerpt":"","post_status":"publish","comment_status":"closed","ping_status":"closed","post_password":"","post_name":"alienta-editorial","to_ping":"","pinged":"","post_modified":"2022-10-14 11:50:17","post_modified_gmt":"2022-10-14 09:50:17","post_content_filtered":"","post_parent":0,"guid":"http:\/\/dev.claret.cat\/editorial\/alienta-editorial\/","menu_order":0,"post_type":"editorial","post_mime_type":"","comment_count":"0","filter":"raw"}],"autores-libros":[{"ID":163618,"post_author":"3","post_date":"2022-10-14 17:40:29","post_date_gmt":"2022-10-14 15:40:29","post_content":"","post_title":"MAR\u00cdA FERN\u00c1NDEZ","post_excerpt":"","post_status":"publish","comment_status":"closed","ping_status":"closed","post_password":"","post_name":"maria-fernandez","to_ping":"","pinged":"","post_modified":"2022-10-14 17:40:29","post_modified_gmt":"2022-10-14 15:40:29","post_content_filtered":"","post_parent":0,"guid":"http:\/\/dev.claret.cat\/autor\/maria-fernandez\/","menu_order":0,"post_type":"autor","post_mime_type":"","comment_count":"0","filter":"raw"}],"autor":"FERN\u00c1NDEZ, MAR\u00cdA","codart":"841344086","libros-coleccion":"FORA DE COL.LECCI\u00d3","ediciones":"1","encuadernacion":"R\u00fastica","fecha_de_publicacion":"01\/10\/2021","novedad":"1","paginas":"172","subtitulo":"DESCUBRE TU PODER INTERIOR Y TRANSFORMA TODO LO QUE TIENES A TU ALREDEDOR","orden":"0","portada":"0","idioma":"spa"},"aioseo_notices":[],"aioseo_head":"\n\t\t<!-- All in One SEO Pro 5.0.1.1 - aioseo.com -->\n\t<meta name=\"description\" content=\"HAZTE CARGO DE TU PODER de FERN\u00c1NDEZ, MAR\u00cdA disponible a\/en Llibreria Claret.\" \/>\n\t<meta name=\"robots\" content=\"max-image-preview:large\" \/>\n\t<meta name=\"google-site-verification\" content=\"xVtlFxJ-TfkIu-D-lt7XeLobefg5EIQiXTuqcSf8Rf0\" \/>\n\t<link rel=\"canonical\" href=\"https:\/\/www.claret.cat\/es\/libro\/hazte-cargo-de-tu-poder-9788413440866\/\" \/>\n\t<meta name=\"generator\" content=\"All in One SEO Pro (AIOSEO) 5.0.1.1\" \/>\n\t\t<meta property=\"og:locale\" content=\"es_ES\" \/>\n\t\t<meta property=\"og:site_name\" content=\"Llibreria Claret - Llibreria religiosa a Barcelona\" \/>\n\t\t<meta property=\"og:type\" content=\"article\" \/>\n\t\t<meta property=\"og:title\" content=\"HAZTE CARGO DE TU PODER - FERN\u00c1NDEZ, MAR\u00cdA 9788413440866 | Llibreria Claret\" \/>\n\t\t<meta property=\"og:description\" content=\"HAZTE CARGO DE TU PODER de FERN\u00c1NDEZ, MAR\u00cdA disponible a\/en Llibreria Claret.\" \/>\n\t\t<meta property=\"og:url\" content=\"https:\/\/www.claret.cat\/es\/libro\/hazte-cargo-de-tu-poder-9788413440866\/\" \/>\n\t\t<meta property=\"og:image\" content=\"https:\/\/dev.claret.cat\/wp-content\/uploads\/logo-claret.svg\" \/>\n\t\t<meta property=\"og:image:secure_url\" content=\"https:\/\/dev.claret.cat\/wp-content\/uploads\/logo-claret.svg\" \/>\n\t\t<meta property=\"article:published_time\" content=\"2022-10-11T14:49:27+00:00\" \/>\n\t\t<meta property=\"article:modified_time\" content=\"2023-01-28T00:13:34+00:00\" \/>\n\t\t<meta property=\"article:publisher\" content=\"https:\/\/www.facebook.com\/LlibreriaClaret\" \/>\n\t\t<meta name=\"twitter:card\" content=\"summary_large_image\" \/>\n\t\t<meta name=\"twitter:site\" content=\"@LlibreriaClaret\" \/>\n\t\t<meta name=\"twitter:title\" content=\"HAZTE CARGO DE TU PODER - FERN\u00c1NDEZ, MAR\u00cdA 9788413440866 | Llibreria Claret\" \/>\n\t\t<meta name=\"twitter:description\" content=\"HAZTE CARGO DE TU PODER de FERN\u00c1NDEZ, MAR\u00cdA disponible a\/en Llibreria Claret.\" \/>\n\t\t<meta name=\"twitter:image\" content=\"http:\/\/dev.claret.cat\/wp-content\/uploads\/logo-claret.svg\" \/>\n\t\t<script type=\"application\/ld+json\" class=\"aioseo-schema\">\n\t\t\t{\"@context\":\"https:\\\/\\\/schema.org\",\"@graph\":[{\"@type\":\"BreadcrumbList\",\"@id\":\"https:\\\/\\\/www.claret.cat\\\/es\\\/libro\\\/hazte-cargo-de-tu-poder-9788413440866\\\/#breadcrumblist\",\"itemListElement\":[{\"@type\":\"ListItem\",\"@id\":\"https:\\\/\\\/www.claret.cat\\\/es\\\/#listItem\",\"position\":1,\"name\":\"Home\",\"item\":\"https:\\\/\\\/www.claret.cat\\\/es\\\/\",\"nextItem\":{\"@type\":\"ListItem\",\"@id\":\"https:\\\/\\\/www.claret.cat\\\/?page_id=16#listItem\",\"name\":\"Botiga\"}},{\"@type\":\"ListItem\",\"@id\":\"https:\\\/\\\/www.claret.cat\\\/?page_id=16#listItem\",\"position\":2,\"name\":\"Botiga\",\"item\":\"https:\\\/\\\/www.claret.cat\\\/?page_id=16\",\"nextItem\":{\"@type\":\"ListItem\",\"@id\":\"https:\\\/\\\/www.claret.cat\\\/categoria-producto\\\/cat\\\/#listItem\",\"name\":\"CAT\"},\"previousItem\":{\"@type\":\"ListItem\",\"@id\":\"https:\\\/\\\/www.claret.cat\\\/es\\\/#listItem\",\"name\":\"Home\"}},{\"@type\":\"ListItem\",\"@id\":\"https:\\\/\\\/www.claret.cat\\\/categoria-producto\\\/cat\\\/#listItem\",\"position\":3,\"name\":\"CAT\",\"item\":\"https:\\\/\\\/www.claret.cat\\\/categoria-producto\\\/cat\\\/\",\"nextItem\":{\"@type\":\"ListItem\",\"@id\":\"https:\\\/\\\/www.claret.cat\\\/categoria-producto\\\/cat\\\/2_humanitats\\\/#listItem\",\"name\":\"Humanitats\"},\"previousItem\":{\"@type\":\"ListItem\",\"@id\":\"https:\\\/\\\/www.claret.cat\\\/?page_id=16#listItem\",\"name\":\"Botiga\"}},{\"@type\":\"ListItem\",\"@id\":\"https:\\\/\\\/www.claret.cat\\\/categoria-producto\\\/cat\\\/2_humanitats\\\/#listItem\",\"position\":4,\"name\":\"Humanitats\",\"item\":\"https:\\\/\\\/www.claret.cat\\\/categoria-producto\\\/cat\\\/2_humanitats\\\/\",\"nextItem\":{\"@type\":\"ListItem\",\"@id\":\"https:\\\/\\\/www.claret.cat\\\/categoria-producto\\\/cat\\\/2_humanitats\\\/psicologia\\\/#listItem\",\"name\":\"Psicologia\"},\"previousItem\":{\"@type\":\"ListItem\",\"@id\":\"https:\\\/\\\/www.claret.cat\\\/categoria-producto\\\/cat\\\/#listItem\",\"name\":\"CAT\"}},{\"@type\":\"ListItem\",\"@id\":\"https:\\\/\\\/www.claret.cat\\\/categoria-producto\\\/cat\\\/2_humanitats\\\/psicologia\\\/#listItem\",\"position\":5,\"name\":\"Psicologia\",\"item\":\"https:\\\/\\\/www.claret.cat\\\/categoria-producto\\\/cat\\\/2_humanitats\\\/psicologia\\\/\",\"nextItem\":{\"@type\":\"ListItem\",\"@id\":\"https:\\\/\\\/www.claret.cat\\\/categoria-producto\\\/cat\\\/2_humanitats\\\/psicologia\\\/autoajuda-i-salut-mental\\\/#listItem\",\"name\":\"Autoajuda i Salut Mental\"},\"previousItem\":{\"@type\":\"ListItem\",\"@id\":\"https:\\\/\\\/www.claret.cat\\\/categoria-producto\\\/cat\\\/2_humanitats\\\/#listItem\",\"name\":\"Humanitats\"}},{\"@type\":\"ListItem\",\"@id\":\"https:\\\/\\\/www.claret.cat\\\/categoria-producto\\\/cat\\\/2_humanitats\\\/psicologia\\\/autoajuda-i-salut-mental\\\/#listItem\",\"position\":6,\"name\":\"Autoajuda i Salut Mental\",\"item\":\"https:\\\/\\\/www.claret.cat\\\/categoria-producto\\\/cat\\\/2_humanitats\\\/psicologia\\\/autoajuda-i-salut-mental\\\/\",\"nextItem\":{\"@type\":\"ListItem\",\"@id\":\"https:\\\/\\\/www.claret.cat\\\/es\\\/libro\\\/hazte-cargo-de-tu-poder-9788413440866\\\/#listItem\",\"name\":\"HAZTE CARGO DE TU PODER\"},\"previousItem\":{\"@type\":\"ListItem\",\"@id\":\"https:\\\/\\\/www.claret.cat\\\/categoria-producto\\\/cat\\\/2_humanitats\\\/psicologia\\\/#listItem\",\"name\":\"Psicologia\"}},{\"@type\":\"ListItem\",\"@id\":\"https:\\\/\\\/www.claret.cat\\\/es\\\/libro\\\/hazte-cargo-de-tu-poder-9788413440866\\\/#listItem\",\"position\":7,\"name\":\"HAZTE CARGO DE TU PODER\",\"previousItem\":{\"@type\":\"ListItem\",\"@id\":\"https:\\\/\\\/www.claret.cat\\\/categoria-producto\\\/cat\\\/2_humanitats\\\/psicologia\\\/autoajuda-i-salut-mental\\\/#listItem\",\"name\":\"Autoajuda i Salut Mental\"}}]},{\"@type\":\"ItemPage\",\"@id\":\"https:\\\/\\\/www.claret.cat\\\/es\\\/libro\\\/hazte-cargo-de-tu-poder-9788413440866\\\/#itempage\",\"url\":\"https:\\\/\\\/www.claret.cat\\\/es\\\/libro\\\/hazte-cargo-de-tu-poder-9788413440866\\\/\",\"name\":\"HAZTE CARGO DE TU PODER - FERN\\u00c1NDEZ, MAR\\u00cdA 9788413440866 | Llibreria Claret\",\"description\":\"HAZTE CARGO DE TU PODER de FERN\\u00c1NDEZ, MAR\\u00cdA disponible a\\\/en Llibreria Claret.\",\"inLanguage\":\"es-ES\",\"isPartOf\":{\"@id\":\"https:\\\/\\\/www.claret.cat\\\/es\\\/#website\"},\"breadcrumb\":{\"@id\":\"https:\\\/\\\/www.claret.cat\\\/es\\\/libro\\\/hazte-cargo-de-tu-poder-9788413440866\\\/#breadcrumblist\"},\"image\":{\"@type\":\"ImageObject\",\"url\":\"https:\\\/\\\/www.claret.cat\\\/wp-content\\\/uploads\\\/.\\\/9788413440866.jpg\",\"@id\":\"https:\\\/\\\/www.claret.cat\\\/es\\\/libro\\\/hazte-cargo-de-tu-poder-9788413440866\\\/#mainImage\",\"width\":218,\"height\":345,\"caption\":\"9788413440866.jpg\"},\"primaryImageOfPage\":{\"@id\":\"https:\\\/\\\/www.claret.cat\\\/es\\\/libro\\\/hazte-cargo-de-tu-poder-9788413440866\\\/#mainImage\"},\"datePublished\":\"2022-10-11T16:49:27+02:00\",\"dateModified\":\"2023-01-28T01:13:34+01:00\"},{\"@type\":\"Organization\",\"@id\":\"https:\\\/\\\/www.claret.cat\\\/es\\\/#organization\",\"name\":\"Llibreria Claret\",\"description\":\"Llibreria religiosa a Barcelona\",\"url\":\"https:\\\/\\\/www.claret.cat\\\/es\\\/\",\"email\":\"comunicacio@claret.cat\",\"telephone\":\"+34933010887\",\"logo\":{\"@type\":\"ImageObject\",\"url\":\"https:\\\/\\\/www.claret.cat\\\/wp-content\\\/uploads\\\/.\\\/logo-claret-es.png\",\"@id\":\"https:\\\/\\\/www.claret.cat\\\/es\\\/libro\\\/hazte-cargo-de-tu-poder-9788413440866\\\/#organizationLogo\",\"width\":195,\"height\":79},\"image\":{\"@id\":\"https:\\\/\\\/www.claret.cat\\\/es\\\/libro\\\/hazte-cargo-de-tu-poder-9788413440866\\\/#organizationLogo\"},\"sameAs\":[\"https:\\\/\\\/www.facebook.com\\\/LlibreriaClaret\",\"https:\\\/\\\/twitter.com\\\/LlibreriaClaret\",\"https:\\\/\\\/www.instagram.com\\\/llibreriaclaret\\\/\",\"https:\\\/\\\/www.tiktok.com\\\/@llibreriaclaret\",\"https:\\\/\\\/www.youtube.com\\\/@llibreriaclaret\",\"https:\\\/\\\/ca.wikipedia.org\\\/wiki\\\/Editorial_Claret\"]},{\"@type\":\"WebPage\",\"@id\":\"https:\\\/\\\/www.claret.cat\\\/es\\\/libro\\\/hazte-cargo-de-tu-poder-9788413440866\\\/#webpage\",\"url\":\"https:\\\/\\\/www.claret.cat\\\/es\\\/libro\\\/hazte-cargo-de-tu-poder-9788413440866\\\/\",\"name\":\"HAZTE CARGO DE TU PODER - FERN\\u00c1NDEZ, MAR\\u00cdA 9788413440866 | Llibreria Claret\",\"description\":\"HAZTE CARGO DE TU PODER de FERN\\u00c1NDEZ, MAR\\u00cdA disponible a\\\/en Llibreria Claret.\",\"inLanguage\":\"es-ES\",\"isPartOf\":{\"@id\":\"https:\\\/\\\/www.claret.cat\\\/es\\\/#website\"},\"breadcrumb\":{\"@id\":\"https:\\\/\\\/www.claret.cat\\\/es\\\/libro\\\/hazte-cargo-de-tu-poder-9788413440866\\\/#breadcrumblist\"},\"image\":{\"@type\":\"ImageObject\",\"url\":\"https:\\\/\\\/www.claret.cat\\\/wp-content\\\/uploads\\\/.\\\/9788413440866.jpg\",\"@id\":\"https:\\\/\\\/www.claret.cat\\\/es\\\/libro\\\/hazte-cargo-de-tu-poder-9788413440866\\\/#mainImage\",\"width\":218,\"height\":345,\"caption\":\"9788413440866.jpg\"},\"primaryImageOfPage\":{\"@id\":\"https:\\\/\\\/www.claret.cat\\\/es\\\/libro\\\/hazte-cargo-de-tu-poder-9788413440866\\\/#mainImage\"},\"datePublished\":\"2022-10-11T16:49:27+02:00\",\"dateModified\":\"2023-01-28T01:13:34+01:00\"},{\"@type\":\"WebSite\",\"@id\":\"https:\\\/\\\/www.claret.cat\\\/es\\\/#website\",\"url\":\"https:\\\/\\\/www.claret.cat\\\/es\\\/\",\"name\":\"Llibreria Claret Barcelona\",\"alternateName\":\"Llibreria Claret\",\"description\":\"Llibreria religiosa a Barcelona\",\"inLanguage\":\"es-ES\",\"publisher\":{\"@id\":\"https:\\\/\\\/www.claret.cat\\\/es\\\/#organization\"}}]}\n\t\t<\/script>\n\t\t<!-- All in One SEO Pro -->\r\n\t\t<title>HAZTE CARGO DE TU PODER - FERN\u00c1NDEZ, MAR\u00cdA 9788413440866 | Llibreria Claret<\/title>\n\n","aioseo_head_json":{"title":"HAZTE CARGO DE TU PODER - FERN\u00c1NDEZ, MAR\u00cdA 9788413440866 | Llibreria Claret","description":"HAZTE CARGO DE TU PODER de FERN\u00c1NDEZ, MAR\u00cdA disponible a\/en Llibreria Claret.","canonical_url":"https:\/\/www.claret.cat\/es\/libro\/hazte-cargo-de-tu-poder-9788413440866\/","robots":"max-image-preview:large","keywords":"","webmasterTools":{"google-site-verification":"xVtlFxJ-TfkIu-D-lt7XeLobefg5EIQiXTuqcSf8Rf0","miscellaneous":""},"schema":{"@context":"https:\/\/schema.org","@graph":[{"@type":"BreadcrumbList","@id":"https:\/\/www.claret.cat\/es\/libro\/hazte-cargo-de-tu-poder-9788413440866\/#breadcrumblist","itemListElement":[{"@type":"ListItem","@id":"https:\/\/www.claret.cat\/es\/#listItem","position":1,"name":"Home","item":"https:\/\/www.claret.cat\/es\/","nextItem":{"@type":"ListItem","@id":"https:\/\/www.claret.cat\/?page_id=16#listItem","name":"Botiga"}},{"@type":"ListItem","@id":"https:\/\/www.claret.cat\/?page_id=16#listItem","position":2,"name":"Botiga","item":"https:\/\/www.claret.cat\/?page_id=16","nextItem":{"@type":"ListItem","@id":"https:\/\/www.claret.cat\/categoria-producto\/cat\/#listItem","name":"CAT"},"previousItem":{"@type":"ListItem","@id":"https:\/\/www.claret.cat\/es\/#listItem","name":"Home"}},{"@type":"ListItem","@id":"https:\/\/www.claret.cat\/categoria-producto\/cat\/#listItem","position":3,"name":"CAT","item":"https:\/\/www.claret.cat\/categoria-producto\/cat\/","nextItem":{"@type":"ListItem","@id":"https:\/\/www.claret.cat\/categoria-producto\/cat\/2_humanitats\/#listItem","name":"Humanitats"},"previousItem":{"@type":"ListItem","@id":"https:\/\/www.claret.cat\/?page_id=16#listItem","name":"Botiga"}},{"@type":"ListItem","@id":"https:\/\/www.claret.cat\/categoria-producto\/cat\/2_humanitats\/#listItem","position":4,"name":"Humanitats","item":"https:\/\/www.claret.cat\/categoria-producto\/cat\/2_humanitats\/","nextItem":{"@type":"ListItem","@id":"https:\/\/www.claret.cat\/categoria-producto\/cat\/2_humanitats\/psicologia\/#listItem","name":"Psicologia"},"previousItem":{"@type":"ListItem","@id":"https:\/\/www.claret.cat\/categoria-producto\/cat\/#listItem","name":"CAT"}},{"@type":"ListItem","@id":"https:\/\/www.claret.cat\/categoria-producto\/cat\/2_humanitats\/psicologia\/#listItem","position":5,"name":"Psicologia","item":"https:\/\/www.claret.cat\/categoria-producto\/cat\/2_humanitats\/psicologia\/","nextItem":{"@type":"ListItem","@id":"https:\/\/www.claret.cat\/categoria-producto\/cat\/2_humanitats\/psicologia\/autoajuda-i-salut-mental\/#listItem","name":"Autoajuda i Salut Mental"},"previousItem":{"@type":"ListItem","@id":"https:\/\/www.claret.cat\/categoria-producto\/cat\/2_humanitats\/#listItem","name":"Humanitats"}},{"@type":"ListItem","@id":"https:\/\/www.claret.cat\/categoria-producto\/cat\/2_humanitats\/psicologia\/autoajuda-i-salut-mental\/#listItem","position":6,"name":"Autoajuda i Salut Mental","item":"https:\/\/www.claret.cat\/categoria-producto\/cat\/2_humanitats\/psicologia\/autoajuda-i-salut-mental\/","nextItem":{"@type":"ListItem","@id":"https:\/\/www.claret.cat\/es\/libro\/hazte-cargo-de-tu-poder-9788413440866\/#listItem","name":"HAZTE CARGO DE TU PODER"},"previousItem":{"@type":"ListItem","@id":"https:\/\/www.claret.cat\/categoria-producto\/cat\/2_humanitats\/psicologia\/#listItem","name":"Psicologia"}},{"@type":"ListItem","@id":"https:\/\/www.claret.cat\/es\/libro\/hazte-cargo-de-tu-poder-9788413440866\/#listItem","position":7,"name":"HAZTE CARGO DE TU PODER","previousItem":{"@type":"ListItem","@id":"https:\/\/www.claret.cat\/categoria-producto\/cat\/2_humanitats\/psicologia\/autoajuda-i-salut-mental\/#listItem","name":"Autoajuda i Salut Mental"}}]},{"@type":"ItemPage","@id":"https:\/\/www.claret.cat\/es\/libro\/hazte-cargo-de-tu-poder-9788413440866\/#itempage","url":"https:\/\/www.claret.cat\/es\/libro\/hazte-cargo-de-tu-poder-9788413440866\/","name":"HAZTE CARGO DE TU PODER - FERN\u00c1NDEZ, MAR\u00cdA 9788413440866 | Llibreria Claret","description":"HAZTE CARGO DE TU PODER de FERN\u00c1NDEZ, MAR\u00cdA disponible a\/en Llibreria Claret.","inLanguage":"es-ES","isPartOf":{"@id":"https:\/\/www.claret.cat\/es\/#website"},"breadcrumb":{"@id":"https:\/\/www.claret.cat\/es\/libro\/hazte-cargo-de-tu-poder-9788413440866\/#breadcrumblist"},"image":{"@type":"ImageObject","url":"https:\/\/www.claret.cat\/wp-content\/uploads\/.\/9788413440866.jpg","@id":"https:\/\/www.claret.cat\/es\/libro\/hazte-cargo-de-tu-poder-9788413440866\/#mainImage","width":218,"height":345,"caption":"9788413440866.jpg"},"primaryImageOfPage":{"@id":"https:\/\/www.claret.cat\/es\/libro\/hazte-cargo-de-tu-poder-9788413440866\/#mainImage"},"datePublished":"2022-10-11T16:49:27+02:00","dateModified":"2023-01-28T01:13:34+01:00"},{"@type":"Organization","@id":"https:\/\/www.claret.cat\/es\/#organization","name":"Llibreria Claret","description":"Llibreria religiosa a Barcelona","url":"https:\/\/www.claret.cat\/es\/","email":"comunicacio@claret.cat","telephone":"+34933010887","logo":{"@type":"ImageObject","url":"https:\/\/www.claret.cat\/wp-content\/uploads\/.\/logo-claret-es.png","@id":"https:\/\/www.claret.cat\/es\/libro\/hazte-cargo-de-tu-poder-9788413440866\/#organizationLogo","width":195,"height":79},"image":{"@id":"https:\/\/www.claret.cat\/es\/libro\/hazte-cargo-de-tu-poder-9788413440866\/#organizationLogo"},"sameAs":["https:\/\/www.facebook.com\/LlibreriaClaret","https:\/\/twitter.com\/LlibreriaClaret","https:\/\/www.instagram.com\/llibreriaclaret\/","https:\/\/www.tiktok.com\/@llibreriaclaret","https:\/\/www.youtube.com\/@llibreriaclaret","https:\/\/ca.wikipedia.org\/wiki\/Editorial_Claret"]},{"@type":"WebPage","@id":"https:\/\/www.claret.cat\/es\/libro\/hazte-cargo-de-tu-poder-9788413440866\/#webpage","url":"https:\/\/www.claret.cat\/es\/libro\/hazte-cargo-de-tu-poder-9788413440866\/","name":"HAZTE CARGO DE TU PODER - FERN\u00c1NDEZ, MAR\u00cdA 9788413440866 | Llibreria Claret","description":"HAZTE CARGO DE TU PODER de FERN\u00c1NDEZ, MAR\u00cdA disponible a\/en Llibreria Claret.","inLanguage":"es-ES","isPartOf":{"@id":"https:\/\/www.claret.cat\/es\/#website"},"breadcrumb":{"@id":"https:\/\/www.claret.cat\/es\/libro\/hazte-cargo-de-tu-poder-9788413440866\/#breadcrumblist"},"image":{"@type":"ImageObject","url":"https:\/\/www.claret.cat\/wp-content\/uploads\/.\/9788413440866.jpg","@id":"https:\/\/www.claret.cat\/es\/libro\/hazte-cargo-de-tu-poder-9788413440866\/#mainImage","width":218,"height":345,"caption":"9788413440866.jpg"},"primaryImageOfPage":{"@id":"https:\/\/www.claret.cat\/es\/libro\/hazte-cargo-de-tu-poder-9788413440866\/#mainImage"},"datePublished":"2022-10-11T16:49:27+02:00","dateModified":"2023-01-28T01:13:34+01:00"},{"@type":"WebSite","@id":"https:\/\/www.claret.cat\/es\/#website","url":"https:\/\/www.claret.cat\/es\/","name":"Llibreria Claret Barcelona","alternateName":"Llibreria Claret","description":"Llibreria religiosa a Barcelona","inLanguage":"es-ES","publisher":{"@id":"https:\/\/www.claret.cat\/es\/#organization"}}]},"og:locale":"es_ES","og:site_name":"Llibreria Claret - Llibreria religiosa a Barcelona","og:type":"article","og:title":"HAZTE CARGO DE TU PODER - FERN\u00c1NDEZ, MAR\u00cdA 9788413440866 | Llibreria Claret","og:description":"HAZTE CARGO DE TU PODER de FERN\u00c1NDEZ, MAR\u00cdA disponible a\/en Llibreria Claret.","og:url":"https:\/\/www.claret.cat\/es\/libro\/hazte-cargo-de-tu-poder-9788413440866\/","og:image":"https:\/\/dev.claret.cat\/wp-content\/uploads\/logo-claret.svg","og:image:secure_url":"https:\/\/dev.claret.cat\/wp-content\/uploads\/logo-claret.svg","article:published_time":"2022-10-11T14:49:27+00:00","article:modified_time":"2023-01-28T00:13:34+00:00","article:publisher":"https:\/\/www.facebook.com\/LlibreriaClaret","twitter:card":"summary_large_image","twitter:site":"@LlibreriaClaret","twitter:title":"HAZTE CARGO DE TU PODER - FERN\u00c1NDEZ, MAR\u00cdA 9788413440866 | Llibreria Claret","twitter:description":"HAZTE CARGO DE TU PODER de FERN\u00c1NDEZ, MAR\u00cdA disponible a\/en Llibreria Claret.","twitter:image":"http:\/\/dev.claret.cat\/wp-content\/uploads\/logo-claret.svg"},"aioseo_meta_data":{"post_id":"81490","title":null,"description":null,"keywords":null,"keyphrases":null,"primary_term":null,"canonical_url":null,"og_title":null,"og_description":null,"og_object_type":"default","og_image_type":"default","og_image_url":null,"og_image_width":null,"og_image_height":null,"og_image_custom_url":null,"og_image_custom_fields":null,"og_video":null,"og_custom_url":null,"og_article_section":null,"og_article_tags":null,"twitter_use_og":false,"twitter_card":"default","twitter_image_type":"default","twitter_image_url":null,"twitter_image_custom_url":null,"twitter_image_custom_fields":null,"twitter_title":null,"twitter_description":null,"schema":{"blockGraphs":[],"customGraphs":[],"default":{"data":{"Article":[],"Course":[],"Dataset":[],"FAQPage":[],"Movie":[],"Person":[],"Product":[],"ProductReview":[],"Car":[],"Recipe":[],"Service":[],"SoftwareApplication":[],"WebPage":[]},"graphName":"","isEnabled":true},"graphs":[]},"schema_type":"default","schema_type_options":null,"pillar_content":false,"robots_default":true,"robots_noindex":false,"robots_noarchive":false,"robots_nosnippet":false,"robots_nofollow":false,"robots_noimageindex":false,"robots_noodp":false,"robots_notranslate":false,"robots_max_snippet":null,"robots_max_videopreview":null,"robots_max_imagepreview":"large","priority":null,"frequency":null,"local_seo":null,"seo_analyzer_scan_date":"2025-11-14 08:13:19","breadcrumb_settings":null,"limit_modified_date":false,"open_ai":null,"ai":null,"created":"2022-12-18 22:29:39","updated":"2025-11-14 08:13:19","focus_keyword":null,"additional_keywords":null,"truseo_locale":null},"aioseo_breadcrumb":"<div class=\"aioseo-breadcrumbs\"><span class=\"aioseo-breadcrumb\">\n\t<a href=\"https:\/\/www.claret.cat\/es\/\" title=\"Home\">Home<\/a>\n<\/span><span class=\"aioseo-breadcrumb-separator\">&raquo;<\/span><span class=\"aioseo-breadcrumb\">\n\t<a href=\"https:\/\/www.claret.cat\/?page_id=16\" title=\"Botiga\">Botiga<\/a>\n<\/span><span class=\"aioseo-breadcrumb-separator\">&raquo;<\/span><span class=\"aioseo-breadcrumb\">\n\t<a href=\"https:\/\/www.claret.cat\/categoria-producto\/cat\/\" title=\"CAT\">CAT<\/a>\n<\/span><span class=\"aioseo-breadcrumb-separator\">&raquo;<\/span><span class=\"aioseo-breadcrumb\">\n\t<a href=\"https:\/\/www.claret.cat\/categoria-producto\/cat\/2_humanitats\/\" title=\"Humanitats\">Humanitats<\/a>\n<\/span><span class=\"aioseo-breadcrumb-separator\">&raquo;<\/span><span class=\"aioseo-breadcrumb\">\n\t<a href=\"https:\/\/www.claret.cat\/categoria-producto\/cat\/2_humanitats\/psicologia\/\" title=\"Psicologia\">Psicologia<\/a>\n<\/span><span class=\"aioseo-breadcrumb-separator\">&raquo;<\/span><span class=\"aioseo-breadcrumb\">\n\t<a href=\"https:\/\/www.claret.cat\/categoria-producto\/cat\/2_humanitats\/psicologia\/autoajuda-i-salut-mental\/\" title=\"Autoajuda i Salut Mental\">Autoajuda i Salut Mental<\/a>\n<\/span><span class=\"aioseo-breadcrumb-separator\">&raquo;<\/span><span class=\"aioseo-breadcrumb\">\n\tHAZTE CARGO DE TU PODER\n<\/span><\/div>","aioseo_breadcrumb_json":[{"label":"Home","link":"https:\/\/www.claret.cat\/es\/"},{"label":"Botiga","link":"https:\/\/www.claret.cat\/?page_id=16"},{"label":"CAT","link":"https:\/\/www.claret.cat\/categoria-producto\/cat\/"},{"label":"Humanitats","link":"https:\/\/www.claret.cat\/categoria-producto\/cat\/2_humanitats\/"},{"label":"Psicologia","link":"https:\/\/www.claret.cat\/categoria-producto\/cat\/2_humanitats\/psicologia\/"},{"label":"Autoajuda i Salut Mental","link":"https:\/\/www.claret.cat\/categoria-producto\/cat\/2_humanitats\/psicologia\/autoajuda-i-salut-mental\/"},{"label":"HAZTE CARGO DE TU PODER","link":"https:\/\/www.claret.cat\/es\/libro\/hazte-cargo-de-tu-poder-9788413440866\/"}],"_links":{"self":[{"href":"https:\/\/www.claret.cat\/es\/wp-json\/wp\/v2\/product\/81490","targetHints":{"allow":["GET"]}}],"collection":[{"href":"https:\/\/www.claret.cat\/es\/wp-json\/wp\/v2\/product"}],"about":[{"href":"https:\/\/www.claret.cat\/es\/wp-json\/wp\/v2\/types\/product"}],"wp:featuredmedia":[{"embeddable":true,"href":"https:\/\/www.claret.cat\/es\/wp-json\/wp\/v2\/media\/81491"}],"wp:attachment":[{"href":"https:\/\/www.claret.cat\/es\/wp-json\/wp\/v2\/media?parent=81490"}],"wp:term":[{"taxonomy":"product_brand","embeddable":true,"href":"https:\/\/www.claret.cat\/es\/wp-json\/wp\/v2\/product_brand?post=81490"},{"taxonomy":"product_cat","embeddable":true,"href":"https:\/\/www.claret.cat\/es\/wp-json\/wp\/v2\/product_cat?post=81490"},{"taxonomy":"product_tag","embeddable":true,"href":"https:\/\/www.claret.cat\/es\/wp-json\/wp\/v2\/product_tag?post=81490"}],"curies":[{"name":"wp","href":"https:\/\/api.w.org\/{rel}","templated":true}]}}