{"id":81931,"date":"2022-10-11T16:54:53","date_gmt":"2022-10-11T14:54:53","guid":{"rendered":"http:\/\/dev.claret.cat\/producte\/perrita-country\/"},"modified":"2023-01-28T23:48:30","modified_gmt":"2023-01-28T22:48:30","slug":"perrita-country-9788483932964","status":"publish","type":"product","link":"https:\/\/www.claret.cat\/es\/libro\/perrita-country-9788483932964\/","title":{"rendered":"PERRITA COUNTRY"},"content":{"rendered":"<p>Algunas historias difuminan o emborronan su origen. A partir de ah\u00ed la vida se contempla y se completa con peque\u00f1os y grandes detalles que batallan en el d\u00eda a d\u00eda. Una joven profesora reinicia su vida en una nueva casa, lejos de otra \u00e9poca, probablemente acompa\u00f1antes de otro hogar. Pero no est\u00e1 sola. Esa contemplaci\u00f3n es compartida por el trasiego y la quietud, las miradas y los silencios de dos especiales, una perra y un gato. A trav\u00e9s de ellos esa nueva vida se construye y quiz\u00e1, al final, todo tenga un sentido. <\/p>\n<p> Un tr\u00edptico de equilibrios, un mecanismo de precisi\u00f3n, un origami de delicadeza en una historia h\u00edbrida que muestra la magn\u00edfica calidad de la escritora sevillana SARA MESA. El texto cuenta con un lujo indispensable: el personal\u00edsimo proyecto gr\u00e1fico de PABLO AMARGO, Premio Nacional de Ilustraci\u00f3n y un genio.<\/p>\n","protected":false},"excerpt":{"rendered":"<p>MESA, SARA<\/p>\n","protected":false},"featured_media":81932,"template":"","meta":{"_acf_changed":false,"om_disable_all_campaigns":false,"rs_blank_template":"","rs_page_bg_color":"","slide_template_v7":"","inline_featured_image":false,"_monsterinsights_skip_tracking":false,"_monsterinsights_sitenote_active":false,"_monsterinsights_sitenote_note":"","_monsterinsights_sitenote_category":0},"product_brand":[],"product_cat":[127,105],"product_tag":[],"class_list":{"0":"post-81931","1":"product","2":"type-product","3":"status-publish","4":"has-post-thumbnail","6":"product_cat-novella-contemporania","7":"product_cat-regal","9":"first","10":"instock","11":"taxable","12":"shipping-taxable","13":"purchasable","14":"product-type-simple"},"acf":{"autor":"MESA, SARA","codart":"848393296","libros-coleccion":"Voces \/ Literatura","ediciones":"1","encuadernacion":"R\u00fastica","fecha_de_publicacion":"01\/09\/2021","novedad":"1","paginas":"112","subtitulo":"","orden":"0","portada":"0","idioma":"spa","editorial":[{"ID":148618,"post_author":"3","post_date":"2022-10-14 11:59:39","post_date_gmt":"2022-10-14 09:59:39","post_content":"","post_title":"P\u00e1ginas de espuma SL","post_excerpt":"","post_status":"publish","comment_status":"closed","ping_status":"closed","post_password":"","post_name":"paginas-de-espuma-sl","to_ping":"","pinged":"","post_modified":"2022-10-14 11:59:39","post_modified_gmt":"2022-10-14 09:59:39","post_content_filtered":"","post_parent":0,"guid":"http:\/\/dev.claret.cat\/editorial\/paginas-de-espuma-sl\/","menu_order":0,"post_type":"editorial","post_mime_type":"","comment_count":"0","filter":"raw"}],"autores-libros":[{"ID":169114,"post_author":"3","post_date":"2022-10-14 22:24:35","post_date_gmt":"2022-10-14 20:24:35","post_content":"","post_title":"SARA MESA","post_excerpt":"","post_status":"publish","comment_status":"closed","ping_status":"closed","post_password":"","post_name":"sara-mesa","to_ping":"","pinged":"","post_modified":"2022-10-14 22:24:35","post_modified_gmt":"2022-10-14 20:24:35","post_content_filtered":"","post_parent":0,"guid":"http:\/\/dev.claret.cat\/autor\/sara-mesa\/","menu_order":0,"post_type":"autor","post_mime_type":"","comment_count":"0","filter":"raw"}]},"aioseo_notices":[],"_links":{"self":[{"href":"https:\/\/www.claret.cat\/es\/wp-json\/wp\/v2\/product\/81931","targetHints":{"allow":["GET"]}}],"collection":[{"href":"https:\/\/www.claret.cat\/es\/wp-json\/wp\/v2\/product"}],"about":[{"href":"https:\/\/www.claret.cat\/es\/wp-json\/wp\/v2\/types\/product"}],"wp:featuredmedia":[{"embeddable":true,"href":"https:\/\/www.claret.cat\/es\/wp-json\/wp\/v2\/media\/81932"}],"wp:attachment":[{"href":"https:\/\/www.claret.cat\/es\/wp-json\/wp\/v2\/media?parent=81931"}],"wp:term":[{"taxonomy":"product_brand","embeddable":true,"href":"https:\/\/www.claret.cat\/es\/wp-json\/wp\/v2\/product_brand?post=81931"},{"taxonomy":"product_cat","embeddable":true,"href":"https:\/\/www.claret.cat\/es\/wp-json\/wp\/v2\/product_cat?post=81931"},{"taxonomy":"product_tag","embeddable":true,"href":"https:\/\/www.claret.cat\/es\/wp-json\/wp\/v2\/product_tag?post=81931"}],"curies":[{"name":"wp","href":"https:\/\/api.w.org\/{rel}","templated":true}]}}