{"id":85626,"date":"2022-10-11T17:42:21","date_gmt":"2022-10-11T15:42:21","guid":{"rendered":"http:\/\/dev.claret.cat\/producte\/menorca\/"},"modified":"2023-01-28T21:58:22","modified_gmt":"2023-01-28T20:58:22","slug":"menorca-9788491582557","status":"publish","type":"product","link":"https:\/\/www.claret.cat\/es\/libro\/menorca-9788491582557\/","title":{"rendered":"MENORCA"},"content":{"rendered":"<p>Una gu\u00eda pr\u00e1ctica y totalmente actualizada, ideal para realizar un corto viaje a la isla de Menorca. La gu\u00eda est\u00e1 dividida en cuatro apartados. En el primero, titulado Diez Indispensables, se propone una selecci\u00f3n de los lugares, curiosidades y tradiciones de la isla que no hay que perderse: El estilo menorqu\u00edn, El aire colonial de Ma\u00f3, Ciutadella: Cavalls a Es Born, De los talaiots al recuerdo ingl\u00e9s&#8230; El segundo apartado se divide en dos partes: Visita a Ma\u00f3 y Visita a Ciutadella. En cada una de ellas se proporciona informaci\u00f3n detallada de los lugares con mayor inter\u00e9s. Tambi\u00e9n incluye un plano de cada ciudad con los monumentos m\u00e1s importantes destacados. El siguiente apartado, Excursiones por Menorca, hace un recorrido por los lugares m\u00e1s emblem\u00e1ticos de la isla proponiendo excursiones desde Ma\u00f3 y desde Ciutadella. Finalmente, se incluye una amplia selecci\u00f3n de restaurantes, alojamientos, direcciones de museos y monumentos, as\u00ed como una exhaustiva informaci\u00f3n pr\u00e1ctica para moverse por la zona. Con la gu\u00eda se regala un plano desplegable de Ma\u00f3 y Ciutadella y un mapa de la isla.<\/p>\n","protected":false},"excerpt":{"rendered":"<p>RAY\u00d3 FERRER, MIQUEL \/ FERR\u00c1, MIQUEL \/ MART\u00cdNEZ I EDO, XAVIER<\/p>\n","protected":false},"featured_media":85627,"template":"","meta":{"_acf_changed":false,"om_disable_all_campaigns":false,"rs_blank_template":"","rs_page_bg_color":"","slide_template_v7":"","inline_featured_image":false,"_monsterinsights_skip_tracking":false,"_monsterinsights_sitenote_active":false,"_monsterinsights_sitenote_note":"","_monsterinsights_sitenote_category":0},"product_brand":[],"product_cat":[107],"product_tag":[],"class_list":{"0":"post-85626","1":"product","2":"type-product","3":"status-publish","4":"has-post-thumbnail","6":"product_cat-guies-de-viatge","8":"first","9":"instock","10":"taxable","11":"shipping-taxable","12":"purchasable","13":"product-type-simple"},"acf":{"editorial":[{"ID":147435,"post_author":"3","post_date":"2022-10-14 11:50:33","post_date_gmt":"2022-10-14 09:50:33","post_content":"","post_title":"Anaya Touring","post_excerpt":"","post_status":"publish","comment_status":"closed","ping_status":"closed","post_password":"","post_name":"anaya-touring","to_ping":"","pinged":"","post_modified":"2022-10-14 11:50:33","post_modified_gmt":"2022-10-14 09:50:33","post_content_filtered":"","post_parent":0,"guid":"http:\/\/dev.claret.cat\/editorial\/anaya-touring\/","menu_order":0,"post_type":"editorial","post_mime_type":"","comment_count":"0","filter":"raw"}],"autor":"RAY\u00d3 FERRER, MIQUEL \/ FERR\u00c1, MIQUEL \/ MART\u00cdNEZ I EDO, XAVIER","codart":"849158255","libros-coleccion":"FORA DE COL.LECCI\u00d3","ediciones":"1","encuadernacion":"R\u00fastica","fecha_de_publicacion":"01\/03\/2021","novedad":"1","paginas":"144","subtitulo":"","orden":"0","portada":"0","idioma":"spa","autores-libros":[{"ID":171466,"post_author":"3","post_date":"2022-10-14 22:43:37","post_date_gmt":"2022-10-14 20:43:37","post_content":"","post_title":"XAVIER MARTINEZ I EDO","post_excerpt":"","post_status":"publish","comment_status":"closed","ping_status":"closed","post_password":"","post_name":"xavier-martinez-i-edo","to_ping":"","pinged":"","post_modified":"2022-10-14 22:43:37","post_modified_gmt":"2022-10-14 20:43:37","post_content_filtered":"","post_parent":0,"guid":"http:\/\/dev.claret.cat\/autor\/xavier-martinez-i-edo\/","menu_order":0,"post_type":"autor","post_mime_type":"","comment_count":"0","filter":"raw"},{"ID":165173,"post_author":"3","post_date":"2022-10-14 17:53:00","post_date_gmt":"2022-10-14 15:53:00","post_content":"","post_title":"MIQUEL RAYO FERRER","post_excerpt":"","post_status":"publish","comment_status":"closed","ping_status":"closed","post_password":"","post_name":"miquel-rayo-ferrer","to_ping":"","pinged":"","post_modified":"2022-10-14 17:53:00","post_modified_gmt":"2022-10-14 15:53:00","post_content_filtered":"","post_parent":0,"guid":"http:\/\/dev.claret.cat\/autor\/miquel-rayo-ferrer\/","menu_order":0,"post_type":"autor","post_mime_type":"","comment_count":"0","filter":"raw"},{"ID":165153,"post_author":"3","post_date":"2022-10-14 17:52:50","post_date_gmt":"2022-10-14 15:52:50","post_content":"","post_title":"MIQUEL FERRA","post_excerpt":"","post_status":"publish","comment_status":"closed","ping_status":"closed","post_password":"","post_name":"miquel-ferra","to_ping":"","pinged":"","post_modified":"2022-10-14 17:52:50","post_modified_gmt":"2022-10-14 15:52:50","post_content_filtered":"","post_parent":0,"guid":"http:\/\/dev.claret.cat\/autor\/miquel-ferra\/","menu_order":0,"post_type":"autor","post_mime_type":"","comment_count":"0","filter":"raw"}]},"aioseo_notices":[],"_links":{"self":[{"href":"https:\/\/www.claret.cat\/es\/wp-json\/wp\/v2\/product\/85626","targetHints":{"allow":["GET"]}}],"collection":[{"href":"https:\/\/www.claret.cat\/es\/wp-json\/wp\/v2\/product"}],"about":[{"href":"https:\/\/www.claret.cat\/es\/wp-json\/wp\/v2\/types\/product"}],"wp:featuredmedia":[{"embeddable":true,"href":"https:\/\/www.claret.cat\/es\/wp-json\/wp\/v2\/media\/85627"}],"wp:attachment":[{"href":"https:\/\/www.claret.cat\/es\/wp-json\/wp\/v2\/media?parent=85626"}],"wp:term":[{"taxonomy":"product_brand","embeddable":true,"href":"https:\/\/www.claret.cat\/es\/wp-json\/wp\/v2\/product_brand?post=85626"},{"taxonomy":"product_cat","embeddable":true,"href":"https:\/\/www.claret.cat\/es\/wp-json\/wp\/v2\/product_cat?post=85626"},{"taxonomy":"product_tag","embeddable":true,"href":"https:\/\/www.claret.cat\/es\/wp-json\/wp\/v2\/product_tag?post=85626"}],"curies":[{"name":"wp","href":"https:\/\/api.w.org\/{rel}","templated":true}]}}