{"id":8690,"date":"2022-09-30T12:14:05","date_gmt":"2022-09-30T10:14:05","guid":{"rendered":"http:\/\/dev.claret.cat\/producte\/la-lluita-per-la-llibertat-religiosa-i-de-consciencia\/"},"modified":"2024-05-23T04:15:44","modified_gmt":"2024-05-23T02:15:44","slug":"la-lluita-per-la-llibertat-religiosa-i-de-consciencia-9788491362456","status":"publish","type":"product","link":"https:\/\/www.claret.cat\/es\/libro\/la-lluita-per-la-llibertat-religiosa-i-de-consciencia-9788491362456\/","title":{"rendered":"LA LLUITA PER LA LLIBERTAT RELIGIOSA I DE CONSCI\u00c8NCIA"},"content":{"rendered":"<p>La llibertat religiosa i de consci\u00e8ncia \u00e9s un dret hum\u00e0 fonamental, profundament vinculat a la dignitat de la persona, reconegut en els Tractats internacionals i en les constitucions dels pa\u00efsos democr\u00e0tics. Aquest dret consisteix en la possibilitat de gaudir d&#8217;un \u00e0mbit de llibertat en el qual poder elegir, sense patir cap tipus de viol\u00e8ncia, coacci\u00f3 o discriminaci\u00f3 per part de l&#8217;Estat o d&#8217;altres persones o grups. Avui aquest dret ens pot semblar quelcom ben natural. Per\u00f2 el seu reconeixement i protecci\u00f3 ha estat el fruit d&#8217;un llarg proc\u00e9s hist\u00f2ric, a trav\u00e9s d&#8217;experi\u00e8ncies molt doloroses, amb nombrosos aven\u00e7os i retrocessos, i que encara no ha finalitzat plenament.<\/p>\n<p>Pots veure la presentaci\u00f3 del llibre <a href='https:\/\/www.claret.cat\/ca\/activitat\/Presentacio-del-llibre-d-Editorial-Claret-La-lluita-per-la-llibertat-religiosa-i-de-consciencia'>aqu\u00ed<\/a>.<\/p>\n","protected":false},"excerpt":{"rendered":"<p>IB\u00c1\u00d1EZ, EDUARD<\/p>\n","protected":false},"featured_media":360738,"template":"","meta":{"_acf_changed":false,"om_disable_all_campaigns":false,"rs_blank_template":"","rs_page_bg_color":"","slide_template_v7":"","inline_featured_image":false,"_monsterinsights_skip_tracking":false,"_monsterinsights_sitenote_active":false,"_monsterinsights_sitenote_note":"","_monsterinsights_sitenote_category":0},"product_brand":[],"product_cat":[90,581,540],"product_tag":[],"class_list":{"0":"post-8690","1":"product","2":"type-product","3":"status-publish","4":"has-post-thumbnail","6":"product_cat-altres","7":"product_cat-editorial-claret","8":"product_cat-otros","10":"first","11":"instock","12":"taxable","13":"shipping-taxable","14":"purchasable","15":"product-type-simple"},"acf":{"editorial":[{"ID":6158,"post_author":"3","post_date":"2022-07-28 17:46:08","post_date_gmt":"2022-07-28 15:46:08","post_content":"","post_title":"CLARET","post_excerpt":"","post_status":"publish","comment_status":"closed","ping_status":"closed","post_password":"","post_name":"claret","to_ping":"","pinged":"","post_modified":"2022-07-28 17:46:08","post_modified_gmt":"2022-07-28 15:46:08","post_content_filtered":"","post_parent":0,"guid":"http:\/\/dev.claret.cat\/editorial\/claret\/","menu_order":0,"post_type":"editorial","post_mime_type":"","comment_count":"0","filter":"raw"}],"autores-libros":[{"ID":5423,"post_author":"3","post_date":"2022-07-28 17:23:38","post_date_gmt":"2022-07-28 15:23:38","post_content":"<span class=\"fontstyle0\"><strong>Eduard Ib\u00e1\u00f1ez<\/strong> va n\u00e9ixer el 1969 a Barcelona, on ha viscut sempre. \u00c9s casat i pare de dos fills. Es va llicenciar en dret (1992) per la Universitat de Barcelona, on m\u00e9s tard va obtenir el t\u00edtol de doctor en dret penal (2007). \u00c9s tamb\u00e9 llicenciat en filosofia per la Universitat Ramon Llull (2012). L\u2019any 1993 va comen\u00e7ar a exercir com a advocat, dedicat principalment durant m\u00e9s de deu anys a l\u2019\u00e0mbit penal i penitenciari. L\u2019any 2002 \u00e9s nomenat director de l\u2019associaci\u00f3 Just\u00edcia i Pau de l\u2019arxidi\u00f2cesi de Barcelona, que \u00e9s la seva principal activitat professional fins al dia d'avui. Entre 2010 i 2018 ha estat president de Just\u00edcia i Pau d\u2019Espanya.<\/span>\r\n<div class=\"field field--name-body field--type-text-with-summary field--label-hidden field__item\">\r\n\r\nTamb\u00e9 ha fet classes en diversos centres universitaris, com la Facultat de Filosofia de Catalunya, la Facultat d\u2019Educaci\u00f3 Social i Treball Social de la Fundaci\u00f3 Pere Tarr\u00e9s i la Facultat de Comunicaci\u00f3 Blanquerna -de la Universitat Ramon Llull- i abans a l\u2019Institut Cat\u00f2lic d\u2019Estudis Socials de Barcelona (ICESB). Durant dos anys va treballar com a t\u00e8cnic a la Direcci\u00f3 General d\u2019Afers Religiosos, del Departament de Just\u00edcia de la Generalitat de Catalunya.\r\n\r\nT\u00e9 molts articles a revistes especialitzades i ha publicat diversos llibres, com <a href=\"https:\/\/www.claret.cat\/llibre\/leconomia-de-francesc-9788491363118\/?c=\" target=\"_blank\" rel=\"nofollow noopener\"><em>L\u2019Economia de Francesc<\/em><\/a>, (Editorial Claret, 2020); <a href=\"https:\/\/www.claret.cat\/llibre\/la-lluita-per-la-llibertat-religiosa-i-de-consciencia-9788491362456\/?c=\" target=\"_blank\" rel=\"nofollow noopener\"><em>La lluita per la llibertat religiosa i de consci\u00e8ncia<\/em><\/a> (Editorial Claret, 2019), entre d'altres.\r\n\r\n<\/div>","post_title":"EDUARD IB\u00c1\u00d1EZ","post_excerpt":"","post_status":"publish","comment_status":"closed","ping_status":"closed","post_password":"","post_name":"eduard-ibanez","to_ping":"","pinged":"","post_modified":"2024-10-10 12:42:50","post_modified_gmt":"2024-10-10 10:42:50","post_content_filtered":"","post_parent":0,"guid":"http:\/\/dev.claret.cat\/autor\/eduard-ibanez\/","menu_order":0,"post_type":"autor","post_mime_type":"","comment_count":"0","filter":"raw"}],"autor":"IB\u00c1\u00d1EZ, EDUARD","codart":"849136245","libros-coleccion":"FORA DE COL.LECCI\u00d3","ediciones":"1","encuadernacion":"R\u00fastica","fecha_de_publicacion":"13\/11\/2019","novedad":"0","paginas":"168","subtitulo":"","orden":"0","portada":"0","idioma":"cat","booktrailer":"","linkebook":"","ficha":"849136245_1688654857.pdf","muestra":"","precioebook":"0","presentacion":"","resenas":""},"aioseo_notices":[],"_links":{"self":[{"href":"https:\/\/www.claret.cat\/es\/wp-json\/wp\/v2\/product\/8690","targetHints":{"allow":["GET"]}}],"collection":[{"href":"https:\/\/www.claret.cat\/es\/wp-json\/wp\/v2\/product"}],"about":[{"href":"https:\/\/www.claret.cat\/es\/wp-json\/wp\/v2\/types\/product"}],"wp:featuredmedia":[{"embeddable":true,"href":"https:\/\/www.claret.cat\/es\/wp-json\/wp\/v2\/media\/360738"}],"wp:attachment":[{"href":"https:\/\/www.claret.cat\/es\/wp-json\/wp\/v2\/media?parent=8690"}],"wp:term":[{"taxonomy":"product_brand","embeddable":true,"href":"https:\/\/www.claret.cat\/es\/wp-json\/wp\/v2\/product_brand?post=8690"},{"taxonomy":"product_cat","embeddable":true,"href":"https:\/\/www.claret.cat\/es\/wp-json\/wp\/v2\/product_cat?post=8690"},{"taxonomy":"product_tag","embeddable":true,"href":"https:\/\/www.claret.cat\/es\/wp-json\/wp\/v2\/product_tag?post=8690"}],"curies":[{"name":"wp","href":"https:\/\/api.w.org\/{rel}","templated":true}]}}