{"id":87454,"date":"2022-10-11T18:05:05","date_gmt":"2022-10-11T16:05:05","guid":{"rendered":"http:\/\/dev.claret.cat\/producte\/cuerpos-abyectos\/"},"modified":"2026-01-28T11:22:29","modified_gmt":"2026-01-28T10:22:29","slug":"cuerpos-abyectos-9788425446719","status":"publish","type":"product","link":"https:\/\/www.claret.cat\/es\/libro\/cuerpos-abyectos-9788425446719\/","title":{"rendered":"CUERPOS ABYECTOS"},"content":{"rendered":"<p>El evangelio de Marcos traspasa todos los l\u00edmites en su relato de la pasi\u00f3n. Los personajes que presenta, incluido Jes\u00fas, tienen en com\u00fan que son del otro lado: transgreden todo tipo de fronteras y causan confusi\u00f3n en la unidad y el orden promovidos por los jud\u00edos de la \u00e9poca. Marcos describe algunos personajes del relato como excluidos de la sociedad y del templo debido a su g\u00e9nero, enfermedad o afeminamiento. La abyecci\u00f3n es lo que distingue lo totalmente humano de lo que no lo es. El proceso de convertirse en humano o inhumano es un mecanismo de exclusi\u00f3n, r\u00edgido y bien orquestado. Jes\u00fas define un nuevo orden y unas nuevas fronteras gracias a su celo por anunciar buenas noticias para todos los cuerpos abyectos.  El autor investiga en este libro sobre temas como la deconstrucci\u00f3n de g\u00e9nero, la performatividad, la masculinidad, la vulnerabilidad, la abyecci\u00f3n, la precariedad de los cuerpos, la dial\u00e9ctica del poder que existe entre el acto de mirar a otro cuerpo masculino y la subversi\u00f3n y transgresi\u00f3n de fronteras, tanto reales como simb\u00f3licas. Muestra c\u00f3mo todos estos  elementos est\u00e1n presentes en el evan<\/p>\n","protected":false},"excerpt":{"rendered":"<p>VILLALOBOS MENDOZA, MANUEL<\/p>\n","protected":false},"featured_media":87455,"template":"","meta":{"_acf_changed":false,"om_disable_all_campaigns":false,"rs_blank_template":"","rs_page_bg_color":"","slide_template_v7":"","inline_featured_image":false,"_monsterinsights_skip_tracking":false},"product_brand":[],"product_cat":[412,274,542,92],"product_tag":[],"class_list":["post-87454","product","type-product","status-publish","has-post-thumbnail","product_cat-estudios-sagrada-escritura","product_cat-estudis-sagrada-escriptura","product_cat-vida-religiosa-1_espiritualidad-spa","product_cat-vida-religiosa","first","instock","taxable","shipping-taxable","purchasable","product-type-simple"],"acf":{"editorial":[{"ID":6266,"post_author":"3","post_date":"2022-07-28 17:48:31","post_date_gmt":"2022-07-28 15:48:31","post_content":"","post_title":"HERDER","post_excerpt":"","post_status":"publish","comment_status":"closed","ping_status":"closed","post_password":"","post_name":"herder","to_ping":"","pinged":"","post_modified":"2022-07-28 17:48:31","post_modified_gmt":"2022-07-28 15:48:31","post_content_filtered":"","post_parent":0,"guid":"http:\/\/dev.claret.cat\/editorial\/herder\/","menu_order":0,"post_type":"editorial","post_mime_type":"","comment_count":"0","filter":"raw"}],"autor":"VILLALOBOS MENDOZA, MANUEL","codart":"842544671","libros-coleccion":"BIBLIOTECA HERDER EL ALMENDRO","ediciones":"1","encuadernacion":"Carpeta","fecha_de_publicacion":"01\/05\/2021","novedad":"1","paginas":"319","subtitulo":"","orden":"0","portada":"0","idioma":"spa","autores-libros":[{"ID":163239,"post_author":"3","post_date":"2022-10-14 17:37:26","post_date_gmt":"2022-10-14 15:37:26","post_content":"","post_title":"MANUEL VILLALOBOS MENDOZA","post_excerpt":"","post_status":"publish","comment_status":"closed","ping_status":"closed","post_password":"","post_name":"manuel-villalobos-mendoza","to_ping":"","pinged":"","post_modified":"2022-10-14 17:37:26","post_modified_gmt":"2022-10-14 15:37:26","post_content_filtered":"","post_parent":0,"guid":"http:\/\/dev.claret.cat\/autor\/manuel-villalobos-mendoza\/","menu_order":0,"post_type":"autor","post_mime_type":"","comment_count":"0","filter":"raw"}],"booktrailer":"","resenas":""},"aioseo_notices":[],"aioseo_head":"\n\t\t<!-- All in One SEO Pro 5.0.1.1 - aioseo.com -->\n\t<meta name=\"description\" content=\"CUERPOS ABYECTOS de VILLALOBOS MENDOZA, MANUEL disponible a\/en Llibreria Claret.\" \/>\n\t<meta name=\"robots\" content=\"max-image-preview:large\" \/>\n\t<meta name=\"google-site-verification\" content=\"xVtlFxJ-TfkIu-D-lt7XeLobefg5EIQiXTuqcSf8Rf0\" \/>\n\t<link rel=\"canonical\" href=\"https:\/\/www.claret.cat\/es\/libro\/cuerpos-abyectos-9788425446719\/\" \/>\n\t<meta name=\"generator\" content=\"All in One SEO Pro (AIOSEO) 5.0.1.1\" \/>\n\t\t<meta property=\"og:locale\" content=\"es_ES\" \/>\n\t\t<meta property=\"og:site_name\" content=\"Llibreria Claret - Llibreria religiosa a Barcelona\" \/>\n\t\t<meta property=\"og:type\" content=\"article\" \/>\n\t\t<meta property=\"og:title\" content=\"CUERPOS ABYECTOS - VILLALOBOS MENDOZA, MANUEL 9788425446719 | Llibreria Claret\" \/>\n\t\t<meta property=\"og:description\" content=\"CUERPOS ABYECTOS de VILLALOBOS MENDOZA, MANUEL disponible a\/en Llibreria Claret.\" \/>\n\t\t<meta property=\"og:url\" content=\"https:\/\/www.claret.cat\/es\/libro\/cuerpos-abyectos-9788425446719\/\" \/>\n\t\t<meta property=\"og:image\" content=\"https:\/\/dev.claret.cat\/wp-content\/uploads\/logo-claret.svg\" \/>\n\t\t<meta property=\"og:image:secure_url\" content=\"https:\/\/dev.claret.cat\/wp-content\/uploads\/logo-claret.svg\" \/>\n\t\t<meta property=\"article:published_time\" content=\"2022-10-11T16:05:05+00:00\" \/>\n\t\t<meta property=\"article:modified_time\" content=\"2026-01-28T10:22:29+00:00\" \/>\n\t\t<meta property=\"article:publisher\" content=\"https:\/\/www.facebook.com\/LlibreriaClaret\" \/>\n\t\t<meta name=\"twitter:card\" content=\"summary_large_image\" \/>\n\t\t<meta name=\"twitter:site\" content=\"@LlibreriaClaret\" \/>\n\t\t<meta name=\"twitter:title\" content=\"CUERPOS ABYECTOS - VILLALOBOS MENDOZA, MANUEL 9788425446719 | Llibreria Claret\" \/>\n\t\t<meta name=\"twitter:description\" content=\"CUERPOS ABYECTOS de VILLALOBOS MENDOZA, MANUEL disponible a\/en Llibreria Claret.\" \/>\n\t\t<meta name=\"twitter:image\" content=\"http:\/\/dev.claret.cat\/wp-content\/uploads\/logo-claret.svg\" \/>\n\t\t<script type=\"application\/ld+json\" class=\"aioseo-schema\">\n\t\t\t{\"@context\":\"https:\\\/\\\/schema.org\",\"@graph\":[{\"@type\":\"BreadcrumbList\",\"@id\":\"https:\\\/\\\/www.claret.cat\\\/es\\\/libro\\\/cuerpos-abyectos-9788425446719\\\/#breadcrumblist\",\"itemListElement\":[{\"@type\":\"ListItem\",\"@id\":\"https:\\\/\\\/www.claret.cat\\\/es\\\/#listItem\",\"position\":1,\"name\":\"Home\",\"item\":\"https:\\\/\\\/www.claret.cat\\\/es\\\/\",\"nextItem\":{\"@type\":\"ListItem\",\"@id\":\"https:\\\/\\\/www.claret.cat\\\/?page_id=16#listItem\",\"name\":\"Botiga\"}},{\"@type\":\"ListItem\",\"@id\":\"https:\\\/\\\/www.claret.cat\\\/?page_id=16#listItem\",\"position\":2,\"name\":\"Botiga\",\"item\":\"https:\\\/\\\/www.claret.cat\\\/?page_id=16\",\"nextItem\":{\"@type\":\"ListItem\",\"@id\":\"https:\\\/\\\/www.claret.cat\\\/categoria-producto\\\/cat\\\/#listItem\",\"name\":\"CAT\"},\"previousItem\":{\"@type\":\"ListItem\",\"@id\":\"https:\\\/\\\/www.claret.cat\\\/es\\\/#listItem\",\"name\":\"Home\"}},{\"@type\":\"ListItem\",\"@id\":\"https:\\\/\\\/www.claret.cat\\\/categoria-producto\\\/cat\\\/#listItem\",\"position\":3,\"name\":\"CAT\",\"item\":\"https:\\\/\\\/www.claret.cat\\\/categoria-producto\\\/cat\\\/\",\"nextItem\":{\"@type\":\"ListItem\",\"@id\":\"https:\\\/\\\/www.claret.cat\\\/categoria-producto\\\/cat\\\/1_espiritualitat\\\/#listItem\",\"name\":\"Espiritualitat\"},\"previousItem\":{\"@type\":\"ListItem\",\"@id\":\"https:\\\/\\\/www.claret.cat\\\/?page_id=16#listItem\",\"name\":\"Botiga\"}},{\"@type\":\"ListItem\",\"@id\":\"https:\\\/\\\/www.claret.cat\\\/categoria-producto\\\/cat\\\/1_espiritualitat\\\/#listItem\",\"position\":4,\"name\":\"Espiritualitat\",\"item\":\"https:\\\/\\\/www.claret.cat\\\/categoria-producto\\\/cat\\\/1_espiritualitat\\\/\",\"nextItem\":{\"@type\":\"ListItem\",\"@id\":\"https:\\\/\\\/www.claret.cat\\\/categoria-producto\\\/cat\\\/1_espiritualitat\\\/teologia\\\/#listItem\",\"name\":\"Teologia\"},\"previousItem\":{\"@type\":\"ListItem\",\"@id\":\"https:\\\/\\\/www.claret.cat\\\/categoria-producto\\\/cat\\\/#listItem\",\"name\":\"CAT\"}},{\"@type\":\"ListItem\",\"@id\":\"https:\\\/\\\/www.claret.cat\\\/categoria-producto\\\/cat\\\/1_espiritualitat\\\/teologia\\\/#listItem\",\"position\":5,\"name\":\"Teologia\",\"item\":\"https:\\\/\\\/www.claret.cat\\\/categoria-producto\\\/cat\\\/1_espiritualitat\\\/teologia\\\/\",\"nextItem\":{\"@type\":\"ListItem\",\"@id\":\"https:\\\/\\\/www.claret.cat\\\/categoria-producto\\\/cat\\\/1_espiritualitat\\\/teologia\\\/estudis-sagrada-escriptura\\\/#listItem\",\"name\":\"Estudis Sagrada Escriptura\"},\"previousItem\":{\"@type\":\"ListItem\",\"@id\":\"https:\\\/\\\/www.claret.cat\\\/categoria-producto\\\/cat\\\/1_espiritualitat\\\/#listItem\",\"name\":\"Espiritualitat\"}},{\"@type\":\"ListItem\",\"@id\":\"https:\\\/\\\/www.claret.cat\\\/categoria-producto\\\/cat\\\/1_espiritualitat\\\/teologia\\\/estudis-sagrada-escriptura\\\/#listItem\",\"position\":6,\"name\":\"Estudis Sagrada Escriptura\",\"item\":\"https:\\\/\\\/www.claret.cat\\\/categoria-producto\\\/cat\\\/1_espiritualitat\\\/teologia\\\/estudis-sagrada-escriptura\\\/\",\"nextItem\":{\"@type\":\"ListItem\",\"@id\":\"https:\\\/\\\/www.claret.cat\\\/es\\\/libro\\\/cuerpos-abyectos-9788425446719\\\/#listItem\",\"name\":\"CUERPOS ABYECTOS\"},\"previousItem\":{\"@type\":\"ListItem\",\"@id\":\"https:\\\/\\\/www.claret.cat\\\/categoria-producto\\\/cat\\\/1_espiritualitat\\\/teologia\\\/#listItem\",\"name\":\"Teologia\"}},{\"@type\":\"ListItem\",\"@id\":\"https:\\\/\\\/www.claret.cat\\\/es\\\/libro\\\/cuerpos-abyectos-9788425446719\\\/#listItem\",\"position\":7,\"name\":\"CUERPOS ABYECTOS\",\"previousItem\":{\"@type\":\"ListItem\",\"@id\":\"https:\\\/\\\/www.claret.cat\\\/categoria-producto\\\/cat\\\/1_espiritualitat\\\/teologia\\\/estudis-sagrada-escriptura\\\/#listItem\",\"name\":\"Estudis Sagrada Escriptura\"}}]},{\"@type\":\"ItemPage\",\"@id\":\"https:\\\/\\\/www.claret.cat\\\/es\\\/libro\\\/cuerpos-abyectos-9788425446719\\\/#itempage\",\"url\":\"https:\\\/\\\/www.claret.cat\\\/es\\\/libro\\\/cuerpos-abyectos-9788425446719\\\/\",\"name\":\"CUERPOS ABYECTOS - VILLALOBOS MENDOZA, MANUEL 9788425446719 | Llibreria Claret\",\"description\":\"CUERPOS ABYECTOS de VILLALOBOS MENDOZA, MANUEL disponible a\\\/en Llibreria Claret.\",\"inLanguage\":\"es-ES\",\"isPartOf\":{\"@id\":\"https:\\\/\\\/www.claret.cat\\\/es\\\/#website\"},\"breadcrumb\":{\"@id\":\"https:\\\/\\\/www.claret.cat\\\/es\\\/libro\\\/cuerpos-abyectos-9788425446719\\\/#breadcrumblist\"},\"image\":{\"@type\":\"ImageObject\",\"url\":\"https:\\\/\\\/www.claret.cat\\\/wp-content\\\/uploads\\\/.\\\/9788425446719.jpg\",\"@id\":\"https:\\\/\\\/www.claret.cat\\\/es\\\/libro\\\/cuerpos-abyectos-9788425446719\\\/#mainImage\",\"width\":225,\"height\":344,\"caption\":\"9788425446719.jpg\"},\"primaryImageOfPage\":{\"@id\":\"https:\\\/\\\/www.claret.cat\\\/es\\\/libro\\\/cuerpos-abyectos-9788425446719\\\/#mainImage\"},\"datePublished\":\"2022-10-11T18:05:05+02:00\",\"dateModified\":\"2026-01-28T11:22:29+01:00\"},{\"@type\":\"Organization\",\"@id\":\"https:\\\/\\\/www.claret.cat\\\/es\\\/#organization\",\"name\":\"Llibreria Claret\",\"description\":\"Llibreria religiosa a Barcelona\",\"url\":\"https:\\\/\\\/www.claret.cat\\\/es\\\/\",\"email\":\"comunicacio@claret.cat\",\"telephone\":\"+34933010887\",\"logo\":{\"@type\":\"ImageObject\",\"url\":\"https:\\\/\\\/www.claret.cat\\\/wp-content\\\/uploads\\\/.\\\/logo-claret-es.png\",\"@id\":\"https:\\\/\\\/www.claret.cat\\\/es\\\/libro\\\/cuerpos-abyectos-9788425446719\\\/#organizationLogo\",\"width\":195,\"height\":79},\"image\":{\"@id\":\"https:\\\/\\\/www.claret.cat\\\/es\\\/libro\\\/cuerpos-abyectos-9788425446719\\\/#organizationLogo\"},\"sameAs\":[\"https:\\\/\\\/www.facebook.com\\\/LlibreriaClaret\",\"https:\\\/\\\/twitter.com\\\/LlibreriaClaret\",\"https:\\\/\\\/www.instagram.com\\\/llibreriaclaret\\\/\",\"https:\\\/\\\/www.tiktok.com\\\/@llibreriaclaret\",\"https:\\\/\\\/www.youtube.com\\\/@llibreriaclaret\",\"https:\\\/\\\/ca.wikipedia.org\\\/wiki\\\/Editorial_Claret\"]},{\"@type\":\"WebPage\",\"@id\":\"https:\\\/\\\/www.claret.cat\\\/es\\\/libro\\\/cuerpos-abyectos-9788425446719\\\/#webpage\",\"url\":\"https:\\\/\\\/www.claret.cat\\\/es\\\/libro\\\/cuerpos-abyectos-9788425446719\\\/\",\"name\":\"CUERPOS ABYECTOS - VILLALOBOS MENDOZA, MANUEL 9788425446719 | Llibreria Claret\",\"description\":\"CUERPOS ABYECTOS de VILLALOBOS MENDOZA, MANUEL disponible a\\\/en Llibreria Claret.\",\"inLanguage\":\"es-ES\",\"isPartOf\":{\"@id\":\"https:\\\/\\\/www.claret.cat\\\/es\\\/#website\"},\"breadcrumb\":{\"@id\":\"https:\\\/\\\/www.claret.cat\\\/es\\\/libro\\\/cuerpos-abyectos-9788425446719\\\/#breadcrumblist\"},\"image\":{\"@type\":\"ImageObject\",\"url\":\"https:\\\/\\\/www.claret.cat\\\/wp-content\\\/uploads\\\/.\\\/9788425446719.jpg\",\"@id\":\"https:\\\/\\\/www.claret.cat\\\/es\\\/libro\\\/cuerpos-abyectos-9788425446719\\\/#mainImage\",\"width\":225,\"height\":344,\"caption\":\"9788425446719.jpg\"},\"primaryImageOfPage\":{\"@id\":\"https:\\\/\\\/www.claret.cat\\\/es\\\/libro\\\/cuerpos-abyectos-9788425446719\\\/#mainImage\"},\"datePublished\":\"2022-10-11T18:05:05+02:00\",\"dateModified\":\"2026-01-28T11:22:29+01:00\"},{\"@type\":\"WebSite\",\"@id\":\"https:\\\/\\\/www.claret.cat\\\/es\\\/#website\",\"url\":\"https:\\\/\\\/www.claret.cat\\\/es\\\/\",\"name\":\"Llibreria Claret Barcelona\",\"alternateName\":\"Llibreria Claret\",\"description\":\"Llibreria religiosa a Barcelona\",\"inLanguage\":\"es-ES\",\"publisher\":{\"@id\":\"https:\\\/\\\/www.claret.cat\\\/es\\\/#organization\"}}]}\n\t\t<\/script>\n\t\t<!-- All in One SEO Pro -->\r\n\t\t<title>CUERPOS ABYECTOS - VILLALOBOS MENDOZA, MANUEL 9788425446719 | Llibreria Claret<\/title>\n\n","aioseo_head_json":{"title":"CUERPOS ABYECTOS - VILLALOBOS MENDOZA, MANUEL 9788425446719 | Llibreria Claret","description":"CUERPOS ABYECTOS de VILLALOBOS MENDOZA, MANUEL disponible a\/en Llibreria Claret.","canonical_url":"https:\/\/www.claret.cat\/es\/libro\/cuerpos-abyectos-9788425446719\/","robots":"max-image-preview:large","keywords":"","webmasterTools":{"google-site-verification":"xVtlFxJ-TfkIu-D-lt7XeLobefg5EIQiXTuqcSf8Rf0","miscellaneous":""},"schema":{"@context":"https:\/\/schema.org","@graph":[{"@type":"BreadcrumbList","@id":"https:\/\/www.claret.cat\/es\/libro\/cuerpos-abyectos-9788425446719\/#breadcrumblist","itemListElement":[{"@type":"ListItem","@id":"https:\/\/www.claret.cat\/es\/#listItem","position":1,"name":"Home","item":"https:\/\/www.claret.cat\/es\/","nextItem":{"@type":"ListItem","@id":"https:\/\/www.claret.cat\/?page_id=16#listItem","name":"Botiga"}},{"@type":"ListItem","@id":"https:\/\/www.claret.cat\/?page_id=16#listItem","position":2,"name":"Botiga","item":"https:\/\/www.claret.cat\/?page_id=16","nextItem":{"@type":"ListItem","@id":"https:\/\/www.claret.cat\/categoria-producto\/cat\/#listItem","name":"CAT"},"previousItem":{"@type":"ListItem","@id":"https:\/\/www.claret.cat\/es\/#listItem","name":"Home"}},{"@type":"ListItem","@id":"https:\/\/www.claret.cat\/categoria-producto\/cat\/#listItem","position":3,"name":"CAT","item":"https:\/\/www.claret.cat\/categoria-producto\/cat\/","nextItem":{"@type":"ListItem","@id":"https:\/\/www.claret.cat\/categoria-producto\/cat\/1_espiritualitat\/#listItem","name":"Espiritualitat"},"previousItem":{"@type":"ListItem","@id":"https:\/\/www.claret.cat\/?page_id=16#listItem","name":"Botiga"}},{"@type":"ListItem","@id":"https:\/\/www.claret.cat\/categoria-producto\/cat\/1_espiritualitat\/#listItem","position":4,"name":"Espiritualitat","item":"https:\/\/www.claret.cat\/categoria-producto\/cat\/1_espiritualitat\/","nextItem":{"@type":"ListItem","@id":"https:\/\/www.claret.cat\/categoria-producto\/cat\/1_espiritualitat\/teologia\/#listItem","name":"Teologia"},"previousItem":{"@type":"ListItem","@id":"https:\/\/www.claret.cat\/categoria-producto\/cat\/#listItem","name":"CAT"}},{"@type":"ListItem","@id":"https:\/\/www.claret.cat\/categoria-producto\/cat\/1_espiritualitat\/teologia\/#listItem","position":5,"name":"Teologia","item":"https:\/\/www.claret.cat\/categoria-producto\/cat\/1_espiritualitat\/teologia\/","nextItem":{"@type":"ListItem","@id":"https:\/\/www.claret.cat\/categoria-producto\/cat\/1_espiritualitat\/teologia\/estudis-sagrada-escriptura\/#listItem","name":"Estudis Sagrada Escriptura"},"previousItem":{"@type":"ListItem","@id":"https:\/\/www.claret.cat\/categoria-producto\/cat\/1_espiritualitat\/#listItem","name":"Espiritualitat"}},{"@type":"ListItem","@id":"https:\/\/www.claret.cat\/categoria-producto\/cat\/1_espiritualitat\/teologia\/estudis-sagrada-escriptura\/#listItem","position":6,"name":"Estudis Sagrada Escriptura","item":"https:\/\/www.claret.cat\/categoria-producto\/cat\/1_espiritualitat\/teologia\/estudis-sagrada-escriptura\/","nextItem":{"@type":"ListItem","@id":"https:\/\/www.claret.cat\/es\/libro\/cuerpos-abyectos-9788425446719\/#listItem","name":"CUERPOS ABYECTOS"},"previousItem":{"@type":"ListItem","@id":"https:\/\/www.claret.cat\/categoria-producto\/cat\/1_espiritualitat\/teologia\/#listItem","name":"Teologia"}},{"@type":"ListItem","@id":"https:\/\/www.claret.cat\/es\/libro\/cuerpos-abyectos-9788425446719\/#listItem","position":7,"name":"CUERPOS ABYECTOS","previousItem":{"@type":"ListItem","@id":"https:\/\/www.claret.cat\/categoria-producto\/cat\/1_espiritualitat\/teologia\/estudis-sagrada-escriptura\/#listItem","name":"Estudis Sagrada Escriptura"}}]},{"@type":"ItemPage","@id":"https:\/\/www.claret.cat\/es\/libro\/cuerpos-abyectos-9788425446719\/#itempage","url":"https:\/\/www.claret.cat\/es\/libro\/cuerpos-abyectos-9788425446719\/","name":"CUERPOS ABYECTOS - VILLALOBOS MENDOZA, MANUEL 9788425446719 | Llibreria Claret","description":"CUERPOS ABYECTOS de VILLALOBOS MENDOZA, MANUEL disponible a\/en Llibreria Claret.","inLanguage":"es-ES","isPartOf":{"@id":"https:\/\/www.claret.cat\/es\/#website"},"breadcrumb":{"@id":"https:\/\/www.claret.cat\/es\/libro\/cuerpos-abyectos-9788425446719\/#breadcrumblist"},"image":{"@type":"ImageObject","url":"https:\/\/www.claret.cat\/wp-content\/uploads\/.\/9788425446719.jpg","@id":"https:\/\/www.claret.cat\/es\/libro\/cuerpos-abyectos-9788425446719\/#mainImage","width":225,"height":344,"caption":"9788425446719.jpg"},"primaryImageOfPage":{"@id":"https:\/\/www.claret.cat\/es\/libro\/cuerpos-abyectos-9788425446719\/#mainImage"},"datePublished":"2022-10-11T18:05:05+02:00","dateModified":"2026-01-28T11:22:29+01:00"},{"@type":"Organization","@id":"https:\/\/www.claret.cat\/es\/#organization","name":"Llibreria Claret","description":"Llibreria religiosa a Barcelona","url":"https:\/\/www.claret.cat\/es\/","email":"comunicacio@claret.cat","telephone":"+34933010887","logo":{"@type":"ImageObject","url":"https:\/\/www.claret.cat\/wp-content\/uploads\/.\/logo-claret-es.png","@id":"https:\/\/www.claret.cat\/es\/libro\/cuerpos-abyectos-9788425446719\/#organizationLogo","width":195,"height":79},"image":{"@id":"https:\/\/www.claret.cat\/es\/libro\/cuerpos-abyectos-9788425446719\/#organizationLogo"},"sameAs":["https:\/\/www.facebook.com\/LlibreriaClaret","https:\/\/twitter.com\/LlibreriaClaret","https:\/\/www.instagram.com\/llibreriaclaret\/","https:\/\/www.tiktok.com\/@llibreriaclaret","https:\/\/www.youtube.com\/@llibreriaclaret","https:\/\/ca.wikipedia.org\/wiki\/Editorial_Claret"]},{"@type":"WebPage","@id":"https:\/\/www.claret.cat\/es\/libro\/cuerpos-abyectos-9788425446719\/#webpage","url":"https:\/\/www.claret.cat\/es\/libro\/cuerpos-abyectos-9788425446719\/","name":"CUERPOS ABYECTOS - VILLALOBOS MENDOZA, MANUEL 9788425446719 | Llibreria Claret","description":"CUERPOS ABYECTOS de VILLALOBOS MENDOZA, MANUEL disponible a\/en Llibreria Claret.","inLanguage":"es-ES","isPartOf":{"@id":"https:\/\/www.claret.cat\/es\/#website"},"breadcrumb":{"@id":"https:\/\/www.claret.cat\/es\/libro\/cuerpos-abyectos-9788425446719\/#breadcrumblist"},"image":{"@type":"ImageObject","url":"https:\/\/www.claret.cat\/wp-content\/uploads\/.\/9788425446719.jpg","@id":"https:\/\/www.claret.cat\/es\/libro\/cuerpos-abyectos-9788425446719\/#mainImage","width":225,"height":344,"caption":"9788425446719.jpg"},"primaryImageOfPage":{"@id":"https:\/\/www.claret.cat\/es\/libro\/cuerpos-abyectos-9788425446719\/#mainImage"},"datePublished":"2022-10-11T18:05:05+02:00","dateModified":"2026-01-28T11:22:29+01:00"},{"@type":"WebSite","@id":"https:\/\/www.claret.cat\/es\/#website","url":"https:\/\/www.claret.cat\/es\/","name":"Llibreria Claret Barcelona","alternateName":"Llibreria Claret","description":"Llibreria religiosa a Barcelona","inLanguage":"es-ES","publisher":{"@id":"https:\/\/www.claret.cat\/es\/#organization"}}]},"og:locale":"es_ES","og:site_name":"Llibreria Claret - Llibreria religiosa a Barcelona","og:type":"article","og:title":"CUERPOS ABYECTOS - VILLALOBOS MENDOZA, MANUEL 9788425446719 | Llibreria Claret","og:description":"CUERPOS ABYECTOS de VILLALOBOS MENDOZA, MANUEL disponible a\/en Llibreria Claret.","og:url":"https:\/\/www.claret.cat\/es\/libro\/cuerpos-abyectos-9788425446719\/","og:image":"https:\/\/dev.claret.cat\/wp-content\/uploads\/logo-claret.svg","og:image:secure_url":"https:\/\/dev.claret.cat\/wp-content\/uploads\/logo-claret.svg","article:published_time":"2022-10-11T16:05:05+00:00","article:modified_time":"2026-01-28T10:22:29+00:00","article:publisher":"https:\/\/www.facebook.com\/LlibreriaClaret","twitter:card":"summary_large_image","twitter:site":"@LlibreriaClaret","twitter:title":"CUERPOS ABYECTOS - VILLALOBOS MENDOZA, MANUEL 9788425446719 | Llibreria Claret","twitter:description":"CUERPOS ABYECTOS de VILLALOBOS MENDOZA, MANUEL disponible a\/en Llibreria Claret.","twitter:image":"http:\/\/dev.claret.cat\/wp-content\/uploads\/logo-claret.svg"},"aioseo_meta_data":{"post_id":"87454","title":null,"description":null,"keywords":null,"keyphrases":null,"primary_term":null,"canonical_url":null,"og_title":null,"og_description":null,"og_object_type":"default","og_image_type":"default","og_image_url":null,"og_image_width":null,"og_image_height":null,"og_image_custom_url":null,"og_image_custom_fields":null,"og_video":null,"og_custom_url":null,"og_article_section":null,"og_article_tags":null,"twitter_use_og":false,"twitter_card":"default","twitter_image_type":"default","twitter_image_url":null,"twitter_image_custom_url":null,"twitter_image_custom_fields":null,"twitter_title":null,"twitter_description":null,"schema":{"blockGraphs":[],"customGraphs":[],"default":{"data":{"Article":[],"Course":[],"Dataset":[],"FAQPage":[],"Movie":[],"Person":[],"Product":[],"ProductReview":[],"Car":[],"Recipe":[],"Service":[],"SoftwareApplication":[],"WebPage":[]},"graphName":"","isEnabled":true},"graphs":[]},"schema_type":"default","schema_type_options":null,"pillar_content":false,"robots_default":true,"robots_noindex":false,"robots_noarchive":false,"robots_nosnippet":false,"robots_nofollow":false,"robots_noimageindex":false,"robots_noodp":false,"robots_notranslate":false,"robots_max_snippet":null,"robots_max_videopreview":null,"robots_max_imagepreview":"large","priority":null,"frequency":null,"local_seo":null,"seo_analyzer_scan_date":"2026-01-28 13:11:48","breadcrumb_settings":null,"limit_modified_date":false,"open_ai":null,"ai":null,"created":"2022-12-19 01:47:33","updated":"2026-01-28 13:11:48","focus_keyword":null,"additional_keywords":null,"truseo_locale":null},"aioseo_breadcrumb":"<div class=\"aioseo-breadcrumbs\"><span class=\"aioseo-breadcrumb\">\n\t<a href=\"https:\/\/www.claret.cat\/es\/\" title=\"Home\">Home<\/a>\n<\/span><span class=\"aioseo-breadcrumb-separator\">&raquo;<\/span><span class=\"aioseo-breadcrumb\">\n\t<a href=\"https:\/\/www.claret.cat\/?page_id=16\" title=\"Botiga\">Botiga<\/a>\n<\/span><span class=\"aioseo-breadcrumb-separator\">&raquo;<\/span><span class=\"aioseo-breadcrumb\">\n\t<a href=\"https:\/\/www.claret.cat\/categoria-producto\/cat\/\" title=\"CAT\">CAT<\/a>\n<\/span><span class=\"aioseo-breadcrumb-separator\">&raquo;<\/span><span class=\"aioseo-breadcrumb\">\n\t<a href=\"https:\/\/www.claret.cat\/categoria-producto\/cat\/1_espiritualitat\/\" title=\"Espiritualitat\">Espiritualitat<\/a>\n<\/span><span class=\"aioseo-breadcrumb-separator\">&raquo;<\/span><span class=\"aioseo-breadcrumb\">\n\t<a href=\"https:\/\/www.claret.cat\/categoria-producto\/cat\/1_espiritualitat\/teologia\/\" title=\"Teologia\">Teologia<\/a>\n<\/span><span class=\"aioseo-breadcrumb-separator\">&raquo;<\/span><span class=\"aioseo-breadcrumb\">\n\t<a href=\"https:\/\/www.claret.cat\/categoria-producto\/cat\/1_espiritualitat\/teologia\/estudis-sagrada-escriptura\/\" title=\"Estudis Sagrada Escriptura\">Estudis Sagrada Escriptura<\/a>\n<\/span><span class=\"aioseo-breadcrumb-separator\">&raquo;<\/span><span class=\"aioseo-breadcrumb\">\n\tCUERPOS ABYECTOS\n<\/span><\/div>","aioseo_breadcrumb_json":[{"label":"Home","link":"https:\/\/www.claret.cat\/es\/"},{"label":"Botiga","link":"https:\/\/www.claret.cat\/?page_id=16"},{"label":"CAT","link":"https:\/\/www.claret.cat\/categoria-producto\/cat\/"},{"label":"Espiritualitat","link":"https:\/\/www.claret.cat\/categoria-producto\/cat\/1_espiritualitat\/"},{"label":"Teologia","link":"https:\/\/www.claret.cat\/categoria-producto\/cat\/1_espiritualitat\/teologia\/"},{"label":"Estudis Sagrada Escriptura","link":"https:\/\/www.claret.cat\/categoria-producto\/cat\/1_espiritualitat\/teologia\/estudis-sagrada-escriptura\/"},{"label":"CUERPOS ABYECTOS","link":"https:\/\/www.claret.cat\/es\/libro\/cuerpos-abyectos-9788425446719\/"}],"_links":{"self":[{"href":"https:\/\/www.claret.cat\/es\/wp-json\/wp\/v2\/product\/87454","targetHints":{"allow":["GET"]}}],"collection":[{"href":"https:\/\/www.claret.cat\/es\/wp-json\/wp\/v2\/product"}],"about":[{"href":"https:\/\/www.claret.cat\/es\/wp-json\/wp\/v2\/types\/product"}],"wp:featuredmedia":[{"embeddable":true,"href":"https:\/\/www.claret.cat\/es\/wp-json\/wp\/v2\/media\/87455"}],"wp:attachment":[{"href":"https:\/\/www.claret.cat\/es\/wp-json\/wp\/v2\/media?parent=87454"}],"wp:term":[{"taxonomy":"product_brand","embeddable":true,"href":"https:\/\/www.claret.cat\/es\/wp-json\/wp\/v2\/product_brand?post=87454"},{"taxonomy":"product_cat","embeddable":true,"href":"https:\/\/www.claret.cat\/es\/wp-json\/wp\/v2\/product_cat?post=87454"},{"taxonomy":"product_tag","embeddable":true,"href":"https:\/\/www.claret.cat\/es\/wp-json\/wp\/v2\/product_tag?post=87454"}],"curies":[{"name":"wp","href":"https:\/\/api.w.org\/{rel}","templated":true}]}}