{"id":876871,"date":"2023-09-26T19:30:40","date_gmt":"2023-09-26T17:30:40","guid":{"rendered":"https:\/\/www.claret.cat\/llibre\/de-que-nos-sirve-ser-tan-listos-9788423363865\/"},"modified":"2023-10-11T00:40:19","modified_gmt":"2023-10-10T22:40:19","slug":"de-que-nos-sirve-ser-tan-listos-9788423363865","status":"publish","type":"product","link":"https:\/\/www.claret.cat\/es\/libro\/de-que-nos-sirve-ser-tan-listos-9788423363865\/","title":{"rendered":"\u00bfDE QU\u00c9 NOS SIRVE SER TAN LISTOS?"},"content":{"rendered":"<p>EL GRAN LIBRO DE LA INTELIGENCIA HUMANA\u00a0 \u00a0 \u00a0 \u00a0 \u00a0 \u00a0 \u00a0 \u00a0 \u00a0 \u00a0 \u00a0 \u00a0 \u00a0 \u00a0 \u00a0 \u00a0\u00a0<br \/> \u00abCada vez que tengo alg\u00fan problema de neurociencia se lo pregunto a Manuel Mart\u00edn-Loeches. Sabe de lo que habla y de lo que escribe.\u00bb\u00a0 \u00a0 \u00a0 JUAN LUIS ARSUAGALa evoluci\u00f3n ha moldeado nuestra mente hasta que ha llegado a ser una de las m\u00e1s poderosas del planeta. Sin embargo, nuestra inteligencia tiene\u00a0 muchos recovecos, consecuencias, anomal\u00edas y extravagancias. Desde hace tiempo sabemos que, lejos de estar basadas en el c\u00e1lculo matem\u00e1tico, las decisiones que tomamos est\u00e1n al servicio de las emociones. Quiz\u00e1 sea esta la raz\u00f3n de que seamos mucho menos listos de lo que nos creemos.<br \/> \u00bfQu\u00e9 es la inteligencia humana? \u00bfRealmente somos m\u00e1s listos que todos los otros Homo de nuestro g\u00e9nero? \u00bfQu\u00e9 factores impiden que no siempre alcancemos todo nuestro potencial? Abordando temas muy diversos que van desde las enfermedades mentales, el porqu\u00e9 de las adicciones y los errores de sesgo hasta el relato sobre la muerte y los progresos de la inteligencia artificial en el conocimiento del cerebro, el experto en neurociencia Manuel Mart\u00edn-Loeches nos muestra, a partir de los avances m\u00e1s punteros, c\u00f3mo pensamos, somos y sentimos los seres humanos, la especie m\u00e1s impredecible de la Tierra.<br \/> Un revelador viaje por el cerebro, el pensamiento y las emociones de la mano de uno de los grandes divulgadores de neurociencia.<\/p>\n<p> \u00abCon Manuel uno aprende de verdad sobre el cerebro. Hace sencillo lo complejo. Convierte en comprensible aquello que roza lo inexplicable. Todos necesitamos un profesor as\u00ed.\u00bb IKER JIM\u00c9NEZ<br \/> \u00abCada d\u00eda tenemos m\u00e1s cosas que agradecerle a la ciecia, y es m\u00e1s importante comprenderla. Manuel Mart\u00edn-Loeches siempre consigue que entendamos conceptos complej\u00edsimos, nos acerca a ellos como si por fin nos hubieran puesto las gafas que necesit\u00e1bamos.\u00bb \u00c0NGELS BARCEL\u00d3<\/p>\n","protected":false},"excerpt":{"rendered":"<p>MART\u00cdN-LOECHES, MANUEL<\/p>\n","protected":false},"featured_media":876924,"template":"","meta":{"_acf_changed":false,"om_disable_all_campaigns":false,"rs_blank_template":"","rs_page_bg_color":"","slide_template_v7":"","inline_featured_image":false,"_monsterinsights_skip_tracking":false},"product_brand":[],"product_cat":[179,377],"product_tag":[],"class_list":["post-876871","product","type-product","status-publish","has-post-thumbnail","product_cat-autoajuda-i-salut-mental","product_cat-autoayuda-y-salud-mental","first","instock","taxable","shipping-taxable","purchasable","product-type-simple"],"acf":{"autor":"MART\u00cdN-LOECHES, MANUEL","codart":"842336386","libros-coleccion":"Imago Mundi","ediciones":"1","encuadernacion":"R\u00fastica","fecha_de_publicacion":"01\/09\/2023","novedad":"1","paginas":"398","subtitulo":"DESCUBRE C\u00d3MO PIENSA Y SE EMOCIONA NUESTRO CEREBRO","orden":"0","portada":"0","idioma":"spa","editorial":[{"ID":6182,"post_author":"3","post_date":"2022-07-28 17:46:40","post_date_gmt":"2022-07-28 15:46:40","post_content":"","post_title":"DESTINO, S.L.","post_excerpt":"","post_status":"publish","comment_status":"closed","ping_status":"closed","post_password":"","post_name":"destino-s-l","to_ping":"","pinged":"","post_modified":"2022-07-28 17:46:40","post_modified_gmt":"2022-07-28 15:46:40","post_content_filtered":"","post_parent":0,"guid":"http:\/\/dev.claret.cat\/editorial\/destino-s-l\/","menu_order":0,"post_type":"editorial","post_mime_type":"","comment_count":"0","filter":"raw"}],"autores-libros":[{"ID":876870,"post_author":"3","post_date":"2023-09-26 19:30:38","post_date_gmt":"2023-09-26 17:30:38","post_content":"","post_title":"MANUEL MARTIN-LOECHES","post_excerpt":"","post_status":"publish","comment_status":"closed","ping_status":"closed","post_password":"","post_name":"manuel-martin-loeches","to_ping":"","pinged":"","post_modified":"2023-09-26 19:30:38","post_modified_gmt":"2023-09-26 17:30:38","post_content_filtered":"","post_parent":0,"guid":"https:\/\/www.claret.cat\/autor\/manuel-martin-loeches\/","menu_order":0,"post_type":"autor","post_mime_type":"","comment_count":"0","filter":"raw"}]},"aioseo_notices":[],"aioseo_head":"\n\t\t<!-- All in One SEO Pro 5.0.1.1 - aioseo.com -->\n\t<meta name=\"description\" content=\"\u00bfDE QU\u00c9 NOS SIRVE SER TAN LISTOS? de MART\u00cdN-LOECHES, MANUEL disponible a\/en Llibreria Claret.\" \/>\n\t<meta name=\"robots\" content=\"max-image-preview:large\" \/>\n\t<meta name=\"google-site-verification\" content=\"xVtlFxJ-TfkIu-D-lt7XeLobefg5EIQiXTuqcSf8Rf0\" \/>\n\t<link rel=\"canonical\" href=\"https:\/\/www.claret.cat\/es\/libro\/de-que-nos-sirve-ser-tan-listos-9788423363865\/\" \/>\n\t<meta name=\"generator\" content=\"All in One SEO Pro (AIOSEO) 5.0.1.1\" \/>\n\t\t<meta property=\"og:locale\" content=\"es_ES\" \/>\n\t\t<meta property=\"og:site_name\" content=\"Llibreria Claret - Llibreria religiosa a Barcelona\" \/>\n\t\t<meta property=\"og:type\" content=\"article\" \/>\n\t\t<meta property=\"og:title\" content=\"\u00bfDE QU\u00c9 NOS SIRVE SER TAN LISTOS? - MART\u00cdN-LOECHES, MANUEL 9788423363865 | Llibreria Claret\" \/>\n\t\t<meta property=\"og:description\" content=\"\u00bfDE QU\u00c9 NOS SIRVE SER TAN LISTOS? de MART\u00cdN-LOECHES, MANUEL disponible a\/en Llibreria Claret.\" \/>\n\t\t<meta property=\"og:url\" content=\"https:\/\/www.claret.cat\/es\/libro\/de-que-nos-sirve-ser-tan-listos-9788423363865\/\" \/>\n\t\t<meta property=\"og:image\" content=\"https:\/\/dev.claret.cat\/wp-content\/uploads\/logo-claret.svg\" \/>\n\t\t<meta property=\"og:image:secure_url\" content=\"https:\/\/dev.claret.cat\/wp-content\/uploads\/logo-claret.svg\" \/>\n\t\t<meta property=\"article:published_time\" content=\"2023-09-26T17:30:40+00:00\" \/>\n\t\t<meta property=\"article:modified_time\" content=\"2023-10-10T22:40:19+00:00\" \/>\n\t\t<meta property=\"article:publisher\" content=\"https:\/\/www.facebook.com\/LlibreriaClaret\" \/>\n\t\t<meta name=\"twitter:card\" content=\"summary_large_image\" \/>\n\t\t<meta name=\"twitter:site\" content=\"@LlibreriaClaret\" \/>\n\t\t<meta name=\"twitter:title\" content=\"\u00bfDE QU\u00c9 NOS SIRVE SER TAN LISTOS? - MART\u00cdN-LOECHES, MANUEL 9788423363865 | Llibreria Claret\" \/>\n\t\t<meta name=\"twitter:description\" content=\"\u00bfDE QU\u00c9 NOS SIRVE SER TAN LISTOS? de MART\u00cdN-LOECHES, MANUEL disponible a\/en Llibreria Claret.\" \/>\n\t\t<meta name=\"twitter:image\" content=\"http:\/\/dev.claret.cat\/wp-content\/uploads\/logo-claret.svg\" \/>\n\t\t<script type=\"application\/ld+json\" class=\"aioseo-schema\">\n\t\t\t{\"@context\":\"https:\\\/\\\/schema.org\",\"@graph\":[{\"@type\":\"BreadcrumbList\",\"@id\":\"https:\\\/\\\/www.claret.cat\\\/es\\\/libro\\\/de-que-nos-sirve-ser-tan-listos-9788423363865\\\/#breadcrumblist\",\"itemListElement\":[{\"@type\":\"ListItem\",\"@id\":\"https:\\\/\\\/www.claret.cat\\\/es\\\/#listItem\",\"position\":1,\"name\":\"Home\",\"item\":\"https:\\\/\\\/www.claret.cat\\\/es\\\/\",\"nextItem\":{\"@type\":\"ListItem\",\"@id\":\"https:\\\/\\\/www.claret.cat\\\/?page_id=16#listItem\",\"name\":\"Botiga\"}},{\"@type\":\"ListItem\",\"@id\":\"https:\\\/\\\/www.claret.cat\\\/?page_id=16#listItem\",\"position\":2,\"name\":\"Botiga\",\"item\":\"https:\\\/\\\/www.claret.cat\\\/?page_id=16\",\"nextItem\":{\"@type\":\"ListItem\",\"@id\":\"https:\\\/\\\/www.claret.cat\\\/categoria-producto\\\/cat\\\/#listItem\",\"name\":\"CAT\"},\"previousItem\":{\"@type\":\"ListItem\",\"@id\":\"https:\\\/\\\/www.claret.cat\\\/es\\\/#listItem\",\"name\":\"Home\"}},{\"@type\":\"ListItem\",\"@id\":\"https:\\\/\\\/www.claret.cat\\\/categoria-producto\\\/cat\\\/#listItem\",\"position\":3,\"name\":\"CAT\",\"item\":\"https:\\\/\\\/www.claret.cat\\\/categoria-producto\\\/cat\\\/\",\"nextItem\":{\"@type\":\"ListItem\",\"@id\":\"https:\\\/\\\/www.claret.cat\\\/categoria-producto\\\/cat\\\/2_humanitats\\\/#listItem\",\"name\":\"Humanitats\"},\"previousItem\":{\"@type\":\"ListItem\",\"@id\":\"https:\\\/\\\/www.claret.cat\\\/?page_id=16#listItem\",\"name\":\"Botiga\"}},{\"@type\":\"ListItem\",\"@id\":\"https:\\\/\\\/www.claret.cat\\\/categoria-producto\\\/cat\\\/2_humanitats\\\/#listItem\",\"position\":4,\"name\":\"Humanitats\",\"item\":\"https:\\\/\\\/www.claret.cat\\\/categoria-producto\\\/cat\\\/2_humanitats\\\/\",\"nextItem\":{\"@type\":\"ListItem\",\"@id\":\"https:\\\/\\\/www.claret.cat\\\/categoria-producto\\\/cat\\\/2_humanitats\\\/psicologia\\\/#listItem\",\"name\":\"Psicologia\"},\"previousItem\":{\"@type\":\"ListItem\",\"@id\":\"https:\\\/\\\/www.claret.cat\\\/categoria-producto\\\/cat\\\/#listItem\",\"name\":\"CAT\"}},{\"@type\":\"ListItem\",\"@id\":\"https:\\\/\\\/www.claret.cat\\\/categoria-producto\\\/cat\\\/2_humanitats\\\/psicologia\\\/#listItem\",\"position\":5,\"name\":\"Psicologia\",\"item\":\"https:\\\/\\\/www.claret.cat\\\/categoria-producto\\\/cat\\\/2_humanitats\\\/psicologia\\\/\",\"nextItem\":{\"@type\":\"ListItem\",\"@id\":\"https:\\\/\\\/www.claret.cat\\\/categoria-producto\\\/cat\\\/2_humanitats\\\/psicologia\\\/autoajuda-i-salut-mental\\\/#listItem\",\"name\":\"Autoajuda i Salut Mental\"},\"previousItem\":{\"@type\":\"ListItem\",\"@id\":\"https:\\\/\\\/www.claret.cat\\\/categoria-producto\\\/cat\\\/2_humanitats\\\/#listItem\",\"name\":\"Humanitats\"}},{\"@type\":\"ListItem\",\"@id\":\"https:\\\/\\\/www.claret.cat\\\/categoria-producto\\\/cat\\\/2_humanitats\\\/psicologia\\\/autoajuda-i-salut-mental\\\/#listItem\",\"position\":6,\"name\":\"Autoajuda i Salut Mental\",\"item\":\"https:\\\/\\\/www.claret.cat\\\/categoria-producto\\\/cat\\\/2_humanitats\\\/psicologia\\\/autoajuda-i-salut-mental\\\/\",\"nextItem\":{\"@type\":\"ListItem\",\"@id\":\"https:\\\/\\\/www.claret.cat\\\/es\\\/libro\\\/de-que-nos-sirve-ser-tan-listos-9788423363865\\\/#listItem\",\"name\":\"\\u00bfDE QU\\u00c9 NOS SIRVE SER TAN LISTOS?\"},\"previousItem\":{\"@type\":\"ListItem\",\"@id\":\"https:\\\/\\\/www.claret.cat\\\/categoria-producto\\\/cat\\\/2_humanitats\\\/psicologia\\\/#listItem\",\"name\":\"Psicologia\"}},{\"@type\":\"ListItem\",\"@id\":\"https:\\\/\\\/www.claret.cat\\\/es\\\/libro\\\/de-que-nos-sirve-ser-tan-listos-9788423363865\\\/#listItem\",\"position\":7,\"name\":\"\\u00bfDE QU\\u00c9 NOS SIRVE SER TAN LISTOS?\",\"previousItem\":{\"@type\":\"ListItem\",\"@id\":\"https:\\\/\\\/www.claret.cat\\\/categoria-producto\\\/cat\\\/2_humanitats\\\/psicologia\\\/autoajuda-i-salut-mental\\\/#listItem\",\"name\":\"Autoajuda i Salut Mental\"}}]},{\"@type\":\"ItemPage\",\"@id\":\"https:\\\/\\\/www.claret.cat\\\/es\\\/libro\\\/de-que-nos-sirve-ser-tan-listos-9788423363865\\\/#itempage\",\"url\":\"https:\\\/\\\/www.claret.cat\\\/es\\\/libro\\\/de-que-nos-sirve-ser-tan-listos-9788423363865\\\/\",\"name\":\"\\u00bfDE QU\\u00c9 NOS SIRVE SER TAN LISTOS? - MART\\u00cdN-LOECHES, MANUEL 9788423363865 | Llibreria Claret\",\"description\":\"\\u00bfDE QU\\u00c9 NOS SIRVE SER TAN LISTOS? de MART\\u00cdN-LOECHES, MANUEL disponible a\\\/en Llibreria Claret.\",\"inLanguage\":\"es-ES\",\"isPartOf\":{\"@id\":\"https:\\\/\\\/www.claret.cat\\\/es\\\/#website\"},\"breadcrumb\":{\"@id\":\"https:\\\/\\\/www.claret.cat\\\/es\\\/libro\\\/de-que-nos-sirve-ser-tan-listos-9788423363865\\\/#breadcrumblist\"},\"image\":{\"@type\":\"ImageObject\",\"url\":\"https:\\\/\\\/www.claret.cat\\\/wp-content\\\/uploads\\\/.\\\/9788423363865-1.jpg\",\"@id\":\"https:\\\/\\\/www.claret.cat\\\/es\\\/libro\\\/de-que-nos-sirve-ser-tan-listos-9788423363865\\\/#mainImage\",\"width\":986,\"height\":1536,\"caption\":\"9788423363865.jpg\"},\"primaryImageOfPage\":{\"@id\":\"https:\\\/\\\/www.claret.cat\\\/es\\\/libro\\\/de-que-nos-sirve-ser-tan-listos-9788423363865\\\/#mainImage\"},\"datePublished\":\"2023-09-26T19:30:40+02:00\",\"dateModified\":\"2023-10-11T00:40:19+02:00\"},{\"@type\":\"Organization\",\"@id\":\"https:\\\/\\\/www.claret.cat\\\/es\\\/#organization\",\"name\":\"Llibreria Claret\",\"description\":\"Llibreria religiosa a Barcelona\",\"url\":\"https:\\\/\\\/www.claret.cat\\\/es\\\/\",\"email\":\"comunicacio@claret.cat\",\"telephone\":\"+34933010887\",\"logo\":{\"@type\":\"ImageObject\",\"url\":\"https:\\\/\\\/www.claret.cat\\\/wp-content\\\/uploads\\\/.\\\/logo-claret-es.png\",\"@id\":\"https:\\\/\\\/www.claret.cat\\\/es\\\/libro\\\/de-que-nos-sirve-ser-tan-listos-9788423363865\\\/#organizationLogo\",\"width\":195,\"height\":79},\"image\":{\"@id\":\"https:\\\/\\\/www.claret.cat\\\/es\\\/libro\\\/de-que-nos-sirve-ser-tan-listos-9788423363865\\\/#organizationLogo\"},\"sameAs\":[\"https:\\\/\\\/www.facebook.com\\\/LlibreriaClaret\",\"https:\\\/\\\/twitter.com\\\/LlibreriaClaret\",\"https:\\\/\\\/www.instagram.com\\\/llibreriaclaret\\\/\",\"https:\\\/\\\/www.tiktok.com\\\/@llibreriaclaret\",\"https:\\\/\\\/www.youtube.com\\\/@llibreriaclaret\",\"https:\\\/\\\/ca.wikipedia.org\\\/wiki\\\/Editorial_Claret\"]},{\"@type\":\"WebPage\",\"@id\":\"https:\\\/\\\/www.claret.cat\\\/es\\\/libro\\\/de-que-nos-sirve-ser-tan-listos-9788423363865\\\/#webpage\",\"url\":\"https:\\\/\\\/www.claret.cat\\\/es\\\/libro\\\/de-que-nos-sirve-ser-tan-listos-9788423363865\\\/\",\"name\":\"\\u00bfDE QU\\u00c9 NOS SIRVE SER TAN LISTOS? - MART\\u00cdN-LOECHES, MANUEL 9788423363865 | Llibreria Claret\",\"description\":\"\\u00bfDE QU\\u00c9 NOS SIRVE SER TAN LISTOS? de MART\\u00cdN-LOECHES, MANUEL disponible a\\\/en Llibreria Claret.\",\"inLanguage\":\"es-ES\",\"isPartOf\":{\"@id\":\"https:\\\/\\\/www.claret.cat\\\/es\\\/#website\"},\"breadcrumb\":{\"@id\":\"https:\\\/\\\/www.claret.cat\\\/es\\\/libro\\\/de-que-nos-sirve-ser-tan-listos-9788423363865\\\/#breadcrumblist\"},\"image\":{\"@type\":\"ImageObject\",\"url\":\"https:\\\/\\\/www.claret.cat\\\/wp-content\\\/uploads\\\/.\\\/9788423363865-1.jpg\",\"@id\":\"https:\\\/\\\/www.claret.cat\\\/es\\\/libro\\\/de-que-nos-sirve-ser-tan-listos-9788423363865\\\/#mainImage\",\"width\":986,\"height\":1536,\"caption\":\"9788423363865.jpg\"},\"primaryImageOfPage\":{\"@id\":\"https:\\\/\\\/www.claret.cat\\\/es\\\/libro\\\/de-que-nos-sirve-ser-tan-listos-9788423363865\\\/#mainImage\"},\"datePublished\":\"2023-09-26T19:30:40+02:00\",\"dateModified\":\"2023-10-11T00:40:19+02:00\"},{\"@type\":\"WebSite\",\"@id\":\"https:\\\/\\\/www.claret.cat\\\/es\\\/#website\",\"url\":\"https:\\\/\\\/www.claret.cat\\\/es\\\/\",\"name\":\"Llibreria Claret Barcelona\",\"alternateName\":\"Llibreria Claret\",\"description\":\"Llibreria religiosa a Barcelona\",\"inLanguage\":\"es-ES\",\"publisher\":{\"@id\":\"https:\\\/\\\/www.claret.cat\\\/es\\\/#organization\"}}]}\n\t\t<\/script>\n\t\t<!-- All in One SEO Pro -->\r\n\t\t<title>\u00bfDE QU\u00c9 NOS SIRVE SER TAN LISTOS? - MART\u00cdN-LOECHES, MANUEL 9788423363865 | Llibreria Claret<\/title>\n\n","aioseo_head_json":{"title":"\u00bfDE QU\u00c9 NOS SIRVE SER TAN LISTOS? - MART\u00cdN-LOECHES, MANUEL 9788423363865 | Llibreria Claret","description":"\u00bfDE QU\u00c9 NOS SIRVE SER TAN LISTOS? de MART\u00cdN-LOECHES, MANUEL disponible a\/en Llibreria Claret.","canonical_url":"https:\/\/www.claret.cat\/es\/libro\/de-que-nos-sirve-ser-tan-listos-9788423363865\/","robots":"max-image-preview:large","keywords":"","webmasterTools":{"google-site-verification":"xVtlFxJ-TfkIu-D-lt7XeLobefg5EIQiXTuqcSf8Rf0","miscellaneous":""},"schema":{"@context":"https:\/\/schema.org","@graph":[{"@type":"BreadcrumbList","@id":"https:\/\/www.claret.cat\/es\/libro\/de-que-nos-sirve-ser-tan-listos-9788423363865\/#breadcrumblist","itemListElement":[{"@type":"ListItem","@id":"https:\/\/www.claret.cat\/es\/#listItem","position":1,"name":"Home","item":"https:\/\/www.claret.cat\/es\/","nextItem":{"@type":"ListItem","@id":"https:\/\/www.claret.cat\/?page_id=16#listItem","name":"Botiga"}},{"@type":"ListItem","@id":"https:\/\/www.claret.cat\/?page_id=16#listItem","position":2,"name":"Botiga","item":"https:\/\/www.claret.cat\/?page_id=16","nextItem":{"@type":"ListItem","@id":"https:\/\/www.claret.cat\/categoria-producto\/cat\/#listItem","name":"CAT"},"previousItem":{"@type":"ListItem","@id":"https:\/\/www.claret.cat\/es\/#listItem","name":"Home"}},{"@type":"ListItem","@id":"https:\/\/www.claret.cat\/categoria-producto\/cat\/#listItem","position":3,"name":"CAT","item":"https:\/\/www.claret.cat\/categoria-producto\/cat\/","nextItem":{"@type":"ListItem","@id":"https:\/\/www.claret.cat\/categoria-producto\/cat\/2_humanitats\/#listItem","name":"Humanitats"},"previousItem":{"@type":"ListItem","@id":"https:\/\/www.claret.cat\/?page_id=16#listItem","name":"Botiga"}},{"@type":"ListItem","@id":"https:\/\/www.claret.cat\/categoria-producto\/cat\/2_humanitats\/#listItem","position":4,"name":"Humanitats","item":"https:\/\/www.claret.cat\/categoria-producto\/cat\/2_humanitats\/","nextItem":{"@type":"ListItem","@id":"https:\/\/www.claret.cat\/categoria-producto\/cat\/2_humanitats\/psicologia\/#listItem","name":"Psicologia"},"previousItem":{"@type":"ListItem","@id":"https:\/\/www.claret.cat\/categoria-producto\/cat\/#listItem","name":"CAT"}},{"@type":"ListItem","@id":"https:\/\/www.claret.cat\/categoria-producto\/cat\/2_humanitats\/psicologia\/#listItem","position":5,"name":"Psicologia","item":"https:\/\/www.claret.cat\/categoria-producto\/cat\/2_humanitats\/psicologia\/","nextItem":{"@type":"ListItem","@id":"https:\/\/www.claret.cat\/categoria-producto\/cat\/2_humanitats\/psicologia\/autoajuda-i-salut-mental\/#listItem","name":"Autoajuda i Salut Mental"},"previousItem":{"@type":"ListItem","@id":"https:\/\/www.claret.cat\/categoria-producto\/cat\/2_humanitats\/#listItem","name":"Humanitats"}},{"@type":"ListItem","@id":"https:\/\/www.claret.cat\/categoria-producto\/cat\/2_humanitats\/psicologia\/autoajuda-i-salut-mental\/#listItem","position":6,"name":"Autoajuda i Salut Mental","item":"https:\/\/www.claret.cat\/categoria-producto\/cat\/2_humanitats\/psicologia\/autoajuda-i-salut-mental\/","nextItem":{"@type":"ListItem","@id":"https:\/\/www.claret.cat\/es\/libro\/de-que-nos-sirve-ser-tan-listos-9788423363865\/#listItem","name":"\u00bfDE QU\u00c9 NOS SIRVE SER TAN LISTOS?"},"previousItem":{"@type":"ListItem","@id":"https:\/\/www.claret.cat\/categoria-producto\/cat\/2_humanitats\/psicologia\/#listItem","name":"Psicologia"}},{"@type":"ListItem","@id":"https:\/\/www.claret.cat\/es\/libro\/de-que-nos-sirve-ser-tan-listos-9788423363865\/#listItem","position":7,"name":"\u00bfDE QU\u00c9 NOS SIRVE SER TAN LISTOS?","previousItem":{"@type":"ListItem","@id":"https:\/\/www.claret.cat\/categoria-producto\/cat\/2_humanitats\/psicologia\/autoajuda-i-salut-mental\/#listItem","name":"Autoajuda i Salut Mental"}}]},{"@type":"ItemPage","@id":"https:\/\/www.claret.cat\/es\/libro\/de-que-nos-sirve-ser-tan-listos-9788423363865\/#itempage","url":"https:\/\/www.claret.cat\/es\/libro\/de-que-nos-sirve-ser-tan-listos-9788423363865\/","name":"\u00bfDE QU\u00c9 NOS SIRVE SER TAN LISTOS? - MART\u00cdN-LOECHES, MANUEL 9788423363865 | Llibreria Claret","description":"\u00bfDE QU\u00c9 NOS SIRVE SER TAN LISTOS? de MART\u00cdN-LOECHES, MANUEL disponible a\/en Llibreria Claret.","inLanguage":"es-ES","isPartOf":{"@id":"https:\/\/www.claret.cat\/es\/#website"},"breadcrumb":{"@id":"https:\/\/www.claret.cat\/es\/libro\/de-que-nos-sirve-ser-tan-listos-9788423363865\/#breadcrumblist"},"image":{"@type":"ImageObject","url":"https:\/\/www.claret.cat\/wp-content\/uploads\/.\/9788423363865-1.jpg","@id":"https:\/\/www.claret.cat\/es\/libro\/de-que-nos-sirve-ser-tan-listos-9788423363865\/#mainImage","width":986,"height":1536,"caption":"9788423363865.jpg"},"primaryImageOfPage":{"@id":"https:\/\/www.claret.cat\/es\/libro\/de-que-nos-sirve-ser-tan-listos-9788423363865\/#mainImage"},"datePublished":"2023-09-26T19:30:40+02:00","dateModified":"2023-10-11T00:40:19+02:00"},{"@type":"Organization","@id":"https:\/\/www.claret.cat\/es\/#organization","name":"Llibreria Claret","description":"Llibreria religiosa a Barcelona","url":"https:\/\/www.claret.cat\/es\/","email":"comunicacio@claret.cat","telephone":"+34933010887","logo":{"@type":"ImageObject","url":"https:\/\/www.claret.cat\/wp-content\/uploads\/.\/logo-claret-es.png","@id":"https:\/\/www.claret.cat\/es\/libro\/de-que-nos-sirve-ser-tan-listos-9788423363865\/#organizationLogo","width":195,"height":79},"image":{"@id":"https:\/\/www.claret.cat\/es\/libro\/de-que-nos-sirve-ser-tan-listos-9788423363865\/#organizationLogo"},"sameAs":["https:\/\/www.facebook.com\/LlibreriaClaret","https:\/\/twitter.com\/LlibreriaClaret","https:\/\/www.instagram.com\/llibreriaclaret\/","https:\/\/www.tiktok.com\/@llibreriaclaret","https:\/\/www.youtube.com\/@llibreriaclaret","https:\/\/ca.wikipedia.org\/wiki\/Editorial_Claret"]},{"@type":"WebPage","@id":"https:\/\/www.claret.cat\/es\/libro\/de-que-nos-sirve-ser-tan-listos-9788423363865\/#webpage","url":"https:\/\/www.claret.cat\/es\/libro\/de-que-nos-sirve-ser-tan-listos-9788423363865\/","name":"\u00bfDE QU\u00c9 NOS SIRVE SER TAN LISTOS? - MART\u00cdN-LOECHES, MANUEL 9788423363865 | Llibreria Claret","description":"\u00bfDE QU\u00c9 NOS SIRVE SER TAN LISTOS? de MART\u00cdN-LOECHES, MANUEL disponible a\/en Llibreria Claret.","inLanguage":"es-ES","isPartOf":{"@id":"https:\/\/www.claret.cat\/es\/#website"},"breadcrumb":{"@id":"https:\/\/www.claret.cat\/es\/libro\/de-que-nos-sirve-ser-tan-listos-9788423363865\/#breadcrumblist"},"image":{"@type":"ImageObject","url":"https:\/\/www.claret.cat\/wp-content\/uploads\/.\/9788423363865-1.jpg","@id":"https:\/\/www.claret.cat\/es\/libro\/de-que-nos-sirve-ser-tan-listos-9788423363865\/#mainImage","width":986,"height":1536,"caption":"9788423363865.jpg"},"primaryImageOfPage":{"@id":"https:\/\/www.claret.cat\/es\/libro\/de-que-nos-sirve-ser-tan-listos-9788423363865\/#mainImage"},"datePublished":"2023-09-26T19:30:40+02:00","dateModified":"2023-10-11T00:40:19+02:00"},{"@type":"WebSite","@id":"https:\/\/www.claret.cat\/es\/#website","url":"https:\/\/www.claret.cat\/es\/","name":"Llibreria Claret Barcelona","alternateName":"Llibreria Claret","description":"Llibreria religiosa a Barcelona","inLanguage":"es-ES","publisher":{"@id":"https:\/\/www.claret.cat\/es\/#organization"}}]},"og:locale":"es_ES","og:site_name":"Llibreria Claret - Llibreria religiosa a Barcelona","og:type":"article","og:title":"\u00bfDE QU\u00c9 NOS SIRVE SER TAN LISTOS? - MART\u00cdN-LOECHES, MANUEL 9788423363865 | Llibreria Claret","og:description":"\u00bfDE QU\u00c9 NOS SIRVE SER TAN LISTOS? de MART\u00cdN-LOECHES, MANUEL disponible a\/en Llibreria Claret.","og:url":"https:\/\/www.claret.cat\/es\/libro\/de-que-nos-sirve-ser-tan-listos-9788423363865\/","og:image":"https:\/\/dev.claret.cat\/wp-content\/uploads\/logo-claret.svg","og:image:secure_url":"https:\/\/dev.claret.cat\/wp-content\/uploads\/logo-claret.svg","article:published_time":"2023-09-26T17:30:40+00:00","article:modified_time":"2023-10-10T22:40:19+00:00","article:publisher":"https:\/\/www.facebook.com\/LlibreriaClaret","twitter:card":"summary_large_image","twitter:site":"@LlibreriaClaret","twitter:title":"\u00bfDE QU\u00c9 NOS SIRVE SER TAN LISTOS? - MART\u00cdN-LOECHES, MANUEL 9788423363865 | Llibreria Claret","twitter:description":"\u00bfDE QU\u00c9 NOS SIRVE SER TAN LISTOS? de MART\u00cdN-LOECHES, MANUEL disponible a\/en Llibreria Claret.","twitter:image":"http:\/\/dev.claret.cat\/wp-content\/uploads\/logo-claret.svg"},"aioseo_meta_data":{"post_id":"876871","title":null,"description":null,"keywords":null,"keyphrases":null,"primary_term":null,"canonical_url":null,"og_title":null,"og_description":null,"og_object_type":"default","og_image_type":"default","og_image_url":null,"og_image_width":null,"og_image_height":null,"og_image_custom_url":null,"og_image_custom_fields":null,"og_video":null,"og_custom_url":null,"og_article_section":null,"og_article_tags":null,"twitter_use_og":false,"twitter_card":"default","twitter_image_type":"default","twitter_image_url":null,"twitter_image_custom_url":null,"twitter_image_custom_fields":null,"twitter_title":null,"twitter_description":null,"schema":{"blockGraphs":[],"customGraphs":[],"default":{"data":{"Article":[],"Course":[],"Dataset":[],"FAQPage":[],"Movie":[],"Person":[],"Product":[],"ProductReview":[],"Car":[],"Recipe":[],"Service":[],"SoftwareApplication":[],"WebPage":[]},"graphName":"","isEnabled":true},"graphs":[]},"schema_type":"default","schema_type_options":null,"pillar_content":false,"robots_default":true,"robots_noindex":false,"robots_noarchive":false,"robots_nosnippet":false,"robots_nofollow":false,"robots_noimageindex":false,"robots_noodp":false,"robots_notranslate":false,"robots_max_snippet":null,"robots_max_videopreview":null,"robots_max_imagepreview":"large","priority":null,"frequency":null,"local_seo":null,"seo_analyzer_scan_date":"2026-06-12 01:39:36","breadcrumb_settings":null,"limit_modified_date":false,"open_ai":null,"ai":null,"created":"2023-09-26 17:34:45","updated":"2026-06-12 01:39:36","focus_keyword":null,"additional_keywords":null,"truseo_locale":null},"aioseo_breadcrumb":"<div class=\"aioseo-breadcrumbs\"><span class=\"aioseo-breadcrumb\">\n\t<a href=\"https:\/\/www.claret.cat\/es\/\" title=\"Home\">Home<\/a>\n<\/span><span class=\"aioseo-breadcrumb-separator\">&raquo;<\/span><span class=\"aioseo-breadcrumb\">\n\t<a href=\"https:\/\/www.claret.cat\/?page_id=16\" title=\"Botiga\">Botiga<\/a>\n<\/span><span class=\"aioseo-breadcrumb-separator\">&raquo;<\/span><span class=\"aioseo-breadcrumb\">\n\t<a href=\"https:\/\/www.claret.cat\/categoria-producto\/cat\/\" title=\"CAT\">CAT<\/a>\n<\/span><span class=\"aioseo-breadcrumb-separator\">&raquo;<\/span><span class=\"aioseo-breadcrumb\">\n\t<a href=\"https:\/\/www.claret.cat\/categoria-producto\/cat\/2_humanitats\/\" title=\"Humanitats\">Humanitats<\/a>\n<\/span><span class=\"aioseo-breadcrumb-separator\">&raquo;<\/span><span class=\"aioseo-breadcrumb\">\n\t<a href=\"https:\/\/www.claret.cat\/categoria-producto\/cat\/2_humanitats\/psicologia\/\" title=\"Psicologia\">Psicologia<\/a>\n<\/span><span class=\"aioseo-breadcrumb-separator\">&raquo;<\/span><span class=\"aioseo-breadcrumb\">\n\t<a href=\"https:\/\/www.claret.cat\/categoria-producto\/cat\/2_humanitats\/psicologia\/autoajuda-i-salut-mental\/\" title=\"Autoajuda i Salut Mental\">Autoajuda i Salut Mental<\/a>\n<\/span><span class=\"aioseo-breadcrumb-separator\">&raquo;<\/span><span class=\"aioseo-breadcrumb\">\n\t\u00bfDE QU\u00c9 NOS SIRVE SER TAN LISTOS?\n<\/span><\/div>","aioseo_breadcrumb_json":[{"label":"Home","link":"https:\/\/www.claret.cat\/es\/"},{"label":"Botiga","link":"https:\/\/www.claret.cat\/?page_id=16"},{"label":"CAT","link":"https:\/\/www.claret.cat\/categoria-producto\/cat\/"},{"label":"Humanitats","link":"https:\/\/www.claret.cat\/categoria-producto\/cat\/2_humanitats\/"},{"label":"Psicologia","link":"https:\/\/www.claret.cat\/categoria-producto\/cat\/2_humanitats\/psicologia\/"},{"label":"Autoajuda i Salut Mental","link":"https:\/\/www.claret.cat\/categoria-producto\/cat\/2_humanitats\/psicologia\/autoajuda-i-salut-mental\/"},{"label":"\u00bfDE QU\u00c9 NOS SIRVE SER TAN LISTOS?","link":"https:\/\/www.claret.cat\/es\/libro\/de-que-nos-sirve-ser-tan-listos-9788423363865\/"}],"_links":{"self":[{"href":"https:\/\/www.claret.cat\/es\/wp-json\/wp\/v2\/product\/876871","targetHints":{"allow":["GET"]}}],"collection":[{"href":"https:\/\/www.claret.cat\/es\/wp-json\/wp\/v2\/product"}],"about":[{"href":"https:\/\/www.claret.cat\/es\/wp-json\/wp\/v2\/types\/product"}],"wp:featuredmedia":[{"embeddable":true,"href":"https:\/\/www.claret.cat\/es\/wp-json\/wp\/v2\/media\/876924"}],"wp:attachment":[{"href":"https:\/\/www.claret.cat\/es\/wp-json\/wp\/v2\/media?parent=876871"}],"wp:term":[{"taxonomy":"product_brand","embeddable":true,"href":"https:\/\/www.claret.cat\/es\/wp-json\/wp\/v2\/product_brand?post=876871"},{"taxonomy":"product_cat","embeddable":true,"href":"https:\/\/www.claret.cat\/es\/wp-json\/wp\/v2\/product_cat?post=876871"},{"taxonomy":"product_tag","embeddable":true,"href":"https:\/\/www.claret.cat\/es\/wp-json\/wp\/v2\/product_tag?post=876871"}],"curies":[{"name":"wp","href":"https:\/\/api.w.org\/{rel}","templated":true}]}}