{"id":87785,"date":"2022-10-11T18:09:10","date_gmt":"2022-10-11T16:09:10","guid":{"rendered":"http:\/\/dev.claret.cat\/producte\/tres-corazones-amigos-jesus-maria-y-jose\/"},"modified":"2025-05-09T14:02:31","modified_gmt":"2025-05-09T12:02:31","slug":"tres-corazones-amigos-jesus-maria-y-jose-9788494960567","status":"publish","type":"product","link":"https:\/\/www.claret.cat\/es\/libro\/tres-corazones-amigos-jesus-maria-y-jose-9788494960567\/","title":{"rendered":"TRES CORAZONES AMIGOS: JES\u00daS, MAR\u00cdA Y JOS\u00c9"},"content":{"rendered":"<p>En el Coraz\u00f3n de Jes\u00fas aprendemos a confiar en \u00c9l, aprendemos a ser hijos como el Hijo, aprendemos a sabernos amados por Dios y a ser generosos. Este Coraz\u00f3n que tanto ha amado renueva todas las cosas. En este Coraz\u00f3n, Dios se une a nuestra peque\u00f1ez para hacer obras grandes. Pero los soberbios de coraz\u00f3n no entienden esto y a los arrogantes les despide vac\u00edos. En el Coraz\u00f3n de Mar\u00eda aprendemos a ser almas contemplativas. Ella nos ense\u00f1a a contemplar serenamente todo lo que guarda el coraz\u00f3n, todo lo que nos pasa, y por eso se dice acertadamente que Mar\u00eda es maestra de oraci\u00f3n. En el Coraz\u00f3n de Jos\u00e9, el Papa Francisco nos muestra el coraz\u00f3n de padre en el que hay que confiar y al que hay que acudir. En la expresi\u00f3n Ite ad Ioseph \u2014\u00abvayan donde Jos\u00e9 y hagan lo que \u00e9l les diga\u00bb\u2014 descubrimos un apoyo seguro en las pruebas de la vida cotidiana.<\/p>\n","protected":false},"excerpt":{"rendered":"<p>MANI RIBERA, V\u00cdCTOR<\/p>\n","protected":false},"featured_media":1020728,"template":"","meta":{"_acf_changed":false,"om_disable_all_campaigns":false,"rs_blank_template":"","rs_page_bg_color":"","slide_template_v7":"","inline_featured_image":false,"_monsterinsights_skip_tracking":false,"_monsterinsights_sitenote_active":false,"_monsterinsights_sitenote_note":"","_monsterinsights_sitenote_category":0},"product_brand":[],"product_cat":[202,463],"product_tag":[],"class_list":{"0":"post-87785","1":"product","2":"type-product","3":"status-publish","4":"has-post-thumbnail","6":"product_cat-introduccio-n-t","7":"product_cat-introduccion-n-t","9":"first","10":"outofstock","11":"taxable","12":"shipping-taxable","13":"purchasable","14":"product-type-simple"},"acf":{"editorial":[{"ID":147814,"post_author":"3","post_date":"2022-10-14 11:53:25","post_date_gmt":"2022-10-14 09:53:25","post_content":"","post_title":"Ediciones Humanidades","post_excerpt":"","post_status":"publish","comment_status":"closed","ping_status":"closed","post_password":"","post_name":"ediciones-humanidades","to_ping":"","pinged":"","post_modified":"2022-10-14 11:53:25","post_modified_gmt":"2022-10-14 09:53:25","post_content_filtered":"","post_parent":0,"guid":"http:\/\/dev.claret.cat\/editorial\/ediciones-humanidades\/","menu_order":0,"post_type":"editorial","post_mime_type":"","comment_count":"0","filter":"raw"}],"autor":"MANI RIBERA, V\u00cdCTOR","codart":"849496056","libros-coleccion":"Comp\u00e0s","ediciones":"1","encuadernacion":"R\u00fastica","fecha_de_publicacion":"01\/05\/2021","novedad":"1","paginas":"62","subtitulo":"","orden":"0","portada":"0","idioma":"spa","autores-libros":[{"ID":171037,"post_author":"3","post_date":"2022-10-14 22:40:11","post_date_gmt":"2022-10-14 20:40:11","post_content":"","post_title":"V\u00cdCTOR MANI RIBERA","post_excerpt":"","post_status":"publish","comment_status":"closed","ping_status":"closed","post_password":"","post_name":"victor-mani-ribera","to_ping":"","pinged":"","post_modified":"2022-10-14 22:40:11","post_modified_gmt":"2022-10-14 20:40:11","post_content_filtered":"","post_parent":0,"guid":"http:\/\/dev.claret.cat\/autor\/victor-mani-ribera\/","menu_order":0,"post_type":"autor","post_mime_type":"","comment_count":"0","filter":"raw"}],"booktrailer":"","resenas":""},"aioseo_notices":[],"_links":{"self":[{"href":"https:\/\/www.claret.cat\/es\/wp-json\/wp\/v2\/product\/87785","targetHints":{"allow":["GET"]}}],"collection":[{"href":"https:\/\/www.claret.cat\/es\/wp-json\/wp\/v2\/product"}],"about":[{"href":"https:\/\/www.claret.cat\/es\/wp-json\/wp\/v2\/types\/product"}],"wp:featuredmedia":[{"embeddable":true,"href":"https:\/\/www.claret.cat\/es\/wp-json\/wp\/v2\/media\/1020728"}],"wp:attachment":[{"href":"https:\/\/www.claret.cat\/es\/wp-json\/wp\/v2\/media?parent=87785"}],"wp:term":[{"taxonomy":"product_brand","embeddable":true,"href":"https:\/\/www.claret.cat\/es\/wp-json\/wp\/v2\/product_brand?post=87785"},{"taxonomy":"product_cat","embeddable":true,"href":"https:\/\/www.claret.cat\/es\/wp-json\/wp\/v2\/product_cat?post=87785"},{"taxonomy":"product_tag","embeddable":true,"href":"https:\/\/www.claret.cat\/es\/wp-json\/wp\/v2\/product_tag?post=87785"}],"curies":[{"name":"wp","href":"https:\/\/api.w.org\/{rel}","templated":true}]}}