{"id":877875,"date":"2023-10-03T12:54:47","date_gmt":"2023-10-03T10:54:47","guid":{"rendered":"https:\/\/www.claret.cat\/llibre\/dracula-9788483835517\/"},"modified":"2023-10-11T02:00:54","modified_gmt":"2023-10-11T00:00:54","slug":"dracula-9788483835517","status":"publish","type":"product","link":"https:\/\/www.claret.cat\/es\/libro\/dracula-9788483835517\/","title":{"rendered":"\u00abDR\u00c1CULA\u00bb"},"content":{"rendered":"<p>En el siglo XV, la antigua Valaquia, conocida hoy como Transilvania, fue escenario de cruentas luchas entre turcos, cristianos y los propios habitantes de esta zona geogr\u00e1fica \u2013entre otros, eslavos, macedonios, serbios y croatas-. \u00c9sta es la historia de Vlad III Dracul, llamado por sus contempor\u00e1neos \u201cel Empalador\u201d, quien, en medio de estos combates sin cuartel, luch\u00f3 con tales medios por la independencia de sus pa\u00eds que hasta hoy se recuerda su crueldad sin l\u00edmites. De \u00e9l\u00a0 se cuenta, entre otros muchos detalles pavorosos, que sol\u00eda almorzar rodeado de sus prisioneros agonizantes atravesados por un palo. El camino que conduce desde la historia real hasta la leyenda es oscuro y tortuoso, pero no es de extra\u00f1ar que en el siglo XIX el escritor irland\u00e9s Bram Stoker se inspirara en el sanguinario pr\u00edncipe Vlad Dracul para concebir la figura del conde Dr\u00e1cula, sediento de sangre, y al que, ya en el siglo XX, el cine convertir\u00e1 en uno de nuestros mitos m\u00e1s terror\u00edficos.<\/p>\n","protected":false},"excerpt":{"rendered":"<p>MARTIN, RALF-PETER<\/p>\n","protected":false},"featured_media":877876,"template":"","meta":{"_acf_changed":false,"om_disable_all_campaigns":false,"rs_blank_template":"","rs_page_bg_color":"","slide_template_v7":"","inline_featured_image":false,"_monsterinsights_skip_tracking":false,"_monsterinsights_sitenote_active":false,"_monsterinsights_sitenote_note":"","_monsterinsights_sitenote_category":0},"product_brand":[],"product_cat":[549,99],"product_tag":[],"class_list":{"0":"post-877875","1":"product","2":"type-product","3":"status-publish","4":"has-post-thumbnail","6":"product_cat-biografias","7":"product_cat-biografies","9":"first","10":"instock","11":"taxable","12":"shipping-taxable","13":"purchasable","14":"product-type-simple"},"acf":{"autor":"MARTIN, RALF-PETER","codart":"848383551","libros-coleccion":"","ediciones":"1","encuadernacion":"R\u00fastica","fecha_de_publicacion":"01\/03\/2009","novedad":"1","paginas":"224","subtitulo":"VLAD TEPES, EL EMPALADOR, Y SUS ANTEPASADOS","orden":"0","portada":"0","idioma":"spa","editorial":[{"ID":148518,"post_author":"3","post_date":"2022-10-14 11:58:52","post_date_gmt":"2022-10-14 09:58:52","post_content":"","post_title":"Maxi-Tusquets","post_excerpt":"","post_status":"publish","comment_status":"closed","ping_status":"closed","post_password":"","post_name":"maxi-tusquets","to_ping":"","pinged":"","post_modified":"2022-10-14 11:58:52","post_modified_gmt":"2022-10-14 09:58:52","post_content_filtered":"","post_parent":0,"guid":"http:\/\/dev.claret.cat\/editorial\/maxi-tusquets\/","menu_order":0,"post_type":"editorial","post_mime_type":"","comment_count":"0","filter":"raw"}],"autores-libros":[{"ID":877874,"post_author":"3","post_date":"2023-10-03 12:54:43","post_date_gmt":"2023-10-03 10:54:43","post_content":"","post_title":"RALF-PETER MARTIN","post_excerpt":"","post_status":"publish","comment_status":"closed","ping_status":"closed","post_password":"","post_name":"ralf-peter-martin","to_ping":"","pinged":"","post_modified":"2023-10-03 12:54:43","post_modified_gmt":"2023-10-03 10:54:43","post_content_filtered":"","post_parent":0,"guid":"https:\/\/www.claret.cat\/autor\/ralf-peter-martin\/","menu_order":0,"post_type":"autor","post_mime_type":"","comment_count":"0","filter":"raw"}]},"aioseo_notices":[],"_links":{"self":[{"href":"https:\/\/www.claret.cat\/es\/wp-json\/wp\/v2\/product\/877875","targetHints":{"allow":["GET"]}}],"collection":[{"href":"https:\/\/www.claret.cat\/es\/wp-json\/wp\/v2\/product"}],"about":[{"href":"https:\/\/www.claret.cat\/es\/wp-json\/wp\/v2\/types\/product"}],"wp:featuredmedia":[{"embeddable":true,"href":"https:\/\/www.claret.cat\/es\/wp-json\/wp\/v2\/media\/877876"}],"wp:attachment":[{"href":"https:\/\/www.claret.cat\/es\/wp-json\/wp\/v2\/media?parent=877875"}],"wp:term":[{"taxonomy":"product_brand","embeddable":true,"href":"https:\/\/www.claret.cat\/es\/wp-json\/wp\/v2\/product_brand?post=877875"},{"taxonomy":"product_cat","embeddable":true,"href":"https:\/\/www.claret.cat\/es\/wp-json\/wp\/v2\/product_cat?post=877875"},{"taxonomy":"product_tag","embeddable":true,"href":"https:\/\/www.claret.cat\/es\/wp-json\/wp\/v2\/product_tag?post=877875"}],"curies":[{"name":"wp","href":"https:\/\/api.w.org\/{rel}","templated":true}]}}