{"id":879143,"date":"2023-10-10T17:08:29","date_gmt":"2023-10-10T15:08:29","guid":{"rendered":"https:\/\/www.claret.cat\/llibre\/amen-y-aleluya-9788427148567\/"},"modified":"2026-04-01T01:59:26","modified_gmt":"2026-03-31T23:59:26","slug":"amen-y-aleluya-9788427148567","status":"publish","type":"product","link":"https:\/\/www.claret.cat\/es\/libro\/amen-y-aleluya-9788427148567\/","title":{"rendered":"AM\u00c9N Y ALELUYA"},"content":{"rendered":"<p>Profeta de nuestra \u00e9poca y agente renovador de la Iglesia del posconcilio, Pedro Arrupe Gondra, SJ, es sin duda una de las figuras m\u00e1s iluminadoras de nuestro tiempo por sus intuiciones sobre el futuro y, sobre todo, por su ejemplar vida. Tras muchas vicisitudes e incomprensiones, hoy sus virtudes est\u00e1n en v\u00edas de ser reconocidas por la Iglesia con la apertura de su proceso de canonizaci\u00f3n. Pedro Miguel Lamet, quien pudo realizarle la \u00faltima entrevista y escribir despu\u00e9s la biograf\u00eda sobre Arrupe m\u00e1s completa hasta la fecha, presenta en este nuevo libro a un Pedro Arrupe desde un enfoque diferente. Adem\u00e1s de incluir su azarosa vida, aborda su itinerario espiritual e incorpora una meditaci\u00f3n tras cada cap\u00edtulo, para ayudar a interiorizar los hitos y mensajes m\u00e1s destacados del carism\u00e1tico superior general de la Compa\u00f1\u00eda de Jes\u00fas.<\/p>\n","protected":false},"excerpt":{"rendered":"<p>PEDRO MIGUEL LAMET<\/p>\n","protected":false},"featured_media":879144,"template":"","meta":{"_acf_changed":false,"om_disable_all_campaigns":false,"rs_blank_template":"","rs_page_bg_color":"","slide_template_v7":"","inline_featured_image":false,"_monsterinsights_skip_tracking":false,"_monsterinsights_sitenote_active":false,"_monsterinsights_sitenote_note":"","_monsterinsights_sitenote_category":0},"product_brand":[],"product_cat":[244,494],"product_tag":[],"class_list":{"0":"post-879143","1":"product","2":"type-product","3":"status-publish","4":"has-post-thumbnail","6":"product_cat-ignaciana","7":"product_cat-ignaciana-espiritualidad-1_espiritualidad","9":"first","10":"instock","11":"taxable","12":"shipping-taxable","13":"purchasable","14":"product-type-simple"},"acf":{"autor":"PEDRO MIGUEL LAMET","codart":"842714856","libros-coleccion":"Jesuitas","ediciones":"1","encuadernacion":"R\u00fastica","fecha_de_publicacion":"01\/09\/2023","novedad":"1","paginas":"477","subtitulo":"","orden":"0","portada":"0","idioma":"spa","editorial":[{"ID":8258,"post_author":"3","post_date":"2022-09-30 09:21:32","post_date_gmt":"2022-09-30 07:21:32","post_content":"","post_title":"MENSAJERO","post_excerpt":"","post_status":"publish","comment_status":"closed","ping_status":"closed","post_password":"","post_name":"mensajero","to_ping":"","pinged":"","post_modified":"2022-09-30 09:21:32","post_modified_gmt":"2022-09-30 07:21:32","post_content_filtered":"","post_parent":0,"guid":"http:\/\/dev.claret.cat\/editorial\/mensajero\/","menu_order":0,"post_type":"editorial","post_mime_type":"","comment_count":"0","filter":"raw"}],"autores-libros":[{"ID":427550,"post_author":"3","post_date":"2023-05-16 09:08:21","post_date_gmt":"2023-05-16 07:08:21","post_content":"","post_title":"PEDRO MIGUEL LAMET","post_excerpt":"","post_status":"publish","comment_status":"closed","ping_status":"closed","post_password":"","post_name":"pedro-miguel-lamet-2","to_ping":"","pinged":"","post_modified":"2023-05-16 09:08:21","post_modified_gmt":"2023-05-16 07:08:21","post_content_filtered":"","post_parent":0,"guid":"https:\/\/www.claret.cat\/autor\/pedro-miguel-lamet-2\/","menu_order":0,"post_type":"autor","post_mime_type":"","comment_count":"0","filter":"raw"}],"booktrailer":"","resenas":""},"aioseo_notices":[],"_links":{"self":[{"href":"https:\/\/www.claret.cat\/es\/wp-json\/wp\/v2\/product\/879143","targetHints":{"allow":["GET"]}}],"collection":[{"href":"https:\/\/www.claret.cat\/es\/wp-json\/wp\/v2\/product"}],"about":[{"href":"https:\/\/www.claret.cat\/es\/wp-json\/wp\/v2\/types\/product"}],"wp:featuredmedia":[{"embeddable":true,"href":"https:\/\/www.claret.cat\/es\/wp-json\/wp\/v2\/media\/879144"}],"wp:attachment":[{"href":"https:\/\/www.claret.cat\/es\/wp-json\/wp\/v2\/media?parent=879143"}],"wp:term":[{"taxonomy":"product_brand","embeddable":true,"href":"https:\/\/www.claret.cat\/es\/wp-json\/wp\/v2\/product_brand?post=879143"},{"taxonomy":"product_cat","embeddable":true,"href":"https:\/\/www.claret.cat\/es\/wp-json\/wp\/v2\/product_cat?post=879143"},{"taxonomy":"product_tag","embeddable":true,"href":"https:\/\/www.claret.cat\/es\/wp-json\/wp\/v2\/product_tag?post=879143"}],"curies":[{"name":"wp","href":"https:\/\/api.w.org\/{rel}","templated":true}]}}