{"id":87957,"date":"2022-10-11T18:11:21","date_gmt":"2022-10-11T16:11:21","guid":{"rendered":"http:\/\/dev.claret.cat\/producte\/salir-de-lo-ordinario-la-experiencia-del-camino-ignaciano\/"},"modified":"2026-04-01T02:25:24","modified_gmt":"2026-04-01T00:25:24","slug":"salir-de-lo-ordinario-la-experiencia-del-camino-ignaciano-9788427145962","status":"publish","type":"product","link":"https:\/\/www.claret.cat\/es\/libro\/salir-de-lo-ordinario-la-experiencia-del-camino-ignaciano-9788427145962\/","title":{"rendered":"SALIR DE LO ORDINARIO. LA EXPERIENCIA DEL CAMINO IGNACIANO"},"content":{"rendered":"<p>\u00bfQu\u00e9 hace que una peregrinaci\u00f3n sea algo extraordinario?\u00bfC\u00f3mo puede el Camino Ignaciano ofrecer una transformaci\u00f3n personal? <br \/> Desde la teor\u00eda del turismo religioso, Jos\u00e9 Luis Iriberri, SJ, director de la Oficina del Peregrino del Camino Ignaciano, se adentra en las experiencias de la peregrinaci\u00f3n ignaciana para desvelar sus secretos y milagros. Experiencias de peregrinos e itinerarios memorables que pueden ayudarnos a reordenar nuestra existencia y empezar a sentir la vida \u00aben grande\u00bb.<\/p>\n","protected":false},"excerpt":{"rendered":"<p>IRIBERRI D\u00cdAZ, JOS\u00c9 LUIS; SJ<\/p>\n","protected":false},"featured_media":332867,"template":"","meta":{"_acf_changed":false,"om_disable_all_campaigns":false,"rs_blank_template":"","rs_page_bg_color":"","slide_template_v7":"","inline_featured_image":false,"_monsterinsights_skip_tracking":false,"_monsterinsights_sitenote_active":false,"_monsterinsights_sitenote_note":"","_monsterinsights_sitenote_category":0},"product_brand":[],"product_cat":[494,244],"product_tag":[],"class_list":{"0":"post-87957","1":"product","2":"type-product","3":"status-publish","4":"has-post-thumbnail","6":"product_cat-ignaciana-espiritualidad-1_espiritualidad","7":"product_cat-ignaciana","9":"first","10":"instock","11":"taxable","12":"shipping-taxable","13":"purchasable","14":"product-type-simple"},"acf":{"editorial":[{"ID":8258,"post_author":"3","post_date":"2022-09-30 09:21:32","post_date_gmt":"2022-09-30 07:21:32","post_content":"","post_title":"MENSAJERO","post_excerpt":"","post_status":"publish","comment_status":"closed","ping_status":"closed","post_password":"","post_name":"mensajero","to_ping":"","pinged":"","post_modified":"2022-09-30 09:21:32","post_modified_gmt":"2022-09-30 07:21:32","post_content_filtered":"","post_parent":0,"guid":"http:\/\/dev.claret.cat\/editorial\/mensajero\/","menu_order":0,"post_type":"editorial","post_mime_type":"","comment_count":"0","filter":"raw"}],"autor":"IRIBERRI D\u00cdAZ, JOS\u00c9 LUIS; SJ","codart":"842714596","libros-coleccion":"Espiritualidad","ediciones":"1","encuadernacion":"R\u00fastica","fecha_de_publicacion":"07\/06\/2021","novedad":"1","paginas":"200","subtitulo":"LA EXPERIENCIA DEL CAMINO IGNACIANO","orden":"0","portada":"0","idioma":"spa","autores-libros":[{"ID":160337,"post_author":"3","post_date":"2022-10-14 15:52:15","post_date_gmt":"2022-10-14 13:52:15","post_content":"","post_title":"JOS\u00c9 LUIS IRIBERRI D\u00cdAZ","post_excerpt":"","post_status":"publish","comment_status":"closed","ping_status":"closed","post_password":"","post_name":"jose-luis-iriberri-diaz","to_ping":"","pinged":"","post_modified":"2022-10-14 15:52:15","post_modified_gmt":"2022-10-14 13:52:15","post_content_filtered":"","post_parent":0,"guid":"http:\/\/dev.claret.cat\/autor\/jose-luis-iriberri-diaz\/","menu_order":0,"post_type":"autor","post_mime_type":"","comment_count":"0","filter":"raw"},{"ID":169599,"post_author":"3","post_date":"2022-10-14 22:28:31","post_date_gmt":"2022-10-14 20:28:31","post_content":"","post_title":"SJ","post_excerpt":"","post_status":"publish","comment_status":"closed","ping_status":"closed","post_password":"","post_name":"sj","to_ping":"","pinged":"","post_modified":"2022-10-14 22:28:31","post_modified_gmt":"2022-10-14 20:28:31","post_content_filtered":"","post_parent":0,"guid":"http:\/\/dev.claret.cat\/autor\/sj\/","menu_order":0,"post_type":"autor","post_mime_type":"","comment_count":"0","filter":"raw"}],"booktrailer":"","resenas":""},"aioseo_notices":[],"_links":{"self":[{"href":"https:\/\/www.claret.cat\/es\/wp-json\/wp\/v2\/product\/87957","targetHints":{"allow":["GET"]}}],"collection":[{"href":"https:\/\/www.claret.cat\/es\/wp-json\/wp\/v2\/product"}],"about":[{"href":"https:\/\/www.claret.cat\/es\/wp-json\/wp\/v2\/types\/product"}],"wp:featuredmedia":[{"embeddable":true,"href":"https:\/\/www.claret.cat\/es\/wp-json\/wp\/v2\/media\/332867"}],"wp:attachment":[{"href":"https:\/\/www.claret.cat\/es\/wp-json\/wp\/v2\/media?parent=87957"}],"wp:term":[{"taxonomy":"product_brand","embeddable":true,"href":"https:\/\/www.claret.cat\/es\/wp-json\/wp\/v2\/product_brand?post=87957"},{"taxonomy":"product_cat","embeddable":true,"href":"https:\/\/www.claret.cat\/es\/wp-json\/wp\/v2\/product_cat?post=87957"},{"taxonomy":"product_tag","embeddable":true,"href":"https:\/\/www.claret.cat\/es\/wp-json\/wp\/v2\/product_tag?post=87957"}],"curies":[{"name":"wp","href":"https:\/\/api.w.org\/{rel}","templated":true}]}}