{"id":882861,"date":"2023-10-16T17:40:21","date_gmt":"2023-10-16T15:40:21","guid":{"rendered":"https:\/\/www.claret.cat\/llibre\/suite-francesa-version-inedita-9788419456168\/"},"modified":"2023-10-16T19:30:26","modified_gmt":"2023-10-16T17:30:26","slug":"suite-francesa-version-inedita-9788419456168","status":"publish","type":"product","link":"https:\/\/www.claret.cat\/es\/libro\/suite-francesa-version-inedita-9788419456168\/","title":{"rendered":"SUITE FRANCESA. VERSI\u00d3N IN\u00c9DITA"},"content":{"rendered":"<p>Versi\u00f3n in\u00e9dita de Suite francesa. Con un pr\u00f3logo y un ep\u00edlogo de<br \/>los dos grandes especialistas en la obra de Ir\u00e8ne N\u00e9mirovsky Suite francesa describe el \u00e9xodo que en junio de 1940 sumi\u00f3 a muchas familias francesas en un terrible caos. Desde el pueblo de Issy-l&#8217;\u00c9v\u00eaque, Ir\u00e8ne N\u00e9mirovsky rastrea los peque\u00f1os actos de cobard\u00eda cotidianos y los fr\u00e1giles impulsos de solidaridad de una poblaci\u00f3n angustiada. Su novela refleja la inquietante vida diaria de un pa\u00eds bajo el yugo de los invasores hasta su arresto en julio de 1942. As\u00ed, la gran historia precipita el destino de Suite francesa. Su manuscrito inacabado y sus notas fueron guardados en una maleta. A\u00f1os m\u00e1s tarde, su hija Denise desenterr\u00f3 Suite francesa. Existieron, sin embargo, dos versiones de la novela: la publicada, que obtuvo el Premio Renaudot en 2004, y una segunda reelaborada que, descubierta en 2013, ve ahora la luz.La cr\u00edtica ha dicho:<br \/>\u00abUna novela alucinante, que estremece, indigna y maravilla\u00bb.<br \/>Pascal Bruckner, Le Nouvel Observateur \u00abUn retrato magistral de la ca\u00edda y ocupaci\u00f3n de Francia, [&#8230;] que N\u00e9mirovsky pinta de manera magistral, con pulso digno de Tolst\u00f3i\u00bb.<br \/>Jacinto Ant\u00f3n, El Pa\u00eds\u00abUna obra maestra\u00bb.<br \/>L&#8217;Express \u00abUn libro de una calidad literaria excepcional\u00bb.<br \/>TLS \u00abSuite francesa es una excelente novela que ha crecido con los a\u00f1os. [&#8230;] La obra de N\u00e9mirovsky debe interpretarse como un acto de resistencia del esp\u00edritu contra el fanatismo y la intolerancia Sus palabras a\u00fan nos iluminan\u00bb.<br \/>El Cultural\u00abLa lectura de este libro significa mucho m\u00e1s que el simple acercamiento a un documento tr\u00e1gico de una \u00e9poca fundamental para la historia de Europa\u00bb.<br \/>ABC de las Letras<\/p>\n","protected":false},"excerpt":{"rendered":"<p>N\u00c9MIROVSKY, IR\u00c8NE<\/p>\n","protected":false},"featured_media":882948,"template":"","meta":{"_acf_changed":false,"om_disable_all_campaigns":false,"rs_blank_template":"","rs_page_bg_color":"","slide_template_v7":"","inline_featured_image":false,"_monsterinsights_skip_tracking":false},"product_brand":[],"product_cat":[127,357],"product_tag":[],"class_list":["post-882861","product","type-product","status-publish","has-post-thumbnail","product_cat-novella-contemporania","product_cat-novela-contemporanea","first","instock","taxable","shipping-taxable","purchasable","product-type-simple"],"acf":{"autor":"N\u00c9MIROVSKY, IR\u00c8NE","codart":"841945616","libros-coleccion":"FORA DE COL.LECCI\u00d3","ediciones":"1","encuadernacion":"Carton\u00e9","fecha_de_publicacion":"01\/10\/2023","novedad":"1","paginas":"474","subtitulo":"","orden":"0","portada":"0","idioma":"spa","editorial":[{"ID":6352,"post_author":"3","post_date":"2022-07-28 17:50:21","post_date_gmt":"2022-07-28 15:50:21","post_content":"","post_title":"SALAMANDRA","post_excerpt":"","post_status":"publish","comment_status":"closed","ping_status":"closed","post_password":"","post_name":"salamandra","to_ping":"","pinged":"","post_modified":"2022-07-28 17:50:21","post_modified_gmt":"2022-07-28 15:50:21","post_content_filtered":"","post_parent":0,"guid":"http:\/\/dev.claret.cat\/editorial\/salamandra\/","menu_order":0,"post_type":"editorial","post_mime_type":"","comment_count":"0","filter":"raw"}],"autores-libros":[{"ID":157997,"post_author":"3","post_date":"2022-10-14 15:33:19","post_date_gmt":"2022-10-14 13:33:19","post_content":"","post_title":"IR\u00c8NE N\u00c9MIROVSKY","post_excerpt":"","post_status":"publish","comment_status":"closed","ping_status":"closed","post_password":"","post_name":"irene-nemirovsky","to_ping":"","pinged":"","post_modified":"2022-10-14 15:33:19","post_modified_gmt":"2022-10-14 13:33:19","post_content_filtered":"","post_parent":0,"guid":"http:\/\/dev.claret.cat\/autor\/irene-nemirovsky\/","menu_order":0,"post_type":"autor","post_mime_type":"","comment_count":"0","filter":"raw"}]},"aioseo_notices":[],"aioseo_head":"\n\t\t<!-- All in One SEO Pro 5.0.1.1 - aioseo.com -->\n\t<meta name=\"description\" content=\"SUITE FRANCESA. VERSI\u00d3N IN\u00c9DITA de N\u00c9MIROVSKY, IR\u00c8NE disponible a\/en Llibreria Claret.\" \/>\n\t<meta name=\"robots\" content=\"max-image-preview:large\" \/>\n\t<meta name=\"google-site-verification\" content=\"xVtlFxJ-TfkIu-D-lt7XeLobefg5EIQiXTuqcSf8Rf0\" \/>\n\t<link rel=\"canonical\" href=\"https:\/\/www.claret.cat\/es\/libro\/suite-francesa-version-inedita-9788419456168\/\" \/>\n\t<meta name=\"generator\" content=\"All in One SEO Pro (AIOSEO) 5.0.1.1\" \/>\n\t\t<meta property=\"og:locale\" content=\"es_ES\" \/>\n\t\t<meta property=\"og:site_name\" content=\"Llibreria Claret - Llibreria religiosa a Barcelona\" \/>\n\t\t<meta property=\"og:type\" content=\"article\" \/>\n\t\t<meta property=\"og:title\" content=\"SUITE FRANCESA. VERSI\u00d3N IN\u00c9DITA - N\u00c9MIROVSKY, IR\u00c8NE 9788419456168 | Llibreria Claret\" \/>\n\t\t<meta property=\"og:description\" content=\"SUITE FRANCESA. VERSI\u00d3N IN\u00c9DITA de N\u00c9MIROVSKY, IR\u00c8NE disponible a\/en Llibreria Claret.\" \/>\n\t\t<meta property=\"og:url\" content=\"https:\/\/www.claret.cat\/es\/libro\/suite-francesa-version-inedita-9788419456168\/\" \/>\n\t\t<meta property=\"og:image\" content=\"https:\/\/dev.claret.cat\/wp-content\/uploads\/logo-claret.svg\" \/>\n\t\t<meta property=\"og:image:secure_url\" content=\"https:\/\/dev.claret.cat\/wp-content\/uploads\/logo-claret.svg\" \/>\n\t\t<meta property=\"article:published_time\" content=\"2023-10-16T15:40:21+00:00\" \/>\n\t\t<meta property=\"article:modified_time\" content=\"2023-10-16T17:30:26+00:00\" \/>\n\t\t<meta property=\"article:publisher\" content=\"https:\/\/www.facebook.com\/LlibreriaClaret\" \/>\n\t\t<meta name=\"twitter:card\" content=\"summary_large_image\" \/>\n\t\t<meta name=\"twitter:site\" content=\"@LlibreriaClaret\" \/>\n\t\t<meta name=\"twitter:title\" content=\"SUITE FRANCESA. VERSI\u00d3N IN\u00c9DITA - N\u00c9MIROVSKY, IR\u00c8NE 9788419456168 | Llibreria Claret\" \/>\n\t\t<meta name=\"twitter:description\" content=\"SUITE FRANCESA. VERSI\u00d3N IN\u00c9DITA de N\u00c9MIROVSKY, IR\u00c8NE disponible a\/en Llibreria Claret.\" \/>\n\t\t<meta name=\"twitter:image\" content=\"http:\/\/dev.claret.cat\/wp-content\/uploads\/logo-claret.svg\" \/>\n\t\t<script type=\"application\/ld+json\" class=\"aioseo-schema\">\n\t\t\t{\"@context\":\"https:\\\/\\\/schema.org\",\"@graph\":[{\"@type\":\"BreadcrumbList\",\"@id\":\"https:\\\/\\\/www.claret.cat\\\/es\\\/libro\\\/suite-francesa-version-inedita-9788419456168\\\/#breadcrumblist\",\"itemListElement\":[{\"@type\":\"ListItem\",\"@id\":\"https:\\\/\\\/www.claret.cat\\\/es\\\/#listItem\",\"position\":1,\"name\":\"Home\",\"item\":\"https:\\\/\\\/www.claret.cat\\\/es\\\/\",\"nextItem\":{\"@type\":\"ListItem\",\"@id\":\"https:\\\/\\\/www.claret.cat\\\/?page_id=16#listItem\",\"name\":\"Botiga\"}},{\"@type\":\"ListItem\",\"@id\":\"https:\\\/\\\/www.claret.cat\\\/?page_id=16#listItem\",\"position\":2,\"name\":\"Botiga\",\"item\":\"https:\\\/\\\/www.claret.cat\\\/?page_id=16\",\"nextItem\":{\"@type\":\"ListItem\",\"@id\":\"https:\\\/\\\/www.claret.cat\\\/categoria-producto\\\/cat\\\/#listItem\",\"name\":\"CAT\"},\"previousItem\":{\"@type\":\"ListItem\",\"@id\":\"https:\\\/\\\/www.claret.cat\\\/es\\\/#listItem\",\"name\":\"Home\"}},{\"@type\":\"ListItem\",\"@id\":\"https:\\\/\\\/www.claret.cat\\\/categoria-producto\\\/cat\\\/#listItem\",\"position\":3,\"name\":\"CAT\",\"item\":\"https:\\\/\\\/www.claret.cat\\\/categoria-producto\\\/cat\\\/\",\"nextItem\":{\"@type\":\"ListItem\",\"@id\":\"https:\\\/\\\/www.claret.cat\\\/categoria-producto\\\/cat\\\/2_humanitats\\\/#listItem\",\"name\":\"Humanitats\"},\"previousItem\":{\"@type\":\"ListItem\",\"@id\":\"https:\\\/\\\/www.claret.cat\\\/?page_id=16#listItem\",\"name\":\"Botiga\"}},{\"@type\":\"ListItem\",\"@id\":\"https:\\\/\\\/www.claret.cat\\\/categoria-producto\\\/cat\\\/2_humanitats\\\/#listItem\",\"position\":4,\"name\":\"Humanitats\",\"item\":\"https:\\\/\\\/www.claret.cat\\\/categoria-producto\\\/cat\\\/2_humanitats\\\/\",\"nextItem\":{\"@type\":\"ListItem\",\"@id\":\"https:\\\/\\\/www.claret.cat\\\/categoria-producto\\\/cat\\\/2_humanitats\\\/literatura\\\/#listItem\",\"name\":\"Literatura\"},\"previousItem\":{\"@type\":\"ListItem\",\"@id\":\"https:\\\/\\\/www.claret.cat\\\/categoria-producto\\\/cat\\\/#listItem\",\"name\":\"CAT\"}},{\"@type\":\"ListItem\",\"@id\":\"https:\\\/\\\/www.claret.cat\\\/categoria-producto\\\/cat\\\/2_humanitats\\\/literatura\\\/#listItem\",\"position\":5,\"name\":\"Literatura\",\"item\":\"https:\\\/\\\/www.claret.cat\\\/categoria-producto\\\/cat\\\/2_humanitats\\\/literatura\\\/\",\"nextItem\":{\"@type\":\"ListItem\",\"@id\":\"https:\\\/\\\/www.claret.cat\\\/categoria-producto\\\/cat\\\/2_humanitats\\\/literatura\\\/novella-contemporania\\\/#listItem\",\"name\":\"Novel\\u00b7la contempor\\u00e0nia\"},\"previousItem\":{\"@type\":\"ListItem\",\"@id\":\"https:\\\/\\\/www.claret.cat\\\/categoria-producto\\\/cat\\\/2_humanitats\\\/#listItem\",\"name\":\"Humanitats\"}},{\"@type\":\"ListItem\",\"@id\":\"https:\\\/\\\/www.claret.cat\\\/categoria-producto\\\/cat\\\/2_humanitats\\\/literatura\\\/novella-contemporania\\\/#listItem\",\"position\":6,\"name\":\"Novel\\u00b7la contempor\\u00e0nia\",\"item\":\"https:\\\/\\\/www.claret.cat\\\/categoria-producto\\\/cat\\\/2_humanitats\\\/literatura\\\/novella-contemporania\\\/\",\"nextItem\":{\"@type\":\"ListItem\",\"@id\":\"https:\\\/\\\/www.claret.cat\\\/es\\\/libro\\\/suite-francesa-version-inedita-9788419456168\\\/#listItem\",\"name\":\"SUITE FRANCESA. VERSI\\u00d3N IN\\u00c9DITA\"},\"previousItem\":{\"@type\":\"ListItem\",\"@id\":\"https:\\\/\\\/www.claret.cat\\\/categoria-producto\\\/cat\\\/2_humanitats\\\/literatura\\\/#listItem\",\"name\":\"Literatura\"}},{\"@type\":\"ListItem\",\"@id\":\"https:\\\/\\\/www.claret.cat\\\/es\\\/libro\\\/suite-francesa-version-inedita-9788419456168\\\/#listItem\",\"position\":7,\"name\":\"SUITE FRANCESA. VERSI\\u00d3N IN\\u00c9DITA\",\"previousItem\":{\"@type\":\"ListItem\",\"@id\":\"https:\\\/\\\/www.claret.cat\\\/categoria-producto\\\/cat\\\/2_humanitats\\\/literatura\\\/novella-contemporania\\\/#listItem\",\"name\":\"Novel\\u00b7la contempor\\u00e0nia\"}}]},{\"@type\":\"ItemPage\",\"@id\":\"https:\\\/\\\/www.claret.cat\\\/es\\\/libro\\\/suite-francesa-version-inedita-9788419456168\\\/#itempage\",\"url\":\"https:\\\/\\\/www.claret.cat\\\/es\\\/libro\\\/suite-francesa-version-inedita-9788419456168\\\/\",\"name\":\"SUITE FRANCESA. VERSI\\u00d3N IN\\u00c9DITA - N\\u00c9MIROVSKY, IR\\u00c8NE 9788419456168 | Llibreria Claret\",\"description\":\"SUITE FRANCESA. VERSI\\u00d3N IN\\u00c9DITA de N\\u00c9MIROVSKY, IR\\u00c8NE disponible a\\\/en Llibreria Claret.\",\"inLanguage\":\"es-ES\",\"isPartOf\":{\"@id\":\"https:\\\/\\\/www.claret.cat\\\/es\\\/#website\"},\"breadcrumb\":{\"@id\":\"https:\\\/\\\/www.claret.cat\\\/es\\\/libro\\\/suite-francesa-version-inedita-9788419456168\\\/#breadcrumblist\"},\"image\":{\"@type\":\"ImageObject\",\"url\":\"https:\\\/\\\/www.claret.cat\\\/wp-content\\\/uploads\\\/.\\\/9788419456168-1.jpg\",\"@id\":\"https:\\\/\\\/www.claret.cat\\\/es\\\/libro\\\/suite-francesa-version-inedita-9788419456168\\\/#mainImage\",\"width\":1006,\"height\":1536,\"caption\":\"9788419456168.jpg\"},\"primaryImageOfPage\":{\"@id\":\"https:\\\/\\\/www.claret.cat\\\/es\\\/libro\\\/suite-francesa-version-inedita-9788419456168\\\/#mainImage\"},\"datePublished\":\"2023-10-16T17:40:21+02:00\",\"dateModified\":\"2023-10-16T19:30:26+02:00\"},{\"@type\":\"Organization\",\"@id\":\"https:\\\/\\\/www.claret.cat\\\/es\\\/#organization\",\"name\":\"Llibreria Claret\",\"description\":\"Llibreria religiosa a Barcelona\",\"url\":\"https:\\\/\\\/www.claret.cat\\\/es\\\/\",\"email\":\"comunicacio@claret.cat\",\"telephone\":\"+34933010887\",\"logo\":{\"@type\":\"ImageObject\",\"url\":\"https:\\\/\\\/www.claret.cat\\\/wp-content\\\/uploads\\\/.\\\/logo-claret-es.png\",\"@id\":\"https:\\\/\\\/www.claret.cat\\\/es\\\/libro\\\/suite-francesa-version-inedita-9788419456168\\\/#organizationLogo\",\"width\":195,\"height\":79},\"image\":{\"@id\":\"https:\\\/\\\/www.claret.cat\\\/es\\\/libro\\\/suite-francesa-version-inedita-9788419456168\\\/#organizationLogo\"},\"sameAs\":[\"https:\\\/\\\/www.facebook.com\\\/LlibreriaClaret\",\"https:\\\/\\\/twitter.com\\\/LlibreriaClaret\",\"https:\\\/\\\/www.instagram.com\\\/llibreriaclaret\\\/\",\"https:\\\/\\\/www.tiktok.com\\\/@llibreriaclaret\",\"https:\\\/\\\/www.youtube.com\\\/@llibreriaclaret\",\"https:\\\/\\\/ca.wikipedia.org\\\/wiki\\\/Editorial_Claret\"]},{\"@type\":\"WebPage\",\"@id\":\"https:\\\/\\\/www.claret.cat\\\/es\\\/libro\\\/suite-francesa-version-inedita-9788419456168\\\/#webpage\",\"url\":\"https:\\\/\\\/www.claret.cat\\\/es\\\/libro\\\/suite-francesa-version-inedita-9788419456168\\\/\",\"name\":\"SUITE FRANCESA. VERSI\\u00d3N IN\\u00c9DITA - N\\u00c9MIROVSKY, IR\\u00c8NE 9788419456168 | Llibreria Claret\",\"description\":\"SUITE FRANCESA. VERSI\\u00d3N IN\\u00c9DITA de N\\u00c9MIROVSKY, IR\\u00c8NE disponible a\\\/en Llibreria Claret.\",\"inLanguage\":\"es-ES\",\"isPartOf\":{\"@id\":\"https:\\\/\\\/www.claret.cat\\\/es\\\/#website\"},\"breadcrumb\":{\"@id\":\"https:\\\/\\\/www.claret.cat\\\/es\\\/libro\\\/suite-francesa-version-inedita-9788419456168\\\/#breadcrumblist\"},\"image\":{\"@type\":\"ImageObject\",\"url\":\"https:\\\/\\\/www.claret.cat\\\/wp-content\\\/uploads\\\/.\\\/9788419456168-1.jpg\",\"@id\":\"https:\\\/\\\/www.claret.cat\\\/es\\\/libro\\\/suite-francesa-version-inedita-9788419456168\\\/#mainImage\",\"width\":1006,\"height\":1536,\"caption\":\"9788419456168.jpg\"},\"primaryImageOfPage\":{\"@id\":\"https:\\\/\\\/www.claret.cat\\\/es\\\/libro\\\/suite-francesa-version-inedita-9788419456168\\\/#mainImage\"},\"datePublished\":\"2023-10-16T17:40:21+02:00\",\"dateModified\":\"2023-10-16T19:30:26+02:00\"},{\"@type\":\"WebSite\",\"@id\":\"https:\\\/\\\/www.claret.cat\\\/es\\\/#website\",\"url\":\"https:\\\/\\\/www.claret.cat\\\/es\\\/\",\"name\":\"Llibreria Claret Barcelona\",\"alternateName\":\"Llibreria Claret\",\"description\":\"Llibreria religiosa a Barcelona\",\"inLanguage\":\"es-ES\",\"publisher\":{\"@id\":\"https:\\\/\\\/www.claret.cat\\\/es\\\/#organization\"}}]}\n\t\t<\/script>\n\t\t<!-- All in One SEO Pro -->\r\n\t\t<title>SUITE FRANCESA. VERSI\u00d3N IN\u00c9DITA - N\u00c9MIROVSKY, IR\u00c8NE 9788419456168 | Llibreria Claret<\/title>\n\n","aioseo_head_json":{"title":"SUITE FRANCESA. VERSI\u00d3N IN\u00c9DITA - N\u00c9MIROVSKY, IR\u00c8NE 9788419456168 | Llibreria Claret","description":"SUITE FRANCESA. VERSI\u00d3N IN\u00c9DITA de N\u00c9MIROVSKY, IR\u00c8NE disponible a\/en Llibreria Claret.","canonical_url":"https:\/\/www.claret.cat\/es\/libro\/suite-francesa-version-inedita-9788419456168\/","robots":"max-image-preview:large","keywords":"","webmasterTools":{"google-site-verification":"xVtlFxJ-TfkIu-D-lt7XeLobefg5EIQiXTuqcSf8Rf0","miscellaneous":""},"schema":{"@context":"https:\/\/schema.org","@graph":[{"@type":"BreadcrumbList","@id":"https:\/\/www.claret.cat\/es\/libro\/suite-francesa-version-inedita-9788419456168\/#breadcrumblist","itemListElement":[{"@type":"ListItem","@id":"https:\/\/www.claret.cat\/es\/#listItem","position":1,"name":"Home","item":"https:\/\/www.claret.cat\/es\/","nextItem":{"@type":"ListItem","@id":"https:\/\/www.claret.cat\/?page_id=16#listItem","name":"Botiga"}},{"@type":"ListItem","@id":"https:\/\/www.claret.cat\/?page_id=16#listItem","position":2,"name":"Botiga","item":"https:\/\/www.claret.cat\/?page_id=16","nextItem":{"@type":"ListItem","@id":"https:\/\/www.claret.cat\/categoria-producto\/cat\/#listItem","name":"CAT"},"previousItem":{"@type":"ListItem","@id":"https:\/\/www.claret.cat\/es\/#listItem","name":"Home"}},{"@type":"ListItem","@id":"https:\/\/www.claret.cat\/categoria-producto\/cat\/#listItem","position":3,"name":"CAT","item":"https:\/\/www.claret.cat\/categoria-producto\/cat\/","nextItem":{"@type":"ListItem","@id":"https:\/\/www.claret.cat\/categoria-producto\/cat\/2_humanitats\/#listItem","name":"Humanitats"},"previousItem":{"@type":"ListItem","@id":"https:\/\/www.claret.cat\/?page_id=16#listItem","name":"Botiga"}},{"@type":"ListItem","@id":"https:\/\/www.claret.cat\/categoria-producto\/cat\/2_humanitats\/#listItem","position":4,"name":"Humanitats","item":"https:\/\/www.claret.cat\/categoria-producto\/cat\/2_humanitats\/","nextItem":{"@type":"ListItem","@id":"https:\/\/www.claret.cat\/categoria-producto\/cat\/2_humanitats\/literatura\/#listItem","name":"Literatura"},"previousItem":{"@type":"ListItem","@id":"https:\/\/www.claret.cat\/categoria-producto\/cat\/#listItem","name":"CAT"}},{"@type":"ListItem","@id":"https:\/\/www.claret.cat\/categoria-producto\/cat\/2_humanitats\/literatura\/#listItem","position":5,"name":"Literatura","item":"https:\/\/www.claret.cat\/categoria-producto\/cat\/2_humanitats\/literatura\/","nextItem":{"@type":"ListItem","@id":"https:\/\/www.claret.cat\/categoria-producto\/cat\/2_humanitats\/literatura\/novella-contemporania\/#listItem","name":"Novel\u00b7la contempor\u00e0nia"},"previousItem":{"@type":"ListItem","@id":"https:\/\/www.claret.cat\/categoria-producto\/cat\/2_humanitats\/#listItem","name":"Humanitats"}},{"@type":"ListItem","@id":"https:\/\/www.claret.cat\/categoria-producto\/cat\/2_humanitats\/literatura\/novella-contemporania\/#listItem","position":6,"name":"Novel\u00b7la contempor\u00e0nia","item":"https:\/\/www.claret.cat\/categoria-producto\/cat\/2_humanitats\/literatura\/novella-contemporania\/","nextItem":{"@type":"ListItem","@id":"https:\/\/www.claret.cat\/es\/libro\/suite-francesa-version-inedita-9788419456168\/#listItem","name":"SUITE FRANCESA. VERSI\u00d3N IN\u00c9DITA"},"previousItem":{"@type":"ListItem","@id":"https:\/\/www.claret.cat\/categoria-producto\/cat\/2_humanitats\/literatura\/#listItem","name":"Literatura"}},{"@type":"ListItem","@id":"https:\/\/www.claret.cat\/es\/libro\/suite-francesa-version-inedita-9788419456168\/#listItem","position":7,"name":"SUITE FRANCESA. VERSI\u00d3N IN\u00c9DITA","previousItem":{"@type":"ListItem","@id":"https:\/\/www.claret.cat\/categoria-producto\/cat\/2_humanitats\/literatura\/novella-contemporania\/#listItem","name":"Novel\u00b7la contempor\u00e0nia"}}]},{"@type":"ItemPage","@id":"https:\/\/www.claret.cat\/es\/libro\/suite-francesa-version-inedita-9788419456168\/#itempage","url":"https:\/\/www.claret.cat\/es\/libro\/suite-francesa-version-inedita-9788419456168\/","name":"SUITE FRANCESA. VERSI\u00d3N IN\u00c9DITA - N\u00c9MIROVSKY, IR\u00c8NE 9788419456168 | Llibreria Claret","description":"SUITE FRANCESA. VERSI\u00d3N IN\u00c9DITA de N\u00c9MIROVSKY, IR\u00c8NE disponible a\/en Llibreria Claret.","inLanguage":"es-ES","isPartOf":{"@id":"https:\/\/www.claret.cat\/es\/#website"},"breadcrumb":{"@id":"https:\/\/www.claret.cat\/es\/libro\/suite-francesa-version-inedita-9788419456168\/#breadcrumblist"},"image":{"@type":"ImageObject","url":"https:\/\/www.claret.cat\/wp-content\/uploads\/.\/9788419456168-1.jpg","@id":"https:\/\/www.claret.cat\/es\/libro\/suite-francesa-version-inedita-9788419456168\/#mainImage","width":1006,"height":1536,"caption":"9788419456168.jpg"},"primaryImageOfPage":{"@id":"https:\/\/www.claret.cat\/es\/libro\/suite-francesa-version-inedita-9788419456168\/#mainImage"},"datePublished":"2023-10-16T17:40:21+02:00","dateModified":"2023-10-16T19:30:26+02:00"},{"@type":"Organization","@id":"https:\/\/www.claret.cat\/es\/#organization","name":"Llibreria Claret","description":"Llibreria religiosa a Barcelona","url":"https:\/\/www.claret.cat\/es\/","email":"comunicacio@claret.cat","telephone":"+34933010887","logo":{"@type":"ImageObject","url":"https:\/\/www.claret.cat\/wp-content\/uploads\/.\/logo-claret-es.png","@id":"https:\/\/www.claret.cat\/es\/libro\/suite-francesa-version-inedita-9788419456168\/#organizationLogo","width":195,"height":79},"image":{"@id":"https:\/\/www.claret.cat\/es\/libro\/suite-francesa-version-inedita-9788419456168\/#organizationLogo"},"sameAs":["https:\/\/www.facebook.com\/LlibreriaClaret","https:\/\/twitter.com\/LlibreriaClaret","https:\/\/www.instagram.com\/llibreriaclaret\/","https:\/\/www.tiktok.com\/@llibreriaclaret","https:\/\/www.youtube.com\/@llibreriaclaret","https:\/\/ca.wikipedia.org\/wiki\/Editorial_Claret"]},{"@type":"WebPage","@id":"https:\/\/www.claret.cat\/es\/libro\/suite-francesa-version-inedita-9788419456168\/#webpage","url":"https:\/\/www.claret.cat\/es\/libro\/suite-francesa-version-inedita-9788419456168\/","name":"SUITE FRANCESA. VERSI\u00d3N IN\u00c9DITA - N\u00c9MIROVSKY, IR\u00c8NE 9788419456168 | Llibreria Claret","description":"SUITE FRANCESA. VERSI\u00d3N IN\u00c9DITA de N\u00c9MIROVSKY, IR\u00c8NE disponible a\/en Llibreria Claret.","inLanguage":"es-ES","isPartOf":{"@id":"https:\/\/www.claret.cat\/es\/#website"},"breadcrumb":{"@id":"https:\/\/www.claret.cat\/es\/libro\/suite-francesa-version-inedita-9788419456168\/#breadcrumblist"},"image":{"@type":"ImageObject","url":"https:\/\/www.claret.cat\/wp-content\/uploads\/.\/9788419456168-1.jpg","@id":"https:\/\/www.claret.cat\/es\/libro\/suite-francesa-version-inedita-9788419456168\/#mainImage","width":1006,"height":1536,"caption":"9788419456168.jpg"},"primaryImageOfPage":{"@id":"https:\/\/www.claret.cat\/es\/libro\/suite-francesa-version-inedita-9788419456168\/#mainImage"},"datePublished":"2023-10-16T17:40:21+02:00","dateModified":"2023-10-16T19:30:26+02:00"},{"@type":"WebSite","@id":"https:\/\/www.claret.cat\/es\/#website","url":"https:\/\/www.claret.cat\/es\/","name":"Llibreria Claret Barcelona","alternateName":"Llibreria Claret","description":"Llibreria religiosa a Barcelona","inLanguage":"es-ES","publisher":{"@id":"https:\/\/www.claret.cat\/es\/#organization"}}]},"og:locale":"es_ES","og:site_name":"Llibreria Claret - Llibreria religiosa a Barcelona","og:type":"article","og:title":"SUITE FRANCESA. VERSI\u00d3N IN\u00c9DITA - N\u00c9MIROVSKY, IR\u00c8NE 9788419456168 | Llibreria Claret","og:description":"SUITE FRANCESA. VERSI\u00d3N IN\u00c9DITA de N\u00c9MIROVSKY, IR\u00c8NE disponible a\/en Llibreria Claret.","og:url":"https:\/\/www.claret.cat\/es\/libro\/suite-francesa-version-inedita-9788419456168\/","og:image":"https:\/\/dev.claret.cat\/wp-content\/uploads\/logo-claret.svg","og:image:secure_url":"https:\/\/dev.claret.cat\/wp-content\/uploads\/logo-claret.svg","article:published_time":"2023-10-16T15:40:21+00:00","article:modified_time":"2023-10-16T17:30:26+00:00","article:publisher":"https:\/\/www.facebook.com\/LlibreriaClaret","twitter:card":"summary_large_image","twitter:site":"@LlibreriaClaret","twitter:title":"SUITE FRANCESA. VERSI\u00d3N IN\u00c9DITA - N\u00c9MIROVSKY, IR\u00c8NE 9788419456168 | Llibreria Claret","twitter:description":"SUITE FRANCESA. VERSI\u00d3N IN\u00c9DITA de N\u00c9MIROVSKY, IR\u00c8NE disponible a\/en Llibreria Claret.","twitter:image":"http:\/\/dev.claret.cat\/wp-content\/uploads\/logo-claret.svg"},"aioseo_meta_data":{"post_id":"882861","title":null,"description":null,"keywords":null,"keyphrases":null,"primary_term":null,"canonical_url":null,"og_title":null,"og_description":null,"og_object_type":"default","og_image_type":"default","og_image_url":null,"og_image_width":null,"og_image_height":null,"og_image_custom_url":null,"og_image_custom_fields":null,"og_video":null,"og_custom_url":null,"og_article_section":null,"og_article_tags":null,"twitter_use_og":false,"twitter_card":"default","twitter_image_type":"default","twitter_image_url":null,"twitter_image_custom_url":null,"twitter_image_custom_fields":null,"twitter_title":null,"twitter_description":null,"schema":{"blockGraphs":[],"customGraphs":[],"default":{"data":{"Article":[],"Course":[],"Dataset":[],"FAQPage":[],"Movie":[],"Person":[],"Product":[],"ProductReview":[],"Car":[],"Recipe":[],"Service":[],"SoftwareApplication":[],"WebPage":[]},"graphName":"","isEnabled":true},"graphs":[]},"schema_type":"default","schema_type_options":null,"pillar_content":false,"robots_default":true,"robots_noindex":false,"robots_noarchive":false,"robots_nosnippet":false,"robots_nofollow":false,"robots_noimageindex":false,"robots_noodp":false,"robots_notranslate":false,"robots_max_snippet":null,"robots_max_videopreview":null,"robots_max_imagepreview":"large","priority":null,"frequency":null,"local_seo":null,"seo_analyzer_scan_date":"2026-06-10 01:55:38","breadcrumb_settings":null,"limit_modified_date":false,"open_ai":null,"ai":null,"created":"2023-10-16 15:46:40","updated":"2026-06-10 01:55:38","focus_keyword":null,"additional_keywords":null,"truseo_locale":null},"aioseo_breadcrumb":"<div class=\"aioseo-breadcrumbs\"><span class=\"aioseo-breadcrumb\">\n\t<a href=\"https:\/\/www.claret.cat\/es\/\" title=\"Home\">Home<\/a>\n<\/span><span class=\"aioseo-breadcrumb-separator\">&raquo;<\/span><span class=\"aioseo-breadcrumb\">\n\t<a href=\"https:\/\/www.claret.cat\/?page_id=16\" title=\"Botiga\">Botiga<\/a>\n<\/span><span class=\"aioseo-breadcrumb-separator\">&raquo;<\/span><span class=\"aioseo-breadcrumb\">\n\t<a href=\"https:\/\/www.claret.cat\/categoria-producto\/cat\/\" title=\"CAT\">CAT<\/a>\n<\/span><span class=\"aioseo-breadcrumb-separator\">&raquo;<\/span><span class=\"aioseo-breadcrumb\">\n\t<a href=\"https:\/\/www.claret.cat\/categoria-producto\/cat\/2_humanitats\/\" title=\"Humanitats\">Humanitats<\/a>\n<\/span><span class=\"aioseo-breadcrumb-separator\">&raquo;<\/span><span class=\"aioseo-breadcrumb\">\n\t<a href=\"https:\/\/www.claret.cat\/categoria-producto\/cat\/2_humanitats\/literatura\/\" title=\"Literatura\">Literatura<\/a>\n<\/span><span class=\"aioseo-breadcrumb-separator\">&raquo;<\/span><span class=\"aioseo-breadcrumb\">\n\t<a href=\"https:\/\/www.claret.cat\/categoria-producto\/cat\/2_humanitats\/literatura\/novella-contemporania\/\" title=\"Novel\u00b7la contempor\u00e0nia\">Novel\u00b7la contempor\u00e0nia<\/a>\n<\/span><span class=\"aioseo-breadcrumb-separator\">&raquo;<\/span><span class=\"aioseo-breadcrumb\">\n\tSUITE FRANCESA. VERSI\u00d3N IN\u00c9DITA\n<\/span><\/div>","aioseo_breadcrumb_json":[{"label":"Home","link":"https:\/\/www.claret.cat\/es\/"},{"label":"Botiga","link":"https:\/\/www.claret.cat\/?page_id=16"},{"label":"CAT","link":"https:\/\/www.claret.cat\/categoria-producto\/cat\/"},{"label":"Humanitats","link":"https:\/\/www.claret.cat\/categoria-producto\/cat\/2_humanitats\/"},{"label":"Literatura","link":"https:\/\/www.claret.cat\/categoria-producto\/cat\/2_humanitats\/literatura\/"},{"label":"Novel\u00b7la contempor\u00e0nia","link":"https:\/\/www.claret.cat\/categoria-producto\/cat\/2_humanitats\/literatura\/novella-contemporania\/"},{"label":"SUITE FRANCESA. VERSI\u00d3N IN\u00c9DITA","link":"https:\/\/www.claret.cat\/es\/libro\/suite-francesa-version-inedita-9788419456168\/"}],"_links":{"self":[{"href":"https:\/\/www.claret.cat\/es\/wp-json\/wp\/v2\/product\/882861","targetHints":{"allow":["GET"]}}],"collection":[{"href":"https:\/\/www.claret.cat\/es\/wp-json\/wp\/v2\/product"}],"about":[{"href":"https:\/\/www.claret.cat\/es\/wp-json\/wp\/v2\/types\/product"}],"wp:featuredmedia":[{"embeddable":true,"href":"https:\/\/www.claret.cat\/es\/wp-json\/wp\/v2\/media\/882948"}],"wp:attachment":[{"href":"https:\/\/www.claret.cat\/es\/wp-json\/wp\/v2\/media?parent=882861"}],"wp:term":[{"taxonomy":"product_brand","embeddable":true,"href":"https:\/\/www.claret.cat\/es\/wp-json\/wp\/v2\/product_brand?post=882861"},{"taxonomy":"product_cat","embeddable":true,"href":"https:\/\/www.claret.cat\/es\/wp-json\/wp\/v2\/product_cat?post=882861"},{"taxonomy":"product_tag","embeddable":true,"href":"https:\/\/www.claret.cat\/es\/wp-json\/wp\/v2\/product_tag?post=882861"}],"curies":[{"name":"wp","href":"https:\/\/api.w.org\/{rel}","templated":true}]}}