{"id":884766,"date":"2023-10-23T13:45:31","date_gmt":"2023-10-23T11:45:31","guid":{"rendered":"https:\/\/www.claret.cat\/llibre\/el-arte-de-la-guerra-cartas-oraculo-9788411720151\/"},"modified":"2023-10-27T13:13:20","modified_gmt":"2023-10-27T11:13:20","slug":"el-arte-de-la-guerra-cartas-oraculo-9788411720151","status":"publish","type":"product","link":"https:\/\/www.claret.cat\/es\/libro\/el-arte-de-la-guerra-cartas-oraculo-9788411720151\/","title":{"rendered":"EL ARTE DE LA GUERRA + CARTAS (OR\u00c1CULO)"},"content":{"rendered":"<p>UN OR\u00c1CULO DE ESTRATEGIAS PARA EL \u00c9XITO EN LA VIDA<\/p>\n<p> El arte de la guerra, de Sun Tzu, es el tratado m\u00e1s antiguo conocido sobre ciencia militar. Ha sido popular desde hace m\u00e1s de dos mil a\u00f1os, proporcionando ideas en muchas \u00e1reas de la vida, incluyendo el liderazgo y la estrategia empresarial.<\/p>\n<p> Esta nueva publicaci\u00f3n incluye una baraja de naipes que muestran una serie de frases profundas e instructivas procedentes de la obra cl\u00e1sica. El reverso de cada carta explica c\u00f3mo usar esta perla de sabidur\u00eda como or\u00e1culo al enfrentarse a situaciones desafiantes en tu vida. Los naipes est\u00e1n acompa\u00f1ados de una versi\u00f3n ilustrada del texto con una introducci\u00f3n que explica su historia e importancia.<\/p>\n<p> Incluye:<\/p>\n<p> &#8211; 52 naipes con perlas de sabidur\u00eda de Sun Tzu e ideas actuales en el reverso<\/p>\n<p> &#8211; Un libro ilustrado de 128 p\u00e1ginas<\/p>\n","protected":false},"excerpt":{"rendered":"<p>TZU, SUN<\/p>\n","protected":false},"featured_media":884771,"template":"","meta":{"_acf_changed":false,"om_disable_all_campaigns":false,"rs_blank_template":"","rs_page_bg_color":"","slide_template_v7":"","inline_featured_image":false,"_monsterinsights_skip_tracking":false},"product_brand":[],"product_cat":[179,377,105,555],"product_tag":[],"class_list":["post-884766","product","type-product","status-publish","has-post-thumbnail","product_cat-autoajuda-i-salut-mental","product_cat-autoayuda-y-salud-mental","product_cat-regal","product_cat-regalo","first","instock","taxable","shipping-taxable","purchasable","product-type-simple"],"acf":{"autor":"TZU, SUN","codart":"841172015","libros-coleccion":"CARTOMANCIA Y TAROT","ediciones":"1","encuadernacion":"R\u00fastica","fecha_de_publicacion":"01\/10\/2023","novedad":"1","paginas":"0","subtitulo":"UN OR\u00c1CULO DE ESTRATEGIAS PARA EL \u00c9XITO EN LA VIDA","orden":"0","portada":"0","idioma":"spa","editorial":[{"ID":147839,"post_author":"3","post_date":"2022-10-14 11:53:36","post_date_gmt":"2022-10-14 09:53:36","post_content":"","post_title":"EDICIONES OBELISCO","post_excerpt":"","post_status":"publish","comment_status":"closed","ping_status":"closed","post_password":"","post_name":"ediciones-obelisco","to_ping":"","pinged":"","post_modified":"2022-10-14 11:53:36","post_modified_gmt":"2022-10-14 09:53:36","post_content_filtered":"","post_parent":0,"guid":"http:\/\/dev.claret.cat\/editorial\/ediciones-obelisco\/","menu_order":0,"post_type":"editorial","post_mime_type":"","comment_count":"0","filter":"raw"}],"autores-libros":[{"ID":6047,"post_author":"3","post_date":"2022-07-28 17:37:01","post_date_gmt":"2022-07-28 15:37:01","post_content":"","post_title":"SUN TZU","post_excerpt":"","post_status":"publish","comment_status":"closed","ping_status":"closed","post_password":"","post_name":"sun-tzu","to_ping":"","pinged":"","post_modified":"2022-07-28 17:37:01","post_modified_gmt":"2022-07-28 15:37:01","post_content_filtered":"","post_parent":0,"guid":"http:\/\/dev.claret.cat\/autor\/sun-tzu\/","menu_order":0,"post_type":"autor","post_mime_type":"","comment_count":"0","filter":"raw"}]},"aioseo_notices":[],"aioseo_head":"\n\t\t<!-- All in One SEO Pro 5.0.1.1 - aioseo.com -->\n\t<meta name=\"description\" content=\"EL ARTE DE LA GUERRA + CARTAS (OR\u00c1CULO) de TZU, SUN disponible a\/en Llibreria Claret.\" \/>\n\t<meta name=\"robots\" content=\"max-image-preview:large\" \/>\n\t<meta name=\"google-site-verification\" content=\"xVtlFxJ-TfkIu-D-lt7XeLobefg5EIQiXTuqcSf8Rf0\" \/>\n\t<link rel=\"canonical\" href=\"https:\/\/www.claret.cat\/es\/libro\/el-arte-de-la-guerra-cartas-oraculo-9788411720151\/\" \/>\n\t<meta name=\"generator\" content=\"All in One SEO Pro (AIOSEO) 5.0.1.1\" \/>\n\t\t<meta property=\"og:locale\" content=\"es_ES\" \/>\n\t\t<meta property=\"og:site_name\" content=\"Llibreria Claret - Llibreria religiosa a Barcelona\" \/>\n\t\t<meta property=\"og:type\" content=\"article\" \/>\n\t\t<meta property=\"og:title\" content=\"EL ARTE DE LA GUERRA + CARTAS (OR\u00c1CULO) - TZU, SUN 9788411720151 | Llibreria Claret\" \/>\n\t\t<meta property=\"og:description\" content=\"EL ARTE DE LA GUERRA + CARTAS (OR\u00c1CULO) de TZU, SUN disponible a\/en Llibreria Claret.\" \/>\n\t\t<meta property=\"og:url\" content=\"https:\/\/www.claret.cat\/es\/libro\/el-arte-de-la-guerra-cartas-oraculo-9788411720151\/\" \/>\n\t\t<meta property=\"og:image\" content=\"https:\/\/dev.claret.cat\/wp-content\/uploads\/logo-claret.svg\" \/>\n\t\t<meta property=\"og:image:secure_url\" content=\"https:\/\/dev.claret.cat\/wp-content\/uploads\/logo-claret.svg\" \/>\n\t\t<meta property=\"article:published_time\" content=\"2023-10-23T11:45:31+00:00\" \/>\n\t\t<meta property=\"article:modified_time\" content=\"2023-10-27T11:13:20+00:00\" \/>\n\t\t<meta property=\"article:publisher\" content=\"https:\/\/www.facebook.com\/LlibreriaClaret\" \/>\n\t\t<meta name=\"twitter:card\" content=\"summary_large_image\" \/>\n\t\t<meta name=\"twitter:site\" content=\"@LlibreriaClaret\" \/>\n\t\t<meta name=\"twitter:title\" content=\"EL ARTE DE LA GUERRA + CARTAS (OR\u00c1CULO) - TZU, SUN 9788411720151 | Llibreria Claret\" \/>\n\t\t<meta name=\"twitter:description\" content=\"EL ARTE DE LA GUERRA + CARTAS (OR\u00c1CULO) de TZU, SUN disponible a\/en Llibreria Claret.\" \/>\n\t\t<meta name=\"twitter:image\" content=\"http:\/\/dev.claret.cat\/wp-content\/uploads\/logo-claret.svg\" \/>\n\t\t<script type=\"application\/ld+json\" class=\"aioseo-schema\">\n\t\t\t{\"@context\":\"https:\\\/\\\/schema.org\",\"@graph\":[{\"@type\":\"BreadcrumbList\",\"@id\":\"https:\\\/\\\/www.claret.cat\\\/es\\\/libro\\\/el-arte-de-la-guerra-cartas-oraculo-9788411720151\\\/#breadcrumblist\",\"itemListElement\":[{\"@type\":\"ListItem\",\"@id\":\"https:\\\/\\\/www.claret.cat\\\/es\\\/#listItem\",\"position\":1,\"name\":\"Home\",\"item\":\"https:\\\/\\\/www.claret.cat\\\/es\\\/\",\"nextItem\":{\"@type\":\"ListItem\",\"@id\":\"https:\\\/\\\/www.claret.cat\\\/?page_id=16#listItem\",\"name\":\"Botiga\"}},{\"@type\":\"ListItem\",\"@id\":\"https:\\\/\\\/www.claret.cat\\\/?page_id=16#listItem\",\"position\":2,\"name\":\"Botiga\",\"item\":\"https:\\\/\\\/www.claret.cat\\\/?page_id=16\",\"nextItem\":{\"@type\":\"ListItem\",\"@id\":\"https:\\\/\\\/www.claret.cat\\\/categoria-producto\\\/cat\\\/#listItem\",\"name\":\"CAT\"},\"previousItem\":{\"@type\":\"ListItem\",\"@id\":\"https:\\\/\\\/www.claret.cat\\\/es\\\/#listItem\",\"name\":\"Home\"}},{\"@type\":\"ListItem\",\"@id\":\"https:\\\/\\\/www.claret.cat\\\/categoria-producto\\\/cat\\\/#listItem\",\"position\":3,\"name\":\"CAT\",\"item\":\"https:\\\/\\\/www.claret.cat\\\/categoria-producto\\\/cat\\\/\",\"nextItem\":{\"@type\":\"ListItem\",\"@id\":\"https:\\\/\\\/www.claret.cat\\\/categoria-producto\\\/cat\\\/2_humanitats\\\/#listItem\",\"name\":\"Humanitats\"},\"previousItem\":{\"@type\":\"ListItem\",\"@id\":\"https:\\\/\\\/www.claret.cat\\\/?page_id=16#listItem\",\"name\":\"Botiga\"}},{\"@type\":\"ListItem\",\"@id\":\"https:\\\/\\\/www.claret.cat\\\/categoria-producto\\\/cat\\\/2_humanitats\\\/#listItem\",\"position\":4,\"name\":\"Humanitats\",\"item\":\"https:\\\/\\\/www.claret.cat\\\/categoria-producto\\\/cat\\\/2_humanitats\\\/\",\"nextItem\":{\"@type\":\"ListItem\",\"@id\":\"https:\\\/\\\/www.claret.cat\\\/categoria-producto\\\/cat\\\/2_humanitats\\\/psicologia\\\/#listItem\",\"name\":\"Psicologia\"},\"previousItem\":{\"@type\":\"ListItem\",\"@id\":\"https:\\\/\\\/www.claret.cat\\\/categoria-producto\\\/cat\\\/#listItem\",\"name\":\"CAT\"}},{\"@type\":\"ListItem\",\"@id\":\"https:\\\/\\\/www.claret.cat\\\/categoria-producto\\\/cat\\\/2_humanitats\\\/psicologia\\\/#listItem\",\"position\":5,\"name\":\"Psicologia\",\"item\":\"https:\\\/\\\/www.claret.cat\\\/categoria-producto\\\/cat\\\/2_humanitats\\\/psicologia\\\/\",\"nextItem\":{\"@type\":\"ListItem\",\"@id\":\"https:\\\/\\\/www.claret.cat\\\/categoria-producto\\\/cat\\\/2_humanitats\\\/psicologia\\\/autoajuda-i-salut-mental\\\/#listItem\",\"name\":\"Autoajuda i Salut Mental\"},\"previousItem\":{\"@type\":\"ListItem\",\"@id\":\"https:\\\/\\\/www.claret.cat\\\/categoria-producto\\\/cat\\\/2_humanitats\\\/#listItem\",\"name\":\"Humanitats\"}},{\"@type\":\"ListItem\",\"@id\":\"https:\\\/\\\/www.claret.cat\\\/categoria-producto\\\/cat\\\/2_humanitats\\\/psicologia\\\/autoajuda-i-salut-mental\\\/#listItem\",\"position\":6,\"name\":\"Autoajuda i Salut Mental\",\"item\":\"https:\\\/\\\/www.claret.cat\\\/categoria-producto\\\/cat\\\/2_humanitats\\\/psicologia\\\/autoajuda-i-salut-mental\\\/\",\"nextItem\":{\"@type\":\"ListItem\",\"@id\":\"https:\\\/\\\/www.claret.cat\\\/es\\\/libro\\\/el-arte-de-la-guerra-cartas-oraculo-9788411720151\\\/#listItem\",\"name\":\"EL ARTE DE LA GUERRA + CARTAS (OR\\u00c1CULO)\"},\"previousItem\":{\"@type\":\"ListItem\",\"@id\":\"https:\\\/\\\/www.claret.cat\\\/categoria-producto\\\/cat\\\/2_humanitats\\\/psicologia\\\/#listItem\",\"name\":\"Psicologia\"}},{\"@type\":\"ListItem\",\"@id\":\"https:\\\/\\\/www.claret.cat\\\/es\\\/libro\\\/el-arte-de-la-guerra-cartas-oraculo-9788411720151\\\/#listItem\",\"position\":7,\"name\":\"EL ARTE DE LA GUERRA + CARTAS (OR\\u00c1CULO)\",\"previousItem\":{\"@type\":\"ListItem\",\"@id\":\"https:\\\/\\\/www.claret.cat\\\/categoria-producto\\\/cat\\\/2_humanitats\\\/psicologia\\\/autoajuda-i-salut-mental\\\/#listItem\",\"name\":\"Autoajuda i Salut Mental\"}}]},{\"@type\":\"ItemPage\",\"@id\":\"https:\\\/\\\/www.claret.cat\\\/es\\\/libro\\\/el-arte-de-la-guerra-cartas-oraculo-9788411720151\\\/#itempage\",\"url\":\"https:\\\/\\\/www.claret.cat\\\/es\\\/libro\\\/el-arte-de-la-guerra-cartas-oraculo-9788411720151\\\/\",\"name\":\"EL ARTE DE LA GUERRA + CARTAS (OR\\u00c1CULO) - TZU, SUN 9788411720151 | Llibreria Claret\",\"description\":\"EL ARTE DE LA GUERRA + CARTAS (OR\\u00c1CULO) de TZU, SUN disponible a\\\/en Llibreria Claret.\",\"inLanguage\":\"es-ES\",\"isPartOf\":{\"@id\":\"https:\\\/\\\/www.claret.cat\\\/es\\\/#website\"},\"breadcrumb\":{\"@id\":\"https:\\\/\\\/www.claret.cat\\\/es\\\/libro\\\/el-arte-de-la-guerra-cartas-oraculo-9788411720151\\\/#breadcrumblist\"},\"image\":{\"@type\":\"ImageObject\",\"url\":\"https:\\\/\\\/www.claret.cat\\\/wp-content\\\/uploads\\\/.\\\/9788411720151-1.jpg\",\"@id\":\"https:\\\/\\\/www.claret.cat\\\/es\\\/libro\\\/el-arte-de-la-guerra-cartas-oraculo-9788411720151\\\/#mainImage\",\"width\":473,\"height\":741,\"caption\":\"9788411720151.jpg\"},\"primaryImageOfPage\":{\"@id\":\"https:\\\/\\\/www.claret.cat\\\/es\\\/libro\\\/el-arte-de-la-guerra-cartas-oraculo-9788411720151\\\/#mainImage\"},\"datePublished\":\"2023-10-23T13:45:31+02:00\",\"dateModified\":\"2023-10-27T13:13:20+02:00\"},{\"@type\":\"Organization\",\"@id\":\"https:\\\/\\\/www.claret.cat\\\/es\\\/#organization\",\"name\":\"Llibreria Claret\",\"description\":\"Llibreria religiosa a Barcelona\",\"url\":\"https:\\\/\\\/www.claret.cat\\\/es\\\/\",\"email\":\"comunicacio@claret.cat\",\"telephone\":\"+34933010887\",\"logo\":{\"@type\":\"ImageObject\",\"url\":\"https:\\\/\\\/www.claret.cat\\\/wp-content\\\/uploads\\\/.\\\/logo-claret-es.png\",\"@id\":\"https:\\\/\\\/www.claret.cat\\\/es\\\/libro\\\/el-arte-de-la-guerra-cartas-oraculo-9788411720151\\\/#organizationLogo\",\"width\":195,\"height\":79},\"image\":{\"@id\":\"https:\\\/\\\/www.claret.cat\\\/es\\\/libro\\\/el-arte-de-la-guerra-cartas-oraculo-9788411720151\\\/#organizationLogo\"},\"sameAs\":[\"https:\\\/\\\/www.facebook.com\\\/LlibreriaClaret\",\"https:\\\/\\\/twitter.com\\\/LlibreriaClaret\",\"https:\\\/\\\/www.instagram.com\\\/llibreriaclaret\\\/\",\"https:\\\/\\\/www.tiktok.com\\\/@llibreriaclaret\",\"https:\\\/\\\/www.youtube.com\\\/@llibreriaclaret\",\"https:\\\/\\\/ca.wikipedia.org\\\/wiki\\\/Editorial_Claret\"]},{\"@type\":\"WebPage\",\"@id\":\"https:\\\/\\\/www.claret.cat\\\/es\\\/libro\\\/el-arte-de-la-guerra-cartas-oraculo-9788411720151\\\/#webpage\",\"url\":\"https:\\\/\\\/www.claret.cat\\\/es\\\/libro\\\/el-arte-de-la-guerra-cartas-oraculo-9788411720151\\\/\",\"name\":\"EL ARTE DE LA GUERRA + CARTAS (OR\\u00c1CULO) - TZU, SUN 9788411720151 | Llibreria Claret\",\"description\":\"EL ARTE DE LA GUERRA + CARTAS (OR\\u00c1CULO) de TZU, SUN disponible a\\\/en Llibreria Claret.\",\"inLanguage\":\"es-ES\",\"isPartOf\":{\"@id\":\"https:\\\/\\\/www.claret.cat\\\/es\\\/#website\"},\"breadcrumb\":{\"@id\":\"https:\\\/\\\/www.claret.cat\\\/es\\\/libro\\\/el-arte-de-la-guerra-cartas-oraculo-9788411720151\\\/#breadcrumblist\"},\"image\":{\"@type\":\"ImageObject\",\"url\":\"https:\\\/\\\/www.claret.cat\\\/wp-content\\\/uploads\\\/.\\\/9788411720151-1.jpg\",\"@id\":\"https:\\\/\\\/www.claret.cat\\\/es\\\/libro\\\/el-arte-de-la-guerra-cartas-oraculo-9788411720151\\\/#mainImage\",\"width\":473,\"height\":741,\"caption\":\"9788411720151.jpg\"},\"primaryImageOfPage\":{\"@id\":\"https:\\\/\\\/www.claret.cat\\\/es\\\/libro\\\/el-arte-de-la-guerra-cartas-oraculo-9788411720151\\\/#mainImage\"},\"datePublished\":\"2023-10-23T13:45:31+02:00\",\"dateModified\":\"2023-10-27T13:13:20+02:00\"},{\"@type\":\"WebSite\",\"@id\":\"https:\\\/\\\/www.claret.cat\\\/es\\\/#website\",\"url\":\"https:\\\/\\\/www.claret.cat\\\/es\\\/\",\"name\":\"Llibreria Claret Barcelona\",\"alternateName\":\"Llibreria Claret\",\"description\":\"Llibreria religiosa a Barcelona\",\"inLanguage\":\"es-ES\",\"publisher\":{\"@id\":\"https:\\\/\\\/www.claret.cat\\\/es\\\/#organization\"}}]}\n\t\t<\/script>\n\t\t<!-- All in One SEO Pro -->\r\n\t\t<title>EL ARTE DE LA GUERRA + CARTAS (OR\u00c1CULO) - TZU, SUN 9788411720151 | Llibreria Claret<\/title>\n\n","aioseo_head_json":{"title":"EL ARTE DE LA GUERRA + CARTAS (OR\u00c1CULO) - TZU, SUN 9788411720151 | Llibreria Claret","description":"EL ARTE DE LA GUERRA + CARTAS (OR\u00c1CULO) de TZU, SUN disponible a\/en Llibreria Claret.","canonical_url":"https:\/\/www.claret.cat\/es\/libro\/el-arte-de-la-guerra-cartas-oraculo-9788411720151\/","robots":"max-image-preview:large","keywords":"","webmasterTools":{"google-site-verification":"xVtlFxJ-TfkIu-D-lt7XeLobefg5EIQiXTuqcSf8Rf0","miscellaneous":""},"schema":{"@context":"https:\/\/schema.org","@graph":[{"@type":"BreadcrumbList","@id":"https:\/\/www.claret.cat\/es\/libro\/el-arte-de-la-guerra-cartas-oraculo-9788411720151\/#breadcrumblist","itemListElement":[{"@type":"ListItem","@id":"https:\/\/www.claret.cat\/es\/#listItem","position":1,"name":"Home","item":"https:\/\/www.claret.cat\/es\/","nextItem":{"@type":"ListItem","@id":"https:\/\/www.claret.cat\/?page_id=16#listItem","name":"Botiga"}},{"@type":"ListItem","@id":"https:\/\/www.claret.cat\/?page_id=16#listItem","position":2,"name":"Botiga","item":"https:\/\/www.claret.cat\/?page_id=16","nextItem":{"@type":"ListItem","@id":"https:\/\/www.claret.cat\/categoria-producto\/cat\/#listItem","name":"CAT"},"previousItem":{"@type":"ListItem","@id":"https:\/\/www.claret.cat\/es\/#listItem","name":"Home"}},{"@type":"ListItem","@id":"https:\/\/www.claret.cat\/categoria-producto\/cat\/#listItem","position":3,"name":"CAT","item":"https:\/\/www.claret.cat\/categoria-producto\/cat\/","nextItem":{"@type":"ListItem","@id":"https:\/\/www.claret.cat\/categoria-producto\/cat\/2_humanitats\/#listItem","name":"Humanitats"},"previousItem":{"@type":"ListItem","@id":"https:\/\/www.claret.cat\/?page_id=16#listItem","name":"Botiga"}},{"@type":"ListItem","@id":"https:\/\/www.claret.cat\/categoria-producto\/cat\/2_humanitats\/#listItem","position":4,"name":"Humanitats","item":"https:\/\/www.claret.cat\/categoria-producto\/cat\/2_humanitats\/","nextItem":{"@type":"ListItem","@id":"https:\/\/www.claret.cat\/categoria-producto\/cat\/2_humanitats\/psicologia\/#listItem","name":"Psicologia"},"previousItem":{"@type":"ListItem","@id":"https:\/\/www.claret.cat\/categoria-producto\/cat\/#listItem","name":"CAT"}},{"@type":"ListItem","@id":"https:\/\/www.claret.cat\/categoria-producto\/cat\/2_humanitats\/psicologia\/#listItem","position":5,"name":"Psicologia","item":"https:\/\/www.claret.cat\/categoria-producto\/cat\/2_humanitats\/psicologia\/","nextItem":{"@type":"ListItem","@id":"https:\/\/www.claret.cat\/categoria-producto\/cat\/2_humanitats\/psicologia\/autoajuda-i-salut-mental\/#listItem","name":"Autoajuda i Salut Mental"},"previousItem":{"@type":"ListItem","@id":"https:\/\/www.claret.cat\/categoria-producto\/cat\/2_humanitats\/#listItem","name":"Humanitats"}},{"@type":"ListItem","@id":"https:\/\/www.claret.cat\/categoria-producto\/cat\/2_humanitats\/psicologia\/autoajuda-i-salut-mental\/#listItem","position":6,"name":"Autoajuda i Salut Mental","item":"https:\/\/www.claret.cat\/categoria-producto\/cat\/2_humanitats\/psicologia\/autoajuda-i-salut-mental\/","nextItem":{"@type":"ListItem","@id":"https:\/\/www.claret.cat\/es\/libro\/el-arte-de-la-guerra-cartas-oraculo-9788411720151\/#listItem","name":"EL ARTE DE LA GUERRA + CARTAS (OR\u00c1CULO)"},"previousItem":{"@type":"ListItem","@id":"https:\/\/www.claret.cat\/categoria-producto\/cat\/2_humanitats\/psicologia\/#listItem","name":"Psicologia"}},{"@type":"ListItem","@id":"https:\/\/www.claret.cat\/es\/libro\/el-arte-de-la-guerra-cartas-oraculo-9788411720151\/#listItem","position":7,"name":"EL ARTE DE LA GUERRA + CARTAS (OR\u00c1CULO)","previousItem":{"@type":"ListItem","@id":"https:\/\/www.claret.cat\/categoria-producto\/cat\/2_humanitats\/psicologia\/autoajuda-i-salut-mental\/#listItem","name":"Autoajuda i Salut Mental"}}]},{"@type":"ItemPage","@id":"https:\/\/www.claret.cat\/es\/libro\/el-arte-de-la-guerra-cartas-oraculo-9788411720151\/#itempage","url":"https:\/\/www.claret.cat\/es\/libro\/el-arte-de-la-guerra-cartas-oraculo-9788411720151\/","name":"EL ARTE DE LA GUERRA + CARTAS (OR\u00c1CULO) - TZU, SUN 9788411720151 | Llibreria Claret","description":"EL ARTE DE LA GUERRA + CARTAS (OR\u00c1CULO) de TZU, SUN disponible a\/en Llibreria Claret.","inLanguage":"es-ES","isPartOf":{"@id":"https:\/\/www.claret.cat\/es\/#website"},"breadcrumb":{"@id":"https:\/\/www.claret.cat\/es\/libro\/el-arte-de-la-guerra-cartas-oraculo-9788411720151\/#breadcrumblist"},"image":{"@type":"ImageObject","url":"https:\/\/www.claret.cat\/wp-content\/uploads\/.\/9788411720151-1.jpg","@id":"https:\/\/www.claret.cat\/es\/libro\/el-arte-de-la-guerra-cartas-oraculo-9788411720151\/#mainImage","width":473,"height":741,"caption":"9788411720151.jpg"},"primaryImageOfPage":{"@id":"https:\/\/www.claret.cat\/es\/libro\/el-arte-de-la-guerra-cartas-oraculo-9788411720151\/#mainImage"},"datePublished":"2023-10-23T13:45:31+02:00","dateModified":"2023-10-27T13:13:20+02:00"},{"@type":"Organization","@id":"https:\/\/www.claret.cat\/es\/#organization","name":"Llibreria Claret","description":"Llibreria religiosa a Barcelona","url":"https:\/\/www.claret.cat\/es\/","email":"comunicacio@claret.cat","telephone":"+34933010887","logo":{"@type":"ImageObject","url":"https:\/\/www.claret.cat\/wp-content\/uploads\/.\/logo-claret-es.png","@id":"https:\/\/www.claret.cat\/es\/libro\/el-arte-de-la-guerra-cartas-oraculo-9788411720151\/#organizationLogo","width":195,"height":79},"image":{"@id":"https:\/\/www.claret.cat\/es\/libro\/el-arte-de-la-guerra-cartas-oraculo-9788411720151\/#organizationLogo"},"sameAs":["https:\/\/www.facebook.com\/LlibreriaClaret","https:\/\/twitter.com\/LlibreriaClaret","https:\/\/www.instagram.com\/llibreriaclaret\/","https:\/\/www.tiktok.com\/@llibreriaclaret","https:\/\/www.youtube.com\/@llibreriaclaret","https:\/\/ca.wikipedia.org\/wiki\/Editorial_Claret"]},{"@type":"WebPage","@id":"https:\/\/www.claret.cat\/es\/libro\/el-arte-de-la-guerra-cartas-oraculo-9788411720151\/#webpage","url":"https:\/\/www.claret.cat\/es\/libro\/el-arte-de-la-guerra-cartas-oraculo-9788411720151\/","name":"EL ARTE DE LA GUERRA + CARTAS (OR\u00c1CULO) - TZU, SUN 9788411720151 | Llibreria Claret","description":"EL ARTE DE LA GUERRA + CARTAS (OR\u00c1CULO) de TZU, SUN disponible a\/en Llibreria Claret.","inLanguage":"es-ES","isPartOf":{"@id":"https:\/\/www.claret.cat\/es\/#website"},"breadcrumb":{"@id":"https:\/\/www.claret.cat\/es\/libro\/el-arte-de-la-guerra-cartas-oraculo-9788411720151\/#breadcrumblist"},"image":{"@type":"ImageObject","url":"https:\/\/www.claret.cat\/wp-content\/uploads\/.\/9788411720151-1.jpg","@id":"https:\/\/www.claret.cat\/es\/libro\/el-arte-de-la-guerra-cartas-oraculo-9788411720151\/#mainImage","width":473,"height":741,"caption":"9788411720151.jpg"},"primaryImageOfPage":{"@id":"https:\/\/www.claret.cat\/es\/libro\/el-arte-de-la-guerra-cartas-oraculo-9788411720151\/#mainImage"},"datePublished":"2023-10-23T13:45:31+02:00","dateModified":"2023-10-27T13:13:20+02:00"},{"@type":"WebSite","@id":"https:\/\/www.claret.cat\/es\/#website","url":"https:\/\/www.claret.cat\/es\/","name":"Llibreria Claret Barcelona","alternateName":"Llibreria Claret","description":"Llibreria religiosa a Barcelona","inLanguage":"es-ES","publisher":{"@id":"https:\/\/www.claret.cat\/es\/#organization"}}]},"og:locale":"es_ES","og:site_name":"Llibreria Claret - Llibreria religiosa a Barcelona","og:type":"article","og:title":"EL ARTE DE LA GUERRA + CARTAS (OR\u00c1CULO) - TZU, SUN 9788411720151 | Llibreria Claret","og:description":"EL ARTE DE LA GUERRA + CARTAS (OR\u00c1CULO) de TZU, SUN disponible a\/en Llibreria Claret.","og:url":"https:\/\/www.claret.cat\/es\/libro\/el-arte-de-la-guerra-cartas-oraculo-9788411720151\/","og:image":"https:\/\/dev.claret.cat\/wp-content\/uploads\/logo-claret.svg","og:image:secure_url":"https:\/\/dev.claret.cat\/wp-content\/uploads\/logo-claret.svg","article:published_time":"2023-10-23T11:45:31+00:00","article:modified_time":"2023-10-27T11:13:20+00:00","article:publisher":"https:\/\/www.facebook.com\/LlibreriaClaret","twitter:card":"summary_large_image","twitter:site":"@LlibreriaClaret","twitter:title":"EL ARTE DE LA GUERRA + CARTAS (OR\u00c1CULO) - TZU, SUN 9788411720151 | Llibreria Claret","twitter:description":"EL ARTE DE LA GUERRA + CARTAS (OR\u00c1CULO) de TZU, SUN disponible a\/en Llibreria Claret.","twitter:image":"http:\/\/dev.claret.cat\/wp-content\/uploads\/logo-claret.svg"},"aioseo_meta_data":{"post_id":"884766","title":null,"description":null,"keywords":null,"keyphrases":null,"primary_term":null,"canonical_url":null,"og_title":null,"og_description":null,"og_object_type":"default","og_image_type":"default","og_image_url":null,"og_image_width":null,"og_image_height":null,"og_image_custom_url":null,"og_image_custom_fields":null,"og_video":null,"og_custom_url":null,"og_article_section":null,"og_article_tags":null,"twitter_use_og":false,"twitter_card":"default","twitter_image_type":"default","twitter_image_url":null,"twitter_image_custom_url":null,"twitter_image_custom_fields":null,"twitter_title":null,"twitter_description":null,"schema":{"blockGraphs":[],"customGraphs":[],"default":{"data":{"Article":[],"Course":[],"Dataset":[],"FAQPage":[],"Movie":[],"Person":[],"Product":[],"ProductReview":[],"Car":[],"Recipe":[],"Service":[],"SoftwareApplication":[],"WebPage":[]},"graphName":"","isEnabled":true},"graphs":[]},"schema_type":"default","schema_type_options":null,"pillar_content":false,"robots_default":true,"robots_noindex":false,"robots_noarchive":false,"robots_nosnippet":false,"robots_nofollow":false,"robots_noimageindex":false,"robots_noodp":false,"robots_notranslate":false,"robots_max_snippet":null,"robots_max_videopreview":null,"robots_max_imagepreview":"large","priority":null,"frequency":null,"local_seo":null,"seo_analyzer_scan_date":"2026-06-10 06:24:47","breadcrumb_settings":null,"limit_modified_date":false,"open_ai":null,"ai":null,"created":"2023-10-23 11:57:43","updated":"2026-06-10 06:24:47","focus_keyword":null,"additional_keywords":null,"truseo_locale":null},"aioseo_breadcrumb":"<div class=\"aioseo-breadcrumbs\"><span class=\"aioseo-breadcrumb\">\n\t<a href=\"https:\/\/www.claret.cat\/es\/\" title=\"Home\">Home<\/a>\n<\/span><span class=\"aioseo-breadcrumb-separator\">&raquo;<\/span><span class=\"aioseo-breadcrumb\">\n\t<a href=\"https:\/\/www.claret.cat\/?page_id=16\" title=\"Botiga\">Botiga<\/a>\n<\/span><span class=\"aioseo-breadcrumb-separator\">&raquo;<\/span><span class=\"aioseo-breadcrumb\">\n\t<a href=\"https:\/\/www.claret.cat\/categoria-producto\/cat\/\" title=\"CAT\">CAT<\/a>\n<\/span><span class=\"aioseo-breadcrumb-separator\">&raquo;<\/span><span class=\"aioseo-breadcrumb\">\n\t<a href=\"https:\/\/www.claret.cat\/categoria-producto\/cat\/2_humanitats\/\" title=\"Humanitats\">Humanitats<\/a>\n<\/span><span class=\"aioseo-breadcrumb-separator\">&raquo;<\/span><span class=\"aioseo-breadcrumb\">\n\t<a href=\"https:\/\/www.claret.cat\/categoria-producto\/cat\/2_humanitats\/psicologia\/\" title=\"Psicologia\">Psicologia<\/a>\n<\/span><span class=\"aioseo-breadcrumb-separator\">&raquo;<\/span><span class=\"aioseo-breadcrumb\">\n\t<a href=\"https:\/\/www.claret.cat\/categoria-producto\/cat\/2_humanitats\/psicologia\/autoajuda-i-salut-mental\/\" title=\"Autoajuda i Salut Mental\">Autoajuda i Salut Mental<\/a>\n<\/span><span class=\"aioseo-breadcrumb-separator\">&raquo;<\/span><span class=\"aioseo-breadcrumb\">\n\tEL ARTE DE LA GUERRA + CARTAS (OR\u00c1CULO)\n<\/span><\/div>","aioseo_breadcrumb_json":[{"label":"Home","link":"https:\/\/www.claret.cat\/es\/"},{"label":"Botiga","link":"https:\/\/www.claret.cat\/?page_id=16"},{"label":"CAT","link":"https:\/\/www.claret.cat\/categoria-producto\/cat\/"},{"label":"Humanitats","link":"https:\/\/www.claret.cat\/categoria-producto\/cat\/2_humanitats\/"},{"label":"Psicologia","link":"https:\/\/www.claret.cat\/categoria-producto\/cat\/2_humanitats\/psicologia\/"},{"label":"Autoajuda i Salut Mental","link":"https:\/\/www.claret.cat\/categoria-producto\/cat\/2_humanitats\/psicologia\/autoajuda-i-salut-mental\/"},{"label":"EL ARTE DE LA GUERRA + CARTAS (OR\u00c1CULO)","link":"https:\/\/www.claret.cat\/es\/libro\/el-arte-de-la-guerra-cartas-oraculo-9788411720151\/"}],"_links":{"self":[{"href":"https:\/\/www.claret.cat\/es\/wp-json\/wp\/v2\/product\/884766","targetHints":{"allow":["GET"]}}],"collection":[{"href":"https:\/\/www.claret.cat\/es\/wp-json\/wp\/v2\/product"}],"about":[{"href":"https:\/\/www.claret.cat\/es\/wp-json\/wp\/v2\/types\/product"}],"wp:featuredmedia":[{"embeddable":true,"href":"https:\/\/www.claret.cat\/es\/wp-json\/wp\/v2\/media\/884771"}],"wp:attachment":[{"href":"https:\/\/www.claret.cat\/es\/wp-json\/wp\/v2\/media?parent=884766"}],"wp:term":[{"taxonomy":"product_brand","embeddable":true,"href":"https:\/\/www.claret.cat\/es\/wp-json\/wp\/v2\/product_brand?post=884766"},{"taxonomy":"product_cat","embeddable":true,"href":"https:\/\/www.claret.cat\/es\/wp-json\/wp\/v2\/product_cat?post=884766"},{"taxonomy":"product_tag","embeddable":true,"href":"https:\/\/www.claret.cat\/es\/wp-json\/wp\/v2\/product_tag?post=884766"}],"curies":[{"name":"wp","href":"https:\/\/api.w.org\/{rel}","templated":true}]}}