{"id":886369,"date":"2023-10-27T17:21:59","date_gmt":"2023-10-27T15:21:59","guid":{"rendered":"https:\/\/www.claret.cat\/llibre\/les-meves-primeres-melodies-per-a-nadons-9788413895871\/"},"modified":"2025-10-20T20:24:27","modified_gmt":"2025-10-20T18:24:27","slug":"les-meves-primeres-melodies-per-a-nadons-9788413895871","status":"publish","type":"product","link":"https:\/\/www.claret.cat\/es\/libro\/les-meves-primeres-melodies-per-a-nadons-9788413895871\/","title":{"rendered":"LES MEVES PRIMERES MELODIES PER A NADONS"},"content":{"rendered":"<p>Cada il\u00b7lustraci\u00f3 d&#8217;aquest llibre cont\u00e9 un bot\u00f3 que far\u00e0 sonar melodies de m\u00fasica relaxant per al teu nad\u00f3.Un inspirador primer llibre de sons per trobar pau i harmonia!<br \/> Sigui l&#8217;hora de la migdiada, d&#8217;anar a dormir o simplement per passar una estona agradable, a cada doble p\u00e0gina d&#8217;aquest llibre trobar\u00e0s un bot\u00f3 per escoltar m\u00fasiques que evoquen la natura, com C\u00e0non en re de Pachelbel, Ondina de C\u00e9cile Chaminade, Greensleeves, una can\u00e7\u00f3 tradicional anglesa, El murmuri de la cascada de Zabel, Siciliana (Suite n\u00fam. 3) de Respighi, o el Vals en la major (16 Vals) de Brahms. La companyia de l&#8217;arpa aportar\u00e0 tranquil\u00b7litat al beb\u00e8 i l&#8217;ajudar\u00e0 a relaxar-se. <br \/> Una alegre il\u00b7lustraci\u00f3 de diferents situacions en fam\u00edlia a l&#8217;aire lliure acompanya cada melodia i fa que aquest recull de fragments de 6 composicions, adre\u00e7at a beb\u00e8s, sigui \u00fanic.<br \/> Mentre escolta les melodies, l&#8217;infant se sorprendr\u00e0 amb els detalls i els colors de les imatges. \u00c9s una bona manera de compartir una estona de tendresa i calma. A m\u00e9s, despertar\u00e0 l&#8217;o\u00efda i la seva sensibilitat musical i comen\u00e7ar\u00e0 a distingir diferents sons: l&#8217;aigua de la cascada, el moviment de les fulles dels arbres i el vent, les onades del mar&#8230; a trav\u00e9s de peces de m\u00fasica cl\u00e0ssica!<br \/> Aquest llibre musical \u00e9s de cartr\u00f3 resistent, i els botons tenen la mida ideal per a mans petites, de manera que el poden llegir de manera aut\u00f2noma.<br \/> Il\u00b7lustrat per S\u00e9verine Cordier.<br \/> Recomanat a partir d&#8217;1 any.<br \/> T\u00edtols de la col\u00b7lecci\u00f3 de m\u00fasica cl\u00e0ssica:<\/p>\n<p> El meu primer concert de m\u00fasica cl\u00e0ssica. Llums i sons<br \/> Les meves primeres can\u00e7ons de m\u00fasica cl\u00e0ssica. Llums i sons<br \/> La meva primera hist\u00f2ria de la m\u00fasica cl\u00e0ssica<br \/> Els meus primers instruments de m\u00fasica cl\u00e0ssica\u00a0<br \/> Les meves primeres \u00f2peres<br \/> Les meves primeres melodies cl\u00e0ssiques<br \/> El meu primer Carnaval dels animals<br \/> Els meus animals de la m\u00fasica cl\u00e0ssica<br \/> Les meves primeres can\u00e7ons per ballar<br \/> Les meves primeres can\u00e7ons de bressol<br \/> Les meves primeres can\u00e7ons en angl\u00e8s<br \/> Les meves melodies cl\u00e0ssiques de Nadal<br \/> El meu primer Beethoven<br \/> El meu primer Mozart<br \/> El meu primer Vivaldi<br \/> El meu primer Bach<br \/> Les meves primeres compositores<br \/> Les meves primeres melodies per a nadons<\/p>\n","protected":false},"excerpt":{"rendered":"<p>CORDIER, S\u00c9VERINE<\/p>\n","protected":false},"featured_media":886572,"template":"","meta":{"_acf_changed":false,"om_disable_all_campaigns":false,"rs_blank_template":"","rs_page_bg_color":"","slide_template_v7":"","inline_featured_image":false,"_monsterinsights_skip_tracking":false},"product_brand":[],"product_cat":[131,361],"product_tag":[],"class_list":["post-886369","product","type-product","status-publish","has-post-thumbnail","product_cat-contes-per-infants-0-6-anys","product_cat-cuentos-para-ninos-0-6-anos","first","instock","taxable","shipping-taxable","purchasable","product-type-simple"],"acf":{"autor":"CORDIER, S\u00c9VERINE","codart":"841389587","libros-coleccion":"VARIS","ediciones":"1","encuadernacion":"Carton\u00e9","fecha_de_publicacion":"01\/10\/2023","novedad":"1","paginas":"12","subtitulo":"","orden":"0","portada":"0","idioma":"cat","editorial":[{"ID":6249,"post_author":"3","post_date":"2022-07-28 17:48:09","post_date_gmt":"2022-07-28 15:48:09","post_content":"","post_title":"Estrella Polar","post_excerpt":"","post_status":"publish","comment_status":"closed","ping_status":"closed","post_password":"","post_name":"estrella-polar","to_ping":"","pinged":"","post_modified":"2022-07-28 17:48:09","post_modified_gmt":"2022-07-28 15:48:09","post_content_filtered":"","post_parent":0,"guid":"http:\/\/dev.claret.cat\/editorial\/estrella-polar\/","menu_order":0,"post_type":"editorial","post_mime_type":"","comment_count":"0","filter":"raw"}],"autores-libros":[{"ID":169378,"post_author":"3","post_date":"2022-10-14 22:26:45","post_date_gmt":"2022-10-14 20:26:45","post_content":"","post_title":"S\u00c9VERINE CORDIER","post_excerpt":"","post_status":"publish","comment_status":"closed","ping_status":"closed","post_password":"","post_name":"severine-cordier","to_ping":"","pinged":"","post_modified":"2022-10-14 22:26:45","post_modified_gmt":"2022-10-14 20:26:45","post_content_filtered":"","post_parent":0,"guid":"http:\/\/dev.claret.cat\/autor\/severine-cordier\/","menu_order":0,"post_type":"autor","post_mime_type":"","comment_count":"0","filter":"raw"}],"booktrailer":"","resenas":""},"aioseo_notices":[],"aioseo_head":"\n\t\t<!-- All in One SEO Pro 5.0.1.1 - aioseo.com -->\n\t<meta name=\"description\" content=\"LES MEVES PRIMERES MELODIES PER A NADONS de CORDIER, S\u00c9VERINE disponible a\/en Llibreria Claret.\" \/>\n\t<meta name=\"robots\" content=\"max-image-preview:large\" \/>\n\t<meta name=\"google-site-verification\" content=\"xVtlFxJ-TfkIu-D-lt7XeLobefg5EIQiXTuqcSf8Rf0\" \/>\n\t<link rel=\"canonical\" href=\"https:\/\/www.claret.cat\/es\/libro\/les-meves-primeres-melodies-per-a-nadons-9788413895871\/\" \/>\n\t<meta name=\"generator\" content=\"All in One SEO Pro (AIOSEO) 5.0.1.1\" \/>\n\t\t<meta property=\"og:locale\" content=\"es_ES\" \/>\n\t\t<meta property=\"og:site_name\" content=\"Llibreria Claret - Llibreria religiosa a Barcelona\" \/>\n\t\t<meta property=\"og:type\" content=\"article\" \/>\n\t\t<meta property=\"og:title\" content=\"LES MEVES PRIMERES MELODIES PER A NADONS - CORDIER, S\u00c9VERINE 9788413895871 | Llibreria Claret\" \/>\n\t\t<meta property=\"og:description\" content=\"LES MEVES PRIMERES MELODIES PER A NADONS de CORDIER, S\u00c9VERINE disponible a\/en Llibreria Claret.\" \/>\n\t\t<meta property=\"og:url\" content=\"https:\/\/www.claret.cat\/es\/libro\/les-meves-primeres-melodies-per-a-nadons-9788413895871\/\" \/>\n\t\t<meta property=\"og:image\" content=\"https:\/\/dev.claret.cat\/wp-content\/uploads\/logo-claret.svg\" \/>\n\t\t<meta property=\"og:image:secure_url\" content=\"https:\/\/dev.claret.cat\/wp-content\/uploads\/logo-claret.svg\" \/>\n\t\t<meta property=\"article:published_time\" content=\"2023-10-27T15:21:59+00:00\" \/>\n\t\t<meta property=\"article:modified_time\" content=\"2025-10-20T18:24:27+00:00\" \/>\n\t\t<meta property=\"article:publisher\" content=\"https:\/\/www.facebook.com\/LlibreriaClaret\" \/>\n\t\t<meta name=\"twitter:card\" content=\"summary_large_image\" \/>\n\t\t<meta name=\"twitter:site\" content=\"@LlibreriaClaret\" \/>\n\t\t<meta name=\"twitter:title\" content=\"LES MEVES PRIMERES MELODIES PER A NADONS - CORDIER, S\u00c9VERINE 9788413895871 | Llibreria Claret\" \/>\n\t\t<meta name=\"twitter:description\" content=\"LES MEVES PRIMERES MELODIES PER A NADONS de CORDIER, S\u00c9VERINE disponible a\/en Llibreria Claret.\" \/>\n\t\t<meta name=\"twitter:image\" content=\"http:\/\/dev.claret.cat\/wp-content\/uploads\/logo-claret.svg\" \/>\n\t\t<script type=\"application\/ld+json\" class=\"aioseo-schema\">\n\t\t\t{\"@context\":\"https:\\\/\\\/schema.org\",\"@graph\":[{\"@type\":\"BreadcrumbList\",\"@id\":\"https:\\\/\\\/www.claret.cat\\\/es\\\/libro\\\/les-meves-primeres-melodies-per-a-nadons-9788413895871\\\/#breadcrumblist\",\"itemListElement\":[{\"@type\":\"ListItem\",\"@id\":\"https:\\\/\\\/www.claret.cat\\\/es\\\/#listItem\",\"position\":1,\"name\":\"Home\",\"item\":\"https:\\\/\\\/www.claret.cat\\\/es\\\/\",\"nextItem\":{\"@type\":\"ListItem\",\"@id\":\"https:\\\/\\\/www.claret.cat\\\/?page_id=16#listItem\",\"name\":\"Botiga\"}},{\"@type\":\"ListItem\",\"@id\":\"https:\\\/\\\/www.claret.cat\\\/?page_id=16#listItem\",\"position\":2,\"name\":\"Botiga\",\"item\":\"https:\\\/\\\/www.claret.cat\\\/?page_id=16\",\"nextItem\":{\"@type\":\"ListItem\",\"@id\":\"https:\\\/\\\/www.claret.cat\\\/categoria-producto\\\/cat\\\/#listItem\",\"name\":\"CAT\"},\"previousItem\":{\"@type\":\"ListItem\",\"@id\":\"https:\\\/\\\/www.claret.cat\\\/es\\\/#listItem\",\"name\":\"Home\"}},{\"@type\":\"ListItem\",\"@id\":\"https:\\\/\\\/www.claret.cat\\\/categoria-producto\\\/cat\\\/#listItem\",\"position\":3,\"name\":\"CAT\",\"item\":\"https:\\\/\\\/www.claret.cat\\\/categoria-producto\\\/cat\\\/\",\"nextItem\":{\"@type\":\"ListItem\",\"@id\":\"https:\\\/\\\/www.claret.cat\\\/categoria-producto\\\/cat\\\/3_infantil-juvenil\\\/#listItem\",\"name\":\"Infantil \\\/ Juvenil\"},\"previousItem\":{\"@type\":\"ListItem\",\"@id\":\"https:\\\/\\\/www.claret.cat\\\/?page_id=16#listItem\",\"name\":\"Botiga\"}},{\"@type\":\"ListItem\",\"@id\":\"https:\\\/\\\/www.claret.cat\\\/categoria-producto\\\/cat\\\/3_infantil-juvenil\\\/#listItem\",\"position\":4,\"name\":\"Infantil \\\/ Juvenil\",\"item\":\"https:\\\/\\\/www.claret.cat\\\/categoria-producto\\\/cat\\\/3_infantil-juvenil\\\/\",\"nextItem\":{\"@type\":\"ListItem\",\"@id\":\"https:\\\/\\\/www.claret.cat\\\/categoria-producto\\\/cat\\\/3_infantil-juvenil\\\/infantil\\\/#listItem\",\"name\":\"Infantil\"},\"previousItem\":{\"@type\":\"ListItem\",\"@id\":\"https:\\\/\\\/www.claret.cat\\\/categoria-producto\\\/cat\\\/#listItem\",\"name\":\"CAT\"}},{\"@type\":\"ListItem\",\"@id\":\"https:\\\/\\\/www.claret.cat\\\/categoria-producto\\\/cat\\\/3_infantil-juvenil\\\/infantil\\\/#listItem\",\"position\":5,\"name\":\"Infantil\",\"item\":\"https:\\\/\\\/www.claret.cat\\\/categoria-producto\\\/cat\\\/3_infantil-juvenil\\\/infantil\\\/\",\"nextItem\":{\"@type\":\"ListItem\",\"@id\":\"https:\\\/\\\/www.claret.cat\\\/categoria-producto\\\/cat\\\/3_infantil-juvenil\\\/infantil\\\/contes-per-infants-0-6-anys\\\/#listItem\",\"name\":\"0 - 6 anys\"},\"previousItem\":{\"@type\":\"ListItem\",\"@id\":\"https:\\\/\\\/www.claret.cat\\\/categoria-producto\\\/cat\\\/3_infantil-juvenil\\\/#listItem\",\"name\":\"Infantil \\\/ Juvenil\"}},{\"@type\":\"ListItem\",\"@id\":\"https:\\\/\\\/www.claret.cat\\\/categoria-producto\\\/cat\\\/3_infantil-juvenil\\\/infantil\\\/contes-per-infants-0-6-anys\\\/#listItem\",\"position\":6,\"name\":\"0 - 6 anys\",\"item\":\"https:\\\/\\\/www.claret.cat\\\/categoria-producto\\\/cat\\\/3_infantil-juvenil\\\/infantil\\\/contes-per-infants-0-6-anys\\\/\",\"nextItem\":{\"@type\":\"ListItem\",\"@id\":\"https:\\\/\\\/www.claret.cat\\\/es\\\/libro\\\/les-meves-primeres-melodies-per-a-nadons-9788413895871\\\/#listItem\",\"name\":\"LES MEVES PRIMERES MELODIES PER A NADONS\"},\"previousItem\":{\"@type\":\"ListItem\",\"@id\":\"https:\\\/\\\/www.claret.cat\\\/categoria-producto\\\/cat\\\/3_infantil-juvenil\\\/infantil\\\/#listItem\",\"name\":\"Infantil\"}},{\"@type\":\"ListItem\",\"@id\":\"https:\\\/\\\/www.claret.cat\\\/es\\\/libro\\\/les-meves-primeres-melodies-per-a-nadons-9788413895871\\\/#listItem\",\"position\":7,\"name\":\"LES MEVES PRIMERES MELODIES PER A NADONS\",\"previousItem\":{\"@type\":\"ListItem\",\"@id\":\"https:\\\/\\\/www.claret.cat\\\/categoria-producto\\\/cat\\\/3_infantil-juvenil\\\/infantil\\\/contes-per-infants-0-6-anys\\\/#listItem\",\"name\":\"0 - 6 anys\"}}]},{\"@type\":\"ItemPage\",\"@id\":\"https:\\\/\\\/www.claret.cat\\\/es\\\/libro\\\/les-meves-primeres-melodies-per-a-nadons-9788413895871\\\/#itempage\",\"url\":\"https:\\\/\\\/www.claret.cat\\\/es\\\/libro\\\/les-meves-primeres-melodies-per-a-nadons-9788413895871\\\/\",\"name\":\"LES MEVES PRIMERES MELODIES PER A NADONS - CORDIER, S\\u00c9VERINE 9788413895871 | Llibreria Claret\",\"description\":\"LES MEVES PRIMERES MELODIES PER A NADONS de CORDIER, S\\u00c9VERINE disponible a\\\/en Llibreria Claret.\",\"inLanguage\":\"es-ES\",\"isPartOf\":{\"@id\":\"https:\\\/\\\/www.claret.cat\\\/es\\\/#website\"},\"breadcrumb\":{\"@id\":\"https:\\\/\\\/www.claret.cat\\\/es\\\/libro\\\/les-meves-primeres-melodies-per-a-nadons-9788413895871\\\/#breadcrumblist\"},\"image\":{\"@type\":\"ImageObject\",\"url\":\"https:\\\/\\\/www.claret.cat\\\/wp-content\\\/uploads\\\/.\\\/9788413895871-1.jpg\",\"@id\":\"https:\\\/\\\/www.claret.cat\\\/es\\\/libro\\\/les-meves-primeres-melodies-per-a-nadons-9788413895871\\\/#mainImage\",\"width\":1395,\"height\":1536,\"caption\":\"9788413895871.jpg\"},\"primaryImageOfPage\":{\"@id\":\"https:\\\/\\\/www.claret.cat\\\/es\\\/libro\\\/les-meves-primeres-melodies-per-a-nadons-9788413895871\\\/#mainImage\"},\"datePublished\":\"2023-10-27T17:21:59+02:00\",\"dateModified\":\"2025-10-20T20:24:27+02:00\"},{\"@type\":\"Organization\",\"@id\":\"https:\\\/\\\/www.claret.cat\\\/es\\\/#organization\",\"name\":\"Llibreria Claret\",\"description\":\"Llibreria religiosa a Barcelona\",\"url\":\"https:\\\/\\\/www.claret.cat\\\/es\\\/\",\"email\":\"comunicacio@claret.cat\",\"telephone\":\"+34933010887\",\"logo\":{\"@type\":\"ImageObject\",\"url\":\"https:\\\/\\\/www.claret.cat\\\/wp-content\\\/uploads\\\/.\\\/logo-claret-es.png\",\"@id\":\"https:\\\/\\\/www.claret.cat\\\/es\\\/libro\\\/les-meves-primeres-melodies-per-a-nadons-9788413895871\\\/#organizationLogo\",\"width\":195,\"height\":79},\"image\":{\"@id\":\"https:\\\/\\\/www.claret.cat\\\/es\\\/libro\\\/les-meves-primeres-melodies-per-a-nadons-9788413895871\\\/#organizationLogo\"},\"sameAs\":[\"https:\\\/\\\/www.facebook.com\\\/LlibreriaClaret\",\"https:\\\/\\\/twitter.com\\\/LlibreriaClaret\",\"https:\\\/\\\/www.instagram.com\\\/llibreriaclaret\\\/\",\"https:\\\/\\\/www.tiktok.com\\\/@llibreriaclaret\",\"https:\\\/\\\/www.youtube.com\\\/@llibreriaclaret\",\"https:\\\/\\\/ca.wikipedia.org\\\/wiki\\\/Editorial_Claret\"]},{\"@type\":\"WebPage\",\"@id\":\"https:\\\/\\\/www.claret.cat\\\/es\\\/libro\\\/les-meves-primeres-melodies-per-a-nadons-9788413895871\\\/#webpage\",\"url\":\"https:\\\/\\\/www.claret.cat\\\/es\\\/libro\\\/les-meves-primeres-melodies-per-a-nadons-9788413895871\\\/\",\"name\":\"LES MEVES PRIMERES MELODIES PER A NADONS - CORDIER, S\\u00c9VERINE 9788413895871 | Llibreria Claret\",\"description\":\"LES MEVES PRIMERES MELODIES PER A NADONS de CORDIER, S\\u00c9VERINE disponible a\\\/en Llibreria Claret.\",\"inLanguage\":\"es-ES\",\"isPartOf\":{\"@id\":\"https:\\\/\\\/www.claret.cat\\\/es\\\/#website\"},\"breadcrumb\":{\"@id\":\"https:\\\/\\\/www.claret.cat\\\/es\\\/libro\\\/les-meves-primeres-melodies-per-a-nadons-9788413895871\\\/#breadcrumblist\"},\"image\":{\"@type\":\"ImageObject\",\"url\":\"https:\\\/\\\/www.claret.cat\\\/wp-content\\\/uploads\\\/.\\\/9788413895871-1.jpg\",\"@id\":\"https:\\\/\\\/www.claret.cat\\\/es\\\/libro\\\/les-meves-primeres-melodies-per-a-nadons-9788413895871\\\/#mainImage\",\"width\":1395,\"height\":1536,\"caption\":\"9788413895871.jpg\"},\"primaryImageOfPage\":{\"@id\":\"https:\\\/\\\/www.claret.cat\\\/es\\\/libro\\\/les-meves-primeres-melodies-per-a-nadons-9788413895871\\\/#mainImage\"},\"datePublished\":\"2023-10-27T17:21:59+02:00\",\"dateModified\":\"2025-10-20T20:24:27+02:00\"},{\"@type\":\"WebSite\",\"@id\":\"https:\\\/\\\/www.claret.cat\\\/es\\\/#website\",\"url\":\"https:\\\/\\\/www.claret.cat\\\/es\\\/\",\"name\":\"Llibreria Claret Barcelona\",\"alternateName\":\"Llibreria Claret\",\"description\":\"Llibreria religiosa a Barcelona\",\"inLanguage\":\"es-ES\",\"publisher\":{\"@id\":\"https:\\\/\\\/www.claret.cat\\\/es\\\/#organization\"}}]}\n\t\t<\/script>\n\t\t<!-- All in One SEO Pro -->\r\n\t\t<title>LES MEVES PRIMERES MELODIES PER A NADONS - CORDIER, S\u00c9VERINE 9788413895871 | Llibreria Claret<\/title>\n\n","aioseo_head_json":{"title":"LES MEVES PRIMERES MELODIES PER A NADONS - CORDIER, S\u00c9VERINE 9788413895871 | Llibreria Claret","description":"LES MEVES PRIMERES MELODIES PER A NADONS de CORDIER, S\u00c9VERINE disponible a\/en Llibreria Claret.","canonical_url":"https:\/\/www.claret.cat\/es\/libro\/les-meves-primeres-melodies-per-a-nadons-9788413895871\/","robots":"max-image-preview:large","keywords":"","webmasterTools":{"google-site-verification":"xVtlFxJ-TfkIu-D-lt7XeLobefg5EIQiXTuqcSf8Rf0","miscellaneous":""},"schema":{"@context":"https:\/\/schema.org","@graph":[{"@type":"BreadcrumbList","@id":"https:\/\/www.claret.cat\/es\/libro\/les-meves-primeres-melodies-per-a-nadons-9788413895871\/#breadcrumblist","itemListElement":[{"@type":"ListItem","@id":"https:\/\/www.claret.cat\/es\/#listItem","position":1,"name":"Home","item":"https:\/\/www.claret.cat\/es\/","nextItem":{"@type":"ListItem","@id":"https:\/\/www.claret.cat\/?page_id=16#listItem","name":"Botiga"}},{"@type":"ListItem","@id":"https:\/\/www.claret.cat\/?page_id=16#listItem","position":2,"name":"Botiga","item":"https:\/\/www.claret.cat\/?page_id=16","nextItem":{"@type":"ListItem","@id":"https:\/\/www.claret.cat\/categoria-producto\/cat\/#listItem","name":"CAT"},"previousItem":{"@type":"ListItem","@id":"https:\/\/www.claret.cat\/es\/#listItem","name":"Home"}},{"@type":"ListItem","@id":"https:\/\/www.claret.cat\/categoria-producto\/cat\/#listItem","position":3,"name":"CAT","item":"https:\/\/www.claret.cat\/categoria-producto\/cat\/","nextItem":{"@type":"ListItem","@id":"https:\/\/www.claret.cat\/categoria-producto\/cat\/3_infantil-juvenil\/#listItem","name":"Infantil \/ Juvenil"},"previousItem":{"@type":"ListItem","@id":"https:\/\/www.claret.cat\/?page_id=16#listItem","name":"Botiga"}},{"@type":"ListItem","@id":"https:\/\/www.claret.cat\/categoria-producto\/cat\/3_infantil-juvenil\/#listItem","position":4,"name":"Infantil \/ Juvenil","item":"https:\/\/www.claret.cat\/categoria-producto\/cat\/3_infantil-juvenil\/","nextItem":{"@type":"ListItem","@id":"https:\/\/www.claret.cat\/categoria-producto\/cat\/3_infantil-juvenil\/infantil\/#listItem","name":"Infantil"},"previousItem":{"@type":"ListItem","@id":"https:\/\/www.claret.cat\/categoria-producto\/cat\/#listItem","name":"CAT"}},{"@type":"ListItem","@id":"https:\/\/www.claret.cat\/categoria-producto\/cat\/3_infantil-juvenil\/infantil\/#listItem","position":5,"name":"Infantil","item":"https:\/\/www.claret.cat\/categoria-producto\/cat\/3_infantil-juvenil\/infantil\/","nextItem":{"@type":"ListItem","@id":"https:\/\/www.claret.cat\/categoria-producto\/cat\/3_infantil-juvenil\/infantil\/contes-per-infants-0-6-anys\/#listItem","name":"0 - 6 anys"},"previousItem":{"@type":"ListItem","@id":"https:\/\/www.claret.cat\/categoria-producto\/cat\/3_infantil-juvenil\/#listItem","name":"Infantil \/ Juvenil"}},{"@type":"ListItem","@id":"https:\/\/www.claret.cat\/categoria-producto\/cat\/3_infantil-juvenil\/infantil\/contes-per-infants-0-6-anys\/#listItem","position":6,"name":"0 - 6 anys","item":"https:\/\/www.claret.cat\/categoria-producto\/cat\/3_infantil-juvenil\/infantil\/contes-per-infants-0-6-anys\/","nextItem":{"@type":"ListItem","@id":"https:\/\/www.claret.cat\/es\/libro\/les-meves-primeres-melodies-per-a-nadons-9788413895871\/#listItem","name":"LES MEVES PRIMERES MELODIES PER A NADONS"},"previousItem":{"@type":"ListItem","@id":"https:\/\/www.claret.cat\/categoria-producto\/cat\/3_infantil-juvenil\/infantil\/#listItem","name":"Infantil"}},{"@type":"ListItem","@id":"https:\/\/www.claret.cat\/es\/libro\/les-meves-primeres-melodies-per-a-nadons-9788413895871\/#listItem","position":7,"name":"LES MEVES PRIMERES MELODIES PER A NADONS","previousItem":{"@type":"ListItem","@id":"https:\/\/www.claret.cat\/categoria-producto\/cat\/3_infantil-juvenil\/infantil\/contes-per-infants-0-6-anys\/#listItem","name":"0 - 6 anys"}}]},{"@type":"ItemPage","@id":"https:\/\/www.claret.cat\/es\/libro\/les-meves-primeres-melodies-per-a-nadons-9788413895871\/#itempage","url":"https:\/\/www.claret.cat\/es\/libro\/les-meves-primeres-melodies-per-a-nadons-9788413895871\/","name":"LES MEVES PRIMERES MELODIES PER A NADONS - CORDIER, S\u00c9VERINE 9788413895871 | Llibreria Claret","description":"LES MEVES PRIMERES MELODIES PER A NADONS de CORDIER, S\u00c9VERINE disponible a\/en Llibreria Claret.","inLanguage":"es-ES","isPartOf":{"@id":"https:\/\/www.claret.cat\/es\/#website"},"breadcrumb":{"@id":"https:\/\/www.claret.cat\/es\/libro\/les-meves-primeres-melodies-per-a-nadons-9788413895871\/#breadcrumblist"},"image":{"@type":"ImageObject","url":"https:\/\/www.claret.cat\/wp-content\/uploads\/.\/9788413895871-1.jpg","@id":"https:\/\/www.claret.cat\/es\/libro\/les-meves-primeres-melodies-per-a-nadons-9788413895871\/#mainImage","width":1395,"height":1536,"caption":"9788413895871.jpg"},"primaryImageOfPage":{"@id":"https:\/\/www.claret.cat\/es\/libro\/les-meves-primeres-melodies-per-a-nadons-9788413895871\/#mainImage"},"datePublished":"2023-10-27T17:21:59+02:00","dateModified":"2025-10-20T20:24:27+02:00"},{"@type":"Organization","@id":"https:\/\/www.claret.cat\/es\/#organization","name":"Llibreria Claret","description":"Llibreria religiosa a Barcelona","url":"https:\/\/www.claret.cat\/es\/","email":"comunicacio@claret.cat","telephone":"+34933010887","logo":{"@type":"ImageObject","url":"https:\/\/www.claret.cat\/wp-content\/uploads\/.\/logo-claret-es.png","@id":"https:\/\/www.claret.cat\/es\/libro\/les-meves-primeres-melodies-per-a-nadons-9788413895871\/#organizationLogo","width":195,"height":79},"image":{"@id":"https:\/\/www.claret.cat\/es\/libro\/les-meves-primeres-melodies-per-a-nadons-9788413895871\/#organizationLogo"},"sameAs":["https:\/\/www.facebook.com\/LlibreriaClaret","https:\/\/twitter.com\/LlibreriaClaret","https:\/\/www.instagram.com\/llibreriaclaret\/","https:\/\/www.tiktok.com\/@llibreriaclaret","https:\/\/www.youtube.com\/@llibreriaclaret","https:\/\/ca.wikipedia.org\/wiki\/Editorial_Claret"]},{"@type":"WebPage","@id":"https:\/\/www.claret.cat\/es\/libro\/les-meves-primeres-melodies-per-a-nadons-9788413895871\/#webpage","url":"https:\/\/www.claret.cat\/es\/libro\/les-meves-primeres-melodies-per-a-nadons-9788413895871\/","name":"LES MEVES PRIMERES MELODIES PER A NADONS - CORDIER, S\u00c9VERINE 9788413895871 | Llibreria Claret","description":"LES MEVES PRIMERES MELODIES PER A NADONS de CORDIER, S\u00c9VERINE disponible a\/en Llibreria Claret.","inLanguage":"es-ES","isPartOf":{"@id":"https:\/\/www.claret.cat\/es\/#website"},"breadcrumb":{"@id":"https:\/\/www.claret.cat\/es\/libro\/les-meves-primeres-melodies-per-a-nadons-9788413895871\/#breadcrumblist"},"image":{"@type":"ImageObject","url":"https:\/\/www.claret.cat\/wp-content\/uploads\/.\/9788413895871-1.jpg","@id":"https:\/\/www.claret.cat\/es\/libro\/les-meves-primeres-melodies-per-a-nadons-9788413895871\/#mainImage","width":1395,"height":1536,"caption":"9788413895871.jpg"},"primaryImageOfPage":{"@id":"https:\/\/www.claret.cat\/es\/libro\/les-meves-primeres-melodies-per-a-nadons-9788413895871\/#mainImage"},"datePublished":"2023-10-27T17:21:59+02:00","dateModified":"2025-10-20T20:24:27+02:00"},{"@type":"WebSite","@id":"https:\/\/www.claret.cat\/es\/#website","url":"https:\/\/www.claret.cat\/es\/","name":"Llibreria Claret Barcelona","alternateName":"Llibreria Claret","description":"Llibreria religiosa a Barcelona","inLanguage":"es-ES","publisher":{"@id":"https:\/\/www.claret.cat\/es\/#organization"}}]},"og:locale":"es_ES","og:site_name":"Llibreria Claret - Llibreria religiosa a Barcelona","og:type":"article","og:title":"LES MEVES PRIMERES MELODIES PER A NADONS - CORDIER, S\u00c9VERINE 9788413895871 | Llibreria Claret","og:description":"LES MEVES PRIMERES MELODIES PER A NADONS de CORDIER, S\u00c9VERINE disponible a\/en Llibreria Claret.","og:url":"https:\/\/www.claret.cat\/es\/libro\/les-meves-primeres-melodies-per-a-nadons-9788413895871\/","og:image":"https:\/\/dev.claret.cat\/wp-content\/uploads\/logo-claret.svg","og:image:secure_url":"https:\/\/dev.claret.cat\/wp-content\/uploads\/logo-claret.svg","article:published_time":"2023-10-27T15:21:59+00:00","article:modified_time":"2025-10-20T18:24:27+00:00","article:publisher":"https:\/\/www.facebook.com\/LlibreriaClaret","twitter:card":"summary_large_image","twitter:site":"@LlibreriaClaret","twitter:title":"LES MEVES PRIMERES MELODIES PER A NADONS - CORDIER, S\u00c9VERINE 9788413895871 | Llibreria Claret","twitter:description":"LES MEVES PRIMERES MELODIES PER A NADONS de CORDIER, S\u00c9VERINE disponible a\/en Llibreria Claret.","twitter:image":"http:\/\/dev.claret.cat\/wp-content\/uploads\/logo-claret.svg"},"aioseo_meta_data":{"post_id":"886369","title":null,"description":null,"keywords":null,"keyphrases":null,"primary_term":null,"canonical_url":null,"og_title":null,"og_description":null,"og_object_type":"default","og_image_type":"default","og_image_url":null,"og_image_width":null,"og_image_height":null,"og_image_custom_url":null,"og_image_custom_fields":null,"og_video":null,"og_custom_url":null,"og_article_section":null,"og_article_tags":null,"twitter_use_og":false,"twitter_card":"default","twitter_image_type":"default","twitter_image_url":null,"twitter_image_custom_url":null,"twitter_image_custom_fields":null,"twitter_title":null,"twitter_description":null,"schema":{"blockGraphs":[],"customGraphs":[],"default":{"data":{"Article":[],"Course":[],"Dataset":[],"FAQPage":[],"Movie":[],"Person":[],"Product":[],"ProductReview":[],"Car":[],"Recipe":[],"Service":[],"SoftwareApplication":[],"WebPage":[]},"graphName":"","isEnabled":true},"graphs":[]},"schema_type":"default","schema_type_options":null,"pillar_content":false,"robots_default":true,"robots_noindex":false,"robots_noarchive":false,"robots_nosnippet":false,"robots_nofollow":false,"robots_noimageindex":false,"robots_noodp":false,"robots_notranslate":false,"robots_max_snippet":null,"robots_max_videopreview":null,"robots_max_imagepreview":"large","priority":null,"frequency":null,"local_seo":null,"seo_analyzer_scan_date":"2026-06-08 11:43:11","breadcrumb_settings":null,"limit_modified_date":false,"open_ai":null,"ai":null,"created":"2023-10-27 15:22:41","updated":"2026-06-08 11:43:11","focus_keyword":null,"additional_keywords":null,"truseo_locale":null},"aioseo_breadcrumb":"<div class=\"aioseo-breadcrumbs\"><span class=\"aioseo-breadcrumb\">\n\t<a href=\"https:\/\/www.claret.cat\/es\/\" title=\"Home\">Home<\/a>\n<\/span><span class=\"aioseo-breadcrumb-separator\">&raquo;<\/span><span class=\"aioseo-breadcrumb\">\n\t<a href=\"https:\/\/www.claret.cat\/?page_id=16\" title=\"Botiga\">Botiga<\/a>\n<\/span><span class=\"aioseo-breadcrumb-separator\">&raquo;<\/span><span class=\"aioseo-breadcrumb\">\n\t<a href=\"https:\/\/www.claret.cat\/categoria-producto\/cat\/\" title=\"CAT\">CAT<\/a>\n<\/span><span class=\"aioseo-breadcrumb-separator\">&raquo;<\/span><span class=\"aioseo-breadcrumb\">\n\t<a href=\"https:\/\/www.claret.cat\/categoria-producto\/cat\/3_infantil-juvenil\/\" title=\"Infantil \/ Juvenil\">Infantil \/ Juvenil<\/a>\n<\/span><span class=\"aioseo-breadcrumb-separator\">&raquo;<\/span><span class=\"aioseo-breadcrumb\">\n\t<a href=\"https:\/\/www.claret.cat\/categoria-producto\/cat\/3_infantil-juvenil\/infantil\/\" title=\"Infantil\">Infantil<\/a>\n<\/span><span class=\"aioseo-breadcrumb-separator\">&raquo;<\/span><span class=\"aioseo-breadcrumb\">\n\t<a href=\"https:\/\/www.claret.cat\/categoria-producto\/cat\/3_infantil-juvenil\/infantil\/contes-per-infants-0-6-anys\/\" title=\"0 - 6 anys\">0 - 6 anys<\/a>\n<\/span><span class=\"aioseo-breadcrumb-separator\">&raquo;<\/span><span class=\"aioseo-breadcrumb\">\n\tLES MEVES PRIMERES MELODIES PER A NADONS\n<\/span><\/div>","aioseo_breadcrumb_json":[{"label":"Home","link":"https:\/\/www.claret.cat\/es\/"},{"label":"Botiga","link":"https:\/\/www.claret.cat\/?page_id=16"},{"label":"CAT","link":"https:\/\/www.claret.cat\/categoria-producto\/cat\/"},{"label":"Infantil \/ Juvenil","link":"https:\/\/www.claret.cat\/categoria-producto\/cat\/3_infantil-juvenil\/"},{"label":"Infantil","link":"https:\/\/www.claret.cat\/categoria-producto\/cat\/3_infantil-juvenil\/infantil\/"},{"label":"0 - 6 anys","link":"https:\/\/www.claret.cat\/categoria-producto\/cat\/3_infantil-juvenil\/infantil\/contes-per-infants-0-6-anys\/"},{"label":"LES MEVES PRIMERES MELODIES PER A NADONS","link":"https:\/\/www.claret.cat\/es\/libro\/les-meves-primeres-melodies-per-a-nadons-9788413895871\/"}],"_links":{"self":[{"href":"https:\/\/www.claret.cat\/es\/wp-json\/wp\/v2\/product\/886369","targetHints":{"allow":["GET"]}}],"collection":[{"href":"https:\/\/www.claret.cat\/es\/wp-json\/wp\/v2\/product"}],"about":[{"href":"https:\/\/www.claret.cat\/es\/wp-json\/wp\/v2\/types\/product"}],"wp:featuredmedia":[{"embeddable":true,"href":"https:\/\/www.claret.cat\/es\/wp-json\/wp\/v2\/media\/886572"}],"wp:attachment":[{"href":"https:\/\/www.claret.cat\/es\/wp-json\/wp\/v2\/media?parent=886369"}],"wp:term":[{"taxonomy":"product_brand","embeddable":true,"href":"https:\/\/www.claret.cat\/es\/wp-json\/wp\/v2\/product_brand?post=886369"},{"taxonomy":"product_cat","embeddable":true,"href":"https:\/\/www.claret.cat\/es\/wp-json\/wp\/v2\/product_cat?post=886369"},{"taxonomy":"product_tag","embeddable":true,"href":"https:\/\/www.claret.cat\/es\/wp-json\/wp\/v2\/product_tag?post=886369"}],"curies":[{"name":"wp","href":"https:\/\/api.w.org\/{rel}","templated":true}]}}