{"id":88642,"date":"2022-10-11T18:20:00","date_gmt":"2022-10-11T16:20:00","guid":{"rendered":"http:\/\/dev.claret.cat\/producte\/diario-de-jose-de-nazaret\/"},"modified":"2026-02-23T17:35:21","modified_gmt":"2026-02-23T16:35:21","slug":"diario-de-jose-de-nazaret-9788497154963","status":"publish","type":"product","link":"https:\/\/www.claret.cat\/es\/libro\/diario-de-jose-de-nazaret-9788497154963\/","title":{"rendered":"DIARIO DE JOS\u00c9 DE NAZARET"},"content":{"rendered":"<p>\u00bfQu\u00e9 pas\u00f3 por el coraz\u00f3n de Jos\u00e9 cuando supo que Mar\u00eda esperaba un hijo? \u00bfC\u00f3mo entendi\u00f3 la llamada que Dios le hac\u00eda a ser el pade de Jes\u00fas? \u00bfC\u00f3mo vivi\u00f3 esa llamada del Se\u00f1or? \u00bfC\u00f3mo fue su relaci\u00f3n con Mar\u00eda y con Jes\u00fas?<\/p>\n<p> Todas estas preguntas no tienen respuesta. Los Evangelios apenas nos dicen algo sobre Jos\u00e9. Solo el evangelista Mateo traza un peque\u00f1o bosquejo de este hombre justo que hizo las veces de padre de Jes\u00fas.<\/p>\n<p> Sin embargo, podemos pensar o imaginar que, para Jos\u00e9, la llamada que recibi\u00f3 de Dios a ser custodio de su Hijo y de la Virgen Mar\u00eda no debi\u00f3 de resultar una tarea f\u00e1cil.<\/p>\n<p> A pesar de las dificultades con las que se encontr\u00f3, Jos\u00e9 se entreg\u00f3 totalmente a la misi\u00f3n que Dios le encomendaba. Se fio totalmente del Se\u00f1or y fue obediente a la voluntad divina. Esto lo llev\u00f3 a ser, como dice el papa Francisco en Patris corde, padre amado, padre en la ternura, padre en la obediencia, padre en la acogida, padre en la valent\u00eda creativa, padre en la sombra.<\/p>\n<p> El autor pone voz a san Jos\u00e9 para que nos podamos asomar a lo que guardaba en su coraz\u00f3n. A trav\u00e9s de estas p\u00e1ginas podremos acercarnos a la figura del que hizo las veces de padre de Jes\u00fas e intentar comprender lo que \u00e9l vivi\u00f3 y c\u00f3mo lo vivi\u00f3. En este libro se nos presenta la figura de Jos\u00e9 como disc\u00edpulo de Jes\u00fas, al igual que lo fue Mar\u00eda.<\/p>\n","protected":false},"excerpt":{"rendered":"<p>MART\u00cdNEZ ESTEBAN, ANDR\u00c9S<\/p>\n","protected":false},"featured_media":388179,"template":"","meta":{"_acf_changed":false,"om_disable_all_campaigns":false,"rs_blank_template":"","rs_page_bg_color":"","slide_template_v7":"","inline_featured_image":false,"_monsterinsights_skip_tracking":false,"_monsterinsights_sitenote_active":false,"_monsterinsights_sitenote_note":"","_monsterinsights_sitenote_category":0},"product_brand":[],"product_cat":[202,463,92,542],"product_tag":[],"class_list":{"0":"post-88642","1":"product","2":"type-product","3":"status-publish","4":"has-post-thumbnail","6":"product_cat-introduccio-n-t","7":"product_cat-introduccion-n-t","8":"product_cat-vida-religiosa","9":"product_cat-vida-religiosa-1_espiritualidad-spa","11":"first","12":"instock","13":"taxable","14":"shipping-taxable","15":"purchasable","16":"product-type-simple"},"acf":{"editorial":[{"ID":6157,"post_author":"3","post_date":"2022-07-28 17:46:07","post_date_gmt":"2022-07-28 15:46:07","post_content":"","post_title":"Ciudad Nueva","post_excerpt":"","post_status":"publish","comment_status":"closed","ping_status":"closed","post_password":"","post_name":"ciudad-nueva","to_ping":"","pinged":"","post_modified":"2022-07-28 17:46:07","post_modified_gmt":"2022-07-28 15:46:07","post_content_filtered":"","post_parent":0,"guid":"http:\/\/dev.claret.cat\/editorial\/ciudad-nueva\/","menu_order":0,"post_type":"editorial","post_mime_type":"","comment_count":"0","filter":"raw"}],"autor":"MART\u00cdNEZ ESTEBAN, ANDR\u00c9S","codart":"849715496","libros-coleccion":"NOVELA HISTORICA","ediciones":"1","encuadernacion":"R\u00fastica","fecha_de_publicacion":"28\/05\/2021","novedad":"1","paginas":"220","subtitulo":"","orden":"0","portada":"0","idioma":"spa","autores-libros":[{"ID":150271,"post_author":"3","post_date":"2022-10-14 14:31:36","post_date_gmt":"2022-10-14 12:31:36","post_content":"","post_title":"ANDR\u00c9S MART\u00cdNEZ ESTEBAN","post_excerpt":"","post_status":"publish","comment_status":"closed","ping_status":"closed","post_password":"","post_name":"andres-martinez-esteban","to_ping":"","pinged":"","post_modified":"2022-10-14 14:31:36","post_modified_gmt":"2022-10-14 12:31:36","post_content_filtered":"","post_parent":0,"guid":"http:\/\/dev.claret.cat\/autor\/andres-martinez-esteban\/","menu_order":0,"post_type":"autor","post_mime_type":"","comment_count":"0","filter":"raw"}],"booktrailer":"","resenas":""},"aioseo_notices":[],"_links":{"self":[{"href":"https:\/\/www.claret.cat\/es\/wp-json\/wp\/v2\/product\/88642","targetHints":{"allow":["GET"]}}],"collection":[{"href":"https:\/\/www.claret.cat\/es\/wp-json\/wp\/v2\/product"}],"about":[{"href":"https:\/\/www.claret.cat\/es\/wp-json\/wp\/v2\/types\/product"}],"wp:featuredmedia":[{"embeddable":true,"href":"https:\/\/www.claret.cat\/es\/wp-json\/wp\/v2\/media\/388179"}],"wp:attachment":[{"href":"https:\/\/www.claret.cat\/es\/wp-json\/wp\/v2\/media?parent=88642"}],"wp:term":[{"taxonomy":"product_brand","embeddable":true,"href":"https:\/\/www.claret.cat\/es\/wp-json\/wp\/v2\/product_brand?post=88642"},{"taxonomy":"product_cat","embeddable":true,"href":"https:\/\/www.claret.cat\/es\/wp-json\/wp\/v2\/product_cat?post=88642"},{"taxonomy":"product_tag","embeddable":true,"href":"https:\/\/www.claret.cat\/es\/wp-json\/wp\/v2\/product_tag?post=88642"}],"curies":[{"name":"wp","href":"https:\/\/api.w.org\/{rel}","templated":true}]}}