{"id":887013,"date":"2023-10-31T17:58:31","date_gmt":"2023-10-31T16:58:31","guid":{"rendered":"https:\/\/www.claret.cat\/llibre\/homo-antecessor-9788491995791\/"},"modified":"2024-12-16T10:45:26","modified_gmt":"2024-12-16T09:45:26","slug":"homo-antecessor-9788491995791","status":"publish","type":"product","link":"https:\/\/www.claret.cat\/es\/libro\/homo-antecessor-9788491995791\/","title":{"rendered":"HOMO ANTECESSOR"},"content":{"rendered":"<p>Relato en primera persona del hallazgo que reescribi\u00f3 nuestra historia evolutiva, el descubrimiento de\u00a0Homo antecessor<br \/> Hace tan solo tres d\u00e9cadas pocos pod\u00edan imaginar que una especie humana hallada y nombrada en la pen\u00ednsula ib\u00e9rica por cient\u00edficos espa\u00f1oles tuviera el honor de formar parte de nuestra historia evolutiva. La especie Homo antecessor, cuyos restos fueron descubiertos en un yacimiento de la sierra de Atapuerca, fue descrita en 1997 en la revista Science. El proceso, que dur\u00f3 tres a\u00f1os, no estuvo exento de grandes dificultades ajenas a la propia investigaci\u00f3n. No obstante, la emoci\u00f3n de cada nuevo hallazgo y la sorprendente anatom\u00eda de los restos f\u00f3siles fueron un est\u00edmulo para superar todos los obst\u00e1culos. Una vez superado el primer escollo, la aceptaci\u00f3n de Homo antecessor como fuente trascendental para la comprensi\u00f3n del origen del linaje de nuestra especie tropez\u00f3 con la oposici\u00f3n de un buen n\u00famero de expertos en evoluci\u00f3n humana. La resistencia dur\u00f3 m\u00e1s de veinte a\u00f1os, hasta que la informaci\u00f3n anat\u00f3mica y molecular impuso su l\u00f3gica.<\/p>\n","protected":false},"excerpt":{"rendered":"<p>BERM\u00daDEZ DE CASTRO, JOS\u00c9 MAR\u00cdA \/ CARBONELL, EUDALD<\/p>\n","protected":false},"featured_media":887095,"template":"","meta":{"_acf_changed":false,"om_disable_all_campaigns":false,"rs_blank_template":"","rs_page_bg_color":"","slide_template_v7":"","inline_featured_image":false,"_monsterinsights_skip_tracking":false,"_monsterinsights_sitenote_active":false,"_monsterinsights_sitenote_note":"","_monsterinsights_sitenote_category":0},"product_brand":[],"product_cat":[147,426],"product_tag":[],"class_list":{"0":"post-887013","1":"product","2":"type-product","3":"status-publish","4":"has-post-thumbnail","6":"product_cat-prehistoria","7":"product_cat-prehistoria-historia-2_humanidades","9":"first","10":"instock","11":"taxable","12":"shipping-taxable","13":"purchasable","14":"product-type-simple"},"acf":{"autor":"BERM\u00daDEZ DE CASTRO, JOS\u00c9 MAR\u00cdA \/ CARBONELL, EUDALD","codart":"849199579","libros-coleccion":"Drakontos","ediciones":"1","encuadernacion":"Carton\u00e9","fecha_de_publicacion":"01\/11\/2023","novedad":"1","paginas":"321","subtitulo":"EL NACIMIENTO DE UNA ESPECIE","orden":"0","portada":"0","idioma":"spa","editorial":[{"ID":6174,"post_author":"3","post_date":"2022-07-28 17:46:29","post_date_gmt":"2022-07-28 15:46:29","post_content":"","post_title":"CRITICA","post_excerpt":"","post_status":"publish","comment_status":"closed","ping_status":"closed","post_password":"","post_name":"critica","to_ping":"","pinged":"","post_modified":"2022-07-28 17:46:29","post_modified_gmt":"2022-07-28 15:46:29","post_content_filtered":"","post_parent":0,"guid":"http:\/\/dev.claret.cat\/editorial\/critica\/","menu_order":0,"post_type":"editorial","post_mime_type":"","comment_count":"0","filter":"raw"}],"autores-libros":[{"ID":325905,"post_author":"3","post_date":"2023-01-05 10:34:32","post_date_gmt":"2023-01-05 09:34:32","post_content":"","post_title":"EUDALD CARBONELL","post_excerpt":"","post_status":"publish","comment_status":"closed","ping_status":"closed","post_password":"","post_name":"eudald-carbonell","to_ping":"","pinged":"","post_modified":"2023-01-05 10:34:32","post_modified_gmt":"2023-01-05 09:34:32","post_content_filtered":"","post_parent":0,"guid":"https:\/\/www.claret.cat\/autor\/eudald-carbonell\/","menu_order":0,"post_type":"autor","post_mime_type":"","comment_count":"0","filter":"raw"},{"ID":160444,"post_author":"3","post_date":"2022-10-14 15:53:07","post_date_gmt":"2022-10-14 13:53:07","post_content":"","post_title":"JOSE MARIA BERMUDEZ DE CASTRO","post_excerpt":"","post_status":"publish","comment_status":"closed","ping_status":"closed","post_password":"","post_name":"jose-maria-bermudez-de-castro","to_ping":"","pinged":"","post_modified":"2022-10-14 15:53:07","post_modified_gmt":"2022-10-14 13:53:07","post_content_filtered":"","post_parent":0,"guid":"http:\/\/dev.claret.cat\/autor\/jose-maria-bermudez-de-castro\/","menu_order":0,"post_type":"autor","post_mime_type":"","comment_count":"0","filter":"raw"}]},"aioseo_notices":[],"_links":{"self":[{"href":"https:\/\/www.claret.cat\/es\/wp-json\/wp\/v2\/product\/887013","targetHints":{"allow":["GET"]}}],"collection":[{"href":"https:\/\/www.claret.cat\/es\/wp-json\/wp\/v2\/product"}],"about":[{"href":"https:\/\/www.claret.cat\/es\/wp-json\/wp\/v2\/types\/product"}],"wp:featuredmedia":[{"embeddable":true,"href":"https:\/\/www.claret.cat\/es\/wp-json\/wp\/v2\/media\/887095"}],"wp:attachment":[{"href":"https:\/\/www.claret.cat\/es\/wp-json\/wp\/v2\/media?parent=887013"}],"wp:term":[{"taxonomy":"product_brand","embeddable":true,"href":"https:\/\/www.claret.cat\/es\/wp-json\/wp\/v2\/product_brand?post=887013"},{"taxonomy":"product_cat","embeddable":true,"href":"https:\/\/www.claret.cat\/es\/wp-json\/wp\/v2\/product_cat?post=887013"},{"taxonomy":"product_tag","embeddable":true,"href":"https:\/\/www.claret.cat\/es\/wp-json\/wp\/v2\/product_tag?post=887013"}],"curies":[{"name":"wp","href":"https:\/\/api.w.org\/{rel}","templated":true}]}}