{"id":89038,"date":"2022-10-11T18:25:01","date_gmt":"2022-10-11T16:25:01","guid":{"rendered":"http:\/\/dev.claret.cat\/producte\/el-lenguaje-no-verbal-en-la-comunicacion-online\/"},"modified":"2023-01-28T01:50:50","modified_gmt":"2023-01-28T00:50:50","slug":"el-lenguaje-no-verbal-en-la-comunicacion-online-9788418114762","status":"publish","type":"product","link":"https:\/\/www.claret.cat\/es\/libro\/el-lenguaje-no-verbal-en-la-comunicacion-online-9788418114762\/","title":{"rendered":"EL LENGUAJE NO VERBAL EN LA COMUNICACI\u00d3N ONLINE"},"content":{"rendered":"<p>Durante la crisis de la Covid-19, hemos tenido que incorporar a nuestro d\u00eda a d\u00eda un n\u00famero casi ilimitado de plataformas tecnol\u00f3gicas para poder mantener nuestras conexiones profesionales o personales. As\u00ed pues, si antes de 2020 hacer una videollamada pod\u00eda tener, en seg\u00fan qu\u00e9 \u00e1mbitos, incluso un punto de esnobismo, ahora es un hecho habitual que ha venido para quedarse. <br \/> A ra\u00edz de esta situaci\u00f3n, las personas (m\u00e1s preparadas para relacionarnos de manera presencial que remota) hemos tenido que aprender a marchas forzadas los secretos y las eficiencias de esta nueva comunicaci\u00f3n online. A base de aciertos y errores, cada persona ha ido erigiendo un manual propio de c\u00f3mo comunicarse en una videoconferencia, por lo que, sin saberlo, todos juntos hemos ido creando un nuevo lenguaje que hay que conocer muy bien. <br \/> Por primera vez, todos estos aprendizajes se han reunido en un solo libro, &#8216;El lenguaje de la comunicaci\u00f3n online&#8217;, una obra con una finalidad muy pr\u00e1ctica y did\u00e1ctica que da respuesta a las miles de dudas que surgen a la hora de preparar y participar en una videoconferencia, como por ejemplo qu\u00e9 fondo debe utilizarse, qu\u00e9 tipo de plano o \u00e1ngulo de la c\u00e1mara, qu\u00e9 ropa o complementos son id\u00f3neos para salir en pantalla, qu\u00e9 iluminaci\u00f3n es la correcta, y un largu\u00edsimo etc\u00e9tera. Y sin olvidar la adecuaci\u00f3n del tipo de lenguaje utilizado (verbal, vocal y no verbal), ya que, como en cualquier otra comunicaci\u00f3n, condicionar\u00e1n mucho el resultado final. <br \/> \u00a1BIENVENIDOS A LA NUEVA COMUNICACI\u00d3N DEL SIGLO XXI!<\/p>\n","protected":false},"excerpt":{"rendered":"<p>C\u00c1NOVAS TOM\u00c0S, JOAN FRANCESC<\/p>\n","protected":false},"featured_media":318225,"template":"","meta":{"_acf_changed":false,"om_disable_all_campaigns":false,"rs_blank_template":"","rs_page_bg_color":"","slide_template_v7":"","inline_featured_image":false,"_monsterinsights_skip_tracking":false,"_monsterinsights_sitenote_active":false,"_monsterinsights_sitenote_note":"","_monsterinsights_sitenote_category":0},"product_brand":[],"product_cat":[376,178],"product_tag":[],"class_list":{"0":"post-89038","1":"product","2":"type-product","3":"status-publish","4":"has-post-thumbnail","6":"product_cat-autores-psicologia-2_humanidades","7":"product_cat-autors-psicologia","9":"first","10":"instock","11":"taxable","12":"shipping-taxable","13":"purchasable","14":"product-type-simple"},"acf":{"autor":"C\u00c1NOVAS TOM\u00c0S, JOAN FRANCESC","codart":"841811476","libros-coleccion":"Desarrollo personal","ediciones":"1","encuadernacion":"R\u00fastica","fecha_de_publicacion":"01\/03\/2021","novedad":"1","paginas":"200","subtitulo":"CONSEJOS PR\u00c1CTICOS PARA OFRECER UNA BUENA IMAGEN EN LAS VIDEOCONFERENCIAS","orden":"0","portada":"0","idioma":"spa","editorial":[{"ID":147420,"post_author":"3","post_date":"2022-10-14 11:50:26","post_date_gmt":"2022-10-14 09:50:26","post_content":"","post_title":"AMAT EDITORIAL","post_excerpt":"","post_status":"publish","comment_status":"closed","ping_status":"closed","post_password":"","post_name":"amat-editorial","to_ping":"","pinged":"","post_modified":"2022-10-14 11:50:26","post_modified_gmt":"2022-10-14 09:50:26","post_content_filtered":"","post_parent":0,"guid":"http:\/\/dev.claret.cat\/editorial\/amat-editorial\/","menu_order":0,"post_type":"editorial","post_mime_type":"","comment_count":"0","filter":"raw"}],"autores-libros":[{"ID":159313,"post_author":"3","post_date":"2022-10-14 15:43:49","post_date_gmt":"2022-10-14 13:43:49","post_content":"","post_title":"JOAN FRANCESC C\u00c1NOVAS TOMAS","post_excerpt":"","post_status":"publish","comment_status":"closed","ping_status":"closed","post_password":"","post_name":"joan-francesc-canovas-tomas","to_ping":"","pinged":"","post_modified":"2022-10-14 15:43:49","post_modified_gmt":"2022-10-14 13:43:49","post_content_filtered":"","post_parent":0,"guid":"http:\/\/dev.claret.cat\/autor\/joan-francesc-canovas-tomas\/","menu_order":0,"post_type":"autor","post_mime_type":"","comment_count":"0","filter":"raw"}]},"aioseo_notices":[],"_links":{"self":[{"href":"https:\/\/www.claret.cat\/es\/wp-json\/wp\/v2\/product\/89038","targetHints":{"allow":["GET"]}}],"collection":[{"href":"https:\/\/www.claret.cat\/es\/wp-json\/wp\/v2\/product"}],"about":[{"href":"https:\/\/www.claret.cat\/es\/wp-json\/wp\/v2\/types\/product"}],"wp:featuredmedia":[{"embeddable":true,"href":"https:\/\/www.claret.cat\/es\/wp-json\/wp\/v2\/media\/318225"}],"wp:attachment":[{"href":"https:\/\/www.claret.cat\/es\/wp-json\/wp\/v2\/media?parent=89038"}],"wp:term":[{"taxonomy":"product_brand","embeddable":true,"href":"https:\/\/www.claret.cat\/es\/wp-json\/wp\/v2\/product_brand?post=89038"},{"taxonomy":"product_cat","embeddable":true,"href":"https:\/\/www.claret.cat\/es\/wp-json\/wp\/v2\/product_cat?post=89038"},{"taxonomy":"product_tag","embeddable":true,"href":"https:\/\/www.claret.cat\/es\/wp-json\/wp\/v2\/product_tag?post=89038"}],"curies":[{"name":"wp","href":"https:\/\/api.w.org\/{rel}","templated":true}]}}