{"id":91237,"date":"2022-10-11T21:20:07","date_gmt":"2022-10-11T19:20:07","guid":{"rendered":"http:\/\/dev.claret.cat\/producte\/republica-a-catalunya-ciutadania-i-autogovern\/"},"modified":"2024-07-01T16:21:58","modified_gmt":"2024-07-01T14:21:58","slug":"republica-a-catalunya-ciutadania-i-autogovern-9788418601309","status":"publish","type":"product","link":"https:\/\/www.claret.cat\/es\/libro\/republica-a-catalunya-ciutadania-i-autogovern-9788418601309\/","title":{"rendered":"REPUBLICA A CATALUNYA CIUTADANIA I AUTOGOVERN"},"content":{"rendered":"<p>Aquest llibre, escrit per la professora Montserrat Duch, recorda i commemora els 90 anys de la proclamaci\u00f3 de la Rep\u00fablica. Amb un to divulgatiu, la seva autora proposa una visi\u00f3 general sobre un moment crucial de la nostra hist\u00f2ria immediata, molt \u00fatil per entendre el present. Es mostra la perseveran\u00e7a per dur a la pr\u00e0ctica un ideari, el republic\u00e0, els pilars del qual es podrien resumir en q\u00fcestions tan evidents, per\u00f2 no per aix\u00f2 acceptades per les elits, com que: els homes i les dones neixen lliures i iguals, la sobirania resideix en el poble, el govern s&#8217;ha de fonamentar en el Dret, la monarquia heredit\u00e0ria \u00e9s prescindible, tota la ciutadania ha de poder votar, la discussi\u00f3 de les opinions ha de ser lliure, no hi ha una religi\u00f3 d&#8217;Estat, etc.<\/p>\n","protected":false},"excerpt":{"rendered":"<p>DUCH, MONSTERRAT<\/p>\n","protected":false},"featured_media":91238,"template":"","meta":{"_acf_changed":false,"om_disable_all_campaigns":false,"rs_blank_template":"","rs_page_bg_color":"","slide_template_v7":"","inline_featured_image":false,"_monsterinsights_skip_tracking":false},"product_brand":[],"product_cat":[430,153],"product_tag":[],"class_list":["post-91237","product","type-product","status-publish","has-post-thumbnail","product_cat-cataluna","product_cat-catalunya","first","instock","taxable","shipping-taxable","purchasable","product-type-simple"],"acf":{"autor":"DUCH, MONSTERRAT","codart":"841860130","libros-coleccion":"","ediciones":"1","encuadernacion":"Carpeta","fecha_de_publicacion":"01\/04\/2021","novedad":"1","paginas":"118","subtitulo":"","orden":"0","portada":"0","idioma":"cat","editorial":[{"ID":148206,"post_author":"3","post_date":"2022-10-14 11:56:27","post_date_gmt":"2022-10-14 09:56:27","post_content":"","post_title":"Generalitat de catalunya. publicacions","post_excerpt":"","post_status":"publish","comment_status":"closed","ping_status":"closed","post_password":"","post_name":"generalitat-de-catalunya-publicacions","to_ping":"","pinged":"","post_modified":"2022-10-14 11:56:27","post_modified_gmt":"2022-10-14 09:56:27","post_content_filtered":"","post_parent":0,"guid":"http:\/\/dev.claret.cat\/editorial\/generalitat-de-catalunya-publicacions\/","menu_order":0,"post_type":"editorial","post_mime_type":"","comment_count":"0","filter":"raw"}],"autores-libros":[{"ID":165361,"post_author":"3","post_date":"2022-10-14 17:54:34","post_date_gmt":"2022-10-14 15:54:34","post_content":"","post_title":"MONSTERRAT DUCH","post_excerpt":"","post_status":"publish","comment_status":"closed","ping_status":"closed","post_password":"","post_name":"monsterrat-duch","to_ping":"","pinged":"","post_modified":"2022-10-14 17:54:34","post_modified_gmt":"2022-10-14 15:54:34","post_content_filtered":"","post_parent":0,"guid":"http:\/\/dev.claret.cat\/autor\/monsterrat-duch\/","menu_order":0,"post_type":"autor","post_mime_type":"","comment_count":"0","filter":"raw"}]},"aioseo_notices":[],"aioseo_head":"\n\t\t<!-- All in One SEO Pro 5.0.1.1 - aioseo.com -->\n\t<meta name=\"description\" content=\"REPUBLICA A CATALUNYA CIUTADANIA I AUTOGOVERN de DUCH, MONSTERRAT disponible a\/en Llibreria Claret.\" \/>\n\t<meta name=\"robots\" content=\"max-image-preview:large\" \/>\n\t<meta name=\"google-site-verification\" content=\"xVtlFxJ-TfkIu-D-lt7XeLobefg5EIQiXTuqcSf8Rf0\" \/>\n\t<link rel=\"canonical\" href=\"https:\/\/www.claret.cat\/es\/libro\/republica-a-catalunya-ciutadania-i-autogovern-9788418601309\/\" \/>\n\t<meta name=\"generator\" content=\"All in One SEO Pro (AIOSEO) 5.0.1.1\" \/>\n\t\t<meta property=\"og:locale\" content=\"es_ES\" \/>\n\t\t<meta property=\"og:site_name\" content=\"Llibreria Claret - Llibreria religiosa a Barcelona\" \/>\n\t\t<meta property=\"og:type\" content=\"article\" \/>\n\t\t<meta property=\"og:title\" content=\"REPUBLICA A CATALUNYA CIUTADANIA I AUTOGOVERN - DUCH, MONSTERRAT 9788418601309 | Llibreria Claret\" \/>\n\t\t<meta property=\"og:description\" content=\"REPUBLICA A CATALUNYA CIUTADANIA I AUTOGOVERN de DUCH, MONSTERRAT disponible a\/en Llibreria Claret.\" \/>\n\t\t<meta property=\"og:url\" content=\"https:\/\/www.claret.cat\/es\/libro\/republica-a-catalunya-ciutadania-i-autogovern-9788418601309\/\" \/>\n\t\t<meta property=\"og:image\" content=\"https:\/\/dev.claret.cat\/wp-content\/uploads\/logo-claret.svg\" \/>\n\t\t<meta property=\"og:image:secure_url\" content=\"https:\/\/dev.claret.cat\/wp-content\/uploads\/logo-claret.svg\" \/>\n\t\t<meta property=\"article:published_time\" content=\"2022-10-11T19:20:07+00:00\" \/>\n\t\t<meta property=\"article:modified_time\" content=\"2024-07-01T14:21:58+00:00\" \/>\n\t\t<meta property=\"article:publisher\" content=\"https:\/\/www.facebook.com\/LlibreriaClaret\" \/>\n\t\t<meta name=\"twitter:card\" content=\"summary_large_image\" \/>\n\t\t<meta name=\"twitter:site\" content=\"@LlibreriaClaret\" \/>\n\t\t<meta name=\"twitter:title\" content=\"REPUBLICA A CATALUNYA CIUTADANIA I AUTOGOVERN - DUCH, MONSTERRAT 9788418601309 | Llibreria Claret\" \/>\n\t\t<meta name=\"twitter:description\" content=\"REPUBLICA A CATALUNYA CIUTADANIA I AUTOGOVERN de DUCH, MONSTERRAT disponible a\/en Llibreria Claret.\" \/>\n\t\t<meta name=\"twitter:image\" content=\"http:\/\/dev.claret.cat\/wp-content\/uploads\/logo-claret.svg\" \/>\n\t\t<script type=\"application\/ld+json\" class=\"aioseo-schema\">\n\t\t\t{\"@context\":\"https:\\\/\\\/schema.org\",\"@graph\":[{\"@type\":\"BreadcrumbList\",\"@id\":\"https:\\\/\\\/www.claret.cat\\\/es\\\/libro\\\/republica-a-catalunya-ciutadania-i-autogovern-9788418601309\\\/#breadcrumblist\",\"itemListElement\":[{\"@type\":\"ListItem\",\"@id\":\"https:\\\/\\\/www.claret.cat\\\/es\\\/#listItem\",\"position\":1,\"name\":\"Home\",\"item\":\"https:\\\/\\\/www.claret.cat\\\/es\\\/\",\"nextItem\":{\"@type\":\"ListItem\",\"@id\":\"https:\\\/\\\/www.claret.cat\\\/?page_id=16#listItem\",\"name\":\"Botiga\"}},{\"@type\":\"ListItem\",\"@id\":\"https:\\\/\\\/www.claret.cat\\\/?page_id=16#listItem\",\"position\":2,\"name\":\"Botiga\",\"item\":\"https:\\\/\\\/www.claret.cat\\\/?page_id=16\",\"nextItem\":{\"@type\":\"ListItem\",\"@id\":\"https:\\\/\\\/www.claret.cat\\\/categoria-producto\\\/cat\\\/#listItem\",\"name\":\"CAT\"},\"previousItem\":{\"@type\":\"ListItem\",\"@id\":\"https:\\\/\\\/www.claret.cat\\\/es\\\/#listItem\",\"name\":\"Home\"}},{\"@type\":\"ListItem\",\"@id\":\"https:\\\/\\\/www.claret.cat\\\/categoria-producto\\\/cat\\\/#listItem\",\"position\":3,\"name\":\"CAT\",\"item\":\"https:\\\/\\\/www.claret.cat\\\/categoria-producto\\\/cat\\\/\",\"nextItem\":{\"@type\":\"ListItem\",\"@id\":\"https:\\\/\\\/www.claret.cat\\\/categoria-producto\\\/cat\\\/2_humanitats\\\/#listItem\",\"name\":\"Humanitats\"},\"previousItem\":{\"@type\":\"ListItem\",\"@id\":\"https:\\\/\\\/www.claret.cat\\\/?page_id=16#listItem\",\"name\":\"Botiga\"}},{\"@type\":\"ListItem\",\"@id\":\"https:\\\/\\\/www.claret.cat\\\/categoria-producto\\\/cat\\\/2_humanitats\\\/#listItem\",\"position\":4,\"name\":\"Humanitats\",\"item\":\"https:\\\/\\\/www.claret.cat\\\/categoria-producto\\\/cat\\\/2_humanitats\\\/\",\"nextItem\":{\"@type\":\"ListItem\",\"@id\":\"https:\\\/\\\/www.claret.cat\\\/categoria-producto\\\/cat\\\/2_humanitats\\\/historia\\\/#listItem\",\"name\":\"Hist\\u00f2ria\"},\"previousItem\":{\"@type\":\"ListItem\",\"@id\":\"https:\\\/\\\/www.claret.cat\\\/categoria-producto\\\/cat\\\/#listItem\",\"name\":\"CAT\"}},{\"@type\":\"ListItem\",\"@id\":\"https:\\\/\\\/www.claret.cat\\\/categoria-producto\\\/cat\\\/2_humanitats\\\/historia\\\/#listItem\",\"position\":5,\"name\":\"Hist\\u00f2ria\",\"item\":\"https:\\\/\\\/www.claret.cat\\\/categoria-producto\\\/cat\\\/2_humanitats\\\/historia\\\/\",\"nextItem\":{\"@type\":\"ListItem\",\"@id\":\"https:\\\/\\\/www.claret.cat\\\/categoria-producto\\\/cat\\\/2_humanitats\\\/historia\\\/catalunya\\\/#listItem\",\"name\":\"Catalunya\"},\"previousItem\":{\"@type\":\"ListItem\",\"@id\":\"https:\\\/\\\/www.claret.cat\\\/categoria-producto\\\/cat\\\/2_humanitats\\\/#listItem\",\"name\":\"Humanitats\"}},{\"@type\":\"ListItem\",\"@id\":\"https:\\\/\\\/www.claret.cat\\\/categoria-producto\\\/cat\\\/2_humanitats\\\/historia\\\/catalunya\\\/#listItem\",\"position\":6,\"name\":\"Catalunya\",\"item\":\"https:\\\/\\\/www.claret.cat\\\/categoria-producto\\\/cat\\\/2_humanitats\\\/historia\\\/catalunya\\\/\",\"nextItem\":{\"@type\":\"ListItem\",\"@id\":\"https:\\\/\\\/www.claret.cat\\\/es\\\/libro\\\/republica-a-catalunya-ciutadania-i-autogovern-9788418601309\\\/#listItem\",\"name\":\"REPUBLICA A CATALUNYA CIUTADANIA I AUTOGOVERN\"},\"previousItem\":{\"@type\":\"ListItem\",\"@id\":\"https:\\\/\\\/www.claret.cat\\\/categoria-producto\\\/cat\\\/2_humanitats\\\/historia\\\/#listItem\",\"name\":\"Hist\\u00f2ria\"}},{\"@type\":\"ListItem\",\"@id\":\"https:\\\/\\\/www.claret.cat\\\/es\\\/libro\\\/republica-a-catalunya-ciutadania-i-autogovern-9788418601309\\\/#listItem\",\"position\":7,\"name\":\"REPUBLICA A CATALUNYA CIUTADANIA I AUTOGOVERN\",\"previousItem\":{\"@type\":\"ListItem\",\"@id\":\"https:\\\/\\\/www.claret.cat\\\/categoria-producto\\\/cat\\\/2_humanitats\\\/historia\\\/catalunya\\\/#listItem\",\"name\":\"Catalunya\"}}]},{\"@type\":\"ItemPage\",\"@id\":\"https:\\\/\\\/www.claret.cat\\\/es\\\/libro\\\/republica-a-catalunya-ciutadania-i-autogovern-9788418601309\\\/#itempage\",\"url\":\"https:\\\/\\\/www.claret.cat\\\/es\\\/libro\\\/republica-a-catalunya-ciutadania-i-autogovern-9788418601309\\\/\",\"name\":\"REPUBLICA A CATALUNYA CIUTADANIA I AUTOGOVERN - DUCH, MONSTERRAT 9788418601309 | Llibreria Claret\",\"description\":\"REPUBLICA A CATALUNYA CIUTADANIA I AUTOGOVERN de DUCH, MONSTERRAT disponible a\\\/en Llibreria Claret.\",\"inLanguage\":\"es-ES\",\"isPartOf\":{\"@id\":\"https:\\\/\\\/www.claret.cat\\\/es\\\/#website\"},\"breadcrumb\":{\"@id\":\"https:\\\/\\\/www.claret.cat\\\/es\\\/libro\\\/republica-a-catalunya-ciutadania-i-autogovern-9788418601309\\\/#breadcrumblist\"},\"image\":{\"@type\":\"ImageObject\",\"url\":\"https:\\\/\\\/www.claret.cat\\\/wp-content\\\/uploads\\\/.\\\/9788418601309.jpg\",\"@id\":\"https:\\\/\\\/www.claret.cat\\\/es\\\/libro\\\/republica-a-catalunya-ciutadania-i-autogovern-9788418601309\\\/#mainImage\",\"width\":225,\"height\":216,\"caption\":\"9788418601309.jpg\"},\"primaryImageOfPage\":{\"@id\":\"https:\\\/\\\/www.claret.cat\\\/es\\\/libro\\\/republica-a-catalunya-ciutadania-i-autogovern-9788418601309\\\/#mainImage\"},\"datePublished\":\"2022-10-11T21:20:07+02:00\",\"dateModified\":\"2024-07-01T16:21:58+02:00\"},{\"@type\":\"Organization\",\"@id\":\"https:\\\/\\\/www.claret.cat\\\/es\\\/#organization\",\"name\":\"Llibreria Claret\",\"description\":\"Llibreria religiosa a Barcelona\",\"url\":\"https:\\\/\\\/www.claret.cat\\\/es\\\/\",\"email\":\"comunicacio@claret.cat\",\"telephone\":\"+34933010887\",\"logo\":{\"@type\":\"ImageObject\",\"url\":\"https:\\\/\\\/www.claret.cat\\\/wp-content\\\/uploads\\\/.\\\/logo-claret-es.png\",\"@id\":\"https:\\\/\\\/www.claret.cat\\\/es\\\/libro\\\/republica-a-catalunya-ciutadania-i-autogovern-9788418601309\\\/#organizationLogo\",\"width\":195,\"height\":79},\"image\":{\"@id\":\"https:\\\/\\\/www.claret.cat\\\/es\\\/libro\\\/republica-a-catalunya-ciutadania-i-autogovern-9788418601309\\\/#organizationLogo\"},\"sameAs\":[\"https:\\\/\\\/www.facebook.com\\\/LlibreriaClaret\",\"https:\\\/\\\/twitter.com\\\/LlibreriaClaret\",\"https:\\\/\\\/www.instagram.com\\\/llibreriaclaret\\\/\",\"https:\\\/\\\/www.tiktok.com\\\/@llibreriaclaret\",\"https:\\\/\\\/www.youtube.com\\\/@llibreriaclaret\",\"https:\\\/\\\/ca.wikipedia.org\\\/wiki\\\/Editorial_Claret\"]},{\"@type\":\"WebPage\",\"@id\":\"https:\\\/\\\/www.claret.cat\\\/es\\\/libro\\\/republica-a-catalunya-ciutadania-i-autogovern-9788418601309\\\/#webpage\",\"url\":\"https:\\\/\\\/www.claret.cat\\\/es\\\/libro\\\/republica-a-catalunya-ciutadania-i-autogovern-9788418601309\\\/\",\"name\":\"REPUBLICA A CATALUNYA CIUTADANIA I AUTOGOVERN - DUCH, MONSTERRAT 9788418601309 | Llibreria Claret\",\"description\":\"REPUBLICA A CATALUNYA CIUTADANIA I AUTOGOVERN de DUCH, MONSTERRAT disponible a\\\/en Llibreria Claret.\",\"inLanguage\":\"es-ES\",\"isPartOf\":{\"@id\":\"https:\\\/\\\/www.claret.cat\\\/es\\\/#website\"},\"breadcrumb\":{\"@id\":\"https:\\\/\\\/www.claret.cat\\\/es\\\/libro\\\/republica-a-catalunya-ciutadania-i-autogovern-9788418601309\\\/#breadcrumblist\"},\"image\":{\"@type\":\"ImageObject\",\"url\":\"https:\\\/\\\/www.claret.cat\\\/wp-content\\\/uploads\\\/.\\\/9788418601309.jpg\",\"@id\":\"https:\\\/\\\/www.claret.cat\\\/es\\\/libro\\\/republica-a-catalunya-ciutadania-i-autogovern-9788418601309\\\/#mainImage\",\"width\":225,\"height\":216,\"caption\":\"9788418601309.jpg\"},\"primaryImageOfPage\":{\"@id\":\"https:\\\/\\\/www.claret.cat\\\/es\\\/libro\\\/republica-a-catalunya-ciutadania-i-autogovern-9788418601309\\\/#mainImage\"},\"datePublished\":\"2022-10-11T21:20:07+02:00\",\"dateModified\":\"2024-07-01T16:21:58+02:00\"},{\"@type\":\"WebSite\",\"@id\":\"https:\\\/\\\/www.claret.cat\\\/es\\\/#website\",\"url\":\"https:\\\/\\\/www.claret.cat\\\/es\\\/\",\"name\":\"Llibreria Claret Barcelona\",\"alternateName\":\"Llibreria Claret\",\"description\":\"Llibreria religiosa a Barcelona\",\"inLanguage\":\"es-ES\",\"publisher\":{\"@id\":\"https:\\\/\\\/www.claret.cat\\\/es\\\/#organization\"}}]}\n\t\t<\/script>\n\t\t<!-- All in One SEO Pro -->\r\n\t\t<title>REPUBLICA A CATALUNYA CIUTADANIA I AUTOGOVERN - DUCH, MONSTERRAT 9788418601309 | Llibreria Claret<\/title>\n\n","aioseo_head_json":{"title":"REPUBLICA A CATALUNYA CIUTADANIA I AUTOGOVERN - DUCH, MONSTERRAT 9788418601309 | Llibreria Claret","description":"REPUBLICA A CATALUNYA CIUTADANIA I AUTOGOVERN de DUCH, MONSTERRAT disponible a\/en Llibreria Claret.","canonical_url":"https:\/\/www.claret.cat\/es\/libro\/republica-a-catalunya-ciutadania-i-autogovern-9788418601309\/","robots":"max-image-preview:large","keywords":"","webmasterTools":{"google-site-verification":"xVtlFxJ-TfkIu-D-lt7XeLobefg5EIQiXTuqcSf8Rf0","miscellaneous":""},"schema":{"@context":"https:\/\/schema.org","@graph":[{"@type":"BreadcrumbList","@id":"https:\/\/www.claret.cat\/es\/libro\/republica-a-catalunya-ciutadania-i-autogovern-9788418601309\/#breadcrumblist","itemListElement":[{"@type":"ListItem","@id":"https:\/\/www.claret.cat\/es\/#listItem","position":1,"name":"Home","item":"https:\/\/www.claret.cat\/es\/","nextItem":{"@type":"ListItem","@id":"https:\/\/www.claret.cat\/?page_id=16#listItem","name":"Botiga"}},{"@type":"ListItem","@id":"https:\/\/www.claret.cat\/?page_id=16#listItem","position":2,"name":"Botiga","item":"https:\/\/www.claret.cat\/?page_id=16","nextItem":{"@type":"ListItem","@id":"https:\/\/www.claret.cat\/categoria-producto\/cat\/#listItem","name":"CAT"},"previousItem":{"@type":"ListItem","@id":"https:\/\/www.claret.cat\/es\/#listItem","name":"Home"}},{"@type":"ListItem","@id":"https:\/\/www.claret.cat\/categoria-producto\/cat\/#listItem","position":3,"name":"CAT","item":"https:\/\/www.claret.cat\/categoria-producto\/cat\/","nextItem":{"@type":"ListItem","@id":"https:\/\/www.claret.cat\/categoria-producto\/cat\/2_humanitats\/#listItem","name":"Humanitats"},"previousItem":{"@type":"ListItem","@id":"https:\/\/www.claret.cat\/?page_id=16#listItem","name":"Botiga"}},{"@type":"ListItem","@id":"https:\/\/www.claret.cat\/categoria-producto\/cat\/2_humanitats\/#listItem","position":4,"name":"Humanitats","item":"https:\/\/www.claret.cat\/categoria-producto\/cat\/2_humanitats\/","nextItem":{"@type":"ListItem","@id":"https:\/\/www.claret.cat\/categoria-producto\/cat\/2_humanitats\/historia\/#listItem","name":"Hist\u00f2ria"},"previousItem":{"@type":"ListItem","@id":"https:\/\/www.claret.cat\/categoria-producto\/cat\/#listItem","name":"CAT"}},{"@type":"ListItem","@id":"https:\/\/www.claret.cat\/categoria-producto\/cat\/2_humanitats\/historia\/#listItem","position":5,"name":"Hist\u00f2ria","item":"https:\/\/www.claret.cat\/categoria-producto\/cat\/2_humanitats\/historia\/","nextItem":{"@type":"ListItem","@id":"https:\/\/www.claret.cat\/categoria-producto\/cat\/2_humanitats\/historia\/catalunya\/#listItem","name":"Catalunya"},"previousItem":{"@type":"ListItem","@id":"https:\/\/www.claret.cat\/categoria-producto\/cat\/2_humanitats\/#listItem","name":"Humanitats"}},{"@type":"ListItem","@id":"https:\/\/www.claret.cat\/categoria-producto\/cat\/2_humanitats\/historia\/catalunya\/#listItem","position":6,"name":"Catalunya","item":"https:\/\/www.claret.cat\/categoria-producto\/cat\/2_humanitats\/historia\/catalunya\/","nextItem":{"@type":"ListItem","@id":"https:\/\/www.claret.cat\/es\/libro\/republica-a-catalunya-ciutadania-i-autogovern-9788418601309\/#listItem","name":"REPUBLICA A CATALUNYA CIUTADANIA I AUTOGOVERN"},"previousItem":{"@type":"ListItem","@id":"https:\/\/www.claret.cat\/categoria-producto\/cat\/2_humanitats\/historia\/#listItem","name":"Hist\u00f2ria"}},{"@type":"ListItem","@id":"https:\/\/www.claret.cat\/es\/libro\/republica-a-catalunya-ciutadania-i-autogovern-9788418601309\/#listItem","position":7,"name":"REPUBLICA A CATALUNYA CIUTADANIA I AUTOGOVERN","previousItem":{"@type":"ListItem","@id":"https:\/\/www.claret.cat\/categoria-producto\/cat\/2_humanitats\/historia\/catalunya\/#listItem","name":"Catalunya"}}]},{"@type":"ItemPage","@id":"https:\/\/www.claret.cat\/es\/libro\/republica-a-catalunya-ciutadania-i-autogovern-9788418601309\/#itempage","url":"https:\/\/www.claret.cat\/es\/libro\/republica-a-catalunya-ciutadania-i-autogovern-9788418601309\/","name":"REPUBLICA A CATALUNYA CIUTADANIA I AUTOGOVERN - DUCH, MONSTERRAT 9788418601309 | Llibreria Claret","description":"REPUBLICA A CATALUNYA CIUTADANIA I AUTOGOVERN de DUCH, MONSTERRAT disponible a\/en Llibreria Claret.","inLanguage":"es-ES","isPartOf":{"@id":"https:\/\/www.claret.cat\/es\/#website"},"breadcrumb":{"@id":"https:\/\/www.claret.cat\/es\/libro\/republica-a-catalunya-ciutadania-i-autogovern-9788418601309\/#breadcrumblist"},"image":{"@type":"ImageObject","url":"https:\/\/www.claret.cat\/wp-content\/uploads\/.\/9788418601309.jpg","@id":"https:\/\/www.claret.cat\/es\/libro\/republica-a-catalunya-ciutadania-i-autogovern-9788418601309\/#mainImage","width":225,"height":216,"caption":"9788418601309.jpg"},"primaryImageOfPage":{"@id":"https:\/\/www.claret.cat\/es\/libro\/republica-a-catalunya-ciutadania-i-autogovern-9788418601309\/#mainImage"},"datePublished":"2022-10-11T21:20:07+02:00","dateModified":"2024-07-01T16:21:58+02:00"},{"@type":"Organization","@id":"https:\/\/www.claret.cat\/es\/#organization","name":"Llibreria Claret","description":"Llibreria religiosa a Barcelona","url":"https:\/\/www.claret.cat\/es\/","email":"comunicacio@claret.cat","telephone":"+34933010887","logo":{"@type":"ImageObject","url":"https:\/\/www.claret.cat\/wp-content\/uploads\/.\/logo-claret-es.png","@id":"https:\/\/www.claret.cat\/es\/libro\/republica-a-catalunya-ciutadania-i-autogovern-9788418601309\/#organizationLogo","width":195,"height":79},"image":{"@id":"https:\/\/www.claret.cat\/es\/libro\/republica-a-catalunya-ciutadania-i-autogovern-9788418601309\/#organizationLogo"},"sameAs":["https:\/\/www.facebook.com\/LlibreriaClaret","https:\/\/twitter.com\/LlibreriaClaret","https:\/\/www.instagram.com\/llibreriaclaret\/","https:\/\/www.tiktok.com\/@llibreriaclaret","https:\/\/www.youtube.com\/@llibreriaclaret","https:\/\/ca.wikipedia.org\/wiki\/Editorial_Claret"]},{"@type":"WebPage","@id":"https:\/\/www.claret.cat\/es\/libro\/republica-a-catalunya-ciutadania-i-autogovern-9788418601309\/#webpage","url":"https:\/\/www.claret.cat\/es\/libro\/republica-a-catalunya-ciutadania-i-autogovern-9788418601309\/","name":"REPUBLICA A CATALUNYA CIUTADANIA I AUTOGOVERN - DUCH, MONSTERRAT 9788418601309 | Llibreria Claret","description":"REPUBLICA A CATALUNYA CIUTADANIA I AUTOGOVERN de DUCH, MONSTERRAT disponible a\/en Llibreria Claret.","inLanguage":"es-ES","isPartOf":{"@id":"https:\/\/www.claret.cat\/es\/#website"},"breadcrumb":{"@id":"https:\/\/www.claret.cat\/es\/libro\/republica-a-catalunya-ciutadania-i-autogovern-9788418601309\/#breadcrumblist"},"image":{"@type":"ImageObject","url":"https:\/\/www.claret.cat\/wp-content\/uploads\/.\/9788418601309.jpg","@id":"https:\/\/www.claret.cat\/es\/libro\/republica-a-catalunya-ciutadania-i-autogovern-9788418601309\/#mainImage","width":225,"height":216,"caption":"9788418601309.jpg"},"primaryImageOfPage":{"@id":"https:\/\/www.claret.cat\/es\/libro\/republica-a-catalunya-ciutadania-i-autogovern-9788418601309\/#mainImage"},"datePublished":"2022-10-11T21:20:07+02:00","dateModified":"2024-07-01T16:21:58+02:00"},{"@type":"WebSite","@id":"https:\/\/www.claret.cat\/es\/#website","url":"https:\/\/www.claret.cat\/es\/","name":"Llibreria Claret Barcelona","alternateName":"Llibreria Claret","description":"Llibreria religiosa a Barcelona","inLanguage":"es-ES","publisher":{"@id":"https:\/\/www.claret.cat\/es\/#organization"}}]},"og:locale":"es_ES","og:site_name":"Llibreria Claret - Llibreria religiosa a Barcelona","og:type":"article","og:title":"REPUBLICA A CATALUNYA CIUTADANIA I AUTOGOVERN - DUCH, MONSTERRAT 9788418601309 | Llibreria Claret","og:description":"REPUBLICA A CATALUNYA CIUTADANIA I AUTOGOVERN de DUCH, MONSTERRAT disponible a\/en Llibreria Claret.","og:url":"https:\/\/www.claret.cat\/es\/libro\/republica-a-catalunya-ciutadania-i-autogovern-9788418601309\/","og:image":"https:\/\/dev.claret.cat\/wp-content\/uploads\/logo-claret.svg","og:image:secure_url":"https:\/\/dev.claret.cat\/wp-content\/uploads\/logo-claret.svg","article:published_time":"2022-10-11T19:20:07+00:00","article:modified_time":"2024-07-01T14:21:58+00:00","article:publisher":"https:\/\/www.facebook.com\/LlibreriaClaret","twitter:card":"summary_large_image","twitter:site":"@LlibreriaClaret","twitter:title":"REPUBLICA A CATALUNYA CIUTADANIA I AUTOGOVERN - DUCH, MONSTERRAT 9788418601309 | Llibreria Claret","twitter:description":"REPUBLICA A CATALUNYA CIUTADANIA I AUTOGOVERN de DUCH, MONSTERRAT disponible a\/en Llibreria Claret.","twitter:image":"http:\/\/dev.claret.cat\/wp-content\/uploads\/logo-claret.svg"},"aioseo_meta_data":{"post_id":"91237","title":null,"description":null,"keywords":null,"keyphrases":null,"primary_term":null,"canonical_url":null,"og_title":null,"og_description":null,"og_object_type":"default","og_image_type":"default","og_image_url":null,"og_image_width":null,"og_image_height":null,"og_image_custom_url":null,"og_image_custom_fields":null,"og_video":null,"og_custom_url":null,"og_article_section":null,"og_article_tags":null,"twitter_use_og":false,"twitter_card":"default","twitter_image_type":"default","twitter_image_url":null,"twitter_image_custom_url":null,"twitter_image_custom_fields":null,"twitter_title":null,"twitter_description":null,"schema":{"blockGraphs":[],"customGraphs":[],"default":{"data":{"Article":[],"Course":[],"Dataset":[],"FAQPage":[],"Movie":[],"Person":[],"Product":[],"ProductReview":[],"Car":[],"Recipe":[],"Service":[],"SoftwareApplication":[],"WebPage":[]},"graphName":"","isEnabled":true},"graphs":[]},"schema_type":"default","schema_type_options":null,"pillar_content":false,"robots_default":true,"robots_noindex":false,"robots_noarchive":false,"robots_nosnippet":false,"robots_nofollow":false,"robots_noimageindex":false,"robots_noodp":false,"robots_notranslate":false,"robots_max_snippet":null,"robots_max_videopreview":null,"robots_max_imagepreview":"large","priority":null,"frequency":null,"local_seo":null,"seo_analyzer_scan_date":"2025-11-15 05:04:51","breadcrumb_settings":null,"limit_modified_date":false,"open_ai":null,"ai":null,"created":"2022-12-19 03:51:39","updated":"2025-11-15 05:04:51","focus_keyword":null,"additional_keywords":null,"truseo_locale":null},"aioseo_breadcrumb":"<div class=\"aioseo-breadcrumbs\"><span class=\"aioseo-breadcrumb\">\n\t<a href=\"https:\/\/www.claret.cat\/es\/\" title=\"Home\">Home<\/a>\n<\/span><span class=\"aioseo-breadcrumb-separator\">&raquo;<\/span><span class=\"aioseo-breadcrumb\">\n\t<a href=\"https:\/\/www.claret.cat\/?page_id=16\" title=\"Botiga\">Botiga<\/a>\n<\/span><span class=\"aioseo-breadcrumb-separator\">&raquo;<\/span><span class=\"aioseo-breadcrumb\">\n\t<a href=\"https:\/\/www.claret.cat\/categoria-producto\/cat\/\" title=\"CAT\">CAT<\/a>\n<\/span><span class=\"aioseo-breadcrumb-separator\">&raquo;<\/span><span class=\"aioseo-breadcrumb\">\n\t<a href=\"https:\/\/www.claret.cat\/categoria-producto\/cat\/2_humanitats\/\" title=\"Humanitats\">Humanitats<\/a>\n<\/span><span class=\"aioseo-breadcrumb-separator\">&raquo;<\/span><span class=\"aioseo-breadcrumb\">\n\t<a href=\"https:\/\/www.claret.cat\/categoria-producto\/cat\/2_humanitats\/historia\/\" title=\"Hist\u00f2ria\">Hist\u00f2ria<\/a>\n<\/span><span class=\"aioseo-breadcrumb-separator\">&raquo;<\/span><span class=\"aioseo-breadcrumb\">\n\t<a href=\"https:\/\/www.claret.cat\/categoria-producto\/cat\/2_humanitats\/historia\/catalunya\/\" title=\"Catalunya\">Catalunya<\/a>\n<\/span><span class=\"aioseo-breadcrumb-separator\">&raquo;<\/span><span class=\"aioseo-breadcrumb\">\n\tREPUBLICA A CATALUNYA CIUTADANIA I AUTOGOVERN\n<\/span><\/div>","aioseo_breadcrumb_json":[{"label":"Home","link":"https:\/\/www.claret.cat\/es\/"},{"label":"Botiga","link":"https:\/\/www.claret.cat\/?page_id=16"},{"label":"CAT","link":"https:\/\/www.claret.cat\/categoria-producto\/cat\/"},{"label":"Humanitats","link":"https:\/\/www.claret.cat\/categoria-producto\/cat\/2_humanitats\/"},{"label":"Hist\u00f2ria","link":"https:\/\/www.claret.cat\/categoria-producto\/cat\/2_humanitats\/historia\/"},{"label":"Catalunya","link":"https:\/\/www.claret.cat\/categoria-producto\/cat\/2_humanitats\/historia\/catalunya\/"},{"label":"REPUBLICA A CATALUNYA CIUTADANIA I AUTOGOVERN","link":"https:\/\/www.claret.cat\/es\/libro\/republica-a-catalunya-ciutadania-i-autogovern-9788418601309\/"}],"_links":{"self":[{"href":"https:\/\/www.claret.cat\/es\/wp-json\/wp\/v2\/product\/91237","targetHints":{"allow":["GET"]}}],"collection":[{"href":"https:\/\/www.claret.cat\/es\/wp-json\/wp\/v2\/product"}],"about":[{"href":"https:\/\/www.claret.cat\/es\/wp-json\/wp\/v2\/types\/product"}],"wp:featuredmedia":[{"embeddable":true,"href":"https:\/\/www.claret.cat\/es\/wp-json\/wp\/v2\/media\/91238"}],"wp:attachment":[{"href":"https:\/\/www.claret.cat\/es\/wp-json\/wp\/v2\/media?parent=91237"}],"wp:term":[{"taxonomy":"product_brand","embeddable":true,"href":"https:\/\/www.claret.cat\/es\/wp-json\/wp\/v2\/product_brand?post=91237"},{"taxonomy":"product_cat","embeddable":true,"href":"https:\/\/www.claret.cat\/es\/wp-json\/wp\/v2\/product_cat?post=91237"},{"taxonomy":"product_tag","embeddable":true,"href":"https:\/\/www.claret.cat\/es\/wp-json\/wp\/v2\/product_tag?post=91237"}],"curies":[{"name":"wp","href":"https:\/\/api.w.org\/{rel}","templated":true}]}}