{"id":91255,"date":"2022-10-11T21:20:23","date_gmt":"2022-10-11T19:20:23","guid":{"rendered":"http:\/\/dev.claret.cat\/producte\/comprender-la-eucaristia\/"},"modified":"2024-10-02T19:55:38","modified_gmt":"2024-10-02T17:55:38","slug":"comprender-la-eucaristia-9788428559713","status":"publish","type":"product","link":"https:\/\/www.claret.cat\/es\/libro\/comprender-la-eucaristia-9788428559713\/","title":{"rendered":"COMPRENDER LA EUCARIST\u00cdA"},"content":{"rendered":"<p>\u00bfC\u00f3mo entender la Eucarist\u00eda en profundidad, sin caer en un ritualismo formal? La celebraci\u00f3n de este sacramento representa el momento y el lugar en que el acontecimiento pascual de Jes\u00fas se convierte en instituci\u00f3n, sin dejar de ser el acontecimiento personal de Jes\u00fas. El reconocido te\u00f3logo jesuita Bernard Sesbo\u00fc\u00e9 explica lo que implica y conlleva la celebraci\u00f3n eucar\u00edstica para ayudar a los cristianos a comprender su misterio y a vivirla mejor. Porque, como afirm\u00f3 el padre Henri De Lubac: \u00abLa Iglesia hace la Eucarist\u00eda, y la Eucarist\u00eda hace la Iglesia\u00bb.<\/p>\n","protected":false},"excerpt":{"rendered":"<p>SESB\u00d6\u00c9, BERNARD<\/p>\n","protected":false},"featured_media":336447,"template":"","meta":{"_acf_changed":false,"om_disable_all_campaigns":false,"rs_blank_template":"","rs_page_bg_color":"","slide_template_v7":"","inline_featured_image":false,"_monsterinsights_skip_tracking":false,"_monsterinsights_sitenote_active":false,"_monsterinsights_sitenote_note":"","_monsterinsights_sitenote_category":0},"product_brand":[],"product_cat":[253,399,502,257],"product_tag":[],"class_list":{"0":"post-91255","1":"product","2":"type-product","3":"status-publish","4":"has-post-thumbnail","6":"product_cat-any-liturgic","7":"product_cat-any-liturgic-liturgia-1_espiritualidad","8":"product_cat-obras-generales-liturgia-1_espiritualidad","9":"product_cat-obres-generals-liturgia-1_espiritualitat","11":"first","12":"instock","13":"taxable","14":"shipping-taxable","15":"purchasable","16":"product-type-simple"},"acf":{"editorial":[{"ID":6356,"post_author":"3","post_date":"2022-07-28 17:50:26","post_date_gmt":"2022-07-28 15:50:26","post_content":"","post_title":"SAN PABLO COMUNICACI\u00d3N","post_excerpt":"","post_status":"publish","comment_status":"closed","ping_status":"closed","post_password":"","post_name":"san-pablo-comunicacion","to_ping":"","pinged":"","post_modified":"2022-07-28 17:50:26","post_modified_gmt":"2022-07-28 15:50:26","post_content_filtered":"","post_parent":0,"guid":"http:\/\/dev.claret.cat\/editorial\/san-pablo-comunicacion\/","menu_order":0,"post_type":"editorial","post_mime_type":"","comment_count":"0","filter":"raw"}],"autor":"SESB\u00d6\u00c9, BERNARD","codart":"842855971","libros-coleccion":"Frontera","ediciones":"1","encuadernacion":"R\u00fastica","fecha_de_publicacion":"20\/04\/2021","novedad":"1","paginas":"136","subtitulo":"","orden":"0","portada":"0","idioma":"spa","autores-libros":[{"ID":151614,"post_author":"3","post_date":"2022-10-14 14:42:16","post_date_gmt":"2022-10-14 12:42:16","post_content":"","post_title":"BERNARD SESB\u00d6\u00c9","post_excerpt":"","post_status":"publish","comment_status":"closed","ping_status":"closed","post_password":"","post_name":"bernard-sesboe","to_ping":"","pinged":"","post_modified":"2022-10-14 14:42:16","post_modified_gmt":"2022-10-14 12:42:16","post_content_filtered":"","post_parent":0,"guid":"http:\/\/dev.claret.cat\/autor\/bernard-sesboe\/","menu_order":0,"post_type":"autor","post_mime_type":"","comment_count":"0","filter":"raw"}]},"aioseo_notices":[],"_links":{"self":[{"href":"https:\/\/www.claret.cat\/es\/wp-json\/wp\/v2\/product\/91255","targetHints":{"allow":["GET"]}}],"collection":[{"href":"https:\/\/www.claret.cat\/es\/wp-json\/wp\/v2\/product"}],"about":[{"href":"https:\/\/www.claret.cat\/es\/wp-json\/wp\/v2\/types\/product"}],"wp:featuredmedia":[{"embeddable":true,"href":"https:\/\/www.claret.cat\/es\/wp-json\/wp\/v2\/media\/336447"}],"wp:attachment":[{"href":"https:\/\/www.claret.cat\/es\/wp-json\/wp\/v2\/media?parent=91255"}],"wp:term":[{"taxonomy":"product_brand","embeddable":true,"href":"https:\/\/www.claret.cat\/es\/wp-json\/wp\/v2\/product_brand?post=91255"},{"taxonomy":"product_cat","embeddable":true,"href":"https:\/\/www.claret.cat\/es\/wp-json\/wp\/v2\/product_cat?post=91255"},{"taxonomy":"product_tag","embeddable":true,"href":"https:\/\/www.claret.cat\/es\/wp-json\/wp\/v2\/product_tag?post=91255"}],"curies":[{"name":"wp","href":"https:\/\/api.w.org\/{rel}","templated":true}]}}