{"id":94083,"date":"2022-10-11T21:59:30","date_gmt":"2022-10-11T19:59:30","guid":{"rendered":"http:\/\/dev.claret.cat\/producte\/hoy-haras-pan-edicion-2021\/"},"modified":"2025-01-31T14:08:12","modified_gmt":"2025-01-31T13:08:12","slug":"hoy-haras-pan-edicion-2021-9788417804534","status":"publish","type":"product","link":"https:\/\/www.claret.cat\/es\/libro\/hoy-haras-pan-edicion-2021-9788417804534\/","title":{"rendered":"HOY HAR\u00c1S PAN. EDICI\u00d3N 2021"},"content":{"rendered":"<p>Levadura, harina y agua: es f\u00e1cil hacer pan en casa.<br \/> Tanto si quieres elaborar tu primer pan casero como si quieres perfeccionar las t\u00e9cnicas que ya conoces, este libro te ofrece todo lo que debes saber para convertirte en un panadero experto, un Superpanadero o, por qu\u00e9 no, un Panadero Jedi.<br \/> Con recetas variadas e ilustraciones que ejemplifican pasos y resultados; con los trucos y los secretos de un panadero de renombre, un Einstein de los hornos; con todos los detalles sobre el amasado, las harinas m\u00e1s adecuadas, la cocci\u00f3n, las panificadoras\u2026<br \/> QUE LA FUERZA TE ACOMPA\u00d1E, \u00a1MANOS A LA MASA!<\/p>\n","protected":false},"excerpt":{"rendered":"<p>MORERA I RANSANZ, JORDI<\/p>\n","protected":false},"featured_media":94084,"template":"","meta":{"_acf_changed":false,"om_disable_all_campaigns":false,"rs_blank_template":"","rs_page_bg_color":"","slide_template_v7":"","inline_featured_image":false,"_monsterinsights_skip_tracking":false},"product_brand":[],"product_cat":[553,103],"product_tag":[],"class_list":["post-94083","product","type-product","status-publish","has-post-thumbnail","product_cat-cocina","product_cat-cuina","first","instock","taxable","shipping-taxable","purchasable","product-type-simple"],"acf":{"autor":"MORERA I RANSANZ, JORDI","codart":"841780453","libros-coleccion":"","ediciones":"1","encuadernacion":"R\u00fastica","fecha_de_publicacion":"01\/02\/2021","novedad":"1","paginas":"159","subtitulo":"TODOS LOS SECRETOS PARA HACER UN BUEN PAN, CON M\u00c1S DE 40 RECETAS","orden":"0","portada":"0","idioma":"spa","editorial":[{"ID":147453,"post_author":"3","post_date":"2022-10-14 11:50:42","post_date_gmt":"2022-10-14 09:50:42","post_content":"","post_title":"ARA LLIBRES","post_excerpt":"","post_status":"publish","comment_status":"closed","ping_status":"closed","post_password":"","post_name":"ara-llibres","to_ping":"","pinged":"","post_modified":"2022-10-14 11:50:42","post_modified_gmt":"2022-10-14 09:50:42","post_content_filtered":"","post_parent":0,"guid":"http:\/\/dev.claret.cat\/editorial\/ara-llibres\/","menu_order":0,"post_type":"editorial","post_mime_type":"","comment_count":"0","filter":"raw"}],"autores-libros":[{"ID":159953,"post_author":"3","post_date":"2022-10-14 15:49:05","post_date_gmt":"2022-10-14 13:49:05","post_content":"","post_title":"JORDI MORERA I RANSANZ","post_excerpt":"","post_status":"publish","comment_status":"closed","ping_status":"closed","post_password":"","post_name":"jordi-morera-i-ransanz","to_ping":"","pinged":"","post_modified":"2022-10-14 15:49:05","post_modified_gmt":"2022-10-14 13:49:05","post_content_filtered":"","post_parent":0,"guid":"http:\/\/dev.claret.cat\/autor\/jordi-morera-i-ransanz\/","menu_order":0,"post_type":"autor","post_mime_type":"","comment_count":"0","filter":"raw"}]},"aioseo_notices":[],"aioseo_head":"\n\t\t<!-- All in One SEO Pro 5.0.0.1 - aioseo.com -->\n\t<meta name=\"description\" content=\"HOY HAR\u00c1S PAN. EDICI\u00d3N 2021 de MORERA I RANSANZ, JORDI disponible a\/en Llibreria Claret.\" \/>\n\t<meta name=\"robots\" content=\"max-image-preview:large\" \/>\n\t<meta name=\"google-site-verification\" content=\"xVtlFxJ-TfkIu-D-lt7XeLobefg5EIQiXTuqcSf8Rf0\" \/>\n\t<link rel=\"canonical\" href=\"https:\/\/www.claret.cat\/es\/libro\/hoy-haras-pan-edicion-2021-9788417804534\/\" \/>\n\t<meta name=\"generator\" content=\"All in One SEO Pro (AIOSEO) 5.0.0.1\" \/>\n\t\t<meta property=\"og:locale\" content=\"es_ES\" \/>\n\t\t<meta property=\"og:site_name\" content=\"Llibreria Claret - Llibreria religiosa a Barcelona\" \/>\n\t\t<meta property=\"og:type\" content=\"article\" \/>\n\t\t<meta property=\"og:title\" content=\"HOY HAR\u00c1S PAN. EDICI\u00d3N 2021 - MORERA I RANSANZ, JORDI 9788417804534 | Llibreria Claret\" \/>\n\t\t<meta property=\"og:description\" content=\"HOY HAR\u00c1S PAN. EDICI\u00d3N 2021 de MORERA I RANSANZ, JORDI disponible a\/en Llibreria Claret.\" \/>\n\t\t<meta property=\"og:url\" content=\"https:\/\/www.claret.cat\/es\/libro\/hoy-haras-pan-edicion-2021-9788417804534\/\" \/>\n\t\t<meta property=\"og:image\" content=\"https:\/\/dev.claret.cat\/wp-content\/uploads\/logo-claret.svg\" \/>\n\t\t<meta property=\"og:image:secure_url\" content=\"https:\/\/dev.claret.cat\/wp-content\/uploads\/logo-claret.svg\" \/>\n\t\t<meta property=\"article:published_time\" content=\"2022-10-11T19:59:30+00:00\" \/>\n\t\t<meta property=\"article:modified_time\" content=\"2025-01-31T13:08:12+00:00\" \/>\n\t\t<meta property=\"article:publisher\" content=\"https:\/\/www.facebook.com\/LlibreriaClaret\" \/>\n\t\t<meta name=\"twitter:card\" content=\"summary_large_image\" \/>\n\t\t<meta name=\"twitter:site\" content=\"@LlibreriaClaret\" \/>\n\t\t<meta name=\"twitter:title\" content=\"HOY HAR\u00c1S PAN. EDICI\u00d3N 2021 - MORERA I RANSANZ, JORDI 9788417804534 | Llibreria Claret\" \/>\n\t\t<meta name=\"twitter:description\" content=\"HOY HAR\u00c1S PAN. EDICI\u00d3N 2021 de MORERA I RANSANZ, JORDI disponible a\/en Llibreria Claret.\" \/>\n\t\t<meta name=\"twitter:image\" content=\"http:\/\/dev.claret.cat\/wp-content\/uploads\/logo-claret.svg\" \/>\n\t\t<script type=\"application\/ld+json\" class=\"aioseo-schema\">\n\t\t\t{\"@context\":\"https:\\\/\\\/schema.org\",\"@graph\":[{\"@type\":\"BreadcrumbList\",\"@id\":\"https:\\\/\\\/www.claret.cat\\\/es\\\/libro\\\/hoy-haras-pan-edicion-2021-9788417804534\\\/#breadcrumblist\",\"itemListElement\":[{\"@type\":\"ListItem\",\"@id\":\"https:\\\/\\\/www.claret.cat\\\/es\\\/#listItem\",\"position\":1,\"name\":\"Home\",\"item\":\"https:\\\/\\\/www.claret.cat\\\/es\\\/\",\"nextItem\":{\"@type\":\"ListItem\",\"@id\":\"https:\\\/\\\/www.claret.cat\\\/?page_id=16#listItem\",\"name\":\"Botiga\"}},{\"@type\":\"ListItem\",\"@id\":\"https:\\\/\\\/www.claret.cat\\\/?page_id=16#listItem\",\"position\":2,\"name\":\"Botiga\",\"item\":\"https:\\\/\\\/www.claret.cat\\\/?page_id=16\",\"nextItem\":{\"@type\":\"ListItem\",\"@id\":\"https:\\\/\\\/www.claret.cat\\\/categoria-producto\\\/cat\\\/#listItem\",\"name\":\"CAT\"},\"previousItem\":{\"@type\":\"ListItem\",\"@id\":\"https:\\\/\\\/www.claret.cat\\\/es\\\/#listItem\",\"name\":\"Home\"}},{\"@type\":\"ListItem\",\"@id\":\"https:\\\/\\\/www.claret.cat\\\/categoria-producto\\\/cat\\\/#listItem\",\"position\":3,\"name\":\"CAT\",\"item\":\"https:\\\/\\\/www.claret.cat\\\/categoria-producto\\\/cat\\\/\",\"nextItem\":{\"@type\":\"ListItem\",\"@id\":\"https:\\\/\\\/www.claret.cat\\\/categoria-producto\\\/cat\\\/5_altres\\\/#listItem\",\"name\":\"Altres\"},\"previousItem\":{\"@type\":\"ListItem\",\"@id\":\"https:\\\/\\\/www.claret.cat\\\/?page_id=16#listItem\",\"name\":\"Botiga\"}},{\"@type\":\"ListItem\",\"@id\":\"https:\\\/\\\/www.claret.cat\\\/categoria-producto\\\/cat\\\/5_altres\\\/#listItem\",\"position\":4,\"name\":\"Altres\",\"item\":\"https:\\\/\\\/www.claret.cat\\\/categoria-producto\\\/cat\\\/5_altres\\\/\",\"nextItem\":{\"@type\":\"ListItem\",\"@id\":\"https:\\\/\\\/www.claret.cat\\\/categoria-producto\\\/cat\\\/5_altres\\\/cuina\\\/#listItem\",\"name\":\"Cuina\"},\"previousItem\":{\"@type\":\"ListItem\",\"@id\":\"https:\\\/\\\/www.claret.cat\\\/categoria-producto\\\/cat\\\/#listItem\",\"name\":\"CAT\"}},{\"@type\":\"ListItem\",\"@id\":\"https:\\\/\\\/www.claret.cat\\\/categoria-producto\\\/cat\\\/5_altres\\\/cuina\\\/#listItem\",\"position\":5,\"name\":\"Cuina\",\"item\":\"https:\\\/\\\/www.claret.cat\\\/categoria-producto\\\/cat\\\/5_altres\\\/cuina\\\/\",\"nextItem\":{\"@type\":\"ListItem\",\"@id\":\"https:\\\/\\\/www.claret.cat\\\/es\\\/libro\\\/hoy-haras-pan-edicion-2021-9788417804534\\\/#listItem\",\"name\":\"HOY HAR\\u00c1S PAN. EDICI\\u00d3N 2021\"},\"previousItem\":{\"@type\":\"ListItem\",\"@id\":\"https:\\\/\\\/www.claret.cat\\\/categoria-producto\\\/cat\\\/5_altres\\\/#listItem\",\"name\":\"Altres\"}},{\"@type\":\"ListItem\",\"@id\":\"https:\\\/\\\/www.claret.cat\\\/es\\\/libro\\\/hoy-haras-pan-edicion-2021-9788417804534\\\/#listItem\",\"position\":6,\"name\":\"HOY HAR\\u00c1S PAN. EDICI\\u00d3N 2021\",\"previousItem\":{\"@type\":\"ListItem\",\"@id\":\"https:\\\/\\\/www.claret.cat\\\/categoria-producto\\\/cat\\\/5_altres\\\/cuina\\\/#listItem\",\"name\":\"Cuina\"}}]},{\"@type\":\"ItemPage\",\"@id\":\"https:\\\/\\\/www.claret.cat\\\/es\\\/libro\\\/hoy-haras-pan-edicion-2021-9788417804534\\\/#itempage\",\"url\":\"https:\\\/\\\/www.claret.cat\\\/es\\\/libro\\\/hoy-haras-pan-edicion-2021-9788417804534\\\/\",\"name\":\"HOY HAR\\u00c1S PAN. EDICI\\u00d3N 2021 - MORERA I RANSANZ, JORDI 9788417804534 | Llibreria Claret\",\"description\":\"HOY HAR\\u00c1S PAN. EDICI\\u00d3N 2021 de MORERA I RANSANZ, JORDI disponible a\\\/en Llibreria Claret.\",\"inLanguage\":\"es-ES\",\"isPartOf\":{\"@id\":\"https:\\\/\\\/www.claret.cat\\\/es\\\/#website\"},\"breadcrumb\":{\"@id\":\"https:\\\/\\\/www.claret.cat\\\/es\\\/libro\\\/hoy-haras-pan-edicion-2021-9788417804534\\\/#breadcrumblist\"},\"image\":{\"@type\":\"ImageObject\",\"url\":\"https:\\\/\\\/www.claret.cat\\\/wp-content\\\/uploads\\\/.\\\/9788417804534.jpg\",\"@id\":\"https:\\\/\\\/www.claret.cat\\\/es\\\/libro\\\/hoy-haras-pan-edicion-2021-9788417804534\\\/#mainImage\",\"width\":214,\"height\":345,\"caption\":\"9788417804534.jpg\"},\"primaryImageOfPage\":{\"@id\":\"https:\\\/\\\/www.claret.cat\\\/es\\\/libro\\\/hoy-haras-pan-edicion-2021-9788417804534\\\/#mainImage\"},\"datePublished\":\"2022-10-11T21:59:30+02:00\",\"dateModified\":\"2025-01-31T14:08:12+01:00\"},{\"@type\":\"Organization\",\"@id\":\"https:\\\/\\\/www.claret.cat\\\/es\\\/#organization\",\"name\":\"Llibreria Claret\",\"description\":\"Llibreria religiosa a Barcelona\",\"url\":\"https:\\\/\\\/www.claret.cat\\\/es\\\/\",\"email\":\"comunicacio@claret.cat\",\"telephone\":\"+34933010887\",\"logo\":{\"@type\":\"ImageObject\",\"url\":\"https:\\\/\\\/www.claret.cat\\\/wp-content\\\/uploads\\\/.\\\/logo-claret-es.png\",\"@id\":\"https:\\\/\\\/www.claret.cat\\\/es\\\/libro\\\/hoy-haras-pan-edicion-2021-9788417804534\\\/#organizationLogo\",\"width\":195,\"height\":79},\"image\":{\"@id\":\"https:\\\/\\\/www.claret.cat\\\/es\\\/libro\\\/hoy-haras-pan-edicion-2021-9788417804534\\\/#organizationLogo\"},\"sameAs\":[\"https:\\\/\\\/www.facebook.com\\\/LlibreriaClaret\",\"https:\\\/\\\/twitter.com\\\/LlibreriaClaret\",\"https:\\\/\\\/www.instagram.com\\\/llibreriaclaret\\\/\",\"https:\\\/\\\/www.tiktok.com\\\/@llibreriaclaret\",\"https:\\\/\\\/www.youtube.com\\\/@llibreriaclaret\",\"https:\\\/\\\/ca.wikipedia.org\\\/wiki\\\/Editorial_Claret\"]},{\"@type\":\"WebPage\",\"@id\":\"https:\\\/\\\/www.claret.cat\\\/es\\\/libro\\\/hoy-haras-pan-edicion-2021-9788417804534\\\/#webpage\",\"url\":\"https:\\\/\\\/www.claret.cat\\\/es\\\/libro\\\/hoy-haras-pan-edicion-2021-9788417804534\\\/\",\"name\":\"HOY HAR\\u00c1S PAN. EDICI\\u00d3N 2021 - MORERA I RANSANZ, JORDI 9788417804534 | Llibreria Claret\",\"description\":\"HOY HAR\\u00c1S PAN. EDICI\\u00d3N 2021 de MORERA I RANSANZ, JORDI disponible a\\\/en Llibreria Claret.\",\"inLanguage\":\"es-ES\",\"isPartOf\":{\"@id\":\"https:\\\/\\\/www.claret.cat\\\/es\\\/#website\"},\"breadcrumb\":{\"@id\":\"https:\\\/\\\/www.claret.cat\\\/es\\\/libro\\\/hoy-haras-pan-edicion-2021-9788417804534\\\/#breadcrumblist\"},\"image\":{\"@type\":\"ImageObject\",\"url\":\"https:\\\/\\\/www.claret.cat\\\/wp-content\\\/uploads\\\/.\\\/9788417804534.jpg\",\"@id\":\"https:\\\/\\\/www.claret.cat\\\/es\\\/libro\\\/hoy-haras-pan-edicion-2021-9788417804534\\\/#mainImage\",\"width\":214,\"height\":345,\"caption\":\"9788417804534.jpg\"},\"primaryImageOfPage\":{\"@id\":\"https:\\\/\\\/www.claret.cat\\\/es\\\/libro\\\/hoy-haras-pan-edicion-2021-9788417804534\\\/#mainImage\"},\"datePublished\":\"2022-10-11T21:59:30+02:00\",\"dateModified\":\"2025-01-31T14:08:12+01:00\"},{\"@type\":\"WebSite\",\"@id\":\"https:\\\/\\\/www.claret.cat\\\/es\\\/#website\",\"url\":\"https:\\\/\\\/www.claret.cat\\\/es\\\/\",\"name\":\"Llibreria Claret Barcelona\",\"alternateName\":\"Llibreria Claret\",\"description\":\"Llibreria religiosa a Barcelona\",\"inLanguage\":\"es-ES\",\"publisher\":{\"@id\":\"https:\\\/\\\/www.claret.cat\\\/es\\\/#organization\"}}]}\n\t\t<\/script>\n\t\t<!-- All in One SEO Pro -->\r\n\t\t<title>HOY HAR\u00c1S PAN. EDICI\u00d3N 2021 - MORERA I RANSANZ, JORDI 9788417804534 | Llibreria Claret<\/title>\n\n","aioseo_head_json":{"title":"HOY HAR\u00c1S PAN. EDICI\u00d3N 2021 - MORERA I RANSANZ, JORDI 9788417804534 | Llibreria Claret","description":"HOY HAR\u00c1S PAN. EDICI\u00d3N 2021 de MORERA I RANSANZ, JORDI disponible a\/en Llibreria Claret.","canonical_url":"https:\/\/www.claret.cat\/es\/libro\/hoy-haras-pan-edicion-2021-9788417804534\/","robots":"max-image-preview:large","keywords":"","webmasterTools":{"google-site-verification":"xVtlFxJ-TfkIu-D-lt7XeLobefg5EIQiXTuqcSf8Rf0","miscellaneous":""},"schema":{"@context":"https:\/\/schema.org","@graph":[{"@type":"BreadcrumbList","@id":"https:\/\/www.claret.cat\/es\/libro\/hoy-haras-pan-edicion-2021-9788417804534\/#breadcrumblist","itemListElement":[{"@type":"ListItem","@id":"https:\/\/www.claret.cat\/es\/#listItem","position":1,"name":"Home","item":"https:\/\/www.claret.cat\/es\/","nextItem":{"@type":"ListItem","@id":"https:\/\/www.claret.cat\/?page_id=16#listItem","name":"Botiga"}},{"@type":"ListItem","@id":"https:\/\/www.claret.cat\/?page_id=16#listItem","position":2,"name":"Botiga","item":"https:\/\/www.claret.cat\/?page_id=16","nextItem":{"@type":"ListItem","@id":"https:\/\/www.claret.cat\/categoria-producto\/cat\/#listItem","name":"CAT"},"previousItem":{"@type":"ListItem","@id":"https:\/\/www.claret.cat\/es\/#listItem","name":"Home"}},{"@type":"ListItem","@id":"https:\/\/www.claret.cat\/categoria-producto\/cat\/#listItem","position":3,"name":"CAT","item":"https:\/\/www.claret.cat\/categoria-producto\/cat\/","nextItem":{"@type":"ListItem","@id":"https:\/\/www.claret.cat\/categoria-producto\/cat\/5_altres\/#listItem","name":"Altres"},"previousItem":{"@type":"ListItem","@id":"https:\/\/www.claret.cat\/?page_id=16#listItem","name":"Botiga"}},{"@type":"ListItem","@id":"https:\/\/www.claret.cat\/categoria-producto\/cat\/5_altres\/#listItem","position":4,"name":"Altres","item":"https:\/\/www.claret.cat\/categoria-producto\/cat\/5_altres\/","nextItem":{"@type":"ListItem","@id":"https:\/\/www.claret.cat\/categoria-producto\/cat\/5_altres\/cuina\/#listItem","name":"Cuina"},"previousItem":{"@type":"ListItem","@id":"https:\/\/www.claret.cat\/categoria-producto\/cat\/#listItem","name":"CAT"}},{"@type":"ListItem","@id":"https:\/\/www.claret.cat\/categoria-producto\/cat\/5_altres\/cuina\/#listItem","position":5,"name":"Cuina","item":"https:\/\/www.claret.cat\/categoria-producto\/cat\/5_altres\/cuina\/","nextItem":{"@type":"ListItem","@id":"https:\/\/www.claret.cat\/es\/libro\/hoy-haras-pan-edicion-2021-9788417804534\/#listItem","name":"HOY HAR\u00c1S PAN. EDICI\u00d3N 2021"},"previousItem":{"@type":"ListItem","@id":"https:\/\/www.claret.cat\/categoria-producto\/cat\/5_altres\/#listItem","name":"Altres"}},{"@type":"ListItem","@id":"https:\/\/www.claret.cat\/es\/libro\/hoy-haras-pan-edicion-2021-9788417804534\/#listItem","position":6,"name":"HOY HAR\u00c1S PAN. EDICI\u00d3N 2021","previousItem":{"@type":"ListItem","@id":"https:\/\/www.claret.cat\/categoria-producto\/cat\/5_altres\/cuina\/#listItem","name":"Cuina"}}]},{"@type":"ItemPage","@id":"https:\/\/www.claret.cat\/es\/libro\/hoy-haras-pan-edicion-2021-9788417804534\/#itempage","url":"https:\/\/www.claret.cat\/es\/libro\/hoy-haras-pan-edicion-2021-9788417804534\/","name":"HOY HAR\u00c1S PAN. EDICI\u00d3N 2021 - MORERA I RANSANZ, JORDI 9788417804534 | Llibreria Claret","description":"HOY HAR\u00c1S PAN. EDICI\u00d3N 2021 de MORERA I RANSANZ, JORDI disponible a\/en Llibreria Claret.","inLanguage":"es-ES","isPartOf":{"@id":"https:\/\/www.claret.cat\/es\/#website"},"breadcrumb":{"@id":"https:\/\/www.claret.cat\/es\/libro\/hoy-haras-pan-edicion-2021-9788417804534\/#breadcrumblist"},"image":{"@type":"ImageObject","url":"https:\/\/www.claret.cat\/wp-content\/uploads\/.\/9788417804534.jpg","@id":"https:\/\/www.claret.cat\/es\/libro\/hoy-haras-pan-edicion-2021-9788417804534\/#mainImage","width":214,"height":345,"caption":"9788417804534.jpg"},"primaryImageOfPage":{"@id":"https:\/\/www.claret.cat\/es\/libro\/hoy-haras-pan-edicion-2021-9788417804534\/#mainImage"},"datePublished":"2022-10-11T21:59:30+02:00","dateModified":"2025-01-31T14:08:12+01:00"},{"@type":"Organization","@id":"https:\/\/www.claret.cat\/es\/#organization","name":"Llibreria Claret","description":"Llibreria religiosa a Barcelona","url":"https:\/\/www.claret.cat\/es\/","email":"comunicacio@claret.cat","telephone":"+34933010887","logo":{"@type":"ImageObject","url":"https:\/\/www.claret.cat\/wp-content\/uploads\/.\/logo-claret-es.png","@id":"https:\/\/www.claret.cat\/es\/libro\/hoy-haras-pan-edicion-2021-9788417804534\/#organizationLogo","width":195,"height":79},"image":{"@id":"https:\/\/www.claret.cat\/es\/libro\/hoy-haras-pan-edicion-2021-9788417804534\/#organizationLogo"},"sameAs":["https:\/\/www.facebook.com\/LlibreriaClaret","https:\/\/twitter.com\/LlibreriaClaret","https:\/\/www.instagram.com\/llibreriaclaret\/","https:\/\/www.tiktok.com\/@llibreriaclaret","https:\/\/www.youtube.com\/@llibreriaclaret","https:\/\/ca.wikipedia.org\/wiki\/Editorial_Claret"]},{"@type":"WebPage","@id":"https:\/\/www.claret.cat\/es\/libro\/hoy-haras-pan-edicion-2021-9788417804534\/#webpage","url":"https:\/\/www.claret.cat\/es\/libro\/hoy-haras-pan-edicion-2021-9788417804534\/","name":"HOY HAR\u00c1S PAN. EDICI\u00d3N 2021 - MORERA I RANSANZ, JORDI 9788417804534 | Llibreria Claret","description":"HOY HAR\u00c1S PAN. EDICI\u00d3N 2021 de MORERA I RANSANZ, JORDI disponible a\/en Llibreria Claret.","inLanguage":"es-ES","isPartOf":{"@id":"https:\/\/www.claret.cat\/es\/#website"},"breadcrumb":{"@id":"https:\/\/www.claret.cat\/es\/libro\/hoy-haras-pan-edicion-2021-9788417804534\/#breadcrumblist"},"image":{"@type":"ImageObject","url":"https:\/\/www.claret.cat\/wp-content\/uploads\/.\/9788417804534.jpg","@id":"https:\/\/www.claret.cat\/es\/libro\/hoy-haras-pan-edicion-2021-9788417804534\/#mainImage","width":214,"height":345,"caption":"9788417804534.jpg"},"primaryImageOfPage":{"@id":"https:\/\/www.claret.cat\/es\/libro\/hoy-haras-pan-edicion-2021-9788417804534\/#mainImage"},"datePublished":"2022-10-11T21:59:30+02:00","dateModified":"2025-01-31T14:08:12+01:00"},{"@type":"WebSite","@id":"https:\/\/www.claret.cat\/es\/#website","url":"https:\/\/www.claret.cat\/es\/","name":"Llibreria Claret Barcelona","alternateName":"Llibreria Claret","description":"Llibreria religiosa a Barcelona","inLanguage":"es-ES","publisher":{"@id":"https:\/\/www.claret.cat\/es\/#organization"}}]},"og:locale":"es_ES","og:site_name":"Llibreria Claret - Llibreria religiosa a Barcelona","og:type":"article","og:title":"HOY HAR\u00c1S PAN. EDICI\u00d3N 2021 - MORERA I RANSANZ, JORDI 9788417804534 | Llibreria Claret","og:description":"HOY HAR\u00c1S PAN. EDICI\u00d3N 2021 de MORERA I RANSANZ, JORDI disponible a\/en Llibreria Claret.","og:url":"https:\/\/www.claret.cat\/es\/libro\/hoy-haras-pan-edicion-2021-9788417804534\/","og:image":"https:\/\/dev.claret.cat\/wp-content\/uploads\/logo-claret.svg","og:image:secure_url":"https:\/\/dev.claret.cat\/wp-content\/uploads\/logo-claret.svg","article:published_time":"2022-10-11T19:59:30+00:00","article:modified_time":"2025-01-31T13:08:12+00:00","article:publisher":"https:\/\/www.facebook.com\/LlibreriaClaret","twitter:card":"summary_large_image","twitter:site":"@LlibreriaClaret","twitter:title":"HOY HAR\u00c1S PAN. EDICI\u00d3N 2021 - MORERA I RANSANZ, JORDI 9788417804534 | Llibreria Claret","twitter:description":"HOY HAR\u00c1S PAN. EDICI\u00d3N 2021 de MORERA I RANSANZ, JORDI disponible a\/en Llibreria Claret.","twitter:image":"http:\/\/dev.claret.cat\/wp-content\/uploads\/logo-claret.svg"},"aioseo_meta_data":{"post_id":"94083","title":null,"description":null,"keywords":null,"keyphrases":null,"primary_term":null,"canonical_url":null,"og_title":null,"og_description":null,"og_object_type":"default","og_image_type":"default","og_image_url":null,"og_image_width":null,"og_image_height":null,"og_image_custom_url":null,"og_image_custom_fields":null,"og_video":null,"og_custom_url":null,"og_article_section":null,"og_article_tags":null,"twitter_use_og":false,"twitter_card":"default","twitter_image_type":"default","twitter_image_url":null,"twitter_image_custom_url":null,"twitter_image_custom_fields":null,"twitter_title":null,"twitter_description":null,"schema":{"blockGraphs":[],"customGraphs":[],"default":{"data":{"Article":[],"Course":[],"Dataset":[],"FAQPage":[],"Movie":[],"Person":[],"Product":[],"ProductReview":[],"Car":[],"Recipe":[],"Service":[],"SoftwareApplication":[],"WebPage":[]},"graphName":"","isEnabled":true},"graphs":[]},"schema_type":"default","schema_type_options":null,"pillar_content":false,"robots_default":true,"robots_noindex":false,"robots_noarchive":false,"robots_nosnippet":false,"robots_nofollow":false,"robots_noimageindex":false,"robots_noodp":false,"robots_notranslate":false,"robots_max_snippet":null,"robots_max_videopreview":null,"robots_max_imagepreview":"large","priority":null,"frequency":null,"local_seo":null,"seo_analyzer_scan_date":"2025-11-15 10:42:53","breadcrumb_settings":null,"limit_modified_date":false,"open_ai":null,"ai":null,"created":"2022-12-19 05:25:21","updated":"2025-11-15 10:42:53","focus_keyword":null,"additional_keywords":null,"truseo_locale":null},"aioseo_breadcrumb":"<div class=\"aioseo-breadcrumbs\"><span class=\"aioseo-breadcrumb\">\n\t<a href=\"https:\/\/www.claret.cat\/es\/\" title=\"Home\">Home<\/a>\n<\/span><span class=\"aioseo-breadcrumb-separator\">&raquo;<\/span><span class=\"aioseo-breadcrumb\">\n\t<a href=\"https:\/\/www.claret.cat\/?page_id=16\" title=\"Botiga\">Botiga<\/a>\n<\/span><span class=\"aioseo-breadcrumb-separator\">&raquo;<\/span><span class=\"aioseo-breadcrumb\">\n\t<a href=\"https:\/\/www.claret.cat\/categoria-producto\/cat\/\" title=\"CAT\">CAT<\/a>\n<\/span><span class=\"aioseo-breadcrumb-separator\">&raquo;<\/span><span class=\"aioseo-breadcrumb\">\n\t<a href=\"https:\/\/www.claret.cat\/categoria-producto\/cat\/5_altres\/\" title=\"Altres\">Altres<\/a>\n<\/span><span class=\"aioseo-breadcrumb-separator\">&raquo;<\/span><span class=\"aioseo-breadcrumb\">\n\t<a href=\"https:\/\/www.claret.cat\/categoria-producto\/cat\/5_altres\/cuina\/\" title=\"Cuina\">Cuina<\/a>\n<\/span><span class=\"aioseo-breadcrumb-separator\">&raquo;<\/span><span class=\"aioseo-breadcrumb\">\n\tHOY HAR\u00c1S PAN. EDICI\u00d3N 2021\n<\/span><\/div>","aioseo_breadcrumb_json":[{"label":"Home","link":"https:\/\/www.claret.cat\/es\/"},{"label":"Botiga","link":"https:\/\/www.claret.cat\/?page_id=16"},{"label":"CAT","link":"https:\/\/www.claret.cat\/categoria-producto\/cat\/"},{"label":"Altres","link":"https:\/\/www.claret.cat\/categoria-producto\/cat\/5_altres\/"},{"label":"Cuina","link":"https:\/\/www.claret.cat\/categoria-producto\/cat\/5_altres\/cuina\/"},{"label":"HOY HAR\u00c1S PAN. EDICI\u00d3N 2021","link":"https:\/\/www.claret.cat\/es\/libro\/hoy-haras-pan-edicion-2021-9788417804534\/"}],"_links":{"self":[{"href":"https:\/\/www.claret.cat\/es\/wp-json\/wp\/v2\/product\/94083","targetHints":{"allow":["GET"]}}],"collection":[{"href":"https:\/\/www.claret.cat\/es\/wp-json\/wp\/v2\/product"}],"about":[{"href":"https:\/\/www.claret.cat\/es\/wp-json\/wp\/v2\/types\/product"}],"wp:featuredmedia":[{"embeddable":true,"href":"https:\/\/www.claret.cat\/es\/wp-json\/wp\/v2\/media\/94084"}],"wp:attachment":[{"href":"https:\/\/www.claret.cat\/es\/wp-json\/wp\/v2\/media?parent=94083"}],"wp:term":[{"taxonomy":"product_brand","embeddable":true,"href":"https:\/\/www.claret.cat\/es\/wp-json\/wp\/v2\/product_brand?post=94083"},{"taxonomy":"product_cat","embeddable":true,"href":"https:\/\/www.claret.cat\/es\/wp-json\/wp\/v2\/product_cat?post=94083"},{"taxonomy":"product_tag","embeddable":true,"href":"https:\/\/www.claret.cat\/es\/wp-json\/wp\/v2\/product_tag?post=94083"}],"curies":[{"name":"wp","href":"https:\/\/api.w.org\/{rel}","templated":true}]}}