{"id":941497,"date":"2023-11-15T11:40:31","date_gmt":"2023-11-15T10:40:31","guid":{"rendered":"https:\/\/www.claret.cat\/llibre\/historia-de-la-diocesis-de-madrid-9788428840750\/"},"modified":"2024-05-24T10:06:39","modified_gmt":"2024-05-24T08:06:39","slug":"historia-de-la-diocesis-de-madrid-9788428840750","status":"publish","type":"product","link":"https:\/\/www.claret.cat\/es\/libro\/historia-de-la-diocesis-de-madrid-9788428840750\/","title":{"rendered":"HISTORIA DE LA DI\u00d3CESIS DE MADRID"},"content":{"rendered":"<p><span>La historia de la di\u00f3cesis de Madrid es corta, pero intensa y compleja. Tiene que ver con su comunidad creyente, pero tambi\u00e9n con las consecuencias de su ubicaci\u00f3n, su importancia cultural y su oferta de trabajo y oportunidades sociales y culturales a cientos de miles de espa\u00f1oles que dirigieron sus pasos y esperanzas a una ciudad atrayente, en permanente crecimiento hasta nuestros d\u00edas. Se trata de siglo y medio de historia eficiente y creativa que ha provocado el cambio radical de las condiciones sociales, culturales y religiosas de un pa\u00eds y de una di\u00f3cesis, que han aprendido a asimilar y reaccionar adecuadamente ante la nueva mentalidad y los trepidantes retos sociales, cient\u00edficos, eclesiales y pol\u00edticos de cada momento.<\/span><\/p>\n","protected":false},"excerpt":{"rendered":"<p>LABOA GALLEGO, JUAN MAR\u00cdA \/ GUTI\u00c9RREZ, LUIS <\/p>\n","protected":false},"featured_media":941498,"template":"","meta":{"_acf_changed":false,"om_disable_all_campaigns":false,"rs_blank_template":"","rs_page_bg_color":"","slide_template_v7":"","inline_featured_image":false,"_monsterinsights_skip_tracking":false},"product_brand":[],"product_cat":[283,511],"product_tag":[],"class_list":["post-941497","product","type-product","status-publish","has-post-thumbnail","product_cat-eclesiologia-teologia","product_cat-eclesiologia-teologia-1_espiritualidad","first","instock","taxable","shipping-taxable","purchasable","product-type-simple"],"acf":{"autor":"LABOA GALLEGO, JUAN MAR\u00cdA \/ GUTI\u00c9RREZ, LUIS ","codart":"842884075","libros-coleccion":"FUERA DE COLECCI\u00d3N","ediciones":"1","encuadernacion":"R\u00fastica","fecha_de_publicacion":"15\/11\/2023","novedad":"1","paginas":"376","subtitulo":"","orden":"0","portada":"0","idioma":"spa","editorial":[{"ID":6335,"post_author":"3","post_date":"2022-07-28 17:49:59","post_date_gmt":"2022-07-28 15:49:59","post_content":"","post_title":"PPC altres","post_excerpt":"","post_status":"publish","comment_status":"closed","ping_status":"closed","post_password":"","post_name":"ppc-altres","to_ping":"","pinged":"","post_modified":"2022-07-28 17:49:59","post_modified_gmt":"2022-07-28 15:49:59","post_content_filtered":"","post_parent":0,"guid":"http:\/\/dev.claret.cat\/editorial\/ppc-altres\/","menu_order":0,"post_type":"editorial","post_mime_type":"","comment_count":"0","filter":"raw"}],"autores-libros":[{"ID":274318,"post_author":"3","post_date":"2022-12-09 05:51:55","post_date_gmt":"2022-12-09 04:51:55","post_content":"","post_title":"LUIS GUTI\u00c9RREZ","post_excerpt":"","post_status":"publish","comment_status":"closed","ping_status":"closed","post_password":"","post_name":"luis-gutierrez","to_ping":"","pinged":"","post_modified":"2022-12-09 05:51:55","post_modified_gmt":"2022-12-09 04:51:55","post_content_filtered":"","post_parent":0,"guid":"http:\/\/dev.claret.cat\/autor\/luis-gutierrez\/","menu_order":0,"post_type":"autor","post_mime_type":"","comment_count":"0","filter":"raw"},{"ID":384370,"post_author":"3","post_date":"2023-02-07 12:17:53","post_date_gmt":"2023-02-07 11:17:53","post_content":"","post_title":"JUAN MAR\u00cdA LABOA GALLEGO","post_excerpt":"","post_status":"publish","comment_status":"closed","ping_status":"closed","post_password":"","post_name":"juan-maria-laboa-gallego-3","to_ping":"","pinged":"","post_modified":"2023-02-07 12:17:53","post_modified_gmt":"2023-02-07 11:17:53","post_content_filtered":"","post_parent":0,"guid":"https:\/\/www.claret.cat\/autor\/juan-maria-laboa-gallego-3\/","menu_order":0,"post_type":"autor","post_mime_type":"","comment_count":"0","filter":"raw"}]},"aioseo_notices":[],"aioseo_head":"\n\t\t<!-- All in One SEO Pro 5.0.1.1 - aioseo.com -->\n\t<meta name=\"description\" content=\"HISTORIA DE LA DI\u00d3CESIS DE MADRID de LABOA GALLEGO, JUAN MAR\u00cdA \/ GUTI\u00c9RREZ, LUIS disponible a\/en Llibreria Claret.\" \/>\n\t<meta name=\"robots\" content=\"max-image-preview:large\" \/>\n\t<meta name=\"google-site-verification\" content=\"xVtlFxJ-TfkIu-D-lt7XeLobefg5EIQiXTuqcSf8Rf0\" \/>\n\t<link rel=\"canonical\" href=\"https:\/\/www.claret.cat\/es\/libro\/historia-de-la-diocesis-de-madrid-9788428840750\/\" \/>\n\t<meta name=\"generator\" content=\"All in One SEO Pro (AIOSEO) 5.0.1.1\" \/>\n\t\t<meta property=\"og:locale\" content=\"es_ES\" \/>\n\t\t<meta property=\"og:site_name\" content=\"Llibreria Claret - Llibreria religiosa a Barcelona\" \/>\n\t\t<meta property=\"og:type\" content=\"article\" \/>\n\t\t<meta property=\"og:title\" content=\"HISTORIA DE LA DI\u00d3CESIS DE MADRID - LABOA GALLEGO, JUAN MAR\u00cdA \/ GUTI\u00c9RREZ, LUIS 9788428840750 | Llibreria Claret\" \/>\n\t\t<meta property=\"og:description\" content=\"HISTORIA DE LA DI\u00d3CESIS DE MADRID de LABOA GALLEGO, JUAN MAR\u00cdA \/ GUTI\u00c9RREZ, LUIS disponible a\/en Llibreria Claret.\" \/>\n\t\t<meta property=\"og:url\" content=\"https:\/\/www.claret.cat\/es\/libro\/historia-de-la-diocesis-de-madrid-9788428840750\/\" \/>\n\t\t<meta property=\"og:image\" content=\"https:\/\/dev.claret.cat\/wp-content\/uploads\/logo-claret.svg\" \/>\n\t\t<meta property=\"og:image:secure_url\" content=\"https:\/\/dev.claret.cat\/wp-content\/uploads\/logo-claret.svg\" \/>\n\t\t<meta property=\"article:published_time\" content=\"2023-11-15T10:40:31+00:00\" \/>\n\t\t<meta property=\"article:modified_time\" content=\"2024-05-24T08:06:39+00:00\" \/>\n\t\t<meta property=\"article:publisher\" content=\"https:\/\/www.facebook.com\/LlibreriaClaret\" \/>\n\t\t<meta name=\"twitter:card\" content=\"summary_large_image\" \/>\n\t\t<meta name=\"twitter:site\" content=\"@LlibreriaClaret\" \/>\n\t\t<meta name=\"twitter:title\" content=\"HISTORIA DE LA DI\u00d3CESIS DE MADRID - LABOA GALLEGO, JUAN MAR\u00cdA \/ GUTI\u00c9RREZ, LUIS 9788428840750 | Llibreria Claret\" \/>\n\t\t<meta name=\"twitter:description\" content=\"HISTORIA DE LA DI\u00d3CESIS DE MADRID de LABOA GALLEGO, JUAN MAR\u00cdA \/ GUTI\u00c9RREZ, LUIS disponible a\/en Llibreria Claret.\" \/>\n\t\t<meta name=\"twitter:image\" content=\"http:\/\/dev.claret.cat\/wp-content\/uploads\/logo-claret.svg\" \/>\n\t\t<script type=\"application\/ld+json\" class=\"aioseo-schema\">\n\t\t\t{\"@context\":\"https:\\\/\\\/schema.org\",\"@graph\":[{\"@type\":\"BreadcrumbList\",\"@id\":\"https:\\\/\\\/www.claret.cat\\\/es\\\/libro\\\/historia-de-la-diocesis-de-madrid-9788428840750\\\/#breadcrumblist\",\"itemListElement\":[{\"@type\":\"ListItem\",\"@id\":\"https:\\\/\\\/www.claret.cat\\\/es\\\/#listItem\",\"position\":1,\"name\":\"Home\",\"item\":\"https:\\\/\\\/www.claret.cat\\\/es\\\/\",\"nextItem\":{\"@type\":\"ListItem\",\"@id\":\"https:\\\/\\\/www.claret.cat\\\/?page_id=16#listItem\",\"name\":\"Botiga\"}},{\"@type\":\"ListItem\",\"@id\":\"https:\\\/\\\/www.claret.cat\\\/?page_id=16#listItem\",\"position\":2,\"name\":\"Botiga\",\"item\":\"https:\\\/\\\/www.claret.cat\\\/?page_id=16\",\"nextItem\":{\"@type\":\"ListItem\",\"@id\":\"https:\\\/\\\/www.claret.cat\\\/categoria-producto\\\/cat\\\/#listItem\",\"name\":\"CAT\"},\"previousItem\":{\"@type\":\"ListItem\",\"@id\":\"https:\\\/\\\/www.claret.cat\\\/es\\\/#listItem\",\"name\":\"Home\"}},{\"@type\":\"ListItem\",\"@id\":\"https:\\\/\\\/www.claret.cat\\\/categoria-producto\\\/cat\\\/#listItem\",\"position\":3,\"name\":\"CAT\",\"item\":\"https:\\\/\\\/www.claret.cat\\\/categoria-producto\\\/cat\\\/\",\"nextItem\":{\"@type\":\"ListItem\",\"@id\":\"https:\\\/\\\/www.claret.cat\\\/categoria-producto\\\/cat\\\/1_espiritualitat\\\/#listItem\",\"name\":\"Espiritualitat\"},\"previousItem\":{\"@type\":\"ListItem\",\"@id\":\"https:\\\/\\\/www.claret.cat\\\/?page_id=16#listItem\",\"name\":\"Botiga\"}},{\"@type\":\"ListItem\",\"@id\":\"https:\\\/\\\/www.claret.cat\\\/categoria-producto\\\/cat\\\/1_espiritualitat\\\/#listItem\",\"position\":4,\"name\":\"Espiritualitat\",\"item\":\"https:\\\/\\\/www.claret.cat\\\/categoria-producto\\\/cat\\\/1_espiritualitat\\\/\",\"nextItem\":{\"@type\":\"ListItem\",\"@id\":\"https:\\\/\\\/www.claret.cat\\\/categoria-producto\\\/cat\\\/1_espiritualitat\\\/teologia\\\/#listItem\",\"name\":\"Teologia\"},\"previousItem\":{\"@type\":\"ListItem\",\"@id\":\"https:\\\/\\\/www.claret.cat\\\/categoria-producto\\\/cat\\\/#listItem\",\"name\":\"CAT\"}},{\"@type\":\"ListItem\",\"@id\":\"https:\\\/\\\/www.claret.cat\\\/categoria-producto\\\/cat\\\/1_espiritualitat\\\/teologia\\\/#listItem\",\"position\":5,\"name\":\"Teologia\",\"item\":\"https:\\\/\\\/www.claret.cat\\\/categoria-producto\\\/cat\\\/1_espiritualitat\\\/teologia\\\/\",\"nextItem\":{\"@type\":\"ListItem\",\"@id\":\"https:\\\/\\\/www.claret.cat\\\/categoria-producto\\\/cat\\\/1_espiritualitat\\\/teologia\\\/eclesiologia-teologia\\\/#listItem\",\"name\":\"Eclesiologia\"},\"previousItem\":{\"@type\":\"ListItem\",\"@id\":\"https:\\\/\\\/www.claret.cat\\\/categoria-producto\\\/cat\\\/1_espiritualitat\\\/#listItem\",\"name\":\"Espiritualitat\"}},{\"@type\":\"ListItem\",\"@id\":\"https:\\\/\\\/www.claret.cat\\\/categoria-producto\\\/cat\\\/1_espiritualitat\\\/teologia\\\/eclesiologia-teologia\\\/#listItem\",\"position\":6,\"name\":\"Eclesiologia\",\"item\":\"https:\\\/\\\/www.claret.cat\\\/categoria-producto\\\/cat\\\/1_espiritualitat\\\/teologia\\\/eclesiologia-teologia\\\/\",\"nextItem\":{\"@type\":\"ListItem\",\"@id\":\"https:\\\/\\\/www.claret.cat\\\/es\\\/libro\\\/historia-de-la-diocesis-de-madrid-9788428840750\\\/#listItem\",\"name\":\"HISTORIA DE LA DI\\u00d3CESIS DE MADRID\"},\"previousItem\":{\"@type\":\"ListItem\",\"@id\":\"https:\\\/\\\/www.claret.cat\\\/categoria-producto\\\/cat\\\/1_espiritualitat\\\/teologia\\\/#listItem\",\"name\":\"Teologia\"}},{\"@type\":\"ListItem\",\"@id\":\"https:\\\/\\\/www.claret.cat\\\/es\\\/libro\\\/historia-de-la-diocesis-de-madrid-9788428840750\\\/#listItem\",\"position\":7,\"name\":\"HISTORIA DE LA DI\\u00d3CESIS DE MADRID\",\"previousItem\":{\"@type\":\"ListItem\",\"@id\":\"https:\\\/\\\/www.claret.cat\\\/categoria-producto\\\/cat\\\/1_espiritualitat\\\/teologia\\\/eclesiologia-teologia\\\/#listItem\",\"name\":\"Eclesiologia\"}}]},{\"@type\":\"ItemPage\",\"@id\":\"https:\\\/\\\/www.claret.cat\\\/es\\\/libro\\\/historia-de-la-diocesis-de-madrid-9788428840750\\\/#itempage\",\"url\":\"https:\\\/\\\/www.claret.cat\\\/es\\\/libro\\\/historia-de-la-diocesis-de-madrid-9788428840750\\\/\",\"name\":\"HISTORIA DE LA DI\\u00d3CESIS DE MADRID - LABOA GALLEGO, JUAN MAR\\u00cdA \\\/ GUTI\\u00c9RREZ, LUIS 9788428840750 | Llibreria Claret\",\"description\":\"HISTORIA DE LA DI\\u00d3CESIS DE MADRID de LABOA GALLEGO, JUAN MAR\\u00cdA \\\/ GUTI\\u00c9RREZ, LUIS disponible a\\\/en Llibreria Claret.\",\"inLanguage\":\"es-ES\",\"isPartOf\":{\"@id\":\"https:\\\/\\\/www.claret.cat\\\/es\\\/#website\"},\"breadcrumb\":{\"@id\":\"https:\\\/\\\/www.claret.cat\\\/es\\\/libro\\\/historia-de-la-diocesis-de-madrid-9788428840750\\\/#breadcrumblist\"},\"image\":{\"@type\":\"ImageObject\",\"url\":\"https:\\\/\\\/www.claret.cat\\\/wp-content\\\/uploads\\\/.\\\/9788428840750.jpg\",\"@id\":\"https:\\\/\\\/www.claret.cat\\\/es\\\/libro\\\/historia-de-la-diocesis-de-madrid-9788428840750\\\/#mainImage\",\"width\":1099,\"height\":1536,\"caption\":\"9788428840750.jpg\"},\"primaryImageOfPage\":{\"@id\":\"https:\\\/\\\/www.claret.cat\\\/es\\\/libro\\\/historia-de-la-diocesis-de-madrid-9788428840750\\\/#mainImage\"},\"datePublished\":\"2023-11-15T11:40:31+01:00\",\"dateModified\":\"2024-05-24T10:06:39+02:00\"},{\"@type\":\"Organization\",\"@id\":\"https:\\\/\\\/www.claret.cat\\\/es\\\/#organization\",\"name\":\"Llibreria Claret\",\"description\":\"Llibreria religiosa a Barcelona\",\"url\":\"https:\\\/\\\/www.claret.cat\\\/es\\\/\",\"email\":\"comunicacio@claret.cat\",\"telephone\":\"+34933010887\",\"logo\":{\"@type\":\"ImageObject\",\"url\":\"https:\\\/\\\/www.claret.cat\\\/wp-content\\\/uploads\\\/.\\\/logo-claret-es.png\",\"@id\":\"https:\\\/\\\/www.claret.cat\\\/es\\\/libro\\\/historia-de-la-diocesis-de-madrid-9788428840750\\\/#organizationLogo\",\"width\":195,\"height\":79},\"image\":{\"@id\":\"https:\\\/\\\/www.claret.cat\\\/es\\\/libro\\\/historia-de-la-diocesis-de-madrid-9788428840750\\\/#organizationLogo\"},\"sameAs\":[\"https:\\\/\\\/www.facebook.com\\\/LlibreriaClaret\",\"https:\\\/\\\/twitter.com\\\/LlibreriaClaret\",\"https:\\\/\\\/www.instagram.com\\\/llibreriaclaret\\\/\",\"https:\\\/\\\/www.tiktok.com\\\/@llibreriaclaret\",\"https:\\\/\\\/www.youtube.com\\\/@llibreriaclaret\",\"https:\\\/\\\/ca.wikipedia.org\\\/wiki\\\/Editorial_Claret\"]},{\"@type\":\"WebPage\",\"@id\":\"https:\\\/\\\/www.claret.cat\\\/es\\\/libro\\\/historia-de-la-diocesis-de-madrid-9788428840750\\\/#webpage\",\"url\":\"https:\\\/\\\/www.claret.cat\\\/es\\\/libro\\\/historia-de-la-diocesis-de-madrid-9788428840750\\\/\",\"name\":\"HISTORIA DE LA DI\\u00d3CESIS DE MADRID - LABOA GALLEGO, JUAN MAR\\u00cdA \\\/ GUTI\\u00c9RREZ, LUIS 9788428840750 | Llibreria Claret\",\"description\":\"HISTORIA DE LA DI\\u00d3CESIS DE MADRID de LABOA GALLEGO, JUAN MAR\\u00cdA \\\/ GUTI\\u00c9RREZ, LUIS disponible a\\\/en Llibreria Claret.\",\"inLanguage\":\"es-ES\",\"isPartOf\":{\"@id\":\"https:\\\/\\\/www.claret.cat\\\/es\\\/#website\"},\"breadcrumb\":{\"@id\":\"https:\\\/\\\/www.claret.cat\\\/es\\\/libro\\\/historia-de-la-diocesis-de-madrid-9788428840750\\\/#breadcrumblist\"},\"image\":{\"@type\":\"ImageObject\",\"url\":\"https:\\\/\\\/www.claret.cat\\\/wp-content\\\/uploads\\\/.\\\/9788428840750.jpg\",\"@id\":\"https:\\\/\\\/www.claret.cat\\\/es\\\/libro\\\/historia-de-la-diocesis-de-madrid-9788428840750\\\/#mainImage\",\"width\":1099,\"height\":1536,\"caption\":\"9788428840750.jpg\"},\"primaryImageOfPage\":{\"@id\":\"https:\\\/\\\/www.claret.cat\\\/es\\\/libro\\\/historia-de-la-diocesis-de-madrid-9788428840750\\\/#mainImage\"},\"datePublished\":\"2023-11-15T11:40:31+01:00\",\"dateModified\":\"2024-05-24T10:06:39+02:00\"},{\"@type\":\"WebSite\",\"@id\":\"https:\\\/\\\/www.claret.cat\\\/es\\\/#website\",\"url\":\"https:\\\/\\\/www.claret.cat\\\/es\\\/\",\"name\":\"Llibreria Claret Barcelona\",\"alternateName\":\"Llibreria Claret\",\"description\":\"Llibreria religiosa a Barcelona\",\"inLanguage\":\"es-ES\",\"publisher\":{\"@id\":\"https:\\\/\\\/www.claret.cat\\\/es\\\/#organization\"}}]}\n\t\t<\/script>\n\t\t<!-- All in One SEO Pro -->\r\n\t\t<title>HISTORIA DE LA DI\u00d3CESIS DE MADRID - LABOA GALLEGO, JUAN MAR\u00cdA \/ GUTI\u00c9RREZ, LUIS 9788428840750 | Llibreria Claret<\/title>\n\n","aioseo_head_json":{"title":"HISTORIA DE LA DI\u00d3CESIS DE MADRID - LABOA GALLEGO, JUAN MAR\u00cdA \/ GUTI\u00c9RREZ, LUIS 9788428840750 | Llibreria Claret","description":"HISTORIA DE LA DI\u00d3CESIS DE MADRID de LABOA GALLEGO, JUAN MAR\u00cdA \/ GUTI\u00c9RREZ, LUIS disponible a\/en Llibreria Claret.","canonical_url":"https:\/\/www.claret.cat\/es\/libro\/historia-de-la-diocesis-de-madrid-9788428840750\/","robots":"max-image-preview:large","keywords":"","webmasterTools":{"google-site-verification":"xVtlFxJ-TfkIu-D-lt7XeLobefg5EIQiXTuqcSf8Rf0","miscellaneous":""},"schema":{"@context":"https:\/\/schema.org","@graph":[{"@type":"BreadcrumbList","@id":"https:\/\/www.claret.cat\/es\/libro\/historia-de-la-diocesis-de-madrid-9788428840750\/#breadcrumblist","itemListElement":[{"@type":"ListItem","@id":"https:\/\/www.claret.cat\/es\/#listItem","position":1,"name":"Home","item":"https:\/\/www.claret.cat\/es\/","nextItem":{"@type":"ListItem","@id":"https:\/\/www.claret.cat\/?page_id=16#listItem","name":"Botiga"}},{"@type":"ListItem","@id":"https:\/\/www.claret.cat\/?page_id=16#listItem","position":2,"name":"Botiga","item":"https:\/\/www.claret.cat\/?page_id=16","nextItem":{"@type":"ListItem","@id":"https:\/\/www.claret.cat\/categoria-producto\/cat\/#listItem","name":"CAT"},"previousItem":{"@type":"ListItem","@id":"https:\/\/www.claret.cat\/es\/#listItem","name":"Home"}},{"@type":"ListItem","@id":"https:\/\/www.claret.cat\/categoria-producto\/cat\/#listItem","position":3,"name":"CAT","item":"https:\/\/www.claret.cat\/categoria-producto\/cat\/","nextItem":{"@type":"ListItem","@id":"https:\/\/www.claret.cat\/categoria-producto\/cat\/1_espiritualitat\/#listItem","name":"Espiritualitat"},"previousItem":{"@type":"ListItem","@id":"https:\/\/www.claret.cat\/?page_id=16#listItem","name":"Botiga"}},{"@type":"ListItem","@id":"https:\/\/www.claret.cat\/categoria-producto\/cat\/1_espiritualitat\/#listItem","position":4,"name":"Espiritualitat","item":"https:\/\/www.claret.cat\/categoria-producto\/cat\/1_espiritualitat\/","nextItem":{"@type":"ListItem","@id":"https:\/\/www.claret.cat\/categoria-producto\/cat\/1_espiritualitat\/teologia\/#listItem","name":"Teologia"},"previousItem":{"@type":"ListItem","@id":"https:\/\/www.claret.cat\/categoria-producto\/cat\/#listItem","name":"CAT"}},{"@type":"ListItem","@id":"https:\/\/www.claret.cat\/categoria-producto\/cat\/1_espiritualitat\/teologia\/#listItem","position":5,"name":"Teologia","item":"https:\/\/www.claret.cat\/categoria-producto\/cat\/1_espiritualitat\/teologia\/","nextItem":{"@type":"ListItem","@id":"https:\/\/www.claret.cat\/categoria-producto\/cat\/1_espiritualitat\/teologia\/eclesiologia-teologia\/#listItem","name":"Eclesiologia"},"previousItem":{"@type":"ListItem","@id":"https:\/\/www.claret.cat\/categoria-producto\/cat\/1_espiritualitat\/#listItem","name":"Espiritualitat"}},{"@type":"ListItem","@id":"https:\/\/www.claret.cat\/categoria-producto\/cat\/1_espiritualitat\/teologia\/eclesiologia-teologia\/#listItem","position":6,"name":"Eclesiologia","item":"https:\/\/www.claret.cat\/categoria-producto\/cat\/1_espiritualitat\/teologia\/eclesiologia-teologia\/","nextItem":{"@type":"ListItem","@id":"https:\/\/www.claret.cat\/es\/libro\/historia-de-la-diocesis-de-madrid-9788428840750\/#listItem","name":"HISTORIA DE LA DI\u00d3CESIS DE MADRID"},"previousItem":{"@type":"ListItem","@id":"https:\/\/www.claret.cat\/categoria-producto\/cat\/1_espiritualitat\/teologia\/#listItem","name":"Teologia"}},{"@type":"ListItem","@id":"https:\/\/www.claret.cat\/es\/libro\/historia-de-la-diocesis-de-madrid-9788428840750\/#listItem","position":7,"name":"HISTORIA DE LA DI\u00d3CESIS DE MADRID","previousItem":{"@type":"ListItem","@id":"https:\/\/www.claret.cat\/categoria-producto\/cat\/1_espiritualitat\/teologia\/eclesiologia-teologia\/#listItem","name":"Eclesiologia"}}]},{"@type":"ItemPage","@id":"https:\/\/www.claret.cat\/es\/libro\/historia-de-la-diocesis-de-madrid-9788428840750\/#itempage","url":"https:\/\/www.claret.cat\/es\/libro\/historia-de-la-diocesis-de-madrid-9788428840750\/","name":"HISTORIA DE LA DI\u00d3CESIS DE MADRID - LABOA GALLEGO, JUAN MAR\u00cdA \/ GUTI\u00c9RREZ, LUIS 9788428840750 | Llibreria Claret","description":"HISTORIA DE LA DI\u00d3CESIS DE MADRID de LABOA GALLEGO, JUAN MAR\u00cdA \/ GUTI\u00c9RREZ, LUIS disponible a\/en Llibreria Claret.","inLanguage":"es-ES","isPartOf":{"@id":"https:\/\/www.claret.cat\/es\/#website"},"breadcrumb":{"@id":"https:\/\/www.claret.cat\/es\/libro\/historia-de-la-diocesis-de-madrid-9788428840750\/#breadcrumblist"},"image":{"@type":"ImageObject","url":"https:\/\/www.claret.cat\/wp-content\/uploads\/.\/9788428840750.jpg","@id":"https:\/\/www.claret.cat\/es\/libro\/historia-de-la-diocesis-de-madrid-9788428840750\/#mainImage","width":1099,"height":1536,"caption":"9788428840750.jpg"},"primaryImageOfPage":{"@id":"https:\/\/www.claret.cat\/es\/libro\/historia-de-la-diocesis-de-madrid-9788428840750\/#mainImage"},"datePublished":"2023-11-15T11:40:31+01:00","dateModified":"2024-05-24T10:06:39+02:00"},{"@type":"Organization","@id":"https:\/\/www.claret.cat\/es\/#organization","name":"Llibreria Claret","description":"Llibreria religiosa a Barcelona","url":"https:\/\/www.claret.cat\/es\/","email":"comunicacio@claret.cat","telephone":"+34933010887","logo":{"@type":"ImageObject","url":"https:\/\/www.claret.cat\/wp-content\/uploads\/.\/logo-claret-es.png","@id":"https:\/\/www.claret.cat\/es\/libro\/historia-de-la-diocesis-de-madrid-9788428840750\/#organizationLogo","width":195,"height":79},"image":{"@id":"https:\/\/www.claret.cat\/es\/libro\/historia-de-la-diocesis-de-madrid-9788428840750\/#organizationLogo"},"sameAs":["https:\/\/www.facebook.com\/LlibreriaClaret","https:\/\/twitter.com\/LlibreriaClaret","https:\/\/www.instagram.com\/llibreriaclaret\/","https:\/\/www.tiktok.com\/@llibreriaclaret","https:\/\/www.youtube.com\/@llibreriaclaret","https:\/\/ca.wikipedia.org\/wiki\/Editorial_Claret"]},{"@type":"WebPage","@id":"https:\/\/www.claret.cat\/es\/libro\/historia-de-la-diocesis-de-madrid-9788428840750\/#webpage","url":"https:\/\/www.claret.cat\/es\/libro\/historia-de-la-diocesis-de-madrid-9788428840750\/","name":"HISTORIA DE LA DI\u00d3CESIS DE MADRID - LABOA GALLEGO, JUAN MAR\u00cdA \/ GUTI\u00c9RREZ, LUIS 9788428840750 | Llibreria Claret","description":"HISTORIA DE LA DI\u00d3CESIS DE MADRID de LABOA GALLEGO, JUAN MAR\u00cdA \/ GUTI\u00c9RREZ, LUIS disponible a\/en Llibreria Claret.","inLanguage":"es-ES","isPartOf":{"@id":"https:\/\/www.claret.cat\/es\/#website"},"breadcrumb":{"@id":"https:\/\/www.claret.cat\/es\/libro\/historia-de-la-diocesis-de-madrid-9788428840750\/#breadcrumblist"},"image":{"@type":"ImageObject","url":"https:\/\/www.claret.cat\/wp-content\/uploads\/.\/9788428840750.jpg","@id":"https:\/\/www.claret.cat\/es\/libro\/historia-de-la-diocesis-de-madrid-9788428840750\/#mainImage","width":1099,"height":1536,"caption":"9788428840750.jpg"},"primaryImageOfPage":{"@id":"https:\/\/www.claret.cat\/es\/libro\/historia-de-la-diocesis-de-madrid-9788428840750\/#mainImage"},"datePublished":"2023-11-15T11:40:31+01:00","dateModified":"2024-05-24T10:06:39+02:00"},{"@type":"WebSite","@id":"https:\/\/www.claret.cat\/es\/#website","url":"https:\/\/www.claret.cat\/es\/","name":"Llibreria Claret Barcelona","alternateName":"Llibreria Claret","description":"Llibreria religiosa a Barcelona","inLanguage":"es-ES","publisher":{"@id":"https:\/\/www.claret.cat\/es\/#organization"}}]},"og:locale":"es_ES","og:site_name":"Llibreria Claret - Llibreria religiosa a Barcelona","og:type":"article","og:title":"HISTORIA DE LA DI\u00d3CESIS DE MADRID - LABOA GALLEGO, JUAN MAR\u00cdA \/ GUTI\u00c9RREZ, LUIS 9788428840750 | Llibreria Claret","og:description":"HISTORIA DE LA DI\u00d3CESIS DE MADRID de LABOA GALLEGO, JUAN MAR\u00cdA \/ GUTI\u00c9RREZ, LUIS disponible a\/en Llibreria Claret.","og:url":"https:\/\/www.claret.cat\/es\/libro\/historia-de-la-diocesis-de-madrid-9788428840750\/","og:image":"https:\/\/dev.claret.cat\/wp-content\/uploads\/logo-claret.svg","og:image:secure_url":"https:\/\/dev.claret.cat\/wp-content\/uploads\/logo-claret.svg","article:published_time":"2023-11-15T10:40:31+00:00","article:modified_time":"2024-05-24T08:06:39+00:00","article:publisher":"https:\/\/www.facebook.com\/LlibreriaClaret","twitter:card":"summary_large_image","twitter:site":"@LlibreriaClaret","twitter:title":"HISTORIA DE LA DI\u00d3CESIS DE MADRID - LABOA GALLEGO, JUAN MAR\u00cdA \/ GUTI\u00c9RREZ, LUIS 9788428840750 | Llibreria Claret","twitter:description":"HISTORIA DE LA DI\u00d3CESIS DE MADRID de LABOA GALLEGO, JUAN MAR\u00cdA \/ GUTI\u00c9RREZ, LUIS disponible a\/en Llibreria Claret.","twitter:image":"http:\/\/dev.claret.cat\/wp-content\/uploads\/logo-claret.svg"},"aioseo_meta_data":{"post_id":"941497","title":null,"description":null,"keywords":null,"keyphrases":null,"primary_term":null,"canonical_url":null,"og_title":null,"og_description":null,"og_object_type":"default","og_image_type":"default","og_image_url":null,"og_image_width":null,"og_image_height":null,"og_image_custom_url":null,"og_image_custom_fields":null,"og_video":null,"og_custom_url":null,"og_article_section":null,"og_article_tags":null,"twitter_use_og":false,"twitter_card":"default","twitter_image_type":"default","twitter_image_url":null,"twitter_image_custom_url":null,"twitter_image_custom_fields":null,"twitter_title":null,"twitter_description":null,"schema":{"blockGraphs":[],"customGraphs":[],"default":{"data":{"Article":[],"Course":[],"Dataset":[],"FAQPage":[],"Movie":[],"Person":[],"Product":[],"ProductReview":[],"Car":[],"Recipe":[],"Service":[],"SoftwareApplication":[],"WebPage":[]},"graphName":"","isEnabled":true},"graphs":[]},"schema_type":"default","schema_type_options":null,"pillar_content":false,"robots_default":true,"robots_noindex":false,"robots_noarchive":false,"robots_nosnippet":false,"robots_nofollow":false,"robots_noimageindex":false,"robots_noodp":false,"robots_notranslate":false,"robots_max_snippet":null,"robots_max_videopreview":null,"robots_max_imagepreview":"large","priority":null,"frequency":null,"local_seo":null,"seo_analyzer_scan_date":"2026-06-10 12:37:14","breadcrumb_settings":null,"limit_modified_date":false,"open_ai":null,"ai":null,"created":"2023-11-15 10:55:41","updated":"2026-06-10 12:37:14","focus_keyword":null,"additional_keywords":null,"truseo_locale":null},"aioseo_breadcrumb":"<div class=\"aioseo-breadcrumbs\"><span class=\"aioseo-breadcrumb\">\n\t<a href=\"https:\/\/www.claret.cat\/es\/\" title=\"Home\">Home<\/a>\n<\/span><span class=\"aioseo-breadcrumb-separator\">&raquo;<\/span><span class=\"aioseo-breadcrumb\">\n\t<a href=\"https:\/\/www.claret.cat\/?page_id=16\" title=\"Botiga\">Botiga<\/a>\n<\/span><span class=\"aioseo-breadcrumb-separator\">&raquo;<\/span><span class=\"aioseo-breadcrumb\">\n\t<a href=\"https:\/\/www.claret.cat\/categoria-producto\/cat\/\" title=\"CAT\">CAT<\/a>\n<\/span><span class=\"aioseo-breadcrumb-separator\">&raquo;<\/span><span class=\"aioseo-breadcrumb\">\n\t<a href=\"https:\/\/www.claret.cat\/categoria-producto\/cat\/1_espiritualitat\/\" title=\"Espiritualitat\">Espiritualitat<\/a>\n<\/span><span class=\"aioseo-breadcrumb-separator\">&raquo;<\/span><span class=\"aioseo-breadcrumb\">\n\t<a href=\"https:\/\/www.claret.cat\/categoria-producto\/cat\/1_espiritualitat\/teologia\/\" title=\"Teologia\">Teologia<\/a>\n<\/span><span class=\"aioseo-breadcrumb-separator\">&raquo;<\/span><span class=\"aioseo-breadcrumb\">\n\t<a href=\"https:\/\/www.claret.cat\/categoria-producto\/cat\/1_espiritualitat\/teologia\/eclesiologia-teologia\/\" title=\"Eclesiologia\">Eclesiologia<\/a>\n<\/span><span class=\"aioseo-breadcrumb-separator\">&raquo;<\/span><span class=\"aioseo-breadcrumb\">\n\tHISTORIA DE LA DI\u00d3CESIS DE MADRID\n<\/span><\/div>","aioseo_breadcrumb_json":[{"label":"Home","link":"https:\/\/www.claret.cat\/es\/"},{"label":"Botiga","link":"https:\/\/www.claret.cat\/?page_id=16"},{"label":"CAT","link":"https:\/\/www.claret.cat\/categoria-producto\/cat\/"},{"label":"Espiritualitat","link":"https:\/\/www.claret.cat\/categoria-producto\/cat\/1_espiritualitat\/"},{"label":"Teologia","link":"https:\/\/www.claret.cat\/categoria-producto\/cat\/1_espiritualitat\/teologia\/"},{"label":"Eclesiologia","link":"https:\/\/www.claret.cat\/categoria-producto\/cat\/1_espiritualitat\/teologia\/eclesiologia-teologia\/"},{"label":"HISTORIA DE LA DI\u00d3CESIS DE MADRID","link":"https:\/\/www.claret.cat\/es\/libro\/historia-de-la-diocesis-de-madrid-9788428840750\/"}],"_links":{"self":[{"href":"https:\/\/www.claret.cat\/es\/wp-json\/wp\/v2\/product\/941497","targetHints":{"allow":["GET"]}}],"collection":[{"href":"https:\/\/www.claret.cat\/es\/wp-json\/wp\/v2\/product"}],"about":[{"href":"https:\/\/www.claret.cat\/es\/wp-json\/wp\/v2\/types\/product"}],"wp:featuredmedia":[{"embeddable":true,"href":"https:\/\/www.claret.cat\/es\/wp-json\/wp\/v2\/media\/941498"}],"wp:attachment":[{"href":"https:\/\/www.claret.cat\/es\/wp-json\/wp\/v2\/media?parent=941497"}],"wp:term":[{"taxonomy":"product_brand","embeddable":true,"href":"https:\/\/www.claret.cat\/es\/wp-json\/wp\/v2\/product_brand?post=941497"},{"taxonomy":"product_cat","embeddable":true,"href":"https:\/\/www.claret.cat\/es\/wp-json\/wp\/v2\/product_cat?post=941497"},{"taxonomy":"product_tag","embeddable":true,"href":"https:\/\/www.claret.cat\/es\/wp-json\/wp\/v2\/product_tag?post=941497"}],"curies":[{"name":"wp","href":"https:\/\/api.w.org\/{rel}","templated":true}]}}