{"id":942238,"date":"2023-11-20T16:40:49","date_gmt":"2023-11-20T15:40:49","guid":{"rendered":"https:\/\/www.claret.cat\/llibre\/la-ultima-bruja-2-la-venganza-de-las-meigas-9788419522207\/"},"modified":"2023-11-20T17:01:39","modified_gmt":"2023-11-20T16:01:39","slug":"la-ultima-bruja-2-la-venganza-de-las-meigas-9788419522207","status":"publish","type":"product","link":"https:\/\/www.claret.cat\/es\/libro\/la-ultima-bruja-2-la-venganza-de-las-meigas-9788419522207\/","title":{"rendered":"LA \u00daLTIMA BRUJA 2 &#8211; LA VENGANZA DE LAS MEIGAS"},"content":{"rendered":"<p>Llega la segunda entrega dela nueva serie de aventura y fantas\u00eda nacional de Jara Santamar\u00eda, autora de la serie de Los dioses del norte UN MUNDO A PUNTO DE PERDER LA MAGIA, UNA \u00daNICA ESPERANZA: LA \u00daLTIMA BRUJA Ingrid ha regresado a Osc\u00faritas, nuestro mundo, para retomar su vida. Pero \u00bfc\u00f3mo se recupera la normalidad cuando sabes que eres la supuesta elegida de una profec\u00eda? Air\u00f3n y sus seguidores no se han olvidado de ella&#8230; y no son la \u00fanica amenaza en el horizonte.Un nuevo peligro acecha al mundo m\u00e1gico de Alboria: alguien ha roto el tratado de paz entre los brujos y las criaturas m\u00e1gicas, y cualquier paso en falso puede provocar una guerra que terminar\u00eda por destruir toda la magia. Para salvarla, Ingrid deber\u00e1 descubrir qui\u00e9n es el verdadero enemigo. Sin embargo, no todo es lo que parece.PARA SALVAR LA MAGIA, DEBER\u00c1 APRENDER A CONFIAR EN SUS ALIADOS&#8230; Y EN S\u00cd MISMA.<\/p>\n","protected":false},"excerpt":{"rendered":"<p>SANTAMAR\u00cdA, JARA<\/p>\n","protected":false},"featured_media":942239,"template":"","meta":{"_acf_changed":false,"om_disable_all_campaigns":false,"rs_blank_template":"","rs_page_bg_color":"","slide_template_v7":"","inline_featured_image":false,"_monsterinsights_skip_tracking":false,"_monsterinsights_sitenote_active":false,"_monsterinsights_sitenote_note":"","_monsterinsights_sitenote_category":0},"product_brand":[],"product_cat":[133,132,362,363],"product_tag":[],"class_list":{"0":"post-942238","1":"product","2":"type-product","3":"status-publish","4":"has-post-thumbnail","6":"product_cat-lectures-per-adolescents-12-18-anys","7":"product_cat-lectures-per-preadolescents-6-12-anys","8":"product_cat-libros-preadolescentes-6-12-anos","9":"product_cat-lecturas-por-adolescentes-12-18-anos","11":"first","12":"instock","13":"taxable","14":"shipping-taxable","15":"purchasable","16":"product-type-simple"},"acf":{"autor":"SANTAMAR\u00cdA, JARA","codart":"841952220","libros-coleccion":"","ediciones":"1","encuadernacion":"Carton\u00e9","fecha_de_publicacion":"01\/11\/2023","novedad":"1","paginas":"267","subtitulo":"","orden":"0","portada":"0","idioma":"spa","editorial":[{"ID":294535,"post_author":"3","post_date":"2022-12-12 12:50:10","post_date_gmt":"2022-12-12 11:50:10","post_content":"","post_title":"B de Blok","post_excerpt":"","post_status":"publish","comment_status":"closed","ping_status":"closed","post_password":"","post_name":"b-de-blok","to_ping":"","pinged":"","post_modified":"2022-12-12 12:50:10","post_modified_gmt":"2022-12-12 11:50:10","post_content_filtered":"","post_parent":0,"guid":"http:\/\/dev.claret.cat\/editorial\/b-de-blok\/","menu_order":0,"post_type":"editorial","post_mime_type":"","comment_count":"0","filter":"raw"}],"autores-libros":[{"ID":158527,"post_author":"3","post_date":"2022-10-14 15:37:33","post_date_gmt":"2022-10-14 13:37:33","post_content":"","post_title":"JARA SANTAMAR\u00cdA","post_excerpt":"","post_status":"publish","comment_status":"closed","ping_status":"closed","post_password":"","post_name":"jara-santamaria","to_ping":"","pinged":"","post_modified":"2022-10-14 15:37:33","post_modified_gmt":"2022-10-14 13:37:33","post_content_filtered":"","post_parent":0,"guid":"http:\/\/dev.claret.cat\/autor\/jara-santamaria\/","menu_order":0,"post_type":"autor","post_mime_type":"","comment_count":"0","filter":"raw"}]},"aioseo_notices":[],"_links":{"self":[{"href":"https:\/\/www.claret.cat\/es\/wp-json\/wp\/v2\/product\/942238","targetHints":{"allow":["GET"]}}],"collection":[{"href":"https:\/\/www.claret.cat\/es\/wp-json\/wp\/v2\/product"}],"about":[{"href":"https:\/\/www.claret.cat\/es\/wp-json\/wp\/v2\/types\/product"}],"wp:featuredmedia":[{"embeddable":true,"href":"https:\/\/www.claret.cat\/es\/wp-json\/wp\/v2\/media\/942239"}],"wp:attachment":[{"href":"https:\/\/www.claret.cat\/es\/wp-json\/wp\/v2\/media?parent=942238"}],"wp:term":[{"taxonomy":"product_brand","embeddable":true,"href":"https:\/\/www.claret.cat\/es\/wp-json\/wp\/v2\/product_brand?post=942238"},{"taxonomy":"product_cat","embeddable":true,"href":"https:\/\/www.claret.cat\/es\/wp-json\/wp\/v2\/product_cat?post=942238"},{"taxonomy":"product_tag","embeddable":true,"href":"https:\/\/www.claret.cat\/es\/wp-json\/wp\/v2\/product_tag?post=942238"}],"curies":[{"name":"wp","href":"https:\/\/api.w.org\/{rel}","templated":true}]}}