{"id":947162,"date":"2024-01-12T11:15:14","date_gmt":"2024-01-12T10:15:14","guid":{"rendered":"https:\/\/www.claret.cat\/llibre\/la-conservacion-del-universo-segun-santo-tomas-de-aquino-9788418467882\/"},"modified":"2025-04-23T17:10:06","modified_gmt":"2025-04-23T15:10:06","slug":"la-conservacion-del-universo-segun-santo-tomas-de-aquino-9788418467882","status":"publish","type":"product","link":"https:\/\/www.claret.cat\/es\/libro\/la-conservacion-del-universo-segun-santo-tomas-de-aquino-9788418467882\/","title":{"rendered":"LA CONSERVACI\u00d3N DEL UNIVERSO SEG\u00daN SANTO TOM\u00c1S DE AQUINO"},"content":{"rendered":"<p>El tema de la creaci\u00f3n ha ocupado, en los \u00faltimos decenios, un lugar destacado dentro de la sistematizaci\u00f3n del pensamiento tomista; la conservaci\u00f3n del universo, sin embargo, no ha gozado de la misma atenci\u00f3n.<br \/>Aunque existen trabajos sobre la materia, muchas veces se ha considerado la conservaci\u00f3n como un simple anexo o complemento que viene a precisar lo ya tratado al hablar de la creaci\u00f3n. Una lectura atenta, sin embargo, de los textos donde santo Tom\u00e1s aborda el problema (en particular de la Suma de teolog\u00eda) revela que su importancia filos\u00f3fica y teol\u00f3gica es mayor de lo que podr\u00eda aparecer a simple vista. En este trabajo procuramos precisar la noci\u00f3n de conservaci\u00f3n se\u00f1alando su distinci\u00f3n con la creaci\u00f3n (sobre todo mostrando su vinculaci\u00f3n con la teor\u00eda del gobierno y su dimensi\u00f3n escatol\u00f3gica) y comparar el pensamiento tomasiano con algunos problemas filos\u00f3ficos y teol\u00f3gicos de la modernidad.<\/p>\n","protected":false},"excerpt":{"rendered":"<p>PRIETO, LUCAS<\/p>\n","protected":false},"featured_media":947170,"template":"","meta":{"_acf_changed":false,"om_disable_all_campaigns":false,"rs_blank_template":"","rs_page_bg_color":"","slide_template_v7":"","inline_featured_image":false,"_monsterinsights_skip_tracking":false},"product_brand":[],"product_cat":[284,418,275,413],"product_tag":[],"class_list":["post-947162","product","type-product","status-publish","has-post-thumbnail","product_cat-espiritual","product_cat-espiritual-teologia-1_espiritualidad","product_cat-fonamental","product_cat-fundamental","first","instock","taxable","shipping-taxable","purchasable","product-type-simple"],"acf":{"autor":"PRIETO, LUCAS","codart":"841846788","libros-coleccion":"FORA DE COL.LECCI\u00d3","ediciones":"1","encuadernacion":"R\u00fastica","fecha_de_publicacion":"01\/12\/2023","novedad":"1","paginas":"366","subtitulo":"","orden":"0","portada":"0","idioma":"spa","editorial":[{"ID":147790,"post_author":"3","post_date":"2022-10-14 11:53:14","post_date_gmt":"2022-10-14 09:53:14","post_content":"","post_title":"Ediciones Cor Iesu","post_excerpt":"","post_status":"publish","comment_status":"closed","ping_status":"closed","post_password":"","post_name":"ediciones-cor-iesu","to_ping":"","pinged":"","post_modified":"2022-10-14 11:53:14","post_modified_gmt":"2022-10-14 09:53:14","post_content_filtered":"","post_parent":0,"guid":"http:\/\/dev.claret.cat\/editorial\/ediciones-cor-iesu\/","menu_order":0,"post_type":"editorial","post_mime_type":"","comment_count":"0","filter":"raw"}],"autores-libros":[{"ID":947169,"post_author":"3","post_date":"2024-01-12 11:40:34","post_date_gmt":"2024-01-12 10:40:34","post_content":"","post_title":"LUCAS PRIETO","post_excerpt":"","post_status":"publish","comment_status":"closed","ping_status":"closed","post_password":"","post_name":"lucas-prieto","to_ping":"","pinged":"","post_modified":"2024-01-12 11:40:34","post_modified_gmt":"2024-01-12 10:40:34","post_content_filtered":"","post_parent":0,"guid":"https:\/\/www.claret.cat\/autor\/lucas-prieto\/","menu_order":0,"post_type":"autor","post_mime_type":"","comment_count":"0","filter":"raw"}],"booktrailer":"","resenas":""},"aioseo_notices":[],"aioseo_head":"\n\t\t<!-- All in One SEO Pro 5.0.1.1 - aioseo.com -->\n\t<meta name=\"description\" content=\"LA CONSERVACI\u00d3N DEL UNIVERSO SEG\u00daN SANTO TOM\u00c1S DE AQUINO de PRIETO, LUCAS disponible a\/en Llibreria Claret.\" \/>\n\t<meta name=\"robots\" content=\"max-image-preview:large\" \/>\n\t<meta name=\"google-site-verification\" content=\"xVtlFxJ-TfkIu-D-lt7XeLobefg5EIQiXTuqcSf8Rf0\" \/>\n\t<link rel=\"canonical\" href=\"https:\/\/www.claret.cat\/es\/libro\/la-conservacion-del-universo-segun-santo-tomas-de-aquino-9788418467882\/\" \/>\n\t<meta name=\"generator\" content=\"All in One SEO Pro (AIOSEO) 5.0.1.1\" \/>\n\t\t<meta property=\"og:locale\" content=\"es_ES\" \/>\n\t\t<meta property=\"og:site_name\" content=\"Llibreria Claret - Llibreria religiosa a Barcelona\" \/>\n\t\t<meta property=\"og:type\" content=\"article\" \/>\n\t\t<meta property=\"og:title\" content=\"LA CONSERVACI\u00d3N DEL UNIVERSO SEG\u00daN SANTO TOM\u00c1S DE AQUINO - PRIETO, LUCAS 9788418467882 | Llibreria Claret\" \/>\n\t\t<meta property=\"og:description\" content=\"LA CONSERVACI\u00d3N DEL UNIVERSO SEG\u00daN SANTO TOM\u00c1S DE AQUINO de PRIETO, LUCAS disponible a\/en Llibreria Claret.\" \/>\n\t\t<meta property=\"og:url\" content=\"https:\/\/www.claret.cat\/es\/libro\/la-conservacion-del-universo-segun-santo-tomas-de-aquino-9788418467882\/\" \/>\n\t\t<meta property=\"og:image\" content=\"https:\/\/dev.claret.cat\/wp-content\/uploads\/logo-claret.svg\" \/>\n\t\t<meta property=\"og:image:secure_url\" content=\"https:\/\/dev.claret.cat\/wp-content\/uploads\/logo-claret.svg\" \/>\n\t\t<meta property=\"article:published_time\" content=\"2024-01-12T10:15:14+00:00\" \/>\n\t\t<meta property=\"article:modified_time\" content=\"2025-04-23T15:10:06+00:00\" \/>\n\t\t<meta property=\"article:publisher\" content=\"https:\/\/www.facebook.com\/LlibreriaClaret\" \/>\n\t\t<meta name=\"twitter:card\" content=\"summary_large_image\" \/>\n\t\t<meta name=\"twitter:site\" content=\"@LlibreriaClaret\" \/>\n\t\t<meta name=\"twitter:title\" content=\"LA CONSERVACI\u00d3N DEL UNIVERSO SEG\u00daN SANTO TOM\u00c1S DE AQUINO - PRIETO, LUCAS 9788418467882 | Llibreria Claret\" \/>\n\t\t<meta name=\"twitter:description\" content=\"LA CONSERVACI\u00d3N DEL UNIVERSO SEG\u00daN SANTO TOM\u00c1S DE AQUINO de PRIETO, LUCAS disponible a\/en Llibreria Claret.\" \/>\n\t\t<meta name=\"twitter:image\" content=\"http:\/\/dev.claret.cat\/wp-content\/uploads\/logo-claret.svg\" \/>\n\t\t<script type=\"application\/ld+json\" class=\"aioseo-schema\">\n\t\t\t{\"@context\":\"https:\\\/\\\/schema.org\",\"@graph\":[{\"@type\":\"BreadcrumbList\",\"@id\":\"https:\\\/\\\/www.claret.cat\\\/es\\\/libro\\\/la-conservacion-del-universo-segun-santo-tomas-de-aquino-9788418467882\\\/#breadcrumblist\",\"itemListElement\":[{\"@type\":\"ListItem\",\"@id\":\"https:\\\/\\\/www.claret.cat\\\/es\\\/#listItem\",\"position\":1,\"name\":\"Home\",\"item\":\"https:\\\/\\\/www.claret.cat\\\/es\\\/\",\"nextItem\":{\"@type\":\"ListItem\",\"@id\":\"https:\\\/\\\/www.claret.cat\\\/?page_id=16#listItem\",\"name\":\"Botiga\"}},{\"@type\":\"ListItem\",\"@id\":\"https:\\\/\\\/www.claret.cat\\\/?page_id=16#listItem\",\"position\":2,\"name\":\"Botiga\",\"item\":\"https:\\\/\\\/www.claret.cat\\\/?page_id=16\",\"nextItem\":{\"@type\":\"ListItem\",\"@id\":\"https:\\\/\\\/www.claret.cat\\\/categoria-producto\\\/cat\\\/#listItem\",\"name\":\"CAT\"},\"previousItem\":{\"@type\":\"ListItem\",\"@id\":\"https:\\\/\\\/www.claret.cat\\\/es\\\/#listItem\",\"name\":\"Home\"}},{\"@type\":\"ListItem\",\"@id\":\"https:\\\/\\\/www.claret.cat\\\/categoria-producto\\\/cat\\\/#listItem\",\"position\":3,\"name\":\"CAT\",\"item\":\"https:\\\/\\\/www.claret.cat\\\/categoria-producto\\\/cat\\\/\",\"nextItem\":{\"@type\":\"ListItem\",\"@id\":\"https:\\\/\\\/www.claret.cat\\\/categoria-producto\\\/cat\\\/1_espiritualitat\\\/#listItem\",\"name\":\"Espiritualitat\"},\"previousItem\":{\"@type\":\"ListItem\",\"@id\":\"https:\\\/\\\/www.claret.cat\\\/?page_id=16#listItem\",\"name\":\"Botiga\"}},{\"@type\":\"ListItem\",\"@id\":\"https:\\\/\\\/www.claret.cat\\\/categoria-producto\\\/cat\\\/1_espiritualitat\\\/#listItem\",\"position\":4,\"name\":\"Espiritualitat\",\"item\":\"https:\\\/\\\/www.claret.cat\\\/categoria-producto\\\/cat\\\/1_espiritualitat\\\/\",\"nextItem\":{\"@type\":\"ListItem\",\"@id\":\"https:\\\/\\\/www.claret.cat\\\/categoria-producto\\\/cat\\\/1_espiritualitat\\\/teologia\\\/#listItem\",\"name\":\"Teologia\"},\"previousItem\":{\"@type\":\"ListItem\",\"@id\":\"https:\\\/\\\/www.claret.cat\\\/categoria-producto\\\/cat\\\/#listItem\",\"name\":\"CAT\"}},{\"@type\":\"ListItem\",\"@id\":\"https:\\\/\\\/www.claret.cat\\\/categoria-producto\\\/cat\\\/1_espiritualitat\\\/teologia\\\/#listItem\",\"position\":5,\"name\":\"Teologia\",\"item\":\"https:\\\/\\\/www.claret.cat\\\/categoria-producto\\\/cat\\\/1_espiritualitat\\\/teologia\\\/\",\"nextItem\":{\"@type\":\"ListItem\",\"@id\":\"https:\\\/\\\/www.claret.cat\\\/categoria-producto\\\/cat\\\/1_espiritualitat\\\/teologia\\\/fonamental\\\/#listItem\",\"name\":\"Fonamental\"},\"previousItem\":{\"@type\":\"ListItem\",\"@id\":\"https:\\\/\\\/www.claret.cat\\\/categoria-producto\\\/cat\\\/1_espiritualitat\\\/#listItem\",\"name\":\"Espiritualitat\"}},{\"@type\":\"ListItem\",\"@id\":\"https:\\\/\\\/www.claret.cat\\\/categoria-producto\\\/cat\\\/1_espiritualitat\\\/teologia\\\/fonamental\\\/#listItem\",\"position\":6,\"name\":\"Fonamental\",\"item\":\"https:\\\/\\\/www.claret.cat\\\/categoria-producto\\\/cat\\\/1_espiritualitat\\\/teologia\\\/fonamental\\\/\",\"nextItem\":{\"@type\":\"ListItem\",\"@id\":\"https:\\\/\\\/www.claret.cat\\\/es\\\/libro\\\/la-conservacion-del-universo-segun-santo-tomas-de-aquino-9788418467882\\\/#listItem\",\"name\":\"LA CONSERVACI\\u00d3N DEL UNIVERSO SEG\\u00daN SANTO TOM\\u00c1S DE AQUINO\"},\"previousItem\":{\"@type\":\"ListItem\",\"@id\":\"https:\\\/\\\/www.claret.cat\\\/categoria-producto\\\/cat\\\/1_espiritualitat\\\/teologia\\\/#listItem\",\"name\":\"Teologia\"}},{\"@type\":\"ListItem\",\"@id\":\"https:\\\/\\\/www.claret.cat\\\/es\\\/libro\\\/la-conservacion-del-universo-segun-santo-tomas-de-aquino-9788418467882\\\/#listItem\",\"position\":7,\"name\":\"LA CONSERVACI\\u00d3N DEL UNIVERSO SEG\\u00daN SANTO TOM\\u00c1S DE AQUINO\",\"previousItem\":{\"@type\":\"ListItem\",\"@id\":\"https:\\\/\\\/www.claret.cat\\\/categoria-producto\\\/cat\\\/1_espiritualitat\\\/teologia\\\/fonamental\\\/#listItem\",\"name\":\"Fonamental\"}}]},{\"@type\":\"ItemPage\",\"@id\":\"https:\\\/\\\/www.claret.cat\\\/es\\\/libro\\\/la-conservacion-del-universo-segun-santo-tomas-de-aquino-9788418467882\\\/#itempage\",\"url\":\"https:\\\/\\\/www.claret.cat\\\/es\\\/libro\\\/la-conservacion-del-universo-segun-santo-tomas-de-aquino-9788418467882\\\/\",\"name\":\"LA CONSERVACI\\u00d3N DEL UNIVERSO SEG\\u00daN SANTO TOM\\u00c1S DE AQUINO - PRIETO, LUCAS 9788418467882 | Llibreria Claret\",\"description\":\"LA CONSERVACI\\u00d3N DEL UNIVERSO SEG\\u00daN SANTO TOM\\u00c1S DE AQUINO de PRIETO, LUCAS disponible a\\\/en Llibreria Claret.\",\"inLanguage\":\"es-ES\",\"isPartOf\":{\"@id\":\"https:\\\/\\\/www.claret.cat\\\/es\\\/#website\"},\"breadcrumb\":{\"@id\":\"https:\\\/\\\/www.claret.cat\\\/es\\\/libro\\\/la-conservacion-del-universo-segun-santo-tomas-de-aquino-9788418467882\\\/#breadcrumblist\"},\"image\":{\"@type\":\"ImageObject\",\"url\":\"https:\\\/\\\/www.claret.cat\\\/wp-content\\\/uploads\\\/.\\\/9788418467882-1.jpg\",\"@id\":\"https:\\\/\\\/www.claret.cat\\\/es\\\/libro\\\/la-conservacion-del-universo-segun-santo-tomas-de-aquino-9788418467882\\\/#mainImage\",\"width\":734,\"height\":1012,\"caption\":\"9788418467882.jpg\"},\"primaryImageOfPage\":{\"@id\":\"https:\\\/\\\/www.claret.cat\\\/es\\\/libro\\\/la-conservacion-del-universo-segun-santo-tomas-de-aquino-9788418467882\\\/#mainImage\"},\"datePublished\":\"2024-01-12T11:15:14+01:00\",\"dateModified\":\"2025-04-23T17:10:06+02:00\"},{\"@type\":\"Organization\",\"@id\":\"https:\\\/\\\/www.claret.cat\\\/es\\\/#organization\",\"name\":\"Llibreria Claret\",\"description\":\"Llibreria religiosa a Barcelona\",\"url\":\"https:\\\/\\\/www.claret.cat\\\/es\\\/\",\"email\":\"comunicacio@claret.cat\",\"telephone\":\"+34933010887\",\"logo\":{\"@type\":\"ImageObject\",\"url\":\"https:\\\/\\\/www.claret.cat\\\/wp-content\\\/uploads\\\/.\\\/logo-claret-es.png\",\"@id\":\"https:\\\/\\\/www.claret.cat\\\/es\\\/libro\\\/la-conservacion-del-universo-segun-santo-tomas-de-aquino-9788418467882\\\/#organizationLogo\",\"width\":195,\"height\":79},\"image\":{\"@id\":\"https:\\\/\\\/www.claret.cat\\\/es\\\/libro\\\/la-conservacion-del-universo-segun-santo-tomas-de-aquino-9788418467882\\\/#organizationLogo\"},\"sameAs\":[\"https:\\\/\\\/www.facebook.com\\\/LlibreriaClaret\",\"https:\\\/\\\/twitter.com\\\/LlibreriaClaret\",\"https:\\\/\\\/www.instagram.com\\\/llibreriaclaret\\\/\",\"https:\\\/\\\/www.tiktok.com\\\/@llibreriaclaret\",\"https:\\\/\\\/www.youtube.com\\\/@llibreriaclaret\",\"https:\\\/\\\/ca.wikipedia.org\\\/wiki\\\/Editorial_Claret\"]},{\"@type\":\"WebPage\",\"@id\":\"https:\\\/\\\/www.claret.cat\\\/es\\\/libro\\\/la-conservacion-del-universo-segun-santo-tomas-de-aquino-9788418467882\\\/#webpage\",\"url\":\"https:\\\/\\\/www.claret.cat\\\/es\\\/libro\\\/la-conservacion-del-universo-segun-santo-tomas-de-aquino-9788418467882\\\/\",\"name\":\"LA CONSERVACI\\u00d3N DEL UNIVERSO SEG\\u00daN SANTO TOM\\u00c1S DE AQUINO - PRIETO, LUCAS 9788418467882 | Llibreria Claret\",\"description\":\"LA CONSERVACI\\u00d3N DEL UNIVERSO SEG\\u00daN SANTO TOM\\u00c1S DE AQUINO de PRIETO, LUCAS disponible a\\\/en Llibreria Claret.\",\"inLanguage\":\"es-ES\",\"isPartOf\":{\"@id\":\"https:\\\/\\\/www.claret.cat\\\/es\\\/#website\"},\"breadcrumb\":{\"@id\":\"https:\\\/\\\/www.claret.cat\\\/es\\\/libro\\\/la-conservacion-del-universo-segun-santo-tomas-de-aquino-9788418467882\\\/#breadcrumblist\"},\"image\":{\"@type\":\"ImageObject\",\"url\":\"https:\\\/\\\/www.claret.cat\\\/wp-content\\\/uploads\\\/.\\\/9788418467882-1.jpg\",\"@id\":\"https:\\\/\\\/www.claret.cat\\\/es\\\/libro\\\/la-conservacion-del-universo-segun-santo-tomas-de-aquino-9788418467882\\\/#mainImage\",\"width\":734,\"height\":1012,\"caption\":\"9788418467882.jpg\"},\"primaryImageOfPage\":{\"@id\":\"https:\\\/\\\/www.claret.cat\\\/es\\\/libro\\\/la-conservacion-del-universo-segun-santo-tomas-de-aquino-9788418467882\\\/#mainImage\"},\"datePublished\":\"2024-01-12T11:15:14+01:00\",\"dateModified\":\"2025-04-23T17:10:06+02:00\"},{\"@type\":\"WebSite\",\"@id\":\"https:\\\/\\\/www.claret.cat\\\/es\\\/#website\",\"url\":\"https:\\\/\\\/www.claret.cat\\\/es\\\/\",\"name\":\"Llibreria Claret Barcelona\",\"alternateName\":\"Llibreria Claret\",\"description\":\"Llibreria religiosa a Barcelona\",\"inLanguage\":\"es-ES\",\"publisher\":{\"@id\":\"https:\\\/\\\/www.claret.cat\\\/es\\\/#organization\"}}]}\n\t\t<\/script>\n\t\t<!-- All in One SEO Pro -->\r\n\t\t<title>LA CONSERVACI\u00d3N DEL UNIVERSO SEG\u00daN SANTO TOM\u00c1S DE AQUINO - PRIETO, LUCAS 9788418467882 | Llibreria Claret<\/title>\n\n","aioseo_head_json":{"title":"LA CONSERVACI\u00d3N DEL UNIVERSO SEG\u00daN SANTO TOM\u00c1S DE AQUINO - PRIETO, LUCAS 9788418467882 | Llibreria Claret","description":"LA CONSERVACI\u00d3N DEL UNIVERSO SEG\u00daN SANTO TOM\u00c1S DE AQUINO de PRIETO, LUCAS disponible a\/en Llibreria Claret.","canonical_url":"https:\/\/www.claret.cat\/es\/libro\/la-conservacion-del-universo-segun-santo-tomas-de-aquino-9788418467882\/","robots":"max-image-preview:large","keywords":"","webmasterTools":{"google-site-verification":"xVtlFxJ-TfkIu-D-lt7XeLobefg5EIQiXTuqcSf8Rf0","miscellaneous":""},"schema":{"@context":"https:\/\/schema.org","@graph":[{"@type":"BreadcrumbList","@id":"https:\/\/www.claret.cat\/es\/libro\/la-conservacion-del-universo-segun-santo-tomas-de-aquino-9788418467882\/#breadcrumblist","itemListElement":[{"@type":"ListItem","@id":"https:\/\/www.claret.cat\/es\/#listItem","position":1,"name":"Home","item":"https:\/\/www.claret.cat\/es\/","nextItem":{"@type":"ListItem","@id":"https:\/\/www.claret.cat\/?page_id=16#listItem","name":"Botiga"}},{"@type":"ListItem","@id":"https:\/\/www.claret.cat\/?page_id=16#listItem","position":2,"name":"Botiga","item":"https:\/\/www.claret.cat\/?page_id=16","nextItem":{"@type":"ListItem","@id":"https:\/\/www.claret.cat\/categoria-producto\/cat\/#listItem","name":"CAT"},"previousItem":{"@type":"ListItem","@id":"https:\/\/www.claret.cat\/es\/#listItem","name":"Home"}},{"@type":"ListItem","@id":"https:\/\/www.claret.cat\/categoria-producto\/cat\/#listItem","position":3,"name":"CAT","item":"https:\/\/www.claret.cat\/categoria-producto\/cat\/","nextItem":{"@type":"ListItem","@id":"https:\/\/www.claret.cat\/categoria-producto\/cat\/1_espiritualitat\/#listItem","name":"Espiritualitat"},"previousItem":{"@type":"ListItem","@id":"https:\/\/www.claret.cat\/?page_id=16#listItem","name":"Botiga"}},{"@type":"ListItem","@id":"https:\/\/www.claret.cat\/categoria-producto\/cat\/1_espiritualitat\/#listItem","position":4,"name":"Espiritualitat","item":"https:\/\/www.claret.cat\/categoria-producto\/cat\/1_espiritualitat\/","nextItem":{"@type":"ListItem","@id":"https:\/\/www.claret.cat\/categoria-producto\/cat\/1_espiritualitat\/teologia\/#listItem","name":"Teologia"},"previousItem":{"@type":"ListItem","@id":"https:\/\/www.claret.cat\/categoria-producto\/cat\/#listItem","name":"CAT"}},{"@type":"ListItem","@id":"https:\/\/www.claret.cat\/categoria-producto\/cat\/1_espiritualitat\/teologia\/#listItem","position":5,"name":"Teologia","item":"https:\/\/www.claret.cat\/categoria-producto\/cat\/1_espiritualitat\/teologia\/","nextItem":{"@type":"ListItem","@id":"https:\/\/www.claret.cat\/categoria-producto\/cat\/1_espiritualitat\/teologia\/fonamental\/#listItem","name":"Fonamental"},"previousItem":{"@type":"ListItem","@id":"https:\/\/www.claret.cat\/categoria-producto\/cat\/1_espiritualitat\/#listItem","name":"Espiritualitat"}},{"@type":"ListItem","@id":"https:\/\/www.claret.cat\/categoria-producto\/cat\/1_espiritualitat\/teologia\/fonamental\/#listItem","position":6,"name":"Fonamental","item":"https:\/\/www.claret.cat\/categoria-producto\/cat\/1_espiritualitat\/teologia\/fonamental\/","nextItem":{"@type":"ListItem","@id":"https:\/\/www.claret.cat\/es\/libro\/la-conservacion-del-universo-segun-santo-tomas-de-aquino-9788418467882\/#listItem","name":"LA CONSERVACI\u00d3N DEL UNIVERSO SEG\u00daN SANTO TOM\u00c1S DE AQUINO"},"previousItem":{"@type":"ListItem","@id":"https:\/\/www.claret.cat\/categoria-producto\/cat\/1_espiritualitat\/teologia\/#listItem","name":"Teologia"}},{"@type":"ListItem","@id":"https:\/\/www.claret.cat\/es\/libro\/la-conservacion-del-universo-segun-santo-tomas-de-aquino-9788418467882\/#listItem","position":7,"name":"LA CONSERVACI\u00d3N DEL UNIVERSO SEG\u00daN SANTO TOM\u00c1S DE AQUINO","previousItem":{"@type":"ListItem","@id":"https:\/\/www.claret.cat\/categoria-producto\/cat\/1_espiritualitat\/teologia\/fonamental\/#listItem","name":"Fonamental"}}]},{"@type":"ItemPage","@id":"https:\/\/www.claret.cat\/es\/libro\/la-conservacion-del-universo-segun-santo-tomas-de-aquino-9788418467882\/#itempage","url":"https:\/\/www.claret.cat\/es\/libro\/la-conservacion-del-universo-segun-santo-tomas-de-aquino-9788418467882\/","name":"LA CONSERVACI\u00d3N DEL UNIVERSO SEG\u00daN SANTO TOM\u00c1S DE AQUINO - PRIETO, LUCAS 9788418467882 | Llibreria Claret","description":"LA CONSERVACI\u00d3N DEL UNIVERSO SEG\u00daN SANTO TOM\u00c1S DE AQUINO de PRIETO, LUCAS disponible a\/en Llibreria Claret.","inLanguage":"es-ES","isPartOf":{"@id":"https:\/\/www.claret.cat\/es\/#website"},"breadcrumb":{"@id":"https:\/\/www.claret.cat\/es\/libro\/la-conservacion-del-universo-segun-santo-tomas-de-aquino-9788418467882\/#breadcrumblist"},"image":{"@type":"ImageObject","url":"https:\/\/www.claret.cat\/wp-content\/uploads\/.\/9788418467882-1.jpg","@id":"https:\/\/www.claret.cat\/es\/libro\/la-conservacion-del-universo-segun-santo-tomas-de-aquino-9788418467882\/#mainImage","width":734,"height":1012,"caption":"9788418467882.jpg"},"primaryImageOfPage":{"@id":"https:\/\/www.claret.cat\/es\/libro\/la-conservacion-del-universo-segun-santo-tomas-de-aquino-9788418467882\/#mainImage"},"datePublished":"2024-01-12T11:15:14+01:00","dateModified":"2025-04-23T17:10:06+02:00"},{"@type":"Organization","@id":"https:\/\/www.claret.cat\/es\/#organization","name":"Llibreria Claret","description":"Llibreria religiosa a Barcelona","url":"https:\/\/www.claret.cat\/es\/","email":"comunicacio@claret.cat","telephone":"+34933010887","logo":{"@type":"ImageObject","url":"https:\/\/www.claret.cat\/wp-content\/uploads\/.\/logo-claret-es.png","@id":"https:\/\/www.claret.cat\/es\/libro\/la-conservacion-del-universo-segun-santo-tomas-de-aquino-9788418467882\/#organizationLogo","width":195,"height":79},"image":{"@id":"https:\/\/www.claret.cat\/es\/libro\/la-conservacion-del-universo-segun-santo-tomas-de-aquino-9788418467882\/#organizationLogo"},"sameAs":["https:\/\/www.facebook.com\/LlibreriaClaret","https:\/\/twitter.com\/LlibreriaClaret","https:\/\/www.instagram.com\/llibreriaclaret\/","https:\/\/www.tiktok.com\/@llibreriaclaret","https:\/\/www.youtube.com\/@llibreriaclaret","https:\/\/ca.wikipedia.org\/wiki\/Editorial_Claret"]},{"@type":"WebPage","@id":"https:\/\/www.claret.cat\/es\/libro\/la-conservacion-del-universo-segun-santo-tomas-de-aquino-9788418467882\/#webpage","url":"https:\/\/www.claret.cat\/es\/libro\/la-conservacion-del-universo-segun-santo-tomas-de-aquino-9788418467882\/","name":"LA CONSERVACI\u00d3N DEL UNIVERSO SEG\u00daN SANTO TOM\u00c1S DE AQUINO - PRIETO, LUCAS 9788418467882 | Llibreria Claret","description":"LA CONSERVACI\u00d3N DEL UNIVERSO SEG\u00daN SANTO TOM\u00c1S DE AQUINO de PRIETO, LUCAS disponible a\/en Llibreria Claret.","inLanguage":"es-ES","isPartOf":{"@id":"https:\/\/www.claret.cat\/es\/#website"},"breadcrumb":{"@id":"https:\/\/www.claret.cat\/es\/libro\/la-conservacion-del-universo-segun-santo-tomas-de-aquino-9788418467882\/#breadcrumblist"},"image":{"@type":"ImageObject","url":"https:\/\/www.claret.cat\/wp-content\/uploads\/.\/9788418467882-1.jpg","@id":"https:\/\/www.claret.cat\/es\/libro\/la-conservacion-del-universo-segun-santo-tomas-de-aquino-9788418467882\/#mainImage","width":734,"height":1012,"caption":"9788418467882.jpg"},"primaryImageOfPage":{"@id":"https:\/\/www.claret.cat\/es\/libro\/la-conservacion-del-universo-segun-santo-tomas-de-aquino-9788418467882\/#mainImage"},"datePublished":"2024-01-12T11:15:14+01:00","dateModified":"2025-04-23T17:10:06+02:00"},{"@type":"WebSite","@id":"https:\/\/www.claret.cat\/es\/#website","url":"https:\/\/www.claret.cat\/es\/","name":"Llibreria Claret Barcelona","alternateName":"Llibreria Claret","description":"Llibreria religiosa a Barcelona","inLanguage":"es-ES","publisher":{"@id":"https:\/\/www.claret.cat\/es\/#organization"}}]},"og:locale":"es_ES","og:site_name":"Llibreria Claret - Llibreria religiosa a Barcelona","og:type":"article","og:title":"LA CONSERVACI\u00d3N DEL UNIVERSO SEG\u00daN SANTO TOM\u00c1S DE AQUINO - PRIETO, LUCAS 9788418467882 | Llibreria Claret","og:description":"LA CONSERVACI\u00d3N DEL UNIVERSO SEG\u00daN SANTO TOM\u00c1S DE AQUINO de PRIETO, LUCAS disponible a\/en Llibreria Claret.","og:url":"https:\/\/www.claret.cat\/es\/libro\/la-conservacion-del-universo-segun-santo-tomas-de-aquino-9788418467882\/","og:image":"https:\/\/dev.claret.cat\/wp-content\/uploads\/logo-claret.svg","og:image:secure_url":"https:\/\/dev.claret.cat\/wp-content\/uploads\/logo-claret.svg","article:published_time":"2024-01-12T10:15:14+00:00","article:modified_time":"2025-04-23T15:10:06+00:00","article:publisher":"https:\/\/www.facebook.com\/LlibreriaClaret","twitter:card":"summary_large_image","twitter:site":"@LlibreriaClaret","twitter:title":"LA CONSERVACI\u00d3N DEL UNIVERSO SEG\u00daN SANTO TOM\u00c1S DE AQUINO - PRIETO, LUCAS 9788418467882 | Llibreria Claret","twitter:description":"LA CONSERVACI\u00d3N DEL UNIVERSO SEG\u00daN SANTO TOM\u00c1S DE AQUINO de PRIETO, LUCAS disponible a\/en Llibreria Claret.","twitter:image":"http:\/\/dev.claret.cat\/wp-content\/uploads\/logo-claret.svg"},"aioseo_meta_data":{"post_id":"947162","title":null,"description":null,"keywords":null,"keyphrases":null,"primary_term":null,"canonical_url":null,"og_title":null,"og_description":null,"og_object_type":"default","og_image_type":"default","og_image_url":null,"og_image_width":null,"og_image_height":null,"og_image_custom_url":null,"og_image_custom_fields":null,"og_video":null,"og_custom_url":null,"og_article_section":null,"og_article_tags":null,"twitter_use_og":false,"twitter_card":"default","twitter_image_type":"default","twitter_image_url":null,"twitter_image_custom_url":null,"twitter_image_custom_fields":null,"twitter_title":null,"twitter_description":null,"schema":{"blockGraphs":[],"customGraphs":[],"default":{"data":{"Article":[],"Course":[],"Dataset":[],"FAQPage":[],"Movie":[],"Person":[],"Product":[],"ProductReview":[],"Car":[],"Recipe":[],"Service":[],"SoftwareApplication":[],"WebPage":[]},"graphName":"","isEnabled":true},"graphs":[]},"schema_type":"default","schema_type_options":null,"pillar_content":false,"robots_default":true,"robots_noindex":false,"robots_noarchive":false,"robots_nosnippet":false,"robots_nofollow":false,"robots_noimageindex":false,"robots_noodp":false,"robots_notranslate":false,"robots_max_snippet":null,"robots_max_videopreview":null,"robots_max_imagepreview":"large","priority":null,"frequency":null,"local_seo":null,"seo_analyzer_scan_date":"2026-06-10 19:06:17","breadcrumb_settings":null,"limit_modified_date":false,"open_ai":null,"ai":null,"created":"2024-01-12 10:23:43","updated":"2026-06-10 19:06:17","focus_keyword":null,"additional_keywords":null,"truseo_locale":null},"aioseo_breadcrumb":"<div class=\"aioseo-breadcrumbs\"><span class=\"aioseo-breadcrumb\">\n\t<a href=\"https:\/\/www.claret.cat\/es\/\" title=\"Home\">Home<\/a>\n<\/span><span class=\"aioseo-breadcrumb-separator\">&raquo;<\/span><span class=\"aioseo-breadcrumb\">\n\t<a href=\"https:\/\/www.claret.cat\/?page_id=16\" title=\"Botiga\">Botiga<\/a>\n<\/span><span class=\"aioseo-breadcrumb-separator\">&raquo;<\/span><span class=\"aioseo-breadcrumb\">\n\t<a href=\"https:\/\/www.claret.cat\/categoria-producto\/cat\/\" title=\"CAT\">CAT<\/a>\n<\/span><span class=\"aioseo-breadcrumb-separator\">&raquo;<\/span><span class=\"aioseo-breadcrumb\">\n\t<a href=\"https:\/\/www.claret.cat\/categoria-producto\/cat\/1_espiritualitat\/\" title=\"Espiritualitat\">Espiritualitat<\/a>\n<\/span><span class=\"aioseo-breadcrumb-separator\">&raquo;<\/span><span class=\"aioseo-breadcrumb\">\n\t<a href=\"https:\/\/www.claret.cat\/categoria-producto\/cat\/1_espiritualitat\/teologia\/\" title=\"Teologia\">Teologia<\/a>\n<\/span><span class=\"aioseo-breadcrumb-separator\">&raquo;<\/span><span class=\"aioseo-breadcrumb\">\n\t<a href=\"https:\/\/www.claret.cat\/categoria-producto\/cat\/1_espiritualitat\/teologia\/fonamental\/\" title=\"Fonamental\">Fonamental<\/a>\n<\/span><span class=\"aioseo-breadcrumb-separator\">&raquo;<\/span><span class=\"aioseo-breadcrumb\">\n\tLA CONSERVACI\u00d3N DEL UNIVERSO SEG\u00daN SANTO TOM\u00c1S DE AQUINO\n<\/span><\/div>","aioseo_breadcrumb_json":[{"label":"Home","link":"https:\/\/www.claret.cat\/es\/"},{"label":"Botiga","link":"https:\/\/www.claret.cat\/?page_id=16"},{"label":"CAT","link":"https:\/\/www.claret.cat\/categoria-producto\/cat\/"},{"label":"Espiritualitat","link":"https:\/\/www.claret.cat\/categoria-producto\/cat\/1_espiritualitat\/"},{"label":"Teologia","link":"https:\/\/www.claret.cat\/categoria-producto\/cat\/1_espiritualitat\/teologia\/"},{"label":"Fonamental","link":"https:\/\/www.claret.cat\/categoria-producto\/cat\/1_espiritualitat\/teologia\/fonamental\/"},{"label":"LA CONSERVACI\u00d3N DEL UNIVERSO SEG\u00daN SANTO TOM\u00c1S DE AQUINO","link":"https:\/\/www.claret.cat\/es\/libro\/la-conservacion-del-universo-segun-santo-tomas-de-aquino-9788418467882\/"}],"_links":{"self":[{"href":"https:\/\/www.claret.cat\/es\/wp-json\/wp\/v2\/product\/947162","targetHints":{"allow":["GET"]}}],"collection":[{"href":"https:\/\/www.claret.cat\/es\/wp-json\/wp\/v2\/product"}],"about":[{"href":"https:\/\/www.claret.cat\/es\/wp-json\/wp\/v2\/types\/product"}],"wp:featuredmedia":[{"embeddable":true,"href":"https:\/\/www.claret.cat\/es\/wp-json\/wp\/v2\/media\/947170"}],"wp:attachment":[{"href":"https:\/\/www.claret.cat\/es\/wp-json\/wp\/v2\/media?parent=947162"}],"wp:term":[{"taxonomy":"product_brand","embeddable":true,"href":"https:\/\/www.claret.cat\/es\/wp-json\/wp\/v2\/product_brand?post=947162"},{"taxonomy":"product_cat","embeddable":true,"href":"https:\/\/www.claret.cat\/es\/wp-json\/wp\/v2\/product_cat?post=947162"},{"taxonomy":"product_tag","embeddable":true,"href":"https:\/\/www.claret.cat\/es\/wp-json\/wp\/v2\/product_tag?post=947162"}],"curies":[{"name":"wp","href":"https:\/\/api.w.org\/{rel}","templated":true}]}}