{"id":948315,"date":"2024-01-22T17:00:23","date_gmt":"2024-01-22T16:00:23","guid":{"rendered":"https:\/\/www.claret.cat\/llibre\/relatos-cronologicos-edicion-ilustrada-9788411485142\/"},"modified":"2024-02-01T13:20:25","modified_gmt":"2024-02-01T12:20:25","slug":"relatos-cronologicos-edicion-ilustrada-9788411485142","status":"publish","type":"product","link":"https:\/\/www.claret.cat\/es\/libro\/relatos-cronologicos-edicion-ilustrada-9788411485142\/","title":{"rendered":"RELATOS CRONOL\u00d3GICOS [EDICI\u00d3N ILUSTRADA]"},"content":{"rendered":"<p>Con motivo del centenario del fallecimiento Franz Kafka (1883-1924) Alianza Editorial publica una selecci\u00f3n de relatos del genial autor checo ilustrados en clave simb\u00f3lica por El Rubencio a partir de una lectura personal que busca recrear en clave gr\u00e1fica los s\u00edmbolos, los motivos y las obsesiones que caracterizan el singular universo kafkiano. La singularidad de esta colecci\u00f3n reside en la organizaci\u00f3n de las narraciones, ordenadas cronol\u00f3gicamente a partir de la fecha en que fueron redactadas para que el lector pueda apreciar la evoluci\u00f3n de la escritura del autor.Los veintitr\u00e9s relatos reunidos en este libro ilustrado ofrecen una muestra amplia y representativa de la obra de Franz Kafka: desde breves reflexiones como la m\u00edtica \u00abDeseo de ser piel roja\u00bb, escrita quiz\u00e1 antes de 1910, a relatos cortos menos conocidos, como \u00abEl jinete del cubo\u00bb o \u00abEl silencio de las sirenas\u00bb, y algunas de sus piezas m\u00e1s emblem\u00e1ticas, como \u00ab En la colonia penitenciaria\u00bb, para concluir en una de sus narraciones m\u00e1s emblem\u00e1ticas, \u00abLa obra\u00bb, escrita poco antes de morir en 1924, cuya f\u00e1bula acerca de un horadador de cavernas subterr\u00e1neas que nunca da por terminada su labor refleja aleg\u00f3ricamente los trabajos y los esfuerzos del escritor que fue Franz Kafka.<\/p>\n","protected":false},"excerpt":{"rendered":"<p>KAFKA, FRANZ<\/p>\n","protected":false},"featured_media":948316,"template":"","meta":{"_acf_changed":false,"om_disable_all_campaigns":false,"rs_blank_template":"","rs_page_bg_color":"","slide_template_v7":"","inline_featured_image":false,"_monsterinsights_skip_tracking":false,"_monsterinsights_sitenote_active":false,"_monsterinsights_sitenote_note":"","_monsterinsights_sitenote_category":0},"product_brand":[],"product_cat":[127,357],"product_tag":[],"class_list":{"0":"post-948315","1":"product","2":"type-product","3":"status-publish","4":"has-post-thumbnail","6":"product_cat-novella-contemporania","7":"product_cat-novela-contemporanea","9":"first","10":"instock","11":"taxable","12":"shipping-taxable","13":"purchasable","14":"product-type-simple"},"acf":{"autor":"KAFKA, FRANZ","codart":"841148514","libros-coleccion":"Libros Singulares (Ls)","ediciones":"1","encuadernacion":"Carton\u00e9","fecha_de_publicacion":"01\/01\/2024","novedad":"1","paginas":"256","subtitulo":"ILUSTRADO POR EL RUBENCIO","orden":"0","portada":"0","idioma":"spa","editorial":[{"ID":6119,"post_author":"3","post_date":"2022-07-28 17:45:18","post_date_gmt":"2022-07-28 15:45:18","post_content":"","post_title":"Alianza Editorial","post_excerpt":"","post_status":"publish","comment_status":"closed","ping_status":"closed","post_password":"","post_name":"alianza-editorial","to_ping":"","pinged":"","post_modified":"2022-07-28 17:45:18","post_modified_gmt":"2022-07-28 15:45:18","post_content_filtered":"","post_parent":0,"guid":"http:\/\/dev.claret.cat\/editorial\/alianza-editorial\/","menu_order":0,"post_type":"editorial","post_mime_type":"","comment_count":"0","filter":"raw"}],"autores-libros":[{"ID":156380,"post_author":"3","post_date":"2022-10-14 15:20:21","post_date_gmt":"2022-10-14 13:20:21","post_content":"","post_title":"FRANZ KAFKA","post_excerpt":"","post_status":"publish","comment_status":"closed","ping_status":"closed","post_password":"","post_name":"franz-kafka","to_ping":"","pinged":"","post_modified":"2022-10-14 15:20:21","post_modified_gmt":"2022-10-14 13:20:21","post_content_filtered":"","post_parent":0,"guid":"http:\/\/dev.claret.cat\/autor\/franz-kafka\/","menu_order":0,"post_type":"autor","post_mime_type":"","comment_count":"0","filter":"raw"}]},"aioseo_notices":[],"_links":{"self":[{"href":"https:\/\/www.claret.cat\/es\/wp-json\/wp\/v2\/product\/948315","targetHints":{"allow":["GET"]}}],"collection":[{"href":"https:\/\/www.claret.cat\/es\/wp-json\/wp\/v2\/product"}],"about":[{"href":"https:\/\/www.claret.cat\/es\/wp-json\/wp\/v2\/types\/product"}],"wp:featuredmedia":[{"embeddable":true,"href":"https:\/\/www.claret.cat\/es\/wp-json\/wp\/v2\/media\/948316"}],"wp:attachment":[{"href":"https:\/\/www.claret.cat\/es\/wp-json\/wp\/v2\/media?parent=948315"}],"wp:term":[{"taxonomy":"product_brand","embeddable":true,"href":"https:\/\/www.claret.cat\/es\/wp-json\/wp\/v2\/product_brand?post=948315"},{"taxonomy":"product_cat","embeddable":true,"href":"https:\/\/www.claret.cat\/es\/wp-json\/wp\/v2\/product_cat?post=948315"},{"taxonomy":"product_tag","embeddable":true,"href":"https:\/\/www.claret.cat\/es\/wp-json\/wp\/v2\/product_tag?post=948315"}],"curies":[{"name":"wp","href":"https:\/\/api.w.org\/{rel}","templated":true}]}}