{"id":948577,"date":"2024-01-23T14:31:19","date_gmt":"2024-01-23T13:31:19","guid":{"rendered":"https:\/\/www.claret.cat\/llibre\/tres-enigmas-para-la-organizacion-9788432242823\/"},"modified":"2026-04-29T14:35:41","modified_gmt":"2026-04-29T12:35:41","slug":"tres-enigmas-para-la-organizacion-9788432242823","status":"publish","type":"product","link":"https:\/\/www.claret.cat\/es\/libro\/tres-enigmas-para-la-organizacion-9788432242823\/","title":{"rendered":"TRES ENIGMAS PARA LA ORGANIZACI\u00d3N"},"content":{"rendered":"<p>Barcelona, primavera de 2022. Los miembros de una organizaci\u00f3n gubernamental secreta se enfrentan a la peligros\u00edsima investigaci\u00f3n de tres casos que tal vez est\u00e9n relacionados entre s\u00ed, o tal vez no: la aparici\u00f3n de un cuerpo sin vida en un hotel de Las Ramblas, la desaparici\u00f3n de un millonario brit\u00e1nico en su yate y las singulares finanzas de Conservas Fern\u00e1ndez.<br \/>\u00a0 Creada en pleno franquismo y perdida en el limbo de la burocracia institucional del sistema democr\u00e1tico, la Organizaci\u00f3n sobrevive con apuros econ\u00f3micos y en los l\u00edmites de la ley, con una reducida plantilla de personajes heterog\u00e9neos, extravagantes y mal avenidos. Entre el suspense y la carcajada, el lector deber\u00e1 unirse a este disparatado grupo si quiere resolver los tres enigmas de este apasionante rompecabezas.<br \/>\u00a0 Eduardo Mendoza entrega su mejor y m\u00e1s divertida aventura hasta la fecha. Y lo hace con nueve agentes secretos en una novela de detectives que actualiza los cl\u00e1sicos del g\u00e9nero, y en la que el lector encontrar\u00e1 la inconfundible voz narrativa, el brillante sentido del humor, la s\u00e1tira social y la comedia de enredo que caracterizan a uno de los mejores autores de la lengua espa\u00f1ola.<\/p>\n","protected":false},"excerpt":{"rendered":"<p>MENDOZA, EDUARDO<\/p>\n","protected":false},"featured_media":949273,"template":"","meta":{"_acf_changed":false,"om_disable_all_campaigns":false,"rs_blank_template":"","rs_page_bg_color":"","slide_template_v7":"","inline_featured_image":false,"_monsterinsights_skip_tracking":false},"product_brand":[],"product_cat":[308,127,357],"product_tag":[],"class_list":["post-948577","product","type-product","status-publish","has-post-thumbnail","product_cat-castella","product_cat-novella-contemporania","product_cat-novela-contemporanea","first","instock","taxable","shipping-taxable","purchasable","product-type-simple"],"acf":{"autor":"MENDOZA, EDUARDO","codart":"843224282","libros-coleccion":"Biblioteca Breve","ediciones":"1","encuadernacion":"R\u00fastica","fecha_de_publicacion":"01\/01\/2024","novedad":"1","paginas":"407","subtitulo":"","orden":"1000","portada":"1","idioma":"spa","editorial":[{"ID":6361,"post_author":"3","post_date":"2022-07-28 17:50:32","post_date_gmt":"2022-07-28 15:50:32","post_content":"","post_title":"SEIX BARRAL, EDICIONES","post_excerpt":"","post_status":"publish","comment_status":"closed","ping_status":"closed","post_password":"","post_name":"seix-barral-ediciones","to_ping":"","pinged":"","post_modified":"2022-07-28 17:50:32","post_modified_gmt":"2022-07-28 15:50:32","post_content_filtered":"","post_parent":0,"guid":"http:\/\/dev.claret.cat\/editorial\/seix-barral-ediciones\/","menu_order":0,"post_type":"editorial","post_mime_type":"","comment_count":"0","filter":"raw"}],"autores-libros":[{"ID":154604,"post_author":"3","post_date":"2022-10-14 15:06:08","post_date_gmt":"2022-10-14 13:06:08","post_content":"","post_title":"EDUARDO MENDOZA","post_excerpt":"","post_status":"publish","comment_status":"closed","ping_status":"closed","post_password":"","post_name":"eduardo-mendoza","to_ping":"","pinged":"","post_modified":"2022-10-14 15:06:08","post_modified_gmt":"2022-10-14 13:06:08","post_content_filtered":"","post_parent":0,"guid":"http:\/\/dev.claret.cat\/autor\/eduardo-mendoza\/","menu_order":0,"post_type":"autor","post_mime_type":"","comment_count":"0","filter":"raw"}],"traductores-libros":"","ilustradores-libros":"","formato":"","linkebook":"","precioebook":"0","ebookportada":false,"ficha":"","muestra":"","presentacion":"","booktrailer":"","resenas":"","recomendamos":"","mas_vendido":""},"aioseo_notices":[],"aioseo_head":"\n\t\t<!-- All in One SEO Pro 5.0.1.1 - aioseo.com -->\n\t<meta name=\"description\" content=\"TRES ENIGMAS PARA LA ORGANIZACI\u00d3N de MENDOZA, EDUARDO disponible a\/en Llibreria Claret.\" \/>\n\t<meta name=\"robots\" content=\"max-image-preview:large\" \/>\n\t<meta name=\"google-site-verification\" content=\"xVtlFxJ-TfkIu-D-lt7XeLobefg5EIQiXTuqcSf8Rf0\" \/>\n\t<link rel=\"canonical\" href=\"https:\/\/www.claret.cat\/es\/libro\/tres-enigmas-para-la-organizacion-9788432242823\/\" \/>\n\t<meta name=\"generator\" content=\"All in One SEO Pro (AIOSEO) 5.0.1.1\" \/>\n\t\t<meta property=\"og:locale\" content=\"es_ES\" \/>\n\t\t<meta property=\"og:site_name\" content=\"Llibreria Claret - Llibreria religiosa a Barcelona\" \/>\n\t\t<meta property=\"og:type\" content=\"article\" \/>\n\t\t<meta property=\"og:title\" content=\"TRES ENIGMAS PARA LA ORGANIZACI\u00d3N - MENDOZA, EDUARDO 9788432242823 | Llibreria Claret\" \/>\n\t\t<meta property=\"og:description\" content=\"TRES ENIGMAS PARA LA ORGANIZACI\u00d3N de MENDOZA, EDUARDO disponible a\/en Llibreria Claret.\" \/>\n\t\t<meta property=\"og:url\" content=\"https:\/\/www.claret.cat\/es\/libro\/tres-enigmas-para-la-organizacion-9788432242823\/\" \/>\n\t\t<meta property=\"og:image\" content=\"https:\/\/dev.claret.cat\/wp-content\/uploads\/logo-claret.svg\" \/>\n\t\t<meta property=\"og:image:secure_url\" content=\"https:\/\/dev.claret.cat\/wp-content\/uploads\/logo-claret.svg\" \/>\n\t\t<meta property=\"article:published_time\" content=\"2024-01-23T13:31:19+00:00\" \/>\n\t\t<meta property=\"article:modified_time\" content=\"2026-04-29T12:35:41+00:00\" \/>\n\t\t<meta property=\"article:publisher\" content=\"https:\/\/www.facebook.com\/LlibreriaClaret\" \/>\n\t\t<meta name=\"twitter:card\" content=\"summary_large_image\" \/>\n\t\t<meta name=\"twitter:site\" content=\"@LlibreriaClaret\" \/>\n\t\t<meta name=\"twitter:title\" content=\"TRES ENIGMAS PARA LA ORGANIZACI\u00d3N - MENDOZA, EDUARDO 9788432242823 | Llibreria Claret\" \/>\n\t\t<meta name=\"twitter:description\" content=\"TRES ENIGMAS PARA LA ORGANIZACI\u00d3N de MENDOZA, EDUARDO disponible a\/en Llibreria Claret.\" \/>\n\t\t<meta name=\"twitter:image\" content=\"http:\/\/dev.claret.cat\/wp-content\/uploads\/logo-claret.svg\" \/>\n\t\t<script type=\"application\/ld+json\" class=\"aioseo-schema\">\n\t\t\t{\"@context\":\"https:\\\/\\\/schema.org\",\"@graph\":[{\"@type\":\"BreadcrumbList\",\"@id\":\"https:\\\/\\\/www.claret.cat\\\/es\\\/libro\\\/tres-enigmas-para-la-organizacion-9788432242823\\\/#breadcrumblist\",\"itemListElement\":[{\"@type\":\"ListItem\",\"@id\":\"https:\\\/\\\/www.claret.cat\\\/es\\\/#listItem\",\"position\":1,\"name\":\"Home\",\"item\":\"https:\\\/\\\/www.claret.cat\\\/es\\\/\",\"nextItem\":{\"@type\":\"ListItem\",\"@id\":\"https:\\\/\\\/www.claret.cat\\\/?page_id=16#listItem\",\"name\":\"Botiga\"}},{\"@type\":\"ListItem\",\"@id\":\"https:\\\/\\\/www.claret.cat\\\/?page_id=16#listItem\",\"position\":2,\"name\":\"Botiga\",\"item\":\"https:\\\/\\\/www.claret.cat\\\/?page_id=16\",\"nextItem\":{\"@type\":\"ListItem\",\"@id\":\"https:\\\/\\\/www.claret.cat\\\/categoria-producto\\\/cat\\\/#listItem\",\"name\":\"CAT\"},\"previousItem\":{\"@type\":\"ListItem\",\"@id\":\"https:\\\/\\\/www.claret.cat\\\/es\\\/#listItem\",\"name\":\"Home\"}},{\"@type\":\"ListItem\",\"@id\":\"https:\\\/\\\/www.claret.cat\\\/categoria-producto\\\/cat\\\/#listItem\",\"position\":3,\"name\":\"CAT\",\"item\":\"https:\\\/\\\/www.claret.cat\\\/categoria-producto\\\/cat\\\/\",\"nextItem\":{\"@type\":\"ListItem\",\"@id\":\"https:\\\/\\\/www.claret.cat\\\/categoria-producto\\\/cat\\\/1_espiritualitat\\\/#listItem\",\"name\":\"Espiritualitat\"},\"previousItem\":{\"@type\":\"ListItem\",\"@id\":\"https:\\\/\\\/www.claret.cat\\\/?page_id=16#listItem\",\"name\":\"Botiga\"}},{\"@type\":\"ListItem\",\"@id\":\"https:\\\/\\\/www.claret.cat\\\/categoria-producto\\\/cat\\\/1_espiritualitat\\\/#listItem\",\"position\":4,\"name\":\"Espiritualitat\",\"item\":\"https:\\\/\\\/www.claret.cat\\\/categoria-producto\\\/cat\\\/1_espiritualitat\\\/\",\"nextItem\":{\"@type\":\"ListItem\",\"@id\":\"https:\\\/\\\/www.claret.cat\\\/categoria-producto\\\/cat\\\/1_espiritualitat\\\/pastoral\\\/#listItem\",\"name\":\"Pastoral\"},\"previousItem\":{\"@type\":\"ListItem\",\"@id\":\"https:\\\/\\\/www.claret.cat\\\/categoria-producto\\\/cat\\\/#listItem\",\"name\":\"CAT\"}},{\"@type\":\"ListItem\",\"@id\":\"https:\\\/\\\/www.claret.cat\\\/categoria-producto\\\/cat\\\/1_espiritualitat\\\/pastoral\\\/#listItem\",\"position\":5,\"name\":\"Pastoral\",\"item\":\"https:\\\/\\\/www.claret.cat\\\/categoria-producto\\\/cat\\\/1_espiritualitat\\\/pastoral\\\/\",\"nextItem\":{\"@type\":\"ListItem\",\"@id\":\"https:\\\/\\\/www.claret.cat\\\/categoria-producto\\\/cat\\\/1_espiritualitat\\\/pastoral\\\/en-general\\\/#listItem\",\"name\":\"En general\"},\"previousItem\":{\"@type\":\"ListItem\",\"@id\":\"https:\\\/\\\/www.claret.cat\\\/categoria-producto\\\/cat\\\/1_espiritualitat\\\/#listItem\",\"name\":\"Espiritualitat\"}},{\"@type\":\"ListItem\",\"@id\":\"https:\\\/\\\/www.claret.cat\\\/categoria-producto\\\/cat\\\/1_espiritualitat\\\/pastoral\\\/en-general\\\/#listItem\",\"position\":6,\"name\":\"En general\",\"item\":\"https:\\\/\\\/www.claret.cat\\\/categoria-producto\\\/cat\\\/1_espiritualitat\\\/pastoral\\\/en-general\\\/\",\"nextItem\":{\"@type\":\"ListItem\",\"@id\":\"https:\\\/\\\/www.claret.cat\\\/categoria-producto\\\/cat\\\/1_espiritualitat\\\/pastoral\\\/en-general\\\/els-mes-venuts\\\/#listItem\",\"name\":\"Llibres m\\u00e9s venuts en catal\\u00e0 - Febrer 2026\"},\"previousItem\":{\"@type\":\"ListItem\",\"@id\":\"https:\\\/\\\/www.claret.cat\\\/categoria-producto\\\/cat\\\/1_espiritualitat\\\/pastoral\\\/#listItem\",\"name\":\"Pastoral\"}},{\"@type\":\"ListItem\",\"@id\":\"https:\\\/\\\/www.claret.cat\\\/categoria-producto\\\/cat\\\/1_espiritualitat\\\/pastoral\\\/en-general\\\/els-mes-venuts\\\/#listItem\",\"position\":7,\"name\":\"Llibres m\\u00e9s venuts en catal\\u00e0 - Febrer 2026\",\"item\":\"https:\\\/\\\/www.claret.cat\\\/categoria-producto\\\/cat\\\/1_espiritualitat\\\/pastoral\\\/en-general\\\/els-mes-venuts\\\/\",\"nextItem\":{\"@type\":\"ListItem\",\"@id\":\"https:\\\/\\\/www.claret.cat\\\/categoria-producto\\\/cat\\\/1_espiritualitat\\\/pastoral\\\/en-general\\\/els-mes-venuts\\\/castella\\\/#listItem\",\"name\":\"Los m\\u00e1s vendidos\"},\"previousItem\":{\"@type\":\"ListItem\",\"@id\":\"https:\\\/\\\/www.claret.cat\\\/categoria-producto\\\/cat\\\/1_espiritualitat\\\/pastoral\\\/en-general\\\/#listItem\",\"name\":\"En general\"}},{\"@type\":\"ListItem\",\"@id\":\"https:\\\/\\\/www.claret.cat\\\/categoria-producto\\\/cat\\\/1_espiritualitat\\\/pastoral\\\/en-general\\\/els-mes-venuts\\\/castella\\\/#listItem\",\"position\":8,\"name\":\"Los m\\u00e1s vendidos\",\"item\":\"https:\\\/\\\/www.claret.cat\\\/categoria-producto\\\/cat\\\/1_espiritualitat\\\/pastoral\\\/en-general\\\/els-mes-venuts\\\/castella\\\/\",\"nextItem\":{\"@type\":\"ListItem\",\"@id\":\"https:\\\/\\\/www.claret.cat\\\/es\\\/libro\\\/tres-enigmas-para-la-organizacion-9788432242823\\\/#listItem\",\"name\":\"TRES ENIGMAS PARA LA ORGANIZACI\\u00d3N\"},\"previousItem\":{\"@type\":\"ListItem\",\"@id\":\"https:\\\/\\\/www.claret.cat\\\/categoria-producto\\\/cat\\\/1_espiritualitat\\\/pastoral\\\/en-general\\\/els-mes-venuts\\\/#listItem\",\"name\":\"Llibres m\\u00e9s venuts en catal\\u00e0 - Febrer 2026\"}},{\"@type\":\"ListItem\",\"@id\":\"https:\\\/\\\/www.claret.cat\\\/es\\\/libro\\\/tres-enigmas-para-la-organizacion-9788432242823\\\/#listItem\",\"position\":9,\"name\":\"TRES ENIGMAS PARA LA ORGANIZACI\\u00d3N\",\"previousItem\":{\"@type\":\"ListItem\",\"@id\":\"https:\\\/\\\/www.claret.cat\\\/categoria-producto\\\/cat\\\/1_espiritualitat\\\/pastoral\\\/en-general\\\/els-mes-venuts\\\/castella\\\/#listItem\",\"name\":\"Los m\\u00e1s vendidos\"}}]},{\"@type\":\"ItemPage\",\"@id\":\"https:\\\/\\\/www.claret.cat\\\/es\\\/libro\\\/tres-enigmas-para-la-organizacion-9788432242823\\\/#itempage\",\"url\":\"https:\\\/\\\/www.claret.cat\\\/es\\\/libro\\\/tres-enigmas-para-la-organizacion-9788432242823\\\/\",\"name\":\"TRES ENIGMAS PARA LA ORGANIZACI\\u00d3N - MENDOZA, EDUARDO 9788432242823 | Llibreria Claret\",\"description\":\"TRES ENIGMAS PARA LA ORGANIZACI\\u00d3N de MENDOZA, EDUARDO disponible a\\\/en Llibreria Claret.\",\"inLanguage\":\"es-ES\",\"isPartOf\":{\"@id\":\"https:\\\/\\\/www.claret.cat\\\/es\\\/#website\"},\"breadcrumb\":{\"@id\":\"https:\\\/\\\/www.claret.cat\\\/es\\\/libro\\\/tres-enigmas-para-la-organizacion-9788432242823\\\/#breadcrumblist\"},\"image\":{\"@type\":\"ImageObject\",\"url\":\"https:\\\/\\\/www.claret.cat\\\/wp-content\\\/uploads\\\/.\\\/9788432242823-1.jpg\",\"@id\":\"https:\\\/\\\/www.claret.cat\\\/es\\\/libro\\\/tres-enigmas-para-la-organizacion-9788432242823\\\/#mainImage\",\"width\":895,\"height\":1536,\"caption\":\"9788432242823.jpg\"},\"primaryImageOfPage\":{\"@id\":\"https:\\\/\\\/www.claret.cat\\\/es\\\/libro\\\/tres-enigmas-para-la-organizacion-9788432242823\\\/#mainImage\"},\"datePublished\":\"2024-01-23T14:31:19+01:00\",\"dateModified\":\"2026-04-29T14:35:41+02:00\"},{\"@type\":\"Organization\",\"@id\":\"https:\\\/\\\/www.claret.cat\\\/es\\\/#organization\",\"name\":\"Llibreria Claret\",\"description\":\"Llibreria religiosa a Barcelona\",\"url\":\"https:\\\/\\\/www.claret.cat\\\/es\\\/\",\"email\":\"comunicacio@claret.cat\",\"telephone\":\"+34933010887\",\"logo\":{\"@type\":\"ImageObject\",\"url\":\"https:\\\/\\\/www.claret.cat\\\/wp-content\\\/uploads\\\/.\\\/logo-claret-es.png\",\"@id\":\"https:\\\/\\\/www.claret.cat\\\/es\\\/libro\\\/tres-enigmas-para-la-organizacion-9788432242823\\\/#organizationLogo\",\"width\":195,\"height\":79},\"image\":{\"@id\":\"https:\\\/\\\/www.claret.cat\\\/es\\\/libro\\\/tres-enigmas-para-la-organizacion-9788432242823\\\/#organizationLogo\"},\"sameAs\":[\"https:\\\/\\\/www.facebook.com\\\/LlibreriaClaret\",\"https:\\\/\\\/twitter.com\\\/LlibreriaClaret\",\"https:\\\/\\\/www.instagram.com\\\/llibreriaclaret\\\/\",\"https:\\\/\\\/www.tiktok.com\\\/@llibreriaclaret\",\"https:\\\/\\\/www.youtube.com\\\/@llibreriaclaret\",\"https:\\\/\\\/ca.wikipedia.org\\\/wiki\\\/Editorial_Claret\"]},{\"@type\":\"WebPage\",\"@id\":\"https:\\\/\\\/www.claret.cat\\\/es\\\/libro\\\/tres-enigmas-para-la-organizacion-9788432242823\\\/#webpage\",\"url\":\"https:\\\/\\\/www.claret.cat\\\/es\\\/libro\\\/tres-enigmas-para-la-organizacion-9788432242823\\\/\",\"name\":\"TRES ENIGMAS PARA LA ORGANIZACI\\u00d3N - MENDOZA, EDUARDO 9788432242823 | Llibreria Claret\",\"description\":\"TRES ENIGMAS PARA LA ORGANIZACI\\u00d3N de MENDOZA, EDUARDO disponible a\\\/en Llibreria Claret.\",\"inLanguage\":\"es-ES\",\"isPartOf\":{\"@id\":\"https:\\\/\\\/www.claret.cat\\\/es\\\/#website\"},\"breadcrumb\":{\"@id\":\"https:\\\/\\\/www.claret.cat\\\/es\\\/libro\\\/tres-enigmas-para-la-organizacion-9788432242823\\\/#breadcrumblist\"},\"image\":{\"@type\":\"ImageObject\",\"url\":\"https:\\\/\\\/www.claret.cat\\\/wp-content\\\/uploads\\\/.\\\/9788432242823-1.jpg\",\"@id\":\"https:\\\/\\\/www.claret.cat\\\/es\\\/libro\\\/tres-enigmas-para-la-organizacion-9788432242823\\\/#mainImage\",\"width\":895,\"height\":1536,\"caption\":\"9788432242823.jpg\"},\"primaryImageOfPage\":{\"@id\":\"https:\\\/\\\/www.claret.cat\\\/es\\\/libro\\\/tres-enigmas-para-la-organizacion-9788432242823\\\/#mainImage\"},\"datePublished\":\"2024-01-23T14:31:19+01:00\",\"dateModified\":\"2026-04-29T14:35:41+02:00\"},{\"@type\":\"WebSite\",\"@id\":\"https:\\\/\\\/www.claret.cat\\\/es\\\/#website\",\"url\":\"https:\\\/\\\/www.claret.cat\\\/es\\\/\",\"name\":\"Llibreria Claret Barcelona\",\"alternateName\":\"Llibreria Claret\",\"description\":\"Llibreria religiosa a Barcelona\",\"inLanguage\":\"es-ES\",\"publisher\":{\"@id\":\"https:\\\/\\\/www.claret.cat\\\/es\\\/#organization\"}}]}\n\t\t<\/script>\n\t\t<!-- All in One SEO Pro -->\r\n\t\t<title>TRES ENIGMAS PARA LA ORGANIZACI\u00d3N - MENDOZA, EDUARDO 9788432242823 | Llibreria Claret<\/title>\n\n","aioseo_head_json":{"title":"TRES ENIGMAS PARA LA ORGANIZACI\u00d3N - MENDOZA, EDUARDO 9788432242823 | Llibreria Claret","description":"TRES ENIGMAS PARA LA ORGANIZACI\u00d3N de MENDOZA, EDUARDO disponible a\/en Llibreria Claret.","canonical_url":"https:\/\/www.claret.cat\/es\/libro\/tres-enigmas-para-la-organizacion-9788432242823\/","robots":"max-image-preview:large","keywords":"","webmasterTools":{"google-site-verification":"xVtlFxJ-TfkIu-D-lt7XeLobefg5EIQiXTuqcSf8Rf0","miscellaneous":""},"schema":{"@context":"https:\/\/schema.org","@graph":[{"@type":"BreadcrumbList","@id":"https:\/\/www.claret.cat\/es\/libro\/tres-enigmas-para-la-organizacion-9788432242823\/#breadcrumblist","itemListElement":[{"@type":"ListItem","@id":"https:\/\/www.claret.cat\/es\/#listItem","position":1,"name":"Home","item":"https:\/\/www.claret.cat\/es\/","nextItem":{"@type":"ListItem","@id":"https:\/\/www.claret.cat\/?page_id=16#listItem","name":"Botiga"}},{"@type":"ListItem","@id":"https:\/\/www.claret.cat\/?page_id=16#listItem","position":2,"name":"Botiga","item":"https:\/\/www.claret.cat\/?page_id=16","nextItem":{"@type":"ListItem","@id":"https:\/\/www.claret.cat\/categoria-producto\/cat\/#listItem","name":"CAT"},"previousItem":{"@type":"ListItem","@id":"https:\/\/www.claret.cat\/es\/#listItem","name":"Home"}},{"@type":"ListItem","@id":"https:\/\/www.claret.cat\/categoria-producto\/cat\/#listItem","position":3,"name":"CAT","item":"https:\/\/www.claret.cat\/categoria-producto\/cat\/","nextItem":{"@type":"ListItem","@id":"https:\/\/www.claret.cat\/categoria-producto\/cat\/1_espiritualitat\/#listItem","name":"Espiritualitat"},"previousItem":{"@type":"ListItem","@id":"https:\/\/www.claret.cat\/?page_id=16#listItem","name":"Botiga"}},{"@type":"ListItem","@id":"https:\/\/www.claret.cat\/categoria-producto\/cat\/1_espiritualitat\/#listItem","position":4,"name":"Espiritualitat","item":"https:\/\/www.claret.cat\/categoria-producto\/cat\/1_espiritualitat\/","nextItem":{"@type":"ListItem","@id":"https:\/\/www.claret.cat\/categoria-producto\/cat\/1_espiritualitat\/pastoral\/#listItem","name":"Pastoral"},"previousItem":{"@type":"ListItem","@id":"https:\/\/www.claret.cat\/categoria-producto\/cat\/#listItem","name":"CAT"}},{"@type":"ListItem","@id":"https:\/\/www.claret.cat\/categoria-producto\/cat\/1_espiritualitat\/pastoral\/#listItem","position":5,"name":"Pastoral","item":"https:\/\/www.claret.cat\/categoria-producto\/cat\/1_espiritualitat\/pastoral\/","nextItem":{"@type":"ListItem","@id":"https:\/\/www.claret.cat\/categoria-producto\/cat\/1_espiritualitat\/pastoral\/en-general\/#listItem","name":"En general"},"previousItem":{"@type":"ListItem","@id":"https:\/\/www.claret.cat\/categoria-producto\/cat\/1_espiritualitat\/#listItem","name":"Espiritualitat"}},{"@type":"ListItem","@id":"https:\/\/www.claret.cat\/categoria-producto\/cat\/1_espiritualitat\/pastoral\/en-general\/#listItem","position":6,"name":"En general","item":"https:\/\/www.claret.cat\/categoria-producto\/cat\/1_espiritualitat\/pastoral\/en-general\/","nextItem":{"@type":"ListItem","@id":"https:\/\/www.claret.cat\/categoria-producto\/cat\/1_espiritualitat\/pastoral\/en-general\/els-mes-venuts\/#listItem","name":"Llibres m\u00e9s venuts en catal\u00e0 - Febrer 2026"},"previousItem":{"@type":"ListItem","@id":"https:\/\/www.claret.cat\/categoria-producto\/cat\/1_espiritualitat\/pastoral\/#listItem","name":"Pastoral"}},{"@type":"ListItem","@id":"https:\/\/www.claret.cat\/categoria-producto\/cat\/1_espiritualitat\/pastoral\/en-general\/els-mes-venuts\/#listItem","position":7,"name":"Llibres m\u00e9s venuts en catal\u00e0 - Febrer 2026","item":"https:\/\/www.claret.cat\/categoria-producto\/cat\/1_espiritualitat\/pastoral\/en-general\/els-mes-venuts\/","nextItem":{"@type":"ListItem","@id":"https:\/\/www.claret.cat\/categoria-producto\/cat\/1_espiritualitat\/pastoral\/en-general\/els-mes-venuts\/castella\/#listItem","name":"Los m\u00e1s vendidos"},"previousItem":{"@type":"ListItem","@id":"https:\/\/www.claret.cat\/categoria-producto\/cat\/1_espiritualitat\/pastoral\/en-general\/#listItem","name":"En general"}},{"@type":"ListItem","@id":"https:\/\/www.claret.cat\/categoria-producto\/cat\/1_espiritualitat\/pastoral\/en-general\/els-mes-venuts\/castella\/#listItem","position":8,"name":"Los m\u00e1s vendidos","item":"https:\/\/www.claret.cat\/categoria-producto\/cat\/1_espiritualitat\/pastoral\/en-general\/els-mes-venuts\/castella\/","nextItem":{"@type":"ListItem","@id":"https:\/\/www.claret.cat\/es\/libro\/tres-enigmas-para-la-organizacion-9788432242823\/#listItem","name":"TRES ENIGMAS PARA LA ORGANIZACI\u00d3N"},"previousItem":{"@type":"ListItem","@id":"https:\/\/www.claret.cat\/categoria-producto\/cat\/1_espiritualitat\/pastoral\/en-general\/els-mes-venuts\/#listItem","name":"Llibres m\u00e9s venuts en catal\u00e0 - Febrer 2026"}},{"@type":"ListItem","@id":"https:\/\/www.claret.cat\/es\/libro\/tres-enigmas-para-la-organizacion-9788432242823\/#listItem","position":9,"name":"TRES ENIGMAS PARA LA ORGANIZACI\u00d3N","previousItem":{"@type":"ListItem","@id":"https:\/\/www.claret.cat\/categoria-producto\/cat\/1_espiritualitat\/pastoral\/en-general\/els-mes-venuts\/castella\/#listItem","name":"Los m\u00e1s vendidos"}}]},{"@type":"ItemPage","@id":"https:\/\/www.claret.cat\/es\/libro\/tres-enigmas-para-la-organizacion-9788432242823\/#itempage","url":"https:\/\/www.claret.cat\/es\/libro\/tres-enigmas-para-la-organizacion-9788432242823\/","name":"TRES ENIGMAS PARA LA ORGANIZACI\u00d3N - MENDOZA, EDUARDO 9788432242823 | Llibreria Claret","description":"TRES ENIGMAS PARA LA ORGANIZACI\u00d3N de MENDOZA, EDUARDO disponible a\/en Llibreria Claret.","inLanguage":"es-ES","isPartOf":{"@id":"https:\/\/www.claret.cat\/es\/#website"},"breadcrumb":{"@id":"https:\/\/www.claret.cat\/es\/libro\/tres-enigmas-para-la-organizacion-9788432242823\/#breadcrumblist"},"image":{"@type":"ImageObject","url":"https:\/\/www.claret.cat\/wp-content\/uploads\/.\/9788432242823-1.jpg","@id":"https:\/\/www.claret.cat\/es\/libro\/tres-enigmas-para-la-organizacion-9788432242823\/#mainImage","width":895,"height":1536,"caption":"9788432242823.jpg"},"primaryImageOfPage":{"@id":"https:\/\/www.claret.cat\/es\/libro\/tres-enigmas-para-la-organizacion-9788432242823\/#mainImage"},"datePublished":"2024-01-23T14:31:19+01:00","dateModified":"2026-04-29T14:35:41+02:00"},{"@type":"Organization","@id":"https:\/\/www.claret.cat\/es\/#organization","name":"Llibreria Claret","description":"Llibreria religiosa a Barcelona","url":"https:\/\/www.claret.cat\/es\/","email":"comunicacio@claret.cat","telephone":"+34933010887","logo":{"@type":"ImageObject","url":"https:\/\/www.claret.cat\/wp-content\/uploads\/.\/logo-claret-es.png","@id":"https:\/\/www.claret.cat\/es\/libro\/tres-enigmas-para-la-organizacion-9788432242823\/#organizationLogo","width":195,"height":79},"image":{"@id":"https:\/\/www.claret.cat\/es\/libro\/tres-enigmas-para-la-organizacion-9788432242823\/#organizationLogo"},"sameAs":["https:\/\/www.facebook.com\/LlibreriaClaret","https:\/\/twitter.com\/LlibreriaClaret","https:\/\/www.instagram.com\/llibreriaclaret\/","https:\/\/www.tiktok.com\/@llibreriaclaret","https:\/\/www.youtube.com\/@llibreriaclaret","https:\/\/ca.wikipedia.org\/wiki\/Editorial_Claret"]},{"@type":"WebPage","@id":"https:\/\/www.claret.cat\/es\/libro\/tres-enigmas-para-la-organizacion-9788432242823\/#webpage","url":"https:\/\/www.claret.cat\/es\/libro\/tres-enigmas-para-la-organizacion-9788432242823\/","name":"TRES ENIGMAS PARA LA ORGANIZACI\u00d3N - MENDOZA, EDUARDO 9788432242823 | Llibreria Claret","description":"TRES ENIGMAS PARA LA ORGANIZACI\u00d3N de MENDOZA, EDUARDO disponible a\/en Llibreria Claret.","inLanguage":"es-ES","isPartOf":{"@id":"https:\/\/www.claret.cat\/es\/#website"},"breadcrumb":{"@id":"https:\/\/www.claret.cat\/es\/libro\/tres-enigmas-para-la-organizacion-9788432242823\/#breadcrumblist"},"image":{"@type":"ImageObject","url":"https:\/\/www.claret.cat\/wp-content\/uploads\/.\/9788432242823-1.jpg","@id":"https:\/\/www.claret.cat\/es\/libro\/tres-enigmas-para-la-organizacion-9788432242823\/#mainImage","width":895,"height":1536,"caption":"9788432242823.jpg"},"primaryImageOfPage":{"@id":"https:\/\/www.claret.cat\/es\/libro\/tres-enigmas-para-la-organizacion-9788432242823\/#mainImage"},"datePublished":"2024-01-23T14:31:19+01:00","dateModified":"2026-04-29T14:35:41+02:00"},{"@type":"WebSite","@id":"https:\/\/www.claret.cat\/es\/#website","url":"https:\/\/www.claret.cat\/es\/","name":"Llibreria Claret Barcelona","alternateName":"Llibreria Claret","description":"Llibreria religiosa a Barcelona","inLanguage":"es-ES","publisher":{"@id":"https:\/\/www.claret.cat\/es\/#organization"}}]},"og:locale":"es_ES","og:site_name":"Llibreria Claret - Llibreria religiosa a Barcelona","og:type":"article","og:title":"TRES ENIGMAS PARA LA ORGANIZACI\u00d3N - MENDOZA, EDUARDO 9788432242823 | Llibreria Claret","og:description":"TRES ENIGMAS PARA LA ORGANIZACI\u00d3N de MENDOZA, EDUARDO disponible a\/en Llibreria Claret.","og:url":"https:\/\/www.claret.cat\/es\/libro\/tres-enigmas-para-la-organizacion-9788432242823\/","og:image":"https:\/\/dev.claret.cat\/wp-content\/uploads\/logo-claret.svg","og:image:secure_url":"https:\/\/dev.claret.cat\/wp-content\/uploads\/logo-claret.svg","article:published_time":"2024-01-23T13:31:19+00:00","article:modified_time":"2026-04-29T12:35:41+00:00","article:publisher":"https:\/\/www.facebook.com\/LlibreriaClaret","twitter:card":"summary_large_image","twitter:site":"@LlibreriaClaret","twitter:title":"TRES ENIGMAS PARA LA ORGANIZACI\u00d3N - MENDOZA, EDUARDO 9788432242823 | Llibreria Claret","twitter:description":"TRES ENIGMAS PARA LA ORGANIZACI\u00d3N de MENDOZA, EDUARDO disponible a\/en Llibreria Claret.","twitter:image":"http:\/\/dev.claret.cat\/wp-content\/uploads\/logo-claret.svg"},"aioseo_meta_data":{"post_id":"948577","title":null,"description":null,"keywords":null,"keyphrases":{"focus":{"keyphrase":"","score":0,"analysis":{"keyphraseInTitle":{"score":0,"maxScore":9,"error":1}}},"additional":[]},"primary_term":null,"canonical_url":null,"og_title":null,"og_description":null,"og_object_type":"default","og_image_type":"default","og_image_url":null,"og_image_width":null,"og_image_height":null,"og_image_custom_url":null,"og_image_custom_fields":null,"og_video":"","og_custom_url":null,"og_article_section":null,"og_article_tags":null,"twitter_use_og":false,"twitter_card":"default","twitter_image_type":"default","twitter_image_url":null,"twitter_image_custom_url":null,"twitter_image_custom_fields":null,"twitter_title":null,"twitter_description":null,"schema":{"blockGraphs":[],"customGraphs":[],"default":{"data":{"Article":[],"Course":[],"Dataset":[],"FAQPage":[],"Movie":[],"Person":[],"Product":[],"ProductReview":[],"Car":[],"Recipe":[],"Service":[],"SoftwareApplication":[],"WebPage":[]},"graphName":"ItemPage","isEnabled":true},"graphs":[]},"schema_type":"default","schema_type_options":null,"pillar_content":false,"robots_default":true,"robots_noindex":false,"robots_noarchive":false,"robots_nosnippet":false,"robots_nofollow":false,"robots_noimageindex":false,"robots_noodp":false,"robots_notranslate":false,"robots_max_snippet":"-1","robots_max_videopreview":"-1","robots_max_imagepreview":"large","priority":null,"frequency":"default","local_seo":null,"seo_analyzer_scan_date":"2026-06-12 09:22:53","breadcrumb_settings":null,"limit_modified_date":false,"open_ai":"{\"title\":{\"suggestions\":[],\"usage\":0},\"description\":{\"suggestions\":[],\"usage\":0}}","ai":null,"created":"2024-01-23 13:36:54","updated":"2026-06-12 09:22:53","focus_keyword":null,"additional_keywords":null,"truseo_locale":null},"aioseo_breadcrumb":"<div class=\"aioseo-breadcrumbs\"><span class=\"aioseo-breadcrumb\">\n\t<a href=\"https:\/\/www.claret.cat\/es\/\" title=\"Home\">Home<\/a>\n<\/span><span class=\"aioseo-breadcrumb-separator\">&raquo;<\/span><span class=\"aioseo-breadcrumb\">\n\t<a href=\"https:\/\/www.claret.cat\/?page_id=16\" title=\"Botiga\">Botiga<\/a>\n<\/span><span class=\"aioseo-breadcrumb-separator\">&raquo;<\/span><span class=\"aioseo-breadcrumb\">\n\t<a href=\"https:\/\/www.claret.cat\/categoria-producto\/cat\/\" title=\"CAT\">CAT<\/a>\n<\/span><span class=\"aioseo-breadcrumb-separator\">&raquo;<\/span><span class=\"aioseo-breadcrumb\">\n\t<a href=\"https:\/\/www.claret.cat\/categoria-producto\/cat\/1_espiritualitat\/\" title=\"Espiritualitat\">Espiritualitat<\/a>\n<\/span><span class=\"aioseo-breadcrumb-separator\">&raquo;<\/span><span class=\"aioseo-breadcrumb\">\n\t<a href=\"https:\/\/www.claret.cat\/categoria-producto\/cat\/1_espiritualitat\/pastoral\/\" title=\"Pastoral\">Pastoral<\/a>\n<\/span><span class=\"aioseo-breadcrumb-separator\">&raquo;<\/span><span class=\"aioseo-breadcrumb\">\n\t<a href=\"https:\/\/www.claret.cat\/categoria-producto\/cat\/1_espiritualitat\/pastoral\/en-general\/\" title=\"En general\">En general<\/a>\n<\/span><span class=\"aioseo-breadcrumb-separator\">&raquo;<\/span><span class=\"aioseo-breadcrumb\">\n\t<a href=\"https:\/\/www.claret.cat\/categoria-producto\/cat\/1_espiritualitat\/pastoral\/en-general\/els-mes-venuts\/\" title=\"Llibres m\u00e9s venuts en catal\u00e0 - Febrer 2026\">Llibres m\u00e9s venuts en catal\u00e0 - Febrer 2026<\/a>\n<\/span><span class=\"aioseo-breadcrumb-separator\">&raquo;<\/span><span class=\"aioseo-breadcrumb\">\n\t<a href=\"https:\/\/www.claret.cat\/categoria-producto\/cat\/1_espiritualitat\/pastoral\/en-general\/els-mes-venuts\/castella\/\" title=\"Los m\u00e1s vendidos\">Los m\u00e1s vendidos<\/a>\n<\/span><span class=\"aioseo-breadcrumb-separator\">&raquo;<\/span><span class=\"aioseo-breadcrumb\">\n\tTRES ENIGMAS PARA LA ORGANIZACI\u00d3N\n<\/span><\/div>","aioseo_breadcrumb_json":[{"label":"Home","link":"https:\/\/www.claret.cat\/es\/"},{"label":"Botiga","link":"https:\/\/www.claret.cat\/?page_id=16"},{"label":"CAT","link":"https:\/\/www.claret.cat\/categoria-producto\/cat\/"},{"label":"Espiritualitat","link":"https:\/\/www.claret.cat\/categoria-producto\/cat\/1_espiritualitat\/"},{"label":"Pastoral","link":"https:\/\/www.claret.cat\/categoria-producto\/cat\/1_espiritualitat\/pastoral\/"},{"label":"En general","link":"https:\/\/www.claret.cat\/categoria-producto\/cat\/1_espiritualitat\/pastoral\/en-general\/"},{"label":"Llibres m\u00e9s venuts en catal\u00e0 - Febrer 2026","link":"https:\/\/www.claret.cat\/categoria-producto\/cat\/1_espiritualitat\/pastoral\/en-general\/els-mes-venuts\/"},{"label":"Los m\u00e1s vendidos","link":"https:\/\/www.claret.cat\/categoria-producto\/cat\/1_espiritualitat\/pastoral\/en-general\/els-mes-venuts\/castella\/"},{"label":"TRES ENIGMAS PARA LA ORGANIZACI\u00d3N","link":"https:\/\/www.claret.cat\/es\/libro\/tres-enigmas-para-la-organizacion-9788432242823\/"}],"_links":{"self":[{"href":"https:\/\/www.claret.cat\/es\/wp-json\/wp\/v2\/product\/948577","targetHints":{"allow":["GET"]}}],"collection":[{"href":"https:\/\/www.claret.cat\/es\/wp-json\/wp\/v2\/product"}],"about":[{"href":"https:\/\/www.claret.cat\/es\/wp-json\/wp\/v2\/types\/product"}],"wp:featuredmedia":[{"embeddable":true,"href":"https:\/\/www.claret.cat\/es\/wp-json\/wp\/v2\/media\/949273"}],"wp:attachment":[{"href":"https:\/\/www.claret.cat\/es\/wp-json\/wp\/v2\/media?parent=948577"}],"wp:term":[{"taxonomy":"product_brand","embeddable":true,"href":"https:\/\/www.claret.cat\/es\/wp-json\/wp\/v2\/product_brand?post=948577"},{"taxonomy":"product_cat","embeddable":true,"href":"https:\/\/www.claret.cat\/es\/wp-json\/wp\/v2\/product_cat?post=948577"},{"taxonomy":"product_tag","embeddable":true,"href":"https:\/\/www.claret.cat\/es\/wp-json\/wp\/v2\/product_tag?post=948577"}],"curies":[{"name":"wp","href":"https:\/\/api.w.org\/{rel}","templated":true}]}}