{"id":94877,"date":"2022-10-12T06:36:58","date_gmt":"2022-10-12T04:36:58","guid":{"rendered":"http:\/\/dev.claret.cat\/producte\/la-mujer-del-retrato\/"},"modified":"2023-01-28T22:52:39","modified_gmt":"2023-01-28T21:52:39","slug":"la-mujer-del-retrato-9788418451270","status":"publish","type":"product","link":"https:\/\/www.claret.cat\/es\/libro\/la-mujer-del-retrato-9788418451270\/","title":{"rendered":"LA MUJER DEL RETRATO"},"content":{"rendered":"<p>Una ni\u00f1a descubre que, tras la mujer que la mira con severidad desde el oscuro retrato familiar, habita una ni\u00f1a pelirroja, que corre libre por las monta\u00f1as c\u00e1ntabras, junto a su perra danesa. Decide dibujar para descubrir qui\u00e9n fue esa ni\u00f1a y esa adolescente que acaba convirti\u00e9ndose en una de las mayores pensadoras y escritoras del siglo XIX. Romper la imagen que hasta ahora se ha dado de Concepci\u00f3n Arenal es el prop\u00f3sito de este libro de ficci\u00f3n, rigurosamente documentado, imaginado por la ilustradora Teresa Novoa, tataranieta de Concepci\u00f3n Arenal, y de la escritora M\u00f3nica Rodr\u00edguez.<\/p>\n","protected":false},"excerpt":{"rendered":"<p>RODR\u00cdGUEZ, M\u00d3NICA<\/p>\n","protected":false},"featured_media":94878,"template":"","meta":{"_acf_changed":false,"om_disable_all_campaigns":false,"rs_blank_template":"","rs_page_bg_color":"","slide_template_v7":"","inline_featured_image":false,"_monsterinsights_skip_tracking":false,"_monsterinsights_sitenote_active":false,"_monsterinsights_sitenote_note":"","_monsterinsights_sitenote_category":0},"product_brand":[],"product_cat":[108],"product_tag":[],"class_list":{"0":"post-94877","1":"product","2":"type-product","3":"status-publish","4":"has-post-thumbnail","6":"product_cat-comic","8":"first","9":"instock","10":"taxable","11":"shipping-taxable","12":"purchasable","13":"product-type-simple"},"acf":{"autor":"RODR\u00cdGUEZ, M\u00d3NICA","codart":"841845127","libros-coleccion":"COMIC","ediciones":"1","encuadernacion":"R\u00fastica","fecha_de_publicacion":"01\/03\/2021","novedad":"1","paginas":"224","subtitulo":"","orden":"0","portada":"0","idioma":"spa","editorial":[{"ID":148581,"post_author":"3","post_date":"2022-10-14 11:59:22","post_date_gmt":"2022-10-14 09:59:22","post_content":"","post_title":"N\u00d3RDICA LIBROS","post_excerpt":"","post_status":"publish","comment_status":"closed","ping_status":"closed","post_password":"","post_name":"nordica-libros","to_ping":"","pinged":"","post_modified":"2022-10-14 11:59:22","post_modified_gmt":"2022-10-14 09:59:22","post_content_filtered":"","post_parent":0,"guid":"http:\/\/dev.claret.cat\/editorial\/nordica-libros\/","menu_order":0,"post_type":"editorial","post_mime_type":"","comment_count":"0","filter":"raw"}],"autores-libros":[{"ID":165333,"post_author":"3","post_date":"2022-10-14 17:54:20","post_date_gmt":"2022-10-14 15:54:20","post_content":"","post_title":"M\u00d3NICA RODR\u00cdGUEZ","post_excerpt":"","post_status":"publish","comment_status":"closed","ping_status":"closed","post_password":"","post_name":"monica-rodriguez","to_ping":"","pinged":"","post_modified":"2022-10-14 17:54:20","post_modified_gmt":"2022-10-14 15:54:20","post_content_filtered":"","post_parent":0,"guid":"http:\/\/dev.claret.cat\/autor\/monica-rodriguez\/","menu_order":0,"post_type":"autor","post_mime_type":"","comment_count":"0","filter":"raw"}]},"aioseo_notices":[],"_links":{"self":[{"href":"https:\/\/www.claret.cat\/es\/wp-json\/wp\/v2\/product\/94877","targetHints":{"allow":["GET"]}}],"collection":[{"href":"https:\/\/www.claret.cat\/es\/wp-json\/wp\/v2\/product"}],"about":[{"href":"https:\/\/www.claret.cat\/es\/wp-json\/wp\/v2\/types\/product"}],"wp:featuredmedia":[{"embeddable":true,"href":"https:\/\/www.claret.cat\/es\/wp-json\/wp\/v2\/media\/94878"}],"wp:attachment":[{"href":"https:\/\/www.claret.cat\/es\/wp-json\/wp\/v2\/media?parent=94877"}],"wp:term":[{"taxonomy":"product_brand","embeddable":true,"href":"https:\/\/www.claret.cat\/es\/wp-json\/wp\/v2\/product_brand?post=94877"},{"taxonomy":"product_cat","embeddable":true,"href":"https:\/\/www.claret.cat\/es\/wp-json\/wp\/v2\/product_cat?post=94877"},{"taxonomy":"product_tag","embeddable":true,"href":"https:\/\/www.claret.cat\/es\/wp-json\/wp\/v2\/product_tag?post=94877"}],"curies":[{"name":"wp","href":"https:\/\/api.w.org\/{rel}","templated":true}]}}