{"id":94898,"date":"2022-10-12T06:37:15","date_gmt":"2022-10-12T04:37:15","guid":{"rendered":"http:\/\/dev.claret.cat\/producte\/como-gota-de-agua-sobre-la-esponja\/"},"modified":"2024-05-23T14:11:46","modified_gmt":"2024-05-23T12:11:46","slug":"como-gota-de-agua-sobre-la-esponja-9788479667122","status":"publish","type":"product","link":"https:\/\/www.claret.cat\/es\/libro\/como-gota-de-agua-sobre-la-esponja-9788479667122\/","title":{"rendered":"COMO GOTA DE AGUA SOBRE LA ESPONJA"},"content":{"rendered":"<p>El papa Francisco ha dicho en diferentes ocasiones que \u00abel discernimiento en el Se\u00f1or me gu\u00eda en mi modo de gobernar\u00bb. Este modo de proceder le viene al Papa de sus ra\u00edces espirituales ignacianas. <br \/>\u00abComo gota sobre la esponja\u00bb y no como gota que cae sobre la piedra es una expresi\u00f3n de los Ejercicios Espirituales de san Ignacio. Es el efecto del buen esp\u00edritu sobre el \u00abalma\u00bb.<br \/>Francisco es, verdaderamente, un maestro del discernimiento. Su ense\u00f1anza sobre este particular consiste en que, para discernir bien, hay que salir de s\u00ed, exponerse e involucrarse en la lucha espiritual. Hay que salir de las propias ideas a las perfierias donde la Carne herida de Cristo nos conmueve las entra\u00f1as y, entonces s\u00ed, se dan las modificiaciones efectivas reales en las que se puede discernir lo que el esp\u00edritu dice a la Iglesia.<\/p>\n","protected":false},"excerpt":{"rendered":"<p>FAR\u00c9S, DIEGO<\/p>\n","protected":false},"featured_media":353369,"template":"","meta":{"_acf_changed":false,"om_disable_all_campaigns":false,"rs_blank_template":"","rs_page_bg_color":"","slide_template_v7":"","inline_featured_image":false,"_monsterinsights_skip_tracking":false,"_monsterinsights_sitenote_active":false,"_monsterinsights_sitenote_note":"","_monsterinsights_sitenote_category":0},"product_brand":[],"product_cat":[244,494],"product_tag":[],"class_list":{"0":"post-94898","1":"product","2":"type-product","3":"status-publish","4":"has-post-thumbnail","6":"product_cat-ignaciana","7":"product_cat-ignaciana-espiritualidad-1_espiritualidad","9":"first","10":"instock","11":"taxable","12":"shipping-taxable","13":"purchasable","14":"product-type-simple"},"acf":{"editorial":[{"ID":6337,"post_author":"3","post_date":"2022-07-28 17:50:01","post_date_gmt":"2022-07-28 15:50:01","post_content":"","post_title":"Publicaciones Claretianas","post_excerpt":"","post_status":"publish","comment_status":"closed","ping_status":"closed","post_password":"","post_name":"publicaciones-claretianas","to_ping":"","pinged":"","post_modified":"2022-07-28 17:50:01","post_modified_gmt":"2022-07-28 15:50:01","post_content_filtered":"","post_parent":0,"guid":"http:\/\/dev.claret.cat\/editorial\/publicaciones-claretianas\/","menu_order":0,"post_type":"editorial","post_mime_type":"","comment_count":"0","filter":"raw"}],"autor":"FAR\u00c9S, DIEGO","codart":"847966712","libros-coleccion":"","ediciones":"1","encuadernacion":"R\u00fastica","fecha_de_publicacion":"05\/03\/2021","novedad":"1","paginas":"240","subtitulo":"FRANCISCO, MAESTRO DE DISCERNIMIENTO","orden":"0","portada":"0","idioma":"spa","autores-libros":[{"ID":154160,"post_author":"3","post_date":"2022-10-14 15:02:35","post_date_gmt":"2022-10-14 13:02:35","post_content":"","post_title":"DIEGO FARES","post_excerpt":"","post_status":"publish","comment_status":"closed","ping_status":"closed","post_password":"","post_name":"diego-fares","to_ping":"","pinged":"","post_modified":"2022-10-14 15:02:35","post_modified_gmt":"2022-10-14 13:02:35","post_content_filtered":"","post_parent":0,"guid":"http:\/\/dev.claret.cat\/autor\/diego-fares\/","menu_order":0,"post_type":"autor","post_mime_type":"","comment_count":"0","filter":"raw"}]},"aioseo_notices":[],"_links":{"self":[{"href":"https:\/\/www.claret.cat\/es\/wp-json\/wp\/v2\/product\/94898","targetHints":{"allow":["GET"]}}],"collection":[{"href":"https:\/\/www.claret.cat\/es\/wp-json\/wp\/v2\/product"}],"about":[{"href":"https:\/\/www.claret.cat\/es\/wp-json\/wp\/v2\/types\/product"}],"wp:featuredmedia":[{"embeddable":true,"href":"https:\/\/www.claret.cat\/es\/wp-json\/wp\/v2\/media\/353369"}],"wp:attachment":[{"href":"https:\/\/www.claret.cat\/es\/wp-json\/wp\/v2\/media?parent=94898"}],"wp:term":[{"taxonomy":"product_brand","embeddable":true,"href":"https:\/\/www.claret.cat\/es\/wp-json\/wp\/v2\/product_brand?post=94898"},{"taxonomy":"product_cat","embeddable":true,"href":"https:\/\/www.claret.cat\/es\/wp-json\/wp\/v2\/product_cat?post=94898"},{"taxonomy":"product_tag","embeddable":true,"href":"https:\/\/www.claret.cat\/es\/wp-json\/wp\/v2\/product_tag?post=94898"}],"curies":[{"name":"wp","href":"https:\/\/api.w.org\/{rel}","templated":true}]}}