{"id":9513,"date":"2022-09-30T19:39:51","date_gmt":"2022-09-30T17:39:51","guid":{"rendered":"http:\/\/dev.claret.cat\/producte\/los-medici\/"},"modified":"2025-01-31T23:13:44","modified_gmt":"2025-01-31T22:13:44","slug":"los-medici-9788416259731","status":"publish","type":"product","link":"https:\/\/www.claret.cat\/es\/libro\/los-medici-9788416259731\/","title":{"rendered":"LOS MEDICI"},"content":{"rendered":"<p>Desde un peque\u00f1o territorio italiano, la historia de los M\u00e9dicis y de su ciudad, Florencia, transcurre paralela a la de las casas reinantes europeas que dominaron la escena pol\u00edtica en los siglos XV al XVIII. Con Juan de M\u00e9dicis, nacido en 1360, se configura un linaje de personajes excepcionales, del que destacan Cosme, llamado el Padre de la patria, Lorenzo el Magn\u00edfico y el gran duque Cosme I. Al ambicioso camino -marcado por conjuras, como la c\u00e9lebre de los Pazzi, asesinatos y estrat\u00e9gicas alianzas-  hacia la consecuci\u00f3n y consolidaci\u00f3n de su poder, se suma en los M\u00e9dicis una faceta diferencial, que les confiere un valor \u00fanico: su amor y dedicaci\u00f3n a las artes, las letras y las ciencias, que se transmite, como si de una herencia gen\u00e9tica se tratara, de generaci\u00f3n en generaci\u00f3n. Proteger y fomentar la cultura fue para ellos una misi\u00f3n primordial y a la vez placentera, que por una rara conjunci\u00f3n hall\u00f3 una genial respuesta en los hombres de talento de la \u00e9poca. Alrededor de los M\u00e9dicis brillaron, entre otros muchos, Bramante, Brunelleschi, Donatello, Masaccio, Mantegna, Miguel \u00c1ngel, Leonardo da Vinci, Maquiavelo, Pico della Mirandola, Cellini y Galileo. Nunca, en<br \/> ning\u00fan otro pa\u00eds, se concentr\u00f3 en un reducido espacio y en un tiempo limitado tanta excelencia en el campo del saber.<\/p>\n","protected":false},"excerpt":{"rendered":"<p>DUMAS, ALEJANDRO<\/p>\n","protected":false},"featured_media":73830,"template":"","meta":{"_acf_changed":false,"om_disable_all_campaigns":false,"rs_blank_template":"","rs_page_bg_color":"","slide_template_v7":"","inline_featured_image":false,"_monsterinsights_skip_tracking":false,"_monsterinsights_sitenote_active":false,"_monsterinsights_sitenote_note":"","_monsterinsights_sitenote_category":0},"product_brand":[],"product_cat":[87,353],"product_tag":[],"class_list":{"0":"post-9513","1":"product","2":"type-product","3":"status-publish","4":"has-post-thumbnail","6":"product_cat-literatura","7":"product_cat-literatura-2_humanidades","9":"first","10":"instock","11":"taxable","12":"shipping-taxable","13":"purchasable","14":"product-type-simple"},"acf":{"autor":"DUMAS, ALEJANDRO","codart":"841625973","libros-coleccion":"SUSHI BOOKS","ediciones":"1","encuadernacion":"Carpeta","fecha_de_publicacion":"01\/10\/2016","novedad":"1","paginas":"119","subtitulo":"","orden":"0","portada":"0","idioma":"spa","editorial":[{"ID":6313,"post_author":"3","post_date":"2022-07-28 17:49:30","post_date_gmt":"2022-07-28 15:49:30","post_content":"","post_title":"Navona Editorial","post_excerpt":"","post_status":"publish","comment_status":"closed","ping_status":"closed","post_password":"","post_name":"navona-editorial","to_ping":"","pinged":"","post_modified":"2022-07-28 17:49:30","post_modified_gmt":"2022-07-28 15:49:30","post_content_filtered":"","post_parent":0,"guid":"http:\/\/dev.claret.cat\/editorial\/navona-editorial\/","menu_order":0,"post_type":"editorial","post_mime_type":"","comment_count":"0","filter":"raw"}],"autores-libros":[{"ID":149562,"post_author":"3","post_date":"2022-10-14 14:25:54","post_date_gmt":"2022-10-14 12:25:54","post_content":"","post_title":"ALEJANDRO DUMAS","post_excerpt":"","post_status":"publish","comment_status":"closed","ping_status":"closed","post_password":"","post_name":"alejandro-dumas","to_ping":"","pinged":"","post_modified":"2022-10-14 14:25:54","post_modified_gmt":"2022-10-14 12:25:54","post_content_filtered":"","post_parent":0,"guid":"http:\/\/dev.claret.cat\/autor\/alejandro-dumas\/","menu_order":0,"post_type":"autor","post_mime_type":"","comment_count":"0","filter":"raw"}]},"aioseo_notices":[],"_links":{"self":[{"href":"https:\/\/www.claret.cat\/es\/wp-json\/wp\/v2\/product\/9513","targetHints":{"allow":["GET"]}}],"collection":[{"href":"https:\/\/www.claret.cat\/es\/wp-json\/wp\/v2\/product"}],"about":[{"href":"https:\/\/www.claret.cat\/es\/wp-json\/wp\/v2\/types\/product"}],"wp:featuredmedia":[{"embeddable":true,"href":"https:\/\/www.claret.cat\/es\/wp-json\/wp\/v2\/media\/73830"}],"wp:attachment":[{"href":"https:\/\/www.claret.cat\/es\/wp-json\/wp\/v2\/media?parent=9513"}],"wp:term":[{"taxonomy":"product_brand","embeddable":true,"href":"https:\/\/www.claret.cat\/es\/wp-json\/wp\/v2\/product_brand?post=9513"},{"taxonomy":"product_cat","embeddable":true,"href":"https:\/\/www.claret.cat\/es\/wp-json\/wp\/v2\/product_cat?post=9513"},{"taxonomy":"product_tag","embeddable":true,"href":"https:\/\/www.claret.cat\/es\/wp-json\/wp\/v2\/product_tag?post=9513"}],"curies":[{"name":"wp","href":"https:\/\/api.w.org\/{rel}","templated":true}]}}