{"id":953416,"date":"2024-02-21T10:35:26","date_gmt":"2024-02-21T09:35:26","guid":{"rendered":"https:\/\/www.claret.cat\/llibre\/hacia-una-iglesia-mas-sinodal-9788491365341\/"},"modified":"2024-12-05T19:31:51","modified_gmt":"2024-12-05T18:31:51","slug":"hacia-una-iglesia-mas-sinodal-9788491365341","status":"publish","type":"product","link":"https:\/\/www.claret.cat\/es\/libro\/hacia-una-iglesia-mas-sinodal-9788491365341\/","title":{"rendered":"HACIA UNA IGLESIA M\u00c1S SINODAL"},"content":{"rendered":"<p><strong>\u00bfQu\u00e9 significa realmente una Iglesia sinodal?<\/strong> En <em>Hacia una Iglesia m\u00e1s sinodal<\/em>, Francesc Conesa, <strong>Obispo de Solsona<\/strong>, comparte su experiencia personal en la <strong>XVI Asamblea del S\u00ednodo de los Obispos<\/strong> bajo el lema: <em>\u00abPor una Iglesia sinodal: comuni\u00f3n, participaci\u00f3n y misi\u00f3n\u00bb<\/em>. Este libro ofrece una visi\u00f3n profunda y accesible de este proceso hist\u00f3rico, destacando c\u00f3mo el S\u00ednodo se transforma en un espacio de escucha y reflexi\u00f3n colectiva.<\/p>\n<p>En los primeros cap\u00edtulos, el autor analiza el concepto de <strong>sinodalidad<\/strong> como un proceso din\u00e1mico y participativo que incluye no solo a obispos, sino tambi\u00e9n a laicos y otros miembros de la comunidad eclesial. Conesa detalla el <strong>m\u00e9todo de trabajo sinodal<\/strong> y las experiencias vividas durante la asamblea, proporcionando una comprensi\u00f3n clara de su desarrollo.<\/p>\n<p>La segunda parte profundiza en los temas clave del <strong>documento de s\u00edntesis<\/strong>, abordando cuestiones cruciales para la reflexi\u00f3n eclesial futura y ofreciendo pautas para continuar la <strong>meditaci\u00f3n comunitaria<\/strong>.<\/p>\n<p><\/p>\n<p><a href='https:\/\/www.claret.cat\/llibre\/vers-una-esglesia-mes-sinodal-9788491365334\/?c=' rel='noopener noreferrer' target='_blank'>Disponible en catal\u00e1n<\/a><\/p>\n","protected":false},"excerpt":{"rendered":"<p>CONESA FERRER, FRANCESC<\/p>\n","protected":false},"featured_media":995126,"template":"","meta":{"_acf_changed":false,"om_disable_all_campaigns":false,"rs_blank_template":"","rs_page_bg_color":"","slide_template_v7":"","inline_featured_image":false,"_monsterinsights_skip_tracking":false,"_monsterinsights_sitenote_active":false,"_monsterinsights_sitenote_note":"","_monsterinsights_sitenote_category":0},"product_brand":[],"product_cat":[543,93,581,308],"product_tag":[],"class_list":{"0":"post-953416","1":"product","2":"type-product","3":"status-publish","4":"has-post-thumbnail","6":"product_cat-eclesiologia-es","7":"product_cat-eclesiologia","8":"product_cat-editorial-claret","9":"product_cat-castella","11":"first","12":"instock","13":"taxable","14":"shipping-taxable","15":"purchasable","16":"product-type-simple"},"acf":{"autor":"CONESA FERRER, FRANCESC","codart":"849136534","libros-coleccion":"FUERA DE COLECCI\u00d3N","ediciones":"1","encuadernacion":"R\u00fastica","fecha_de_publicacion":"05\/03\/2024","novedad":"1","paginas":"98","subtitulo":"","orden":"1000","portada":"1","idioma":"spa","editorial":[{"ID":6158,"post_author":"3","post_date":"2022-07-28 17:46:08","post_date_gmt":"2022-07-28 15:46:08","post_content":"","post_title":"CLARET","post_excerpt":"","post_status":"publish","comment_status":"closed","ping_status":"closed","post_password":"","post_name":"claret","to_ping":"","pinged":"","post_modified":"2022-07-28 17:46:08","post_modified_gmt":"2022-07-28 15:46:08","post_content_filtered":"","post_parent":0,"guid":"http:\/\/dev.claret.cat\/editorial\/claret\/","menu_order":0,"post_type":"editorial","post_mime_type":"","comment_count":"0","filter":"raw"}],"booktrailer":"","linkebook":"","ficha":"849136534_1709549055.pdf","muestra":"","precioebook":"0","presentacion":"<iframe width=\"949\" height=\"433\" src=\"https:\/\/www.youtube.com\/embed\/jmTcaXKHRFA?si=bB3-iNSTN7h1zHpl\" title=\"YouTube video player\" frameborder=\"0\" allow=\"accelerometer; autoplay; clipboard-write; encrypted-media; gyroscope; picture-in-picture; web-share\" referrerpolicy=\"strict-origin-when-cross-origin\" allowfullscreen><\/iframe>","resenas":"<p>Religi\u00f3n Confidencial, 08\/03\/2024<\/p>\n<p><a href=\"https:\/\/religion.elconfidencialdigital.com\/articulo\/vaticano\/obispo-conesa-presidente\/20240308033331048747.html?utm_campaign=buenos-d-as-tu-bolet-n-diario-de-religi-n-confidencial&amp;utm_medium=email&amp;utm_edition=202403080600&amp;utm_source=newsletter\" rel=\"noopener noreferrer\" target=\"_blank\">https:\/\/religion.elconfidencialdigital.com\/articulo\/vaticano\/obispo-conesa-presidente\/20240308033331048747.html?utm_campaign=buenos-d-as-tu-bolet-n-diario-de-religi-n-confidencial&amp;utm_medium=email&amp;utm_edition=202403080600&amp;utm_source=newsletter <\/a><\/p>\n<p><\/p>\n<p>Ag\u00e8ncia Flama, 14\/03\/24<\/p>\n<p><a href=\"https:\/\/www.agenciaflama.cat\/al-sinode-es-deien-coses-molt-boniques-pero-ara-cal-que-tot-allo-penetri-a-lesglesia\/\" rel=\"noopener noreferrer\" target=\"_blank\">https:\/\/www.agenciaflama.cat\/al-sinode-es-deien-coses-molt-boniques-pero-ara-cal-que-tot-allo-penetri-a-lesglesia\/<\/a><\/p>\n<p><\/p>\n<p>Ag\u00e8ncia Flama, 22\/03\/24<\/p>\n<p><a href=\"https:\/\/www.agenciaflama.cat\/el-bisbe-francesc-conesa-presentara-el-seu-llibre-sobre-el-sinode-al-palau-episcopal-de-solsona\/\" rel=\"noopener noreferrer\" target=\"_blank\">https:\/\/www.agenciaflama.cat\/el-bisbe-francesc-conesa-presentara-el-seu-llibre-sobre-el-sinode-al-palau-episcopal-de-solsona\/<\/a><\/p>\n<p><\/p>\n<p>La Vanguardia, 24\/03\/24<\/p>\n<p><a href=\"https:\/\/drive.google.com\/file\/d\/1exvCNzKZ57ttgZLfqlXrvdWEnRJOL6ad\/view?usp=sharing\" rel=\"noopener noreferrer\" target=\"_blank\">https:\/\/drive.google.com\/file\/d\/1exvCNzKZ57ttgZLfqlXrvdWEnRJOL6ad\/view?usp=sharing<\/a><\/p>\n<p><\/p>\n<p>Catalunya Religi\u00f3, 25\/03\/2024<\/p>\n<p><a href=\"https:\/\/www.catalunyareligio.cat\/ca\/nou-llibre-bisbe-conesa-vol-fer-arribar-missatge\" rel=\"noopener noreferrer\" target=\"_blank\">https:\/\/www.catalunyareligio.cat\/ca\/nou-llibre-bisbe-conesa-vol-fer-arribar-missatge<\/a><\/p>\n<p><\/p>\n<p>Catalunya Cristiana, 26\/03\/24<\/p>\n<p><a href=\"https:\/\/www.catalunyacristiana.cat\/francesc-conesa-bisbe-solsona-pare-sinodal-llibre\/\" rel=\"noopener noreferrer\" target=\"_blank\">https:\/\/www.catalunyacristiana.cat\/francesc-conesa-bisbe-solsona-pare-sinodal-llibre\/<\/a><\/p>\n<p><\/p>\n<p>Religi\u00f3n Digital, 26\/03\/24<\/p>\n<p><a href=\"https:\/\/www.religiondigital.org\/libros\/Monsenor-Conesa-presenta-Iglesia-sinodal_0_2655034473.html\" rel=\"noopener noreferrer\" target=\"_blank\">https:\/\/www.religiondigital.org\/libros\/Monsenor-Conesa-presenta-Iglesia-sinodal_0_2655034473.html<\/a><\/p>\n<p><\/p>\n<p>Catalunya Religi\u00f3, 25\/03\/24<\/p>\n<p><a href=\"https:\/\/www.catalunyareligio.cat\/ca\/blog\/llibres-recomanats\/hacia-iglesia-mas-sinodal-312078\" rel=\"noopener noreferrer\" target=\"_blank\">https:\/\/www.catalunyareligio.cat\/ca\/blog\/llibres-recomanats\/hacia-iglesia-mas-sinodal-312078<\/a><\/p>\n<p><\/p>\n<p>Naci\u00f3 Digital, 04\/03\/2024<\/p>\n<p><a href=\"https:\/\/www.naciodigital.cat\/naciosolsona\/noticia\/43619\/bisbe-solsona-llibre-sinode-\" rel=\"noopener noreferrer\" target=\"_blank\">https:\/\/www.naciodigital.cat\/naciosolsona\/noticia\/43619\/bisbe-solsona-llibre-sinode-<\/a><\/p>\n<p><\/p>\n<p>Catalunya Cristiana, 14\/04\/2024<\/p>\n<p><a href=\"https:\/\/drive.google.com\/file\/d\/1oqwKVPJw0zxPNXKWFNcwhrz3LuqCNLFz\/view?usp=sharing\" rel=\"noopener noreferrer\" target=\"_blank\">https:\/\/drive.google.com\/file\/d\/1oqwKVPJw0zxPNXKWFNcwhrz3LuqCNLFz\/view?usp=sharing<\/a><\/p>\n<p><\/p>\n<p>Ag\u00e8ncia Flama, 12\/04\/2024<\/p>\n<p><a href=\"https:\/\/www.agenciaflama.cat\/el-sinode-no-es-un-parlament-sino-un-espai-on-escoltar-els-altres-per-discernir-sobre-allo-que-es-millor-per-a-lesglesia\/\" rel=\"noopener noreferrer\" target=\"_blank\">https:\/\/www.agenciaflama.cat\/el-sinode-no-es-un-parlament-sino-un-espai-on-escoltar-els-altres-per-discernir-sobre-allo-que-es-millor-per-a-lesglesia\/<\/a><\/p>\n<p><\/p>\n<p>Catalunya Religi\u00f3, 13\/04\/2024<\/p>\n<p><a href=\"https:\/\/www.catalunyareligio.cat\/ca\/miriam-diez-bisbe-conesa-no-te-por-defugir-dels\" rel=\"noopener noreferrer\" target=\"_blank\">https:\/\/www.catalunyareligio.cat\/ca\/miriam-diez-bisbe-conesa-no-te-por-defugir-dels<\/a><\/p>\n<p><\/p>\n<p>Catalunya Cristiana, 17\/04\/2024<\/p>\n<p><a href=\"https:\/\/www.catalunyacristiana.cat\/presentacio-del-llibre-vers-una-esglesia-mes-sinodal\/\" rel=\"noopener noreferrer\" target=\"_blank\">https:\/\/www.catalunyacristiana.cat\/presentacio-del-llibre-vers-una-esglesia-mes-sinodal\/<\/a><\/p>\n","autores-libros":[{"ID":953805,"post_author":"3","post_date":"2024-02-23 09:40:16","post_date_gmt":"2024-02-23 08:40:16","post_content":"Francesc Conesa Ferrer \u00e9s actualment <strong>bisbe de Solsona<\/strong>. Despr\u00e9s d\u2019exercir com a vicari general a la Di\u00f2cesi d\u2019Oriola-Alacant i de rector a la Bas\u00edlica de Santa Maria d\u2019Elx, va ser nomenat bisbe de Menorca (2016). Ha estat professor de filosofia i teologia al Seminari d\u2019Oriola-Alacant (1992-2016) i a la Facultat de Teologia de la Universitat de Navarra (des de 1994).\r\n\r\n\u00c9s autor de diversos llibres i articles relacionats de manera especial amb la teologia de la fe (i la increen\u00e7a), la teologia de les religions i la filosofia anal\u00edtica.\u00a0 El 2023 va participar al S\u00ednode de Bisbes i va escriure <em><strong><a href=\"https:\/\/www.editorialclaret.cat\/producte\/vers-una-esglesia-mes-sinodal-9788491365334\/?c\">Vers una Esgl\u00e9sia m\u00e9s sinodal<\/a>.<\/strong><\/em>","post_title":"FRANCESC CONESA FERRER","post_excerpt":"","post_status":"publish","comment_status":"closed","ping_status":"closed","post_password":"","post_name":"francesc-conesa-ferrer","to_ping":"","pinged":"","post_modified":"2025-02-26 14:41:01","post_modified_gmt":"2025-02-26 13:41:01","post_content_filtered":"","post_parent":0,"guid":"https:\/\/www.claret.cat\/autor\/francesc-conesa-ferrer\/","menu_order":0,"post_type":"autor","post_mime_type":"","comment_count":"0","filter":"raw"}],"traductores-libros":"","ilustradores-libros":"","formato":"","ebookportada":false,"recomendamos":"","mas_vendido":""},"aioseo_notices":[],"_links":{"self":[{"href":"https:\/\/www.claret.cat\/es\/wp-json\/wp\/v2\/product\/953416","targetHints":{"allow":["GET"]}}],"collection":[{"href":"https:\/\/www.claret.cat\/es\/wp-json\/wp\/v2\/product"}],"about":[{"href":"https:\/\/www.claret.cat\/es\/wp-json\/wp\/v2\/types\/product"}],"wp:featuredmedia":[{"embeddable":true,"href":"https:\/\/www.claret.cat\/es\/wp-json\/wp\/v2\/media\/995126"}],"wp:attachment":[{"href":"https:\/\/www.claret.cat\/es\/wp-json\/wp\/v2\/media?parent=953416"}],"wp:term":[{"taxonomy":"product_brand","embeddable":true,"href":"https:\/\/www.claret.cat\/es\/wp-json\/wp\/v2\/product_brand?post=953416"},{"taxonomy":"product_cat","embeddable":true,"href":"https:\/\/www.claret.cat\/es\/wp-json\/wp\/v2\/product_cat?post=953416"},{"taxonomy":"product_tag","embeddable":true,"href":"https:\/\/www.claret.cat\/es\/wp-json\/wp\/v2\/product_tag?post=953416"}],"curies":[{"name":"wp","href":"https:\/\/api.w.org\/{rel}","templated":true}]}}