{"id":955053,"date":"2024-03-04T16:25:02","date_gmt":"2024-03-04T15:25:02","guid":{"rendered":"https:\/\/www.claret.cat\/llibre\/atardecer-en-waterloo-9788477376705\/"},"modified":"2024-03-04T16:46:57","modified_gmt":"2024-03-04T15:46:57","slug":"atardecer-en-waterloo-9788477376705","status":"publish","type":"product","link":"https:\/\/www.claret.cat\/es\/libro\/atardecer-en-waterloo-9788477376705\/","title":{"rendered":"ATARDECER EN WATERLOO"},"content":{"rendered":"<p>Ocurre en Londres, todos los viernes por la tarde. Terry y Julie quedan en la estaci\u00f3n de Waterloo, cruzan el viejo r\u00edo sucio y contemplan juntos el atardecer. La imagen de los ic\u00f3nicos personajes de ?Waterloo sunset? describe algo m\u00e1s que un encuentro: explica toda una generaci\u00f3n, una ciudad, una atm\u00f3sfera.<br \/> Atardecer en Waterloo es la historia definitiva de los Kinks como nunca antes se ha contado: una narraci\u00f3n trepidante, envolvente, documentada, emocional y con mucha literatura. Abarca desde los inicios del grupo, a principios de los 60, hasta su disoluci\u00f3n en 1997, sin olvidar los cruciales a\u00f1os posteriores.<br \/> Sus \u00e9xitos, sus fracasos, sus hallazgos musicales, los puntos clave que marcaron su carrera o la g\u00e9nesis de sus trabajos discogr\u00e1ficos y de muchas de sus canciones m\u00e1s emblem\u00e1ticas se analizan con detalle en esta completa obra. Adem\u00e1s, un revelador apartado sobre su relaci\u00f3n con Espa\u00f1a, con entrevistas in\u00e9ditas, resuelve muchas de las inc\u00f3gnitas acerca de los mitos generados en torno a sus giras espa\u00f1olas.<br \/> Las canciones de los Kinks han trascendido fronteras, \u00e9pocas y estilos, y llegan hasta nosotros como un resplandeciente ocaso que nunca se apaga.<\/p>\n","protected":false},"excerpt":{"rendered":"<p>RECIO, MANUEL \/ GARC\u00cdA, I\u00d1AKI<\/p>\n","protected":false},"featured_media":955054,"template":"","meta":{"_acf_changed":false,"om_disable_all_campaigns":false,"rs_blank_template":"","rs_page_bg_color":"","slide_template_v7":"","inline_featured_image":false,"_monsterinsights_skip_tracking":false,"_monsterinsights_sitenote_active":false,"_monsterinsights_sitenote_note":"","_monsterinsights_sitenote_category":0},"product_brand":[],"product_cat":[111,332],"product_tag":[],"class_list":{"0":"post-955053","1":"product","2":"type-product","3":"status-publish","4":"has-post-thumbnail","6":"product_cat-musica","7":"product_cat-musica-4_escolar-spa","9":"first","10":"instock","11":"taxable","12":"shipping-taxable","13":"purchasable","14":"product-type-simple"},"acf":{"autor":"RECIO, MANUEL \/ GARC\u00cdA, I\u00d1AKI","codart":"847737670","libros-coleccion":"FORA DE COL.LECCI\u00d3","ediciones":"1","encuadernacion":"R\u00fastica","fecha_de_publicacion":"01\/04\/2017","novedad":"1","paginas":"784","subtitulo":"","orden":"0","portada":"0","idioma":"spa","editorial":[{"ID":148818,"post_author":"3","post_date":"2022-10-14 12:01:14","post_date_gmt":"2022-10-14 10:01:14","post_content":"","post_title":"S\u00cdLEX EDICIONES","post_excerpt":"","post_status":"publish","comment_status":"closed","ping_status":"closed","post_password":"","post_name":"silex-ediciones","to_ping":"","pinged":"","post_modified":"2022-10-14 12:01:14","post_modified_gmt":"2022-10-14 10:01:14","post_content_filtered":"","post_parent":0,"guid":"http:\/\/dev.claret.cat\/editorial\/silex-ediciones\/","menu_order":0,"post_type":"editorial","post_mime_type":"","comment_count":"0","filter":"raw"}]},"aioseo_notices":[],"_links":{"self":[{"href":"https:\/\/www.claret.cat\/es\/wp-json\/wp\/v2\/product\/955053","targetHints":{"allow":["GET"]}}],"collection":[{"href":"https:\/\/www.claret.cat\/es\/wp-json\/wp\/v2\/product"}],"about":[{"href":"https:\/\/www.claret.cat\/es\/wp-json\/wp\/v2\/types\/product"}],"wp:featuredmedia":[{"embeddable":true,"href":"https:\/\/www.claret.cat\/es\/wp-json\/wp\/v2\/media\/955054"}],"wp:attachment":[{"href":"https:\/\/www.claret.cat\/es\/wp-json\/wp\/v2\/media?parent=955053"}],"wp:term":[{"taxonomy":"product_brand","embeddable":true,"href":"https:\/\/www.claret.cat\/es\/wp-json\/wp\/v2\/product_brand?post=955053"},{"taxonomy":"product_cat","embeddable":true,"href":"https:\/\/www.claret.cat\/es\/wp-json\/wp\/v2\/product_cat?post=955053"},{"taxonomy":"product_tag","embeddable":true,"href":"https:\/\/www.claret.cat\/es\/wp-json\/wp\/v2\/product_tag?post=955053"}],"curies":[{"name":"wp","href":"https:\/\/api.w.org\/{rel}","templated":true}]}}