{"id":955110,"date":"2024-03-05T10:10:12","date_gmt":"2024-03-05T09:10:12","guid":{"rendered":"https:\/\/www.claret.cat\/llibre\/cartas-de-ignacio-de-loyola-con-mujeres-de-su-tiempo-9788427148895\/"},"modified":"2026-04-01T01:57:37","modified_gmt":"2026-03-31T23:57:37","slug":"cartas-de-ignacio-de-loyola-con-mujeres-de-su-tiempo-9788427148895","status":"publish","type":"product","link":"https:\/\/www.claret.cat\/es\/libro\/cartas-de-ignacio-de-loyola-con-mujeres-de-su-tiempo-9788427148895\/","title":{"rendered":"CARTAS DE IGNACIO DE LOYOLA CON MUJERES DE SU TIEMPO"},"content":{"rendered":"<p>Ignatius von Loyola. Briefwechsel mit Frauen (1956) es ya reconocido como un \u00abcl\u00e1sico\u00bb en su g\u00e9nero. Dado su rigor hist\u00f3rico y su exhaustivo arraigo en las fuentes jesu\u00edticas, contin\u00faa siendo un t\u00edtulo de obligada referencia al aproximarse al conocimiento del protagonismo que las mujeres ejercieron tanto en la vida de Ignacio de Loyola, como en la fundaci\u00f3n de la Compa\u00f1\u00eda de Jes\u00fas y su primer desarrollo. Esta edici\u00f3n, titulada Cartas de Ignacio de Loyola con mujeres de su tiempo, no es solo una reimpresi\u00f3n del texto en lengua espa\u00f1ola. Se trata de una edici\u00f3n ampliada y renovada que incluye, en lo posible, los avances en la investigaci\u00f3n que las \u00faltimas d\u00e9cadas han venido aportando sobre un tema tan actual como el de la relaci\u00f3n de Ignacio de Loyola (y con \u00e9l, la de la Compa\u00f1\u00eda de Jes\u00fas) con las mujeres de su tiempo.Gracias al amplio comentario hist\u00f3rico que acompa\u00f1a a estas cartas podemos acercarnos a aspectos menos conocidos de la psicolog\u00eda de Ignacio y de su modo de gobernar, as\u00ed como al ambiente en que se desarroll\u00f3 la vida de la primera Compa\u00f1\u00eda.<\/p>\n","protected":false},"excerpt":{"rendered":"<p>RAHNER, HUGO<\/p>\n","protected":false},"featured_media":955111,"template":"","meta":{"_acf_changed":false,"om_disable_all_campaigns":false,"rs_blank_template":"","rs_page_bg_color":"","slide_template_v7":"","inline_featured_image":false,"_monsterinsights_skip_tracking":false,"_monsterinsights_sitenote_active":false,"_monsterinsights_sitenote_note":"","_monsterinsights_sitenote_category":0},"product_brand":[],"product_cat":[244,494],"product_tag":[],"class_list":{"0":"post-955110","1":"product","2":"type-product","3":"status-publish","4":"has-post-thumbnail","6":"product_cat-ignaciana","7":"product_cat-ignaciana-espiritualidad-1_espiritualidad","9":"first","10":"instock","11":"taxable","12":"shipping-taxable","13":"purchasable","14":"product-type-simple"},"acf":{"autor":"RAHNER, HUGO","codart":"842714889","libros-coleccion":"Manresa","ediciones":"1","encuadernacion":"Carton\u00e9","fecha_de_publicacion":"01\/02\/2024","novedad":"1","paginas":"806","subtitulo":"","orden":"0","portada":"1","idioma":"spa","editorial":[{"ID":8258,"post_author":"3","post_date":"2022-09-30 09:21:32","post_date_gmt":"2022-09-30 07:21:32","post_content":"","post_title":"MENSAJERO","post_excerpt":"","post_status":"publish","comment_status":"closed","ping_status":"closed","post_password":"","post_name":"mensajero","to_ping":"","pinged":"","post_modified":"2022-09-30 09:21:32","post_modified_gmt":"2022-09-30 07:21:32","post_content_filtered":"","post_parent":0,"guid":"http:\/\/dev.claret.cat\/editorial\/mensajero\/","menu_order":0,"post_type":"editorial","post_mime_type":"","comment_count":"0","filter":"raw"}],"booktrailer":"","resenas":""},"aioseo_notices":[],"_links":{"self":[{"href":"https:\/\/www.claret.cat\/es\/wp-json\/wp\/v2\/product\/955110","targetHints":{"allow":["GET"]}}],"collection":[{"href":"https:\/\/www.claret.cat\/es\/wp-json\/wp\/v2\/product"}],"about":[{"href":"https:\/\/www.claret.cat\/es\/wp-json\/wp\/v2\/types\/product"}],"wp:featuredmedia":[{"embeddable":true,"href":"https:\/\/www.claret.cat\/es\/wp-json\/wp\/v2\/media\/955111"}],"wp:attachment":[{"href":"https:\/\/www.claret.cat\/es\/wp-json\/wp\/v2\/media?parent=955110"}],"wp:term":[{"taxonomy":"product_brand","embeddable":true,"href":"https:\/\/www.claret.cat\/es\/wp-json\/wp\/v2\/product_brand?post=955110"},{"taxonomy":"product_cat","embeddable":true,"href":"https:\/\/www.claret.cat\/es\/wp-json\/wp\/v2\/product_cat?post=955110"},{"taxonomy":"product_tag","embeddable":true,"href":"https:\/\/www.claret.cat\/es\/wp-json\/wp\/v2\/product_tag?post=955110"}],"curies":[{"name":"wp","href":"https:\/\/api.w.org\/{rel}","templated":true}]}}