{"id":95643,"date":"2022-10-12T06:47:18","date_gmt":"2022-10-12T04:47:18","guid":{"rendered":"http:\/\/dev.claret.cat\/producte\/la-bailarina-de-san-petersburgo\/"},"modified":"2026-06-02T17:25:36","modified_gmt":"2026-06-02T15:25:36","slug":"la-bailarina-de-san-petersburgo-9788418578670","status":"publish","type":"product","link":"https:\/\/www.claret.cat\/es\/libro\/la-bailarina-de-san-petersburgo-9788418578670\/","title":{"rendered":"LA BAILARINA DE SAN PETERSBURGO"},"content":{"rendered":"<p>Gordon Pinner es un joven periodista destinado en Par\u00eds en 1930. Aunque consciente de las injusticias cometidas por los bolcheviques tras la ca\u00edda del imperio de los zares, Pinner es tambi\u00e9n un idealista que alberga una honda simpat\u00eda por la Revoluci\u00f3n y que no dudar\u00e1 en infiltrarse en la comunidad de rusos exiliados en la capital francesa cuando sus camaradas del servicio secreto sovi\u00e9tico se lo pidan. De la mano de una hermosa y enigm\u00e1tica bailarina conocer\u00e1 los restos de un imperio desaparecido y acabar\u00e1 cuestion\u00e1ndose sus ideales y viajando a Mosc\u00fa y a Leningrado para encontrar a una ni\u00f1a hu\u00e9rfana. Esa chiquilla podr\u00eda ser la clave para salvar su vida y, al mismo tiempo, impedir que un arist\u00f3crata exiliado financie un ej\u00e9rcito destinado a revertir el curso de la Historia para recobrar el esplendor de los Rom\u00e1nov.<\/p>\n<p> Arist\u00f3cratas nost\u00e1lgicos de tiempos mejores, revolucionarios ambiciosos, enigm\u00e1ticas mujeres; Sevilla, Par\u00eds, Mosc\u00fa, Leningrado; aventuras, pasi\u00f3n, intriga, historia y un amplio abanico de emociones se dan cita en esta fascinante novela, ganadora del premio Albert Jovell, en la que personajes de ficci\u00f3n conviven con quienes protagonizaron una \u00e9poca irrepetible.<\/p>\n<p> ?Un novelista de amplios poderes?. J. M. Pozuelo Yvancos, ABC<\/p>\n<p> ?Un escritor capaz de imaginar historias que parec\u00edan ajenas a la ficci\u00f3n espa\u00f1ola?. Jos\u00e9 Mar\u00eda Merino, Mercurio<\/p>\n<p> ?El John le Carr\u00e9 espa\u00f1ol?. F\u00e9lix Ruiz Cardador, Diario de Sevilla.<\/p>\n<p> ?Es la vida lo que estamos leyendo. Es la novela lo que se introduce dentro de cada uno. Es un ejemplo de literatura?Y es una lecci\u00f3n maestra?. Rub\u00e9n Soriano, muchamasliteratura.com<\/p>\n<p> ?Logra hacer que la literatura se transforme en vida, en vida imaginada y bien contada, palpitante, en\u00e9rgica, dulce y melanc\u00f3lica?. Rub\u00e9n Castillo, Librario \u00edntimo<\/p>\n","protected":false},"excerpt":{"rendered":"<p>ANDR\u00c9S P\u00c9REZ DOM\u00cdNGUEZ<\/p>\n","protected":false},"featured_media":1105117,"template":"","meta":{"_acf_changed":false,"om_disable_all_campaigns":false,"rs_blank_template":"","rs_page_bg_color":"","slide_template_v7":"","inline_featured_image":false,"_monsterinsights_skip_tracking":false},"product_brand":[],"product_cat":[90,540],"product_tag":[],"class_list":["post-95643","product","type-product","status-publish","has-post-thumbnail","product_cat-altres","product_cat-otros","first","instock","taxable","shipping-taxable","purchasable","product-type-simple"],"acf":{"editorial":[{"ID":6120,"post_author":"3","post_date":"2022-07-28 17:45:19","post_date_gmt":"2022-07-28 15:45:19","post_content":"","post_title":"ALMUZARA","post_excerpt":"","post_status":"publish","comment_status":"closed","ping_status":"closed","post_password":"","post_name":"almuzara","to_ping":"","pinged":"","post_modified":"2022-07-28 17:45:19","post_modified_gmt":"2022-07-28 15:45:19","post_content_filtered":"","post_parent":0,"guid":"http:\/\/dev.claret.cat\/editorial\/almuzara\/","menu_order":0,"post_type":"editorial","post_mime_type":"","comment_count":"0","filter":"raw"}],"autor":"ANDR\u00c9S P\u00c9REZ DOM\u00cdNGUEZ","codart":"841857867","libros-coleccion":"Novela","ediciones":"1","encuadernacion":"R\u00fastica","fecha_de_publicacion":"01\/02\/2021","novedad":"1","paginas":"507","subtitulo":"","orden":"0","portada":"0","idioma":"spa","autores-libros":[{"ID":150278,"post_author":"3","post_date":"2022-10-14 14:31:40","post_date_gmt":"2022-10-14 12:31:40","post_content":"","post_title":"ANDR\u00c9S P\u00c9REZ DOM\u00cdNGUEZ","post_excerpt":"","post_status":"publish","comment_status":"closed","ping_status":"closed","post_password":"","post_name":"andres-perez-dominguez","to_ping":"","pinged":"","post_modified":"2022-10-14 14:31:40","post_modified_gmt":"2022-10-14 12:31:40","post_content_filtered":"","post_parent":0,"guid":"http:\/\/dev.claret.cat\/autor\/andres-perez-dominguez\/","menu_order":0,"post_type":"autor","post_mime_type":"","comment_count":"0","filter":"raw"}],"booktrailer":"","resenas":""},"aioseo_notices":[],"aioseo_head":"\n\t\t<!-- All in One SEO Pro 5.0.1.1 - aioseo.com -->\n\t<meta name=\"description\" content=\"LA BAILARINA DE SAN PETERSBURGO de ANDR\u00c9S P\u00c9REZ DOM\u00cdNGUEZ disponible a\/en Llibreria Claret.\" \/>\n\t<meta name=\"robots\" content=\"max-image-preview:large\" \/>\n\t<meta name=\"google-site-verification\" content=\"xVtlFxJ-TfkIu-D-lt7XeLobefg5EIQiXTuqcSf8Rf0\" \/>\n\t<link rel=\"canonical\" href=\"https:\/\/www.claret.cat\/es\/libro\/la-bailarina-de-san-petersburgo-9788418578670\/\" \/>\n\t<meta name=\"generator\" content=\"All in One SEO Pro (AIOSEO) 5.0.1.1\" \/>\n\t\t<meta property=\"og:locale\" content=\"es_ES\" \/>\n\t\t<meta property=\"og:site_name\" content=\"Llibreria Claret - Llibreria religiosa a Barcelona\" \/>\n\t\t<meta property=\"og:type\" content=\"article\" \/>\n\t\t<meta property=\"og:title\" content=\"LA BAILARINA DE SAN PETERSBURGO - ANDR\u00c9S P\u00c9REZ DOM\u00cdNGUEZ 9788418578670 | Llibreria Claret\" \/>\n\t\t<meta property=\"og:description\" content=\"LA BAILARINA DE SAN PETERSBURGO de ANDR\u00c9S P\u00c9REZ DOM\u00cdNGUEZ disponible a\/en Llibreria Claret.\" \/>\n\t\t<meta property=\"og:url\" content=\"https:\/\/www.claret.cat\/es\/libro\/la-bailarina-de-san-petersburgo-9788418578670\/\" \/>\n\t\t<meta property=\"og:image\" content=\"https:\/\/dev.claret.cat\/wp-content\/uploads\/logo-claret.svg\" \/>\n\t\t<meta property=\"og:image:secure_url\" content=\"https:\/\/dev.claret.cat\/wp-content\/uploads\/logo-claret.svg\" \/>\n\t\t<meta property=\"article:published_time\" content=\"2022-10-12T04:47:18+00:00\" \/>\n\t\t<meta property=\"article:modified_time\" content=\"2026-06-02T15:25:36+00:00\" \/>\n\t\t<meta property=\"article:publisher\" content=\"https:\/\/www.facebook.com\/LlibreriaClaret\" \/>\n\t\t<meta name=\"twitter:card\" content=\"summary_large_image\" \/>\n\t\t<meta name=\"twitter:site\" content=\"@LlibreriaClaret\" \/>\n\t\t<meta name=\"twitter:title\" content=\"LA BAILARINA DE SAN PETERSBURGO - ANDR\u00c9S P\u00c9REZ DOM\u00cdNGUEZ 9788418578670 | Llibreria Claret\" \/>\n\t\t<meta name=\"twitter:description\" content=\"LA BAILARINA DE SAN PETERSBURGO de ANDR\u00c9S P\u00c9REZ DOM\u00cdNGUEZ disponible a\/en Llibreria Claret.\" \/>\n\t\t<meta name=\"twitter:image\" content=\"http:\/\/dev.claret.cat\/wp-content\/uploads\/logo-claret.svg\" \/>\n\t\t<script type=\"application\/ld+json\" class=\"aioseo-schema\">\n\t\t\t{\"@context\":\"https:\\\/\\\/schema.org\",\"@graph\":[{\"@type\":\"BreadcrumbList\",\"@id\":\"https:\\\/\\\/www.claret.cat\\\/es\\\/libro\\\/la-bailarina-de-san-petersburgo-9788418578670\\\/#breadcrumblist\",\"itemListElement\":[{\"@type\":\"ListItem\",\"@id\":\"https:\\\/\\\/www.claret.cat\\\/es\\\/#listItem\",\"position\":1,\"name\":\"Home\",\"item\":\"https:\\\/\\\/www.claret.cat\\\/es\\\/\",\"nextItem\":{\"@type\":\"ListItem\",\"@id\":\"https:\\\/\\\/www.claret.cat\\\/?page_id=16#listItem\",\"name\":\"Botiga\"}},{\"@type\":\"ListItem\",\"@id\":\"https:\\\/\\\/www.claret.cat\\\/?page_id=16#listItem\",\"position\":2,\"name\":\"Botiga\",\"item\":\"https:\\\/\\\/www.claret.cat\\\/?page_id=16\",\"nextItem\":{\"@type\":\"ListItem\",\"@id\":\"https:\\\/\\\/www.claret.cat\\\/categoria-producto\\\/cat\\\/#listItem\",\"name\":\"CAT\"},\"previousItem\":{\"@type\":\"ListItem\",\"@id\":\"https:\\\/\\\/www.claret.cat\\\/es\\\/#listItem\",\"name\":\"Home\"}},{\"@type\":\"ListItem\",\"@id\":\"https:\\\/\\\/www.claret.cat\\\/categoria-producto\\\/cat\\\/#listItem\",\"position\":3,\"name\":\"CAT\",\"item\":\"https:\\\/\\\/www.claret.cat\\\/categoria-producto\\\/cat\\\/\",\"nextItem\":{\"@type\":\"ListItem\",\"@id\":\"https:\\\/\\\/www.claret.cat\\\/categoria-producto\\\/cat\\\/5_altres\\\/#listItem\",\"name\":\"Altres\"},\"previousItem\":{\"@type\":\"ListItem\",\"@id\":\"https:\\\/\\\/www.claret.cat\\\/?page_id=16#listItem\",\"name\":\"Botiga\"}},{\"@type\":\"ListItem\",\"@id\":\"https:\\\/\\\/www.claret.cat\\\/categoria-producto\\\/cat\\\/5_altres\\\/#listItem\",\"position\":4,\"name\":\"Altres\",\"item\":\"https:\\\/\\\/www.claret.cat\\\/categoria-producto\\\/cat\\\/5_altres\\\/\",\"nextItem\":{\"@type\":\"ListItem\",\"@id\":\"https:\\\/\\\/www.claret.cat\\\/categoria-producto\\\/cat\\\/5_altres\\\/altres\\\/#listItem\",\"name\":\"Altres\"},\"previousItem\":{\"@type\":\"ListItem\",\"@id\":\"https:\\\/\\\/www.claret.cat\\\/categoria-producto\\\/cat\\\/#listItem\",\"name\":\"CAT\"}},{\"@type\":\"ListItem\",\"@id\":\"https:\\\/\\\/www.claret.cat\\\/categoria-producto\\\/cat\\\/5_altres\\\/altres\\\/#listItem\",\"position\":5,\"name\":\"Altres\",\"item\":\"https:\\\/\\\/www.claret.cat\\\/categoria-producto\\\/cat\\\/5_altres\\\/altres\\\/\",\"nextItem\":{\"@type\":\"ListItem\",\"@id\":\"https:\\\/\\\/www.claret.cat\\\/es\\\/libro\\\/la-bailarina-de-san-petersburgo-9788418578670\\\/#listItem\",\"name\":\"LA BAILARINA DE SAN PETERSBURGO\"},\"previousItem\":{\"@type\":\"ListItem\",\"@id\":\"https:\\\/\\\/www.claret.cat\\\/categoria-producto\\\/cat\\\/5_altres\\\/#listItem\",\"name\":\"Altres\"}},{\"@type\":\"ListItem\",\"@id\":\"https:\\\/\\\/www.claret.cat\\\/es\\\/libro\\\/la-bailarina-de-san-petersburgo-9788418578670\\\/#listItem\",\"position\":6,\"name\":\"LA BAILARINA DE SAN PETERSBURGO\",\"previousItem\":{\"@type\":\"ListItem\",\"@id\":\"https:\\\/\\\/www.claret.cat\\\/categoria-producto\\\/cat\\\/5_altres\\\/altres\\\/#listItem\",\"name\":\"Altres\"}}]},{\"@type\":\"ItemPage\",\"@id\":\"https:\\\/\\\/www.claret.cat\\\/es\\\/libro\\\/la-bailarina-de-san-petersburgo-9788418578670\\\/#itempage\",\"url\":\"https:\\\/\\\/www.claret.cat\\\/es\\\/libro\\\/la-bailarina-de-san-petersburgo-9788418578670\\\/\",\"name\":\"LA BAILARINA DE SAN PETERSBURGO - ANDR\\u00c9S P\\u00c9REZ DOM\\u00cdNGUEZ 9788418578670 | Llibreria Claret\",\"description\":\"LA BAILARINA DE SAN PETERSBURGO de ANDR\\u00c9S P\\u00c9REZ DOM\\u00cdNGUEZ disponible a\\\/en Llibreria Claret.\",\"inLanguage\":\"es-ES\",\"isPartOf\":{\"@id\":\"https:\\\/\\\/www.claret.cat\\\/es\\\/#website\"},\"breadcrumb\":{\"@id\":\"https:\\\/\\\/www.claret.cat\\\/es\\\/libro\\\/la-bailarina-de-san-petersburgo-9788418578670\\\/#breadcrumblist\"},\"image\":{\"@type\":\"ImageObject\",\"url\":\"https:\\\/\\\/www.claret.cat\\\/wp-content\\\/uploads\\\/.\\\/9788418578670-1.jpg\",\"@id\":\"https:\\\/\\\/www.claret.cat\\\/es\\\/libro\\\/la-bailarina-de-san-petersburgo-9788418578670\\\/#mainImage\",\"width\":250,\"height\":373,\"caption\":\"9788418578670.jpg\"},\"primaryImageOfPage\":{\"@id\":\"https:\\\/\\\/www.claret.cat\\\/es\\\/libro\\\/la-bailarina-de-san-petersburgo-9788418578670\\\/#mainImage\"},\"datePublished\":\"2022-10-12T06:47:18+02:00\",\"dateModified\":\"2026-06-02T17:25:36+02:00\"},{\"@type\":\"Organization\",\"@id\":\"https:\\\/\\\/www.claret.cat\\\/es\\\/#organization\",\"name\":\"Llibreria Claret\",\"description\":\"Llibreria religiosa a Barcelona\",\"url\":\"https:\\\/\\\/www.claret.cat\\\/es\\\/\",\"email\":\"comunicacio@claret.cat\",\"telephone\":\"+34933010887\",\"logo\":{\"@type\":\"ImageObject\",\"url\":\"https:\\\/\\\/www.claret.cat\\\/wp-content\\\/uploads\\\/.\\\/logo-claret-es.png\",\"@id\":\"https:\\\/\\\/www.claret.cat\\\/es\\\/libro\\\/la-bailarina-de-san-petersburgo-9788418578670\\\/#organizationLogo\",\"width\":195,\"height\":79},\"image\":{\"@id\":\"https:\\\/\\\/www.claret.cat\\\/es\\\/libro\\\/la-bailarina-de-san-petersburgo-9788418578670\\\/#organizationLogo\"},\"sameAs\":[\"https:\\\/\\\/www.facebook.com\\\/LlibreriaClaret\",\"https:\\\/\\\/twitter.com\\\/LlibreriaClaret\",\"https:\\\/\\\/www.instagram.com\\\/llibreriaclaret\\\/\",\"https:\\\/\\\/www.tiktok.com\\\/@llibreriaclaret\",\"https:\\\/\\\/www.youtube.com\\\/@llibreriaclaret\",\"https:\\\/\\\/ca.wikipedia.org\\\/wiki\\\/Editorial_Claret\"]},{\"@type\":\"WebPage\",\"@id\":\"https:\\\/\\\/www.claret.cat\\\/es\\\/libro\\\/la-bailarina-de-san-petersburgo-9788418578670\\\/#webpage\",\"url\":\"https:\\\/\\\/www.claret.cat\\\/es\\\/libro\\\/la-bailarina-de-san-petersburgo-9788418578670\\\/\",\"name\":\"LA BAILARINA DE SAN PETERSBURGO - ANDR\\u00c9S P\\u00c9REZ DOM\\u00cdNGUEZ 9788418578670 | Llibreria Claret\",\"description\":\"LA BAILARINA DE SAN PETERSBURGO de ANDR\\u00c9S P\\u00c9REZ DOM\\u00cdNGUEZ disponible a\\\/en Llibreria Claret.\",\"inLanguage\":\"es-ES\",\"isPartOf\":{\"@id\":\"https:\\\/\\\/www.claret.cat\\\/es\\\/#website\"},\"breadcrumb\":{\"@id\":\"https:\\\/\\\/www.claret.cat\\\/es\\\/libro\\\/la-bailarina-de-san-petersburgo-9788418578670\\\/#breadcrumblist\"},\"image\":{\"@type\":\"ImageObject\",\"url\":\"https:\\\/\\\/www.claret.cat\\\/wp-content\\\/uploads\\\/.\\\/9788418578670-1.jpg\",\"@id\":\"https:\\\/\\\/www.claret.cat\\\/es\\\/libro\\\/la-bailarina-de-san-petersburgo-9788418578670\\\/#mainImage\",\"width\":250,\"height\":373,\"caption\":\"9788418578670.jpg\"},\"primaryImageOfPage\":{\"@id\":\"https:\\\/\\\/www.claret.cat\\\/es\\\/libro\\\/la-bailarina-de-san-petersburgo-9788418578670\\\/#mainImage\"},\"datePublished\":\"2022-10-12T06:47:18+02:00\",\"dateModified\":\"2026-06-02T17:25:36+02:00\"},{\"@type\":\"WebSite\",\"@id\":\"https:\\\/\\\/www.claret.cat\\\/es\\\/#website\",\"url\":\"https:\\\/\\\/www.claret.cat\\\/es\\\/\",\"name\":\"Llibreria Claret Barcelona\",\"alternateName\":\"Llibreria Claret\",\"description\":\"Llibreria religiosa a Barcelona\",\"inLanguage\":\"es-ES\",\"publisher\":{\"@id\":\"https:\\\/\\\/www.claret.cat\\\/es\\\/#organization\"}}]}\n\t\t<\/script>\n\t\t<!-- All in One SEO Pro -->\r\n\t\t<title>LA BAILARINA DE SAN PETERSBURGO - ANDR\u00c9S P\u00c9REZ DOM\u00cdNGUEZ 9788418578670 | Llibreria Claret<\/title>\n\n","aioseo_head_json":{"title":"LA BAILARINA DE SAN PETERSBURGO - ANDR\u00c9S P\u00c9REZ DOM\u00cdNGUEZ 9788418578670 | Llibreria Claret","description":"LA BAILARINA DE SAN PETERSBURGO de ANDR\u00c9S P\u00c9REZ DOM\u00cdNGUEZ disponible a\/en Llibreria Claret.","canonical_url":"https:\/\/www.claret.cat\/es\/libro\/la-bailarina-de-san-petersburgo-9788418578670\/","robots":"max-image-preview:large","keywords":"","webmasterTools":{"google-site-verification":"xVtlFxJ-TfkIu-D-lt7XeLobefg5EIQiXTuqcSf8Rf0","miscellaneous":""},"schema":{"@context":"https:\/\/schema.org","@graph":[{"@type":"BreadcrumbList","@id":"https:\/\/www.claret.cat\/es\/libro\/la-bailarina-de-san-petersburgo-9788418578670\/#breadcrumblist","itemListElement":[{"@type":"ListItem","@id":"https:\/\/www.claret.cat\/es\/#listItem","position":1,"name":"Home","item":"https:\/\/www.claret.cat\/es\/","nextItem":{"@type":"ListItem","@id":"https:\/\/www.claret.cat\/?page_id=16#listItem","name":"Botiga"}},{"@type":"ListItem","@id":"https:\/\/www.claret.cat\/?page_id=16#listItem","position":2,"name":"Botiga","item":"https:\/\/www.claret.cat\/?page_id=16","nextItem":{"@type":"ListItem","@id":"https:\/\/www.claret.cat\/categoria-producto\/cat\/#listItem","name":"CAT"},"previousItem":{"@type":"ListItem","@id":"https:\/\/www.claret.cat\/es\/#listItem","name":"Home"}},{"@type":"ListItem","@id":"https:\/\/www.claret.cat\/categoria-producto\/cat\/#listItem","position":3,"name":"CAT","item":"https:\/\/www.claret.cat\/categoria-producto\/cat\/","nextItem":{"@type":"ListItem","@id":"https:\/\/www.claret.cat\/categoria-producto\/cat\/5_altres\/#listItem","name":"Altres"},"previousItem":{"@type":"ListItem","@id":"https:\/\/www.claret.cat\/?page_id=16#listItem","name":"Botiga"}},{"@type":"ListItem","@id":"https:\/\/www.claret.cat\/categoria-producto\/cat\/5_altres\/#listItem","position":4,"name":"Altres","item":"https:\/\/www.claret.cat\/categoria-producto\/cat\/5_altres\/","nextItem":{"@type":"ListItem","@id":"https:\/\/www.claret.cat\/categoria-producto\/cat\/5_altres\/altres\/#listItem","name":"Altres"},"previousItem":{"@type":"ListItem","@id":"https:\/\/www.claret.cat\/categoria-producto\/cat\/#listItem","name":"CAT"}},{"@type":"ListItem","@id":"https:\/\/www.claret.cat\/categoria-producto\/cat\/5_altres\/altres\/#listItem","position":5,"name":"Altres","item":"https:\/\/www.claret.cat\/categoria-producto\/cat\/5_altres\/altres\/","nextItem":{"@type":"ListItem","@id":"https:\/\/www.claret.cat\/es\/libro\/la-bailarina-de-san-petersburgo-9788418578670\/#listItem","name":"LA BAILARINA DE SAN PETERSBURGO"},"previousItem":{"@type":"ListItem","@id":"https:\/\/www.claret.cat\/categoria-producto\/cat\/5_altres\/#listItem","name":"Altres"}},{"@type":"ListItem","@id":"https:\/\/www.claret.cat\/es\/libro\/la-bailarina-de-san-petersburgo-9788418578670\/#listItem","position":6,"name":"LA BAILARINA DE SAN PETERSBURGO","previousItem":{"@type":"ListItem","@id":"https:\/\/www.claret.cat\/categoria-producto\/cat\/5_altres\/altres\/#listItem","name":"Altres"}}]},{"@type":"ItemPage","@id":"https:\/\/www.claret.cat\/es\/libro\/la-bailarina-de-san-petersburgo-9788418578670\/#itempage","url":"https:\/\/www.claret.cat\/es\/libro\/la-bailarina-de-san-petersburgo-9788418578670\/","name":"LA BAILARINA DE SAN PETERSBURGO - ANDR\u00c9S P\u00c9REZ DOM\u00cdNGUEZ 9788418578670 | Llibreria Claret","description":"LA BAILARINA DE SAN PETERSBURGO de ANDR\u00c9S P\u00c9REZ DOM\u00cdNGUEZ disponible a\/en Llibreria Claret.","inLanguage":"es-ES","isPartOf":{"@id":"https:\/\/www.claret.cat\/es\/#website"},"breadcrumb":{"@id":"https:\/\/www.claret.cat\/es\/libro\/la-bailarina-de-san-petersburgo-9788418578670\/#breadcrumblist"},"image":{"@type":"ImageObject","url":"https:\/\/www.claret.cat\/wp-content\/uploads\/.\/9788418578670-1.jpg","@id":"https:\/\/www.claret.cat\/es\/libro\/la-bailarina-de-san-petersburgo-9788418578670\/#mainImage","width":250,"height":373,"caption":"9788418578670.jpg"},"primaryImageOfPage":{"@id":"https:\/\/www.claret.cat\/es\/libro\/la-bailarina-de-san-petersburgo-9788418578670\/#mainImage"},"datePublished":"2022-10-12T06:47:18+02:00","dateModified":"2026-06-02T17:25:36+02:00"},{"@type":"Organization","@id":"https:\/\/www.claret.cat\/es\/#organization","name":"Llibreria Claret","description":"Llibreria religiosa a Barcelona","url":"https:\/\/www.claret.cat\/es\/","email":"comunicacio@claret.cat","telephone":"+34933010887","logo":{"@type":"ImageObject","url":"https:\/\/www.claret.cat\/wp-content\/uploads\/.\/logo-claret-es.png","@id":"https:\/\/www.claret.cat\/es\/libro\/la-bailarina-de-san-petersburgo-9788418578670\/#organizationLogo","width":195,"height":79},"image":{"@id":"https:\/\/www.claret.cat\/es\/libro\/la-bailarina-de-san-petersburgo-9788418578670\/#organizationLogo"},"sameAs":["https:\/\/www.facebook.com\/LlibreriaClaret","https:\/\/twitter.com\/LlibreriaClaret","https:\/\/www.instagram.com\/llibreriaclaret\/","https:\/\/www.tiktok.com\/@llibreriaclaret","https:\/\/www.youtube.com\/@llibreriaclaret","https:\/\/ca.wikipedia.org\/wiki\/Editorial_Claret"]},{"@type":"WebPage","@id":"https:\/\/www.claret.cat\/es\/libro\/la-bailarina-de-san-petersburgo-9788418578670\/#webpage","url":"https:\/\/www.claret.cat\/es\/libro\/la-bailarina-de-san-petersburgo-9788418578670\/","name":"LA BAILARINA DE SAN PETERSBURGO - ANDR\u00c9S P\u00c9REZ DOM\u00cdNGUEZ 9788418578670 | Llibreria Claret","description":"LA BAILARINA DE SAN PETERSBURGO de ANDR\u00c9S P\u00c9REZ DOM\u00cdNGUEZ disponible a\/en Llibreria Claret.","inLanguage":"es-ES","isPartOf":{"@id":"https:\/\/www.claret.cat\/es\/#website"},"breadcrumb":{"@id":"https:\/\/www.claret.cat\/es\/libro\/la-bailarina-de-san-petersburgo-9788418578670\/#breadcrumblist"},"image":{"@type":"ImageObject","url":"https:\/\/www.claret.cat\/wp-content\/uploads\/.\/9788418578670-1.jpg","@id":"https:\/\/www.claret.cat\/es\/libro\/la-bailarina-de-san-petersburgo-9788418578670\/#mainImage","width":250,"height":373,"caption":"9788418578670.jpg"},"primaryImageOfPage":{"@id":"https:\/\/www.claret.cat\/es\/libro\/la-bailarina-de-san-petersburgo-9788418578670\/#mainImage"},"datePublished":"2022-10-12T06:47:18+02:00","dateModified":"2026-06-02T17:25:36+02:00"},{"@type":"WebSite","@id":"https:\/\/www.claret.cat\/es\/#website","url":"https:\/\/www.claret.cat\/es\/","name":"Llibreria Claret Barcelona","alternateName":"Llibreria Claret","description":"Llibreria religiosa a Barcelona","inLanguage":"es-ES","publisher":{"@id":"https:\/\/www.claret.cat\/es\/#organization"}}]},"og:locale":"es_ES","og:site_name":"Llibreria Claret - Llibreria religiosa a Barcelona","og:type":"article","og:title":"LA BAILARINA DE SAN PETERSBURGO - ANDR\u00c9S P\u00c9REZ DOM\u00cdNGUEZ 9788418578670 | Llibreria Claret","og:description":"LA BAILARINA DE SAN PETERSBURGO de ANDR\u00c9S P\u00c9REZ DOM\u00cdNGUEZ disponible a\/en Llibreria Claret.","og:url":"https:\/\/www.claret.cat\/es\/libro\/la-bailarina-de-san-petersburgo-9788418578670\/","og:image":"https:\/\/dev.claret.cat\/wp-content\/uploads\/logo-claret.svg","og:image:secure_url":"https:\/\/dev.claret.cat\/wp-content\/uploads\/logo-claret.svg","article:published_time":"2022-10-12T04:47:18+00:00","article:modified_time":"2026-06-02T15:25:36+00:00","article:publisher":"https:\/\/www.facebook.com\/LlibreriaClaret","twitter:card":"summary_large_image","twitter:site":"@LlibreriaClaret","twitter:title":"LA BAILARINA DE SAN PETERSBURGO - ANDR\u00c9S P\u00c9REZ DOM\u00cdNGUEZ 9788418578670 | Llibreria Claret","twitter:description":"LA BAILARINA DE SAN PETERSBURGO de ANDR\u00c9S P\u00c9REZ DOM\u00cdNGUEZ disponible a\/en Llibreria Claret.","twitter:image":"http:\/\/dev.claret.cat\/wp-content\/uploads\/logo-claret.svg"},"aioseo_meta_data":{"post_id":"95643","title":null,"description":null,"keywords":null,"keyphrases":null,"primary_term":null,"canonical_url":null,"og_title":null,"og_description":null,"og_object_type":"default","og_image_type":"default","og_image_url":null,"og_image_width":null,"og_image_height":null,"og_image_custom_url":null,"og_image_custom_fields":null,"og_video":null,"og_custom_url":null,"og_article_section":null,"og_article_tags":null,"twitter_use_og":false,"twitter_card":"default","twitter_image_type":"default","twitter_image_url":null,"twitter_image_custom_url":null,"twitter_image_custom_fields":null,"twitter_title":null,"twitter_description":null,"schema":{"blockGraphs":[],"customGraphs":[],"default":{"data":{"Article":[],"Course":[],"Dataset":[],"FAQPage":[],"Movie":[],"Person":[],"Product":[],"ProductReview":[],"Car":[],"Recipe":[],"Service":[],"SoftwareApplication":[],"WebPage":[]},"graphName":"","isEnabled":true},"graphs":[]},"schema_type":"default","schema_type_options":null,"pillar_content":false,"robots_default":true,"robots_noindex":false,"robots_noarchive":false,"robots_nosnippet":false,"robots_nofollow":false,"robots_noimageindex":false,"robots_noodp":false,"robots_notranslate":false,"robots_max_snippet":null,"robots_max_videopreview":null,"robots_max_imagepreview":"large","priority":null,"frequency":null,"local_seo":null,"seo_analyzer_scan_date":"2026-06-02 15:27:48","breadcrumb_settings":null,"limit_modified_date":false,"open_ai":null,"ai":null,"created":"2022-12-19 06:15:39","updated":"2026-06-02 15:27:54","focus_keyword":null,"additional_keywords":null,"truseo_locale":null},"aioseo_breadcrumb":"<div class=\"aioseo-breadcrumbs\"><span class=\"aioseo-breadcrumb\">\n\t<a href=\"https:\/\/www.claret.cat\/es\/\" title=\"Home\">Home<\/a>\n<\/span><span class=\"aioseo-breadcrumb-separator\">&raquo;<\/span><span class=\"aioseo-breadcrumb\">\n\t<a href=\"https:\/\/www.claret.cat\/?page_id=16\" title=\"Botiga\">Botiga<\/a>\n<\/span><span class=\"aioseo-breadcrumb-separator\">&raquo;<\/span><span class=\"aioseo-breadcrumb\">\n\t<a href=\"https:\/\/www.claret.cat\/categoria-producto\/cat\/\" title=\"CAT\">CAT<\/a>\n<\/span><span class=\"aioseo-breadcrumb-separator\">&raquo;<\/span><span class=\"aioseo-breadcrumb\">\n\t<a href=\"https:\/\/www.claret.cat\/categoria-producto\/cat\/5_altres\/\" title=\"Altres\">Altres<\/a>\n<\/span><span class=\"aioseo-breadcrumb-separator\">&raquo;<\/span><span class=\"aioseo-breadcrumb\">\n\t<a href=\"https:\/\/www.claret.cat\/categoria-producto\/cat\/5_altres\/altres\/\" title=\"Altres\">Altres<\/a>\n<\/span><span class=\"aioseo-breadcrumb-separator\">&raquo;<\/span><span class=\"aioseo-breadcrumb\">\n\tLA BAILARINA DE SAN PETERSBURGO\n<\/span><\/div>","aioseo_breadcrumb_json":[{"label":"Home","link":"https:\/\/www.claret.cat\/es\/"},{"label":"Botiga","link":"https:\/\/www.claret.cat\/?page_id=16"},{"label":"CAT","link":"https:\/\/www.claret.cat\/categoria-producto\/cat\/"},{"label":"Altres","link":"https:\/\/www.claret.cat\/categoria-producto\/cat\/5_altres\/"},{"label":"Altres","link":"https:\/\/www.claret.cat\/categoria-producto\/cat\/5_altres\/altres\/"},{"label":"LA BAILARINA DE SAN PETERSBURGO","link":"https:\/\/www.claret.cat\/es\/libro\/la-bailarina-de-san-petersburgo-9788418578670\/"}],"_links":{"self":[{"href":"https:\/\/www.claret.cat\/es\/wp-json\/wp\/v2\/product\/95643","targetHints":{"allow":["GET"]}}],"collection":[{"href":"https:\/\/www.claret.cat\/es\/wp-json\/wp\/v2\/product"}],"about":[{"href":"https:\/\/www.claret.cat\/es\/wp-json\/wp\/v2\/types\/product"}],"wp:featuredmedia":[{"embeddable":true,"href":"https:\/\/www.claret.cat\/es\/wp-json\/wp\/v2\/media\/1105117"}],"wp:attachment":[{"href":"https:\/\/www.claret.cat\/es\/wp-json\/wp\/v2\/media?parent=95643"}],"wp:term":[{"taxonomy":"product_brand","embeddable":true,"href":"https:\/\/www.claret.cat\/es\/wp-json\/wp\/v2\/product_brand?post=95643"},{"taxonomy":"product_cat","embeddable":true,"href":"https:\/\/www.claret.cat\/es\/wp-json\/wp\/v2\/product_cat?post=95643"},{"taxonomy":"product_tag","embeddable":true,"href":"https:\/\/www.claret.cat\/es\/wp-json\/wp\/v2\/product_tag?post=95643"}],"curies":[{"name":"wp","href":"https:\/\/api.w.org\/{rel}","templated":true}]}}