{"id":958337,"date":"2024-03-20T17:35:18","date_gmt":"2024-03-20T16:35:18","guid":{"rendered":"https:\/\/www.claret.cat\/llibre\/el-libro-de-las-biblias-9783836559119\/"},"modified":"2024-03-20T17:35:29","modified_gmt":"2024-03-20T16:35:29","slug":"el-libro-de-las-biblias-9783836559119","status":"publish","type":"product","link":"https:\/\/www.claret.cat\/es\/libro\/el-libro-de-las-biblias-9783836559119\/","title":{"rendered":"EL LIBRO DE LAS BIBLIAS"},"content":{"rendered":"<p>En el principio era el Verbo y en la Edad Media fueron los reyes, los pr\u00edncipes y los personajes religiosos de alto rango quienes produjeron biblias ilustradas con un extraordinario trabajo artesanal mediante su riqueza e influencia.<\/p>\n<p>Esta edici\u00f3n de la Bibliotheca Universalis recopila 50 de los mejores manuscritos medievales de la Biblia depositados en la Biblioteca Nacional Austriaca. Con ejemplos de todas las \u00e9pocas de la Edad Media, esta colecci\u00f3n estudia representaciones de la Biblia en diversos contextos teol\u00f3gicos e hist\u00f3ricos. Con una calidad de reproducci\u00f3n impecable, estas incre\u00edbles im\u00e1genes destacan por ser tanto tesoros art\u00edsticos hist\u00f3ricos como importantes objetos religiosos.<\/p>\n<p>Los textos de Andreas Fingernagel, Stephan F\u00fcssel, Christian Gastgeber y un equipo de 15 autores cient\u00edficos describen al detalle cada manuscrito: estudian tanto la evoluci\u00f3n de la Biblia como la interpretaci\u00f3n medieval de la historia. Adem\u00e1s, se incluye un glosario de t\u00e9rminos fundamentales para que los lectores no versados en la historia b\u00edblica puedan disfrutar tambi\u00e9n de los textos.<\/p>\n","protected":false},"excerpt":{"rendered":"<p>AA.VV<\/p>\n","protected":false},"featured_media":958338,"template":"","meta":{"_acf_changed":false,"om_disable_all_campaigns":false,"rs_blank_template":"","rs_page_bg_color":"","slide_template_v7":"","inline_featured_image":false,"_monsterinsights_skip_tracking":false},"product_brand":[],"product_cat":[110,560],"product_tag":[],"class_list":["post-958337","product","type-product","status-publish","has-post-thumbnail","product_cat-art","product_cat-arte","first","instock","taxable","shipping-taxable","purchasable","product-type-simple"],"acf":{"autor":"AA.VV","codart":"383655911","libros-coleccion":"Cuadernos","ediciones":"1","encuadernacion":"Carton\u00e9","fecha_de_publicacion":"01\/11\/2015","novedad":"0","paginas":"464","subtitulo":"","orden":"0","portada":"0","idioma":"spa","editorial":[{"ID":147541,"post_author":"3","post_date":"2022-10-14 11:51:22","post_date_gmt":"2022-10-14 09:51:22","post_content":"","post_title":"BENEDIKT TASCHEN VERLAG, GMBH","post_excerpt":"","post_status":"publish","comment_status":"closed","ping_status":"closed","post_password":"","post_name":"benedikt-taschen-verlag-gmbh","to_ping":"","pinged":"","post_modified":"2022-10-14 11:51:22","post_modified_gmt":"2022-10-14 09:51:22","post_content_filtered":"","post_parent":0,"guid":"http:\/\/dev.claret.cat\/editorial\/benedikt-taschen-verlag-gmbh\/","menu_order":0,"post_type":"editorial","post_mime_type":"","comment_count":"0","filter":"raw"}],"autores-libros":[{"ID":5198,"post_author":"3","post_date":"2022-07-28 17:16:52","post_date_gmt":"2022-07-28 15:16:52","post_content":"","post_title":"AA.VV","post_excerpt":"","post_status":"publish","comment_status":"closed","ping_status":"closed","post_password":"","post_name":"aa-vv-2","to_ping":"","pinged":"","post_modified":"2022-07-28 17:16:52","post_modified_gmt":"2022-07-28 15:16:52","post_content_filtered":"","post_parent":0,"guid":"http:\/\/dev.claret.cat\/autor\/aa-vv-2\/","menu_order":0,"post_type":"autor","post_mime_type":"","comment_count":"0","filter":"raw"}]},"aioseo_notices":[],"aioseo_head":"\n\t\t<!-- All in One SEO Pro 5.0.1.1 - aioseo.com -->\n\t<meta name=\"description\" content=\"EL LIBRO DE LAS BIBLIAS de AA.VV disponible a\/en Llibreria Claret.\" \/>\n\t<meta name=\"robots\" content=\"max-image-preview:large\" \/>\n\t<meta name=\"google-site-verification\" content=\"xVtlFxJ-TfkIu-D-lt7XeLobefg5EIQiXTuqcSf8Rf0\" \/>\n\t<link rel=\"canonical\" href=\"https:\/\/www.claret.cat\/es\/libro\/el-libro-de-las-biblias-9783836559119\/\" \/>\n\t<meta name=\"generator\" content=\"All in One SEO Pro (AIOSEO) 5.0.1.1\" \/>\n\t\t<meta property=\"og:locale\" content=\"es_ES\" \/>\n\t\t<meta property=\"og:site_name\" content=\"Llibreria Claret - Llibreria religiosa a Barcelona\" \/>\n\t\t<meta property=\"og:type\" content=\"article\" \/>\n\t\t<meta property=\"og:title\" content=\"EL LIBRO DE LAS BIBLIAS - AA.VV 9783836559119 | Llibreria Claret\" \/>\n\t\t<meta property=\"og:description\" content=\"EL LIBRO DE LAS BIBLIAS de AA.VV disponible a\/en Llibreria Claret.\" \/>\n\t\t<meta property=\"og:url\" content=\"https:\/\/www.claret.cat\/es\/libro\/el-libro-de-las-biblias-9783836559119\/\" \/>\n\t\t<meta property=\"og:image\" content=\"https:\/\/dev.claret.cat\/wp-content\/uploads\/logo-claret.svg\" \/>\n\t\t<meta property=\"og:image:secure_url\" content=\"https:\/\/dev.claret.cat\/wp-content\/uploads\/logo-claret.svg\" \/>\n\t\t<meta property=\"article:published_time\" content=\"2024-03-20T16:35:18+00:00\" \/>\n\t\t<meta property=\"article:modified_time\" content=\"2024-03-20T16:35:29+00:00\" \/>\n\t\t<meta property=\"article:publisher\" content=\"https:\/\/www.facebook.com\/LlibreriaClaret\" \/>\n\t\t<meta name=\"twitter:card\" content=\"summary_large_image\" \/>\n\t\t<meta name=\"twitter:site\" content=\"@LlibreriaClaret\" \/>\n\t\t<meta name=\"twitter:title\" content=\"EL LIBRO DE LAS BIBLIAS - AA.VV 9783836559119 | Llibreria Claret\" \/>\n\t\t<meta name=\"twitter:description\" content=\"EL LIBRO DE LAS BIBLIAS de AA.VV disponible a\/en Llibreria Claret.\" \/>\n\t\t<meta name=\"twitter:image\" content=\"http:\/\/dev.claret.cat\/wp-content\/uploads\/logo-claret.svg\" \/>\n\t\t<script type=\"application\/ld+json\" class=\"aioseo-schema\">\n\t\t\t{\"@context\":\"https:\\\/\\\/schema.org\",\"@graph\":[{\"@type\":\"BreadcrumbList\",\"@id\":\"https:\\\/\\\/www.claret.cat\\\/es\\\/libro\\\/el-libro-de-las-biblias-9783836559119\\\/#breadcrumblist\",\"itemListElement\":[{\"@type\":\"ListItem\",\"@id\":\"https:\\\/\\\/www.claret.cat\\\/es\\\/#listItem\",\"position\":1,\"name\":\"Home\",\"item\":\"https:\\\/\\\/www.claret.cat\\\/es\\\/\",\"nextItem\":{\"@type\":\"ListItem\",\"@id\":\"https:\\\/\\\/www.claret.cat\\\/?page_id=16#listItem\",\"name\":\"Botiga\"}},{\"@type\":\"ListItem\",\"@id\":\"https:\\\/\\\/www.claret.cat\\\/?page_id=16#listItem\",\"position\":2,\"name\":\"Botiga\",\"item\":\"https:\\\/\\\/www.claret.cat\\\/?page_id=16\",\"nextItem\":{\"@type\":\"ListItem\",\"@id\":\"https:\\\/\\\/www.claret.cat\\\/categoria-producto\\\/cat\\\/#listItem\",\"name\":\"CAT\"},\"previousItem\":{\"@type\":\"ListItem\",\"@id\":\"https:\\\/\\\/www.claret.cat\\\/es\\\/#listItem\",\"name\":\"Home\"}},{\"@type\":\"ListItem\",\"@id\":\"https:\\\/\\\/www.claret.cat\\\/categoria-producto\\\/cat\\\/#listItem\",\"position\":3,\"name\":\"CAT\",\"item\":\"https:\\\/\\\/www.claret.cat\\\/categoria-producto\\\/cat\\\/\",\"nextItem\":{\"@type\":\"ListItem\",\"@id\":\"https:\\\/\\\/www.claret.cat\\\/categoria-producto\\\/cat\\\/5_altres\\\/#listItem\",\"name\":\"Altres\"},\"previousItem\":{\"@type\":\"ListItem\",\"@id\":\"https:\\\/\\\/www.claret.cat\\\/?page_id=16#listItem\",\"name\":\"Botiga\"}},{\"@type\":\"ListItem\",\"@id\":\"https:\\\/\\\/www.claret.cat\\\/categoria-producto\\\/cat\\\/5_altres\\\/#listItem\",\"position\":4,\"name\":\"Altres\",\"item\":\"https:\\\/\\\/www.claret.cat\\\/categoria-producto\\\/cat\\\/5_altres\\\/\",\"nextItem\":{\"@type\":\"ListItem\",\"@id\":\"https:\\\/\\\/www.claret.cat\\\/categoria-producto\\\/cat\\\/5_altres\\\/art\\\/#listItem\",\"name\":\"Art\"},\"previousItem\":{\"@type\":\"ListItem\",\"@id\":\"https:\\\/\\\/www.claret.cat\\\/categoria-producto\\\/cat\\\/#listItem\",\"name\":\"CAT\"}},{\"@type\":\"ListItem\",\"@id\":\"https:\\\/\\\/www.claret.cat\\\/categoria-producto\\\/cat\\\/5_altres\\\/art\\\/#listItem\",\"position\":5,\"name\":\"Art\",\"item\":\"https:\\\/\\\/www.claret.cat\\\/categoria-producto\\\/cat\\\/5_altres\\\/art\\\/\",\"nextItem\":{\"@type\":\"ListItem\",\"@id\":\"https:\\\/\\\/www.claret.cat\\\/es\\\/libro\\\/el-libro-de-las-biblias-9783836559119\\\/#listItem\",\"name\":\"EL LIBRO DE LAS BIBLIAS\"},\"previousItem\":{\"@type\":\"ListItem\",\"@id\":\"https:\\\/\\\/www.claret.cat\\\/categoria-producto\\\/cat\\\/5_altres\\\/#listItem\",\"name\":\"Altres\"}},{\"@type\":\"ListItem\",\"@id\":\"https:\\\/\\\/www.claret.cat\\\/es\\\/libro\\\/el-libro-de-las-biblias-9783836559119\\\/#listItem\",\"position\":6,\"name\":\"EL LIBRO DE LAS BIBLIAS\",\"previousItem\":{\"@type\":\"ListItem\",\"@id\":\"https:\\\/\\\/www.claret.cat\\\/categoria-producto\\\/cat\\\/5_altres\\\/art\\\/#listItem\",\"name\":\"Art\"}}]},{\"@type\":\"ItemPage\",\"@id\":\"https:\\\/\\\/www.claret.cat\\\/es\\\/libro\\\/el-libro-de-las-biblias-9783836559119\\\/#itempage\",\"url\":\"https:\\\/\\\/www.claret.cat\\\/es\\\/libro\\\/el-libro-de-las-biblias-9783836559119\\\/\",\"name\":\"EL LIBRO DE LAS BIBLIAS - AA.VV 9783836559119 | Llibreria Claret\",\"description\":\"EL LIBRO DE LAS BIBLIAS de AA.VV disponible a\\\/en Llibreria Claret.\",\"inLanguage\":\"es-ES\",\"isPartOf\":{\"@id\":\"https:\\\/\\\/www.claret.cat\\\/es\\\/#website\"},\"breadcrumb\":{\"@id\":\"https:\\\/\\\/www.claret.cat\\\/es\\\/libro\\\/el-libro-de-las-biblias-9783836559119\\\/#breadcrumblist\"},\"image\":{\"@type\":\"ImageObject\",\"url\":\"https:\\\/\\\/www.claret.cat\\\/wp-content\\\/uploads\\\/.\\\/9783836559119.jpg\",\"@id\":\"https:\\\/\\\/www.claret.cat\\\/es\\\/libro\\\/el-libro-de-las-biblias-9783836559119\\\/#mainImage\",\"width\":916,\"height\":1255,\"caption\":\"9783836559119.jpg\"},\"primaryImageOfPage\":{\"@id\":\"https:\\\/\\\/www.claret.cat\\\/es\\\/libro\\\/el-libro-de-las-biblias-9783836559119\\\/#mainImage\"},\"datePublished\":\"2024-03-20T17:35:18+01:00\",\"dateModified\":\"2024-03-20T17:35:29+01:00\"},{\"@type\":\"Organization\",\"@id\":\"https:\\\/\\\/www.claret.cat\\\/es\\\/#organization\",\"name\":\"Llibreria Claret\",\"description\":\"Llibreria religiosa a Barcelona\",\"url\":\"https:\\\/\\\/www.claret.cat\\\/es\\\/\",\"email\":\"comunicacio@claret.cat\",\"telephone\":\"+34933010887\",\"logo\":{\"@type\":\"ImageObject\",\"url\":\"https:\\\/\\\/www.claret.cat\\\/wp-content\\\/uploads\\\/.\\\/logo-claret-es.png\",\"@id\":\"https:\\\/\\\/www.claret.cat\\\/es\\\/libro\\\/el-libro-de-las-biblias-9783836559119\\\/#organizationLogo\",\"width\":195,\"height\":79},\"image\":{\"@id\":\"https:\\\/\\\/www.claret.cat\\\/es\\\/libro\\\/el-libro-de-las-biblias-9783836559119\\\/#organizationLogo\"},\"sameAs\":[\"https:\\\/\\\/www.facebook.com\\\/LlibreriaClaret\",\"https:\\\/\\\/twitter.com\\\/LlibreriaClaret\",\"https:\\\/\\\/www.instagram.com\\\/llibreriaclaret\\\/\",\"https:\\\/\\\/www.tiktok.com\\\/@llibreriaclaret\",\"https:\\\/\\\/www.youtube.com\\\/@llibreriaclaret\",\"https:\\\/\\\/ca.wikipedia.org\\\/wiki\\\/Editorial_Claret\"]},{\"@type\":\"WebPage\",\"@id\":\"https:\\\/\\\/www.claret.cat\\\/es\\\/libro\\\/el-libro-de-las-biblias-9783836559119\\\/#webpage\",\"url\":\"https:\\\/\\\/www.claret.cat\\\/es\\\/libro\\\/el-libro-de-las-biblias-9783836559119\\\/\",\"name\":\"EL LIBRO DE LAS BIBLIAS - AA.VV 9783836559119 | Llibreria Claret\",\"description\":\"EL LIBRO DE LAS BIBLIAS de AA.VV disponible a\\\/en Llibreria Claret.\",\"inLanguage\":\"es-ES\",\"isPartOf\":{\"@id\":\"https:\\\/\\\/www.claret.cat\\\/es\\\/#website\"},\"breadcrumb\":{\"@id\":\"https:\\\/\\\/www.claret.cat\\\/es\\\/libro\\\/el-libro-de-las-biblias-9783836559119\\\/#breadcrumblist\"},\"image\":{\"@type\":\"ImageObject\",\"url\":\"https:\\\/\\\/www.claret.cat\\\/wp-content\\\/uploads\\\/.\\\/9783836559119.jpg\",\"@id\":\"https:\\\/\\\/www.claret.cat\\\/es\\\/libro\\\/el-libro-de-las-biblias-9783836559119\\\/#mainImage\",\"width\":916,\"height\":1255,\"caption\":\"9783836559119.jpg\"},\"primaryImageOfPage\":{\"@id\":\"https:\\\/\\\/www.claret.cat\\\/es\\\/libro\\\/el-libro-de-las-biblias-9783836559119\\\/#mainImage\"},\"datePublished\":\"2024-03-20T17:35:18+01:00\",\"dateModified\":\"2024-03-20T17:35:29+01:00\"},{\"@type\":\"WebSite\",\"@id\":\"https:\\\/\\\/www.claret.cat\\\/es\\\/#website\",\"url\":\"https:\\\/\\\/www.claret.cat\\\/es\\\/\",\"name\":\"Llibreria Claret Barcelona\",\"alternateName\":\"Llibreria Claret\",\"description\":\"Llibreria religiosa a Barcelona\",\"inLanguage\":\"es-ES\",\"publisher\":{\"@id\":\"https:\\\/\\\/www.claret.cat\\\/es\\\/#organization\"}}]}\n\t\t<\/script>\n\t\t<!-- All in One SEO Pro -->\r\n\t\t<title>EL LIBRO DE LAS BIBLIAS - AA.VV 9783836559119 | Llibreria Claret<\/title>\n\n","aioseo_head_json":{"title":"EL LIBRO DE LAS BIBLIAS - AA.VV 9783836559119 | Llibreria Claret","description":"EL LIBRO DE LAS BIBLIAS de AA.VV disponible a\/en Llibreria Claret.","canonical_url":"https:\/\/www.claret.cat\/es\/libro\/el-libro-de-las-biblias-9783836559119\/","robots":"max-image-preview:large","keywords":"","webmasterTools":{"google-site-verification":"xVtlFxJ-TfkIu-D-lt7XeLobefg5EIQiXTuqcSf8Rf0","miscellaneous":""},"schema":{"@context":"https:\/\/schema.org","@graph":[{"@type":"BreadcrumbList","@id":"https:\/\/www.claret.cat\/es\/libro\/el-libro-de-las-biblias-9783836559119\/#breadcrumblist","itemListElement":[{"@type":"ListItem","@id":"https:\/\/www.claret.cat\/es\/#listItem","position":1,"name":"Home","item":"https:\/\/www.claret.cat\/es\/","nextItem":{"@type":"ListItem","@id":"https:\/\/www.claret.cat\/?page_id=16#listItem","name":"Botiga"}},{"@type":"ListItem","@id":"https:\/\/www.claret.cat\/?page_id=16#listItem","position":2,"name":"Botiga","item":"https:\/\/www.claret.cat\/?page_id=16","nextItem":{"@type":"ListItem","@id":"https:\/\/www.claret.cat\/categoria-producto\/cat\/#listItem","name":"CAT"},"previousItem":{"@type":"ListItem","@id":"https:\/\/www.claret.cat\/es\/#listItem","name":"Home"}},{"@type":"ListItem","@id":"https:\/\/www.claret.cat\/categoria-producto\/cat\/#listItem","position":3,"name":"CAT","item":"https:\/\/www.claret.cat\/categoria-producto\/cat\/","nextItem":{"@type":"ListItem","@id":"https:\/\/www.claret.cat\/categoria-producto\/cat\/5_altres\/#listItem","name":"Altres"},"previousItem":{"@type":"ListItem","@id":"https:\/\/www.claret.cat\/?page_id=16#listItem","name":"Botiga"}},{"@type":"ListItem","@id":"https:\/\/www.claret.cat\/categoria-producto\/cat\/5_altres\/#listItem","position":4,"name":"Altres","item":"https:\/\/www.claret.cat\/categoria-producto\/cat\/5_altres\/","nextItem":{"@type":"ListItem","@id":"https:\/\/www.claret.cat\/categoria-producto\/cat\/5_altres\/art\/#listItem","name":"Art"},"previousItem":{"@type":"ListItem","@id":"https:\/\/www.claret.cat\/categoria-producto\/cat\/#listItem","name":"CAT"}},{"@type":"ListItem","@id":"https:\/\/www.claret.cat\/categoria-producto\/cat\/5_altres\/art\/#listItem","position":5,"name":"Art","item":"https:\/\/www.claret.cat\/categoria-producto\/cat\/5_altres\/art\/","nextItem":{"@type":"ListItem","@id":"https:\/\/www.claret.cat\/es\/libro\/el-libro-de-las-biblias-9783836559119\/#listItem","name":"EL LIBRO DE LAS BIBLIAS"},"previousItem":{"@type":"ListItem","@id":"https:\/\/www.claret.cat\/categoria-producto\/cat\/5_altres\/#listItem","name":"Altres"}},{"@type":"ListItem","@id":"https:\/\/www.claret.cat\/es\/libro\/el-libro-de-las-biblias-9783836559119\/#listItem","position":6,"name":"EL LIBRO DE LAS BIBLIAS","previousItem":{"@type":"ListItem","@id":"https:\/\/www.claret.cat\/categoria-producto\/cat\/5_altres\/art\/#listItem","name":"Art"}}]},{"@type":"ItemPage","@id":"https:\/\/www.claret.cat\/es\/libro\/el-libro-de-las-biblias-9783836559119\/#itempage","url":"https:\/\/www.claret.cat\/es\/libro\/el-libro-de-las-biblias-9783836559119\/","name":"EL LIBRO DE LAS BIBLIAS - AA.VV 9783836559119 | Llibreria Claret","description":"EL LIBRO DE LAS BIBLIAS de AA.VV disponible a\/en Llibreria Claret.","inLanguage":"es-ES","isPartOf":{"@id":"https:\/\/www.claret.cat\/es\/#website"},"breadcrumb":{"@id":"https:\/\/www.claret.cat\/es\/libro\/el-libro-de-las-biblias-9783836559119\/#breadcrumblist"},"image":{"@type":"ImageObject","url":"https:\/\/www.claret.cat\/wp-content\/uploads\/.\/9783836559119.jpg","@id":"https:\/\/www.claret.cat\/es\/libro\/el-libro-de-las-biblias-9783836559119\/#mainImage","width":916,"height":1255,"caption":"9783836559119.jpg"},"primaryImageOfPage":{"@id":"https:\/\/www.claret.cat\/es\/libro\/el-libro-de-las-biblias-9783836559119\/#mainImage"},"datePublished":"2024-03-20T17:35:18+01:00","dateModified":"2024-03-20T17:35:29+01:00"},{"@type":"Organization","@id":"https:\/\/www.claret.cat\/es\/#organization","name":"Llibreria Claret","description":"Llibreria religiosa a Barcelona","url":"https:\/\/www.claret.cat\/es\/","email":"comunicacio@claret.cat","telephone":"+34933010887","logo":{"@type":"ImageObject","url":"https:\/\/www.claret.cat\/wp-content\/uploads\/.\/logo-claret-es.png","@id":"https:\/\/www.claret.cat\/es\/libro\/el-libro-de-las-biblias-9783836559119\/#organizationLogo","width":195,"height":79},"image":{"@id":"https:\/\/www.claret.cat\/es\/libro\/el-libro-de-las-biblias-9783836559119\/#organizationLogo"},"sameAs":["https:\/\/www.facebook.com\/LlibreriaClaret","https:\/\/twitter.com\/LlibreriaClaret","https:\/\/www.instagram.com\/llibreriaclaret\/","https:\/\/www.tiktok.com\/@llibreriaclaret","https:\/\/www.youtube.com\/@llibreriaclaret","https:\/\/ca.wikipedia.org\/wiki\/Editorial_Claret"]},{"@type":"WebPage","@id":"https:\/\/www.claret.cat\/es\/libro\/el-libro-de-las-biblias-9783836559119\/#webpage","url":"https:\/\/www.claret.cat\/es\/libro\/el-libro-de-las-biblias-9783836559119\/","name":"EL LIBRO DE LAS BIBLIAS - AA.VV 9783836559119 | Llibreria Claret","description":"EL LIBRO DE LAS BIBLIAS de AA.VV disponible a\/en Llibreria Claret.","inLanguage":"es-ES","isPartOf":{"@id":"https:\/\/www.claret.cat\/es\/#website"},"breadcrumb":{"@id":"https:\/\/www.claret.cat\/es\/libro\/el-libro-de-las-biblias-9783836559119\/#breadcrumblist"},"image":{"@type":"ImageObject","url":"https:\/\/www.claret.cat\/wp-content\/uploads\/.\/9783836559119.jpg","@id":"https:\/\/www.claret.cat\/es\/libro\/el-libro-de-las-biblias-9783836559119\/#mainImage","width":916,"height":1255,"caption":"9783836559119.jpg"},"primaryImageOfPage":{"@id":"https:\/\/www.claret.cat\/es\/libro\/el-libro-de-las-biblias-9783836559119\/#mainImage"},"datePublished":"2024-03-20T17:35:18+01:00","dateModified":"2024-03-20T17:35:29+01:00"},{"@type":"WebSite","@id":"https:\/\/www.claret.cat\/es\/#website","url":"https:\/\/www.claret.cat\/es\/","name":"Llibreria Claret Barcelona","alternateName":"Llibreria Claret","description":"Llibreria religiosa a Barcelona","inLanguage":"es-ES","publisher":{"@id":"https:\/\/www.claret.cat\/es\/#organization"}}]},"og:locale":"es_ES","og:site_name":"Llibreria Claret - Llibreria religiosa a Barcelona","og:type":"article","og:title":"EL LIBRO DE LAS BIBLIAS - AA.VV 9783836559119 | Llibreria Claret","og:description":"EL LIBRO DE LAS BIBLIAS de AA.VV disponible a\/en Llibreria Claret.","og:url":"https:\/\/www.claret.cat\/es\/libro\/el-libro-de-las-biblias-9783836559119\/","og:image":"https:\/\/dev.claret.cat\/wp-content\/uploads\/logo-claret.svg","og:image:secure_url":"https:\/\/dev.claret.cat\/wp-content\/uploads\/logo-claret.svg","article:published_time":"2024-03-20T16:35:18+00:00","article:modified_time":"2024-03-20T16:35:29+00:00","article:publisher":"https:\/\/www.facebook.com\/LlibreriaClaret","twitter:card":"summary_large_image","twitter:site":"@LlibreriaClaret","twitter:title":"EL LIBRO DE LAS BIBLIAS - AA.VV 9783836559119 | Llibreria Claret","twitter:description":"EL LIBRO DE LAS BIBLIAS de AA.VV disponible a\/en Llibreria Claret.","twitter:image":"http:\/\/dev.claret.cat\/wp-content\/uploads\/logo-claret.svg"},"aioseo_meta_data":{"post_id":"958337","title":null,"description":null,"keywords":null,"keyphrases":null,"primary_term":null,"canonical_url":null,"og_title":null,"og_description":null,"og_object_type":"default","og_image_type":"default","og_image_url":null,"og_image_width":null,"og_image_height":null,"og_image_custom_url":null,"og_image_custom_fields":null,"og_video":null,"og_custom_url":null,"og_article_section":null,"og_article_tags":null,"twitter_use_og":false,"twitter_card":"default","twitter_image_type":"default","twitter_image_url":null,"twitter_image_custom_url":null,"twitter_image_custom_fields":null,"twitter_title":null,"twitter_description":null,"schema":{"blockGraphs":[],"customGraphs":[],"default":{"data":{"Article":[],"Course":[],"Dataset":[],"FAQPage":[],"Movie":[],"Person":[],"Product":[],"ProductReview":[],"Car":[],"Recipe":[],"Service":[],"SoftwareApplication":[],"WebPage":[]},"graphName":"","isEnabled":true},"graphs":[]},"schema_type":"default","schema_type_options":null,"pillar_content":false,"robots_default":true,"robots_noindex":false,"robots_noarchive":false,"robots_nosnippet":false,"robots_nofollow":false,"robots_noimageindex":false,"robots_noodp":false,"robots_notranslate":false,"robots_max_snippet":null,"robots_max_videopreview":null,"robots_max_imagepreview":"large","priority":null,"frequency":null,"local_seo":null,"seo_analyzer_scan_date":"2026-06-10 05:02:11","breadcrumb_settings":null,"limit_modified_date":false,"open_ai":null,"ai":null,"created":"2024-03-20 16:38:22","updated":"2026-06-10 05:02:11","focus_keyword":null,"additional_keywords":null,"truseo_locale":null},"aioseo_breadcrumb":"<div class=\"aioseo-breadcrumbs\"><span class=\"aioseo-breadcrumb\">\n\t<a href=\"https:\/\/www.claret.cat\/es\/\" title=\"Home\">Home<\/a>\n<\/span><span class=\"aioseo-breadcrumb-separator\">&raquo;<\/span><span class=\"aioseo-breadcrumb\">\n\t<a href=\"https:\/\/www.claret.cat\/?page_id=16\" title=\"Botiga\">Botiga<\/a>\n<\/span><span class=\"aioseo-breadcrumb-separator\">&raquo;<\/span><span class=\"aioseo-breadcrumb\">\n\t<a href=\"https:\/\/www.claret.cat\/categoria-producto\/cat\/\" title=\"CAT\">CAT<\/a>\n<\/span><span class=\"aioseo-breadcrumb-separator\">&raquo;<\/span><span class=\"aioseo-breadcrumb\">\n\t<a href=\"https:\/\/www.claret.cat\/categoria-producto\/cat\/5_altres\/\" title=\"Altres\">Altres<\/a>\n<\/span><span class=\"aioseo-breadcrumb-separator\">&raquo;<\/span><span class=\"aioseo-breadcrumb\">\n\t<a href=\"https:\/\/www.claret.cat\/categoria-producto\/cat\/5_altres\/art\/\" title=\"Art\">Art<\/a>\n<\/span><span class=\"aioseo-breadcrumb-separator\">&raquo;<\/span><span class=\"aioseo-breadcrumb\">\n\tEL LIBRO DE LAS BIBLIAS\n<\/span><\/div>","aioseo_breadcrumb_json":[{"label":"Home","link":"https:\/\/www.claret.cat\/es\/"},{"label":"Botiga","link":"https:\/\/www.claret.cat\/?page_id=16"},{"label":"CAT","link":"https:\/\/www.claret.cat\/categoria-producto\/cat\/"},{"label":"Altres","link":"https:\/\/www.claret.cat\/categoria-producto\/cat\/5_altres\/"},{"label":"Art","link":"https:\/\/www.claret.cat\/categoria-producto\/cat\/5_altres\/art\/"},{"label":"EL LIBRO DE LAS BIBLIAS","link":"https:\/\/www.claret.cat\/es\/libro\/el-libro-de-las-biblias-9783836559119\/"}],"_links":{"self":[{"href":"https:\/\/www.claret.cat\/es\/wp-json\/wp\/v2\/product\/958337","targetHints":{"allow":["GET"]}}],"collection":[{"href":"https:\/\/www.claret.cat\/es\/wp-json\/wp\/v2\/product"}],"about":[{"href":"https:\/\/www.claret.cat\/es\/wp-json\/wp\/v2\/types\/product"}],"wp:featuredmedia":[{"embeddable":true,"href":"https:\/\/www.claret.cat\/es\/wp-json\/wp\/v2\/media\/958338"}],"wp:attachment":[{"href":"https:\/\/www.claret.cat\/es\/wp-json\/wp\/v2\/media?parent=958337"}],"wp:term":[{"taxonomy":"product_brand","embeddable":true,"href":"https:\/\/www.claret.cat\/es\/wp-json\/wp\/v2\/product_brand?post=958337"},{"taxonomy":"product_cat","embeddable":true,"href":"https:\/\/www.claret.cat\/es\/wp-json\/wp\/v2\/product_cat?post=958337"},{"taxonomy":"product_tag","embeddable":true,"href":"https:\/\/www.claret.cat\/es\/wp-json\/wp\/v2\/product_tag?post=958337"}],"curies":[{"name":"wp","href":"https:\/\/api.w.org\/{rel}","templated":true}]}}