{"id":959895,"date":"2024-04-03T05:14:15","date_gmt":"2024-04-03T03:14:15","guid":{"rendered":"https:\/\/www.claret.cat\/llibre\/quemo-9788411002462\/"},"modified":"2024-04-03T05:23:04","modified_gmt":"2024-04-03T03:23:04","slug":"quemo-9788411002462","status":"publish","type":"product","link":"https:\/\/www.claret.cat\/es\/libro\/quemo-9788411002462\/","title":{"rendered":"\u00a1QUEMO!"},"content":{"rendered":"<p>Las memorias de una cocinera que transita, como la cocina espa\u00f1ola\u00a0en los \u00faltimos a\u00f1os, del mes\u00f3n al restaurante de vanguardia.<br \/> Esta es la historia de una joven que deja la facultad para entrar en una escuela de cocina al mismo tiempo que en Espa\u00f1a se desata la revoluci\u00f3n gastron\u00f3mica del siglo. El salto que hace la propia protagonista desde la fonda hasta la cocina de vanguardia, pasando por hoteles en decadencia o restaurantes con \u00ednfulas, es el mismo que en pocos a\u00f1os hizo la cocina espa\u00f1ola en general, dejando por el camino a muchos, elevando a los altares a otros y olvidando, en algunos casos, los valores esenciales de una gastronom\u00eda que ya era rica de antemano.<br \/> \u00ab\u00a1Quemo!\u00bb es la voz de alerta que se grita en las cocinas profesionales cuando se va con una olla hirviendo o una sart\u00e9n caliente al pasar al lado de un compa\u00f1ero. Este libro, que deambula entre las memorias y el recetario, comparte algo de esa energ\u00eda ardiente de la que se imbuye una cocina en mitad del servicio, pues Maria Nicolau escribe como guisa, con pulso, exigencia y ritmo.<br \/> \u00abNicolau es la Che culinaria: victoria o muerte.\u00bb Pau Aren\u00f3s, El Peri\u00f3dico<\/p>\n","protected":false},"excerpt":{"rendered":"<p>NICOLAU, MARIA<\/p>\n","protected":false},"featured_media":959896,"template":"","meta":{"_acf_changed":false,"om_disable_all_campaigns":false,"rs_blank_template":"","rs_page_bg_color":"","slide_template_v7":"","inline_featured_image":false,"_monsterinsights_skip_tracking":false,"_monsterinsights_sitenote_active":false,"_monsterinsights_sitenote_note":"","_monsterinsights_sitenote_category":0},"product_brand":[],"product_cat":[104,554],"product_tag":[],"class_list":{"0":"post-959895","1":"product","2":"type-product","3":"status-publish","4":"has-post-thumbnail","6":"product_cat-ciencia","7":"product_cat-ciencia-5_otras-spa","9":"first","10":"instock","11":"taxable","12":"shipping-taxable","13":"purchasable","14":"product-type-simple"},"acf":{"autor":"NICOLAU, MARIA","codart":"841100246","libros-coleccion":"FORA DE COL.LECCI\u00d3","ediciones":"1","encuadernacion":"Carton\u00e9","fecha_de_publicacion":"01\/04\/2024","novedad":"1","paginas":"264","subtitulo":"MEMORIAS DE UNA COCINERA","orden":"0","portada":"0","idioma":"spa","editorial":[{"ID":6208,"post_author":"3","post_date":"2022-07-28 17:47:11","post_date_gmt":"2022-07-28 15:47:11","post_content":"","post_title":"Ediciones Pen\u00ednsula","post_excerpt":"","post_status":"publish","comment_status":"closed","ping_status":"closed","post_password":"","post_name":"ediciones-peninsula","to_ping":"","pinged":"","post_modified":"2022-07-28 17:47:11","post_modified_gmt":"2022-07-28 15:47:11","post_content_filtered":"","post_parent":0,"guid":"http:\/\/dev.claret.cat\/editorial\/ediciones-peninsula\/","menu_order":0,"post_type":"editorial","post_mime_type":"","comment_count":"0","filter":"raw"}]},"aioseo_notices":[],"_links":{"self":[{"href":"https:\/\/www.claret.cat\/es\/wp-json\/wp\/v2\/product\/959895","targetHints":{"allow":["GET"]}}],"collection":[{"href":"https:\/\/www.claret.cat\/es\/wp-json\/wp\/v2\/product"}],"about":[{"href":"https:\/\/www.claret.cat\/es\/wp-json\/wp\/v2\/types\/product"}],"wp:featuredmedia":[{"embeddable":true,"href":"https:\/\/www.claret.cat\/es\/wp-json\/wp\/v2\/media\/959896"}],"wp:attachment":[{"href":"https:\/\/www.claret.cat\/es\/wp-json\/wp\/v2\/media?parent=959895"}],"wp:term":[{"taxonomy":"product_brand","embeddable":true,"href":"https:\/\/www.claret.cat\/es\/wp-json\/wp\/v2\/product_brand?post=959895"},{"taxonomy":"product_cat","embeddable":true,"href":"https:\/\/www.claret.cat\/es\/wp-json\/wp\/v2\/product_cat?post=959895"},{"taxonomy":"product_tag","embeddable":true,"href":"https:\/\/www.claret.cat\/es\/wp-json\/wp\/v2\/product_tag?post=959895"}],"curies":[{"name":"wp","href":"https:\/\/api.w.org\/{rel}","templated":true}]}}