{"id":964214,"date":"2024-05-09T13:21:10","date_gmt":"2024-05-09T11:21:10","guid":{"rendered":"https:\/\/www.claret.cat\/llibre\/la-pasion-de-cristo-9788413391755\/"},"modified":"2026-04-07T11:19:34","modified_gmt":"2026-04-07T09:19:34","slug":"la-pasion-de-cristo-9788413391755","status":"publish","type":"product","link":"https:\/\/www.claret.cat\/es\/libro\/la-pasion-de-cristo-9788413391755\/","title":{"rendered":"LA PASI\u00d3N DE CRISTO"},"content":{"rendered":"<p>Una lectura de los relatos de la pasi\u00f3n de Cristo que aparecen en los cuatro evangelios can\u00f3nicos revela, a primera vista, una narraci\u00f3n del desarrollo general de los acontecimientos muy similar. Sin embargo, un an\u00e1lisis atento de los textos manifiesta llamativas diferencias, incluso contradicciones, de algunos hechos narrados en ellos: el motivo de la celebraci\u00f3n de la \u00faltima cena, la comparecencia de Jes\u00fas ante el sanhedr\u00edn, el d\u00eda de la muerte de Jes\u00fas o el privilegio pascual que permiti\u00f3 la liberaci\u00f3n de Barrab\u00e1s, entre otros.<br \/> Los estudiosos han intentado explicar o justificar tales diferencias apelando a la intenci\u00f3n literaria o teol\u00f3gica de cada evangelista, sin alcanzar una explicaci\u00f3n un\u00e1nime. Este debate, que sigue vivo hoy en d\u00eda, junto a una supuesta dataci\u00f3n tard\u00eda de la redacci\u00f3n de los textos evang\u00e9licos, habr\u00eda llevado a relativizar el valor hist\u00f3rico de los relatos de la pasi\u00f3n y a dudar de la identidad de sus autores. Esto supondr\u00eda un grave problema para la fe cristiana, esencialmente hist\u00f3rica.<br \/> El autor del presente libro ofrece, desde un punto de vista hist\u00f3rico, soluciones certeras tras d\u00e9cadas de estudio del sustrato sem\u00edtico de los textos evang\u00e9licos, dando con ello un firme apoyo a la fiabilidad de las noticias e informaciones recogidas en ellos.<\/p>\n","protected":false},"excerpt":{"rendered":"<p>GARC\u00cdA P\u00c9REZ, JOS\u00c9 MIGUEL<\/p>\n","protected":false},"featured_media":964621,"template":"","meta":{"_acf_changed":false,"om_disable_all_campaigns":false,"rs_blank_template":"","rs_page_bg_color":"","slide_template_v7":"","inline_featured_image":false,"_monsterinsights_skip_tracking":false,"_monsterinsights_sitenote_active":false,"_monsterinsights_sitenote_note":"","_monsterinsights_sitenote_category":0},"product_brand":[],"product_cat":[245,495],"product_tag":[],"class_list":{"0":"post-964214","1":"product","2":"type-product","3":"status-publish","4":"has-post-thumbnail","6":"product_cat-diversa","7":"product_cat-diversa-espiritualidad-1_espiritualidad","9":"first","10":"instock","11":"taxable","12":"shipping-taxable","13":"purchasable","14":"product-type-simple"},"acf":{"autor":"GARC\u00cdA P\u00c9REZ, JOS\u00c9 MIGUEL","codart":"841339175","libros-coleccion":"100XUNO","ediciones":"1","encuadernacion":"R\u00fastica","fecha_de_publicacion":"01\/01\/2024","novedad":"0","paginas":"214","subtitulo":"UNA LECTURA ORIGINAL. SEGUNDA EDICI\u00d3N (ED. R\u00daSTICA)","orden":"0","portada":"0","idioma":"spa","editorial":[{"ID":6201,"post_author":"3","post_date":"2022-07-28 17:47:01","post_date_gmt":"2022-07-28 15:47:01","post_content":"","post_title":"Ediciones Encuentro","post_excerpt":"","post_status":"publish","comment_status":"closed","ping_status":"closed","post_password":"","post_name":"ediciones-encuentro","to_ping":"","pinged":"","post_modified":"2022-07-28 17:47:01","post_modified_gmt":"2022-07-28 15:47:01","post_content_filtered":"","post_parent":0,"guid":"http:\/\/dev.claret.cat\/editorial\/ediciones-encuentro\/","menu_order":0,"post_type":"editorial","post_mime_type":"","comment_count":"0","filter":"raw"}],"booktrailer":"","resenas":""},"aioseo_notices":[],"_links":{"self":[{"href":"https:\/\/www.claret.cat\/es\/wp-json\/wp\/v2\/product\/964214","targetHints":{"allow":["GET"]}}],"collection":[{"href":"https:\/\/www.claret.cat\/es\/wp-json\/wp\/v2\/product"}],"about":[{"href":"https:\/\/www.claret.cat\/es\/wp-json\/wp\/v2\/types\/product"}],"wp:featuredmedia":[{"embeddable":true,"href":"https:\/\/www.claret.cat\/es\/wp-json\/wp\/v2\/media\/964621"}],"wp:attachment":[{"href":"https:\/\/www.claret.cat\/es\/wp-json\/wp\/v2\/media?parent=964214"}],"wp:term":[{"taxonomy":"product_brand","embeddable":true,"href":"https:\/\/www.claret.cat\/es\/wp-json\/wp\/v2\/product_brand?post=964214"},{"taxonomy":"product_cat","embeddable":true,"href":"https:\/\/www.claret.cat\/es\/wp-json\/wp\/v2\/product_cat?post=964214"},{"taxonomy":"product_tag","embeddable":true,"href":"https:\/\/www.claret.cat\/es\/wp-json\/wp\/v2\/product_tag?post=964214"}],"curies":[{"name":"wp","href":"https:\/\/api.w.org\/{rel}","templated":true}]}}