{"id":966482,"date":"2024-05-24T11:24:41","date_gmt":"2024-05-24T09:24:41","guid":{"rendered":"https:\/\/www.claret.cat\/llibre\/devocion-al-sagrado-corazon-de-jesus-9788428571425\/"},"modified":"2024-05-24T11:25:55","modified_gmt":"2024-05-24T09:25:55","slug":"devocion-al-sagrado-corazon-de-jesus-9788428571425","status":"publish","type":"product","link":"https:\/\/www.claret.cat\/es\/libro\/devocion-al-sagrado-corazon-de-jesus-9788428571425\/","title":{"rendered":"DEVOCI\u00d3N AL SAGRADO CORAZ\u00d3N DE JES\u00daS"},"content":{"rendered":"<p>Este libro es una ayuda para acompa\u00f1ar la oraci\u00f3n y la meditaci\u00f3n espiritual de quienes realizan la devoci\u00f3n al Sagrado Coraz\u00f3n de los nueve primeros viernes de mes. Seg\u00fan las revelaciones de santa Margarita Mar\u00eda de Alacoque, quien comulgue los nueve primeros viernes de mes con intenci\u00f3n de honrar a Cristo manifestado en su Sagrado Coraz\u00f3n, y ofreciendo cada comuni\u00f3n como reparaci\u00f3n a las ofensas contra el Sant\u00edsimo Sacramento, obtiene la gracia del perd\u00f3n de los pecados. Con las meditaciones de este libro, que inciden en el camino de sanaci\u00f3n y transformaci\u00f3n que el Se\u00f1or resucitado realiza en nosotros, esta pr\u00e1ctica devocional adquiere una mayor hondura. El libro se complementa con una gu\u00eda para realizar una Hora Santa y dos letan\u00edas al Sagrado Coraz\u00f3n para enriquecer la oraci\u00f3n tanto personal como comunitaria.<\/p>\n","protected":false},"excerpt":{"rendered":"<p>OTTAVIO DE BERTOLIS<\/p>\n","protected":false},"featured_media":966483,"template":"","meta":{"_acf_changed":false,"om_disable_all_campaigns":false,"rs_blank_template":"","rs_page_bg_color":"","slide_template_v7":"","inline_featured_image":false,"_monsterinsights_skip_tracking":false,"_monsterinsights_sitenote_active":false,"_monsterinsights_sitenote_note":"","_monsterinsights_sitenote_category":0},"product_brand":[],"product_cat":[496,246],"product_tag":[],"class_list":{"0":"post-966482","1":"product","2":"type-product","3":"status-publish","4":"has-post-thumbnail","6":"product_cat-devocionarios","7":"product_cat-devocionaris","9":"first","10":"instock","11":"taxable","12":"shipping-taxable","13":"purchasable","14":"product-type-simple"},"acf":{"autor":"OTTAVIO DE BERTOLIS","codart":"842857142","libros-coleccion":"Materiales lit\u00fargico-pastorales","ediciones":"1","encuadernacion":"R\u00fastica","fecha_de_publicacion":"22\/05\/2024","novedad":"1","paginas":"54","subtitulo":"MEDITACIONES PARA LOS PRIMEROS VIERNES DE CADA MES Y UNA HORA SANTA","orden":"0","portada":"0","idioma":"spa","editorial":[{"ID":6356,"post_author":"3","post_date":"2022-07-28 17:50:26","post_date_gmt":"2022-07-28 15:50:26","post_content":"","post_title":"SAN PABLO COMUNICACI\u00d3N","post_excerpt":"","post_status":"publish","comment_status":"closed","ping_status":"closed","post_password":"","post_name":"san-pablo-comunicacion","to_ping":"","pinged":"","post_modified":"2022-07-28 17:50:26","post_modified_gmt":"2022-07-28 15:50:26","post_content_filtered":"","post_parent":0,"guid":"http:\/\/dev.claret.cat\/editorial\/san-pablo-comunicacion\/","menu_order":0,"post_type":"editorial","post_mime_type":"","comment_count":"0","filter":"raw"}]},"aioseo_notices":[],"_links":{"self":[{"href":"https:\/\/www.claret.cat\/es\/wp-json\/wp\/v2\/product\/966482","targetHints":{"allow":["GET"]}}],"collection":[{"href":"https:\/\/www.claret.cat\/es\/wp-json\/wp\/v2\/product"}],"about":[{"href":"https:\/\/www.claret.cat\/es\/wp-json\/wp\/v2\/types\/product"}],"wp:featuredmedia":[{"embeddable":true,"href":"https:\/\/www.claret.cat\/es\/wp-json\/wp\/v2\/media\/966483"}],"wp:attachment":[{"href":"https:\/\/www.claret.cat\/es\/wp-json\/wp\/v2\/media?parent=966482"}],"wp:term":[{"taxonomy":"product_brand","embeddable":true,"href":"https:\/\/www.claret.cat\/es\/wp-json\/wp\/v2\/product_brand?post=966482"},{"taxonomy":"product_cat","embeddable":true,"href":"https:\/\/www.claret.cat\/es\/wp-json\/wp\/v2\/product_cat?post=966482"},{"taxonomy":"product_tag","embeddable":true,"href":"https:\/\/www.claret.cat\/es\/wp-json\/wp\/v2\/product_tag?post=966482"}],"curies":[{"name":"wp","href":"https:\/\/api.w.org\/{rel}","templated":true}]}}