{"id":970064,"date":"2024-06-12T13:21:40","date_gmt":"2024-06-12T11:21:40","guid":{"rendered":"https:\/\/www.claret.cat\/llibre\/utopia-9788419599636\/"},"modified":"2024-06-12T18:05:44","modified_gmt":"2024-06-12T16:05:44","slug":"utopia-9788419599636","status":"publish","type":"product","link":"https:\/\/www.claret.cat\/es\/libro\/utopia-9788419599636\/","title":{"rendered":"UTOP\u00cdA"},"content":{"rendered":"<p>En 1516 Erasmo de R\u00f3terdam publicaba una obra de su amigo Tom\u00e1s Moro. Se trataba de un retrato mordaz de la Europa renacentista, al que acompa\u00f1aba, por contraste, la descripci\u00f3n de un lugar ideal: Utop\u00eda, isla remota del Nuevo Mundo gobernada con mesura y en donde todos los habitantes viv\u00edan en armon\u00eda.<br \/> Lo que el humanista ingl\u00e9s concibi\u00f3 como \u00ablibrito entretenido\u00bb y fantasioso, sin embargo, acab\u00f3 superando con creces su marco narrativo. Aquella cr\u00edtica al orden social establecido se convirti\u00f3 en una obra cumbre del pensamiento, que traspas\u00f3 tiempos y fronteras hasta dar lugar incluso a un nuevo t\u00e9rmino: nuestra \u00abutop\u00eda\u00bb.<\/p>\n","protected":false},"excerpt":{"rendered":"<p>MORO, TOM\u00c1S<\/p>\n","protected":false},"featured_media":970236,"template":"","meta":{"_acf_changed":false,"om_disable_all_campaigns":false,"rs_blank_template":"","rs_page_bg_color":"","slide_template_v7":"","inline_featured_image":false,"_monsterinsights_skip_tracking":false,"_monsterinsights_sitenote_active":false,"_monsterinsights_sitenote_note":"","_monsterinsights_sitenote_category":0},"product_brand":[],"product_cat":[373,166,354,123],"product_tag":[],"class_list":{"0":"post-970064","1":"product","2":"type-product","3":"status-publish","4":"has-post-thumbnail","6":"product_cat-autores","7":"product_cat-autors-filosofia","8":"product_cat-clasica","9":"product_cat-classica","11":"first","12":"instock","13":"taxable","14":"shipping-taxable","15":"purchasable","16":"product-type-simple"},"acf":{"autor":"MORO, TOM\u00c1S","codart":"841959963","libros-coleccion":"FORA DE COL.LECCI\u00d3","ediciones":"1","encuadernacion":"Carton\u00e9","fecha_de_publicacion":"01\/06\/2024","novedad":"1","paginas":"176","subtitulo":"","orden":"0","portada":"0","idioma":"spa","editorial":[{"ID":147917,"post_author":"3","post_date":"2022-10-14 11:54:14","post_date_gmt":"2022-10-14 09:54:14","post_content":"","post_title":"EDITORIAL ALMA","post_excerpt":"","post_status":"publish","comment_status":"closed","ping_status":"closed","post_password":"","post_name":"editorial-alma","to_ping":"","pinged":"","post_modified":"2022-10-14 11:54:14","post_modified_gmt":"2022-10-14 09:54:14","post_content_filtered":"","post_parent":0,"guid":"http:\/\/dev.claret.cat\/editorial\/editorial-alma\/","menu_order":0,"post_type":"editorial","post_mime_type":"","comment_count":"0","filter":"raw"}]},"aioseo_notices":[],"_links":{"self":[{"href":"https:\/\/www.claret.cat\/es\/wp-json\/wp\/v2\/product\/970064","targetHints":{"allow":["GET"]}}],"collection":[{"href":"https:\/\/www.claret.cat\/es\/wp-json\/wp\/v2\/product"}],"about":[{"href":"https:\/\/www.claret.cat\/es\/wp-json\/wp\/v2\/types\/product"}],"wp:featuredmedia":[{"embeddable":true,"href":"https:\/\/www.claret.cat\/es\/wp-json\/wp\/v2\/media\/970236"}],"wp:attachment":[{"href":"https:\/\/www.claret.cat\/es\/wp-json\/wp\/v2\/media?parent=970064"}],"wp:term":[{"taxonomy":"product_brand","embeddable":true,"href":"https:\/\/www.claret.cat\/es\/wp-json\/wp\/v2\/product_brand?post=970064"},{"taxonomy":"product_cat","embeddable":true,"href":"https:\/\/www.claret.cat\/es\/wp-json\/wp\/v2\/product_cat?post=970064"},{"taxonomy":"product_tag","embeddable":true,"href":"https:\/\/www.claret.cat\/es\/wp-json\/wp\/v2\/product_tag?post=970064"}],"curies":[{"name":"wp","href":"https:\/\/api.w.org\/{rel}","templated":true}]}}