{"id":972339,"date":"2024-06-27T13:35:03","date_gmt":"2024-06-27T11:35:03","guid":{"rendered":"https:\/\/www.claret.cat\/llibre\/un-mensajero-en-la-noche-9788413683799\/"},"modified":"2025-12-19T12:22:45","modified_gmt":"2025-12-19T11:22:45","slug":"un-mensajero-en-la-noche-9788413683799","status":"publish","type":"product","link":"https:\/\/www.claret.cat\/es\/libro\/un-mensajero-en-la-noche-9788413683799\/","title":{"rendered":"UN MENSAJERO EN LA NOCHE"},"content":{"rendered":"<p>Un mensajero en la noche es uno de los primeros trabajos literarios de Mar\u00eda Vallejo-N\u00e1gera, un relato tan espectacular que la ha encumbrado entre las autoras espa\u00f1olas de m\u00e1s fama entre p\u00fablico y medios. Basado en hechos reales de enorme peculiaridad, desde su aparici\u00f3n en 2003 ha sido reeditado en numerosas ocasiones consiguiendo impactar a todo tipo de lectores.<\/p>\n<p> Mar\u00eda Vallejo-N\u00e1gera fue escogida por el protagonista entre 10 candidatos para escribir su fascinante historia: se trata de Albert Wensbourgh, un hombre que fue drogadicto, alcoh\u00f3lico, ladr\u00f3n, mafioso y altamente agresivo. Acab\u00f3 detenido y pas\u00f3 encarcelado 14 a\u00f1os en las prisiones m\u00e1s peligrosas del Reino Unido.<\/p>\n<p> Pero un d\u00eda, una impresionante experiencia m\u00edstica (la visita de un \u00e1ngel durante una noche de invierno), que el protagonista describe hasta el m\u00e1s m\u00ednimo detalle, produce en \u00e9l un cambio radical de personalidad y de espiritualidad. A partir de ese momento, el recluso conocido por su violencia se convirti\u00f3 en un hombre de extrema bondad, volcado en ayudar al resto de los presos. Y al salir de la c\u00e1rcel se dirigi\u00f3 a un monasterio donde termin\u00f3 sus d\u00edas como monje benedictino.<\/p>\n<p> &#8216;Qu\u00e9dese solo con lo verdaderamente esencial: lo que Un mensajero en la noche relata, y que hace referencia a la incre\u00edble vida del monje benedictino protagonista, es REAL. Eso es lo \u00fanico que debe importarle y con lo que deseo que hoy, tantos a\u00f1os despu\u00e9s y 29 ediciones m\u00e1s tarde, se quede clavado como con una chincheta en su entendimiento y en su coraz\u00f3n&#8217;.<br \/> La Autora<\/p>\n","protected":false},"excerpt":{"rendered":"<p>VALLEJO-N\u00c1GERA, MAR\u00cdA<\/p>\n","protected":false},"featured_media":1071387,"template":"","meta":{"_acf_changed":false,"om_disable_all_campaigns":false,"rs_blank_template":"","rs_page_bg_color":"","slide_template_v7":"","inline_featured_image":false,"_monsterinsights_skip_tracking":false,"_monsterinsights_sitenote_active":false,"_monsterinsights_sitenote_note":"","_monsterinsights_sitenote_category":0},"product_brand":[],"product_cat":[127,357,542,92],"product_tag":[],"class_list":{"0":"post-972339","1":"product","2":"type-product","3":"status-publish","4":"has-post-thumbnail","6":"product_cat-novella-contemporania","7":"product_cat-novela-contemporanea","8":"product_cat-vida-religiosa-1_espiritualidad-spa","9":"product_cat-vida-religiosa","11":"first","12":"instock","13":"taxable","14":"shipping-taxable","15":"purchasable","16":"product-type-simple"},"acf":{"autor":"VALLEJO-N\u00c1GERA, MAR\u00cdA","codart":"841368379","libros-coleccion":"Palabra hoy","ediciones":"1","encuadernacion":"R\u00fastica","fecha_de_publicacion":"01\/06\/2024","novedad":"1","paginas":"264","subtitulo":"","orden":"0","portada":"0","idioma":"spa","editorial":[{"ID":148624,"post_author":"3","post_date":"2022-10-14 11:59:42","post_date_gmt":"2022-10-14 09:59:42","post_content":"","post_title":"PALABRA S.A., EDICIONES","post_excerpt":"","post_status":"publish","comment_status":"closed","ping_status":"closed","post_password":"","post_name":"palabra-s-a-ediciones","to_ping":"","pinged":"","post_modified":"2022-10-14 11:59:42","post_modified_gmt":"2022-10-14 09:59:42","post_content_filtered":"","post_parent":0,"guid":"http:\/\/dev.claret.cat\/editorial\/palabra-s-a-ediciones\/","menu_order":0,"post_type":"editorial","post_mime_type":"","comment_count":"0","filter":"raw"}],"booktrailer":"","resenas":""},"aioseo_notices":[],"_links":{"self":[{"href":"https:\/\/www.claret.cat\/es\/wp-json\/wp\/v2\/product\/972339","targetHints":{"allow":["GET"]}}],"collection":[{"href":"https:\/\/www.claret.cat\/es\/wp-json\/wp\/v2\/product"}],"about":[{"href":"https:\/\/www.claret.cat\/es\/wp-json\/wp\/v2\/types\/product"}],"wp:featuredmedia":[{"embeddable":true,"href":"https:\/\/www.claret.cat\/es\/wp-json\/wp\/v2\/media\/1071387"}],"wp:attachment":[{"href":"https:\/\/www.claret.cat\/es\/wp-json\/wp\/v2\/media?parent=972339"}],"wp:term":[{"taxonomy":"product_brand","embeddable":true,"href":"https:\/\/www.claret.cat\/es\/wp-json\/wp\/v2\/product_brand?post=972339"},{"taxonomy":"product_cat","embeddable":true,"href":"https:\/\/www.claret.cat\/es\/wp-json\/wp\/v2\/product_cat?post=972339"},{"taxonomy":"product_tag","embeddable":true,"href":"https:\/\/www.claret.cat\/es\/wp-json\/wp\/v2\/product_tag?post=972339"}],"curies":[{"name":"wp","href":"https:\/\/api.w.org\/{rel}","templated":true}]}}